{"id":3614,"date":"2022-02-24T15:40:33","date_gmt":"2022-02-24T14:40:33","guid":{"rendered":"https:\/\/bauko.arch.rwth-aachen.de\/galerie\/?page_id=3614"},"modified":"2024-11-26T20:28:10","modified_gmt":"2024-11-26T19:28:10","slug":"b4-ws-21-22-add-on","status":"publish","type":"page","link":"https:\/\/bauko.arch.rwth-aachen.de\/galerie\/b4-ws-21-22-add-on\/","title":{"rendered":"B4 . WS 21\/22 . Add-On"},"content":{"rendered":"\n<h1 class=\"wp-block-heading\">B4 . WS 21\/22 . Add-On<\/h1>\n\n\n\n<p>Die Universit\u00e4t Bonn ben\u00f6tigt zus\u00e4tzliche Fl\u00e4chen f\u00fcr ihren Lehrbetrieb. Als Ort f\u00fcr die Erweiterung ist ein freier Bauplatz \u00f6stlich des denkmalgesch\u00fctzten Hauptgeb\u00e4udes, in Nachbarschaft zum Lenn\u00e9-Haus, angrenzend an den Stadtgarten ausgesucht worden.<br><br>Dort gilt es, sich mit dem Neubau in sensibler, angemessener Weise in die bestehende Situation einzuf\u00fcgen und dabei eine eigene, zeitgem\u00e4\u00dfe Architektur zu entwickeln, welche die funktionalen und gestalterischen Anforderungen gleicherma\u00dfen erf\u00fcllt. Das Programm sieht Seminarr\u00e4ume und H\u00f6rs\u00e4le unterschiedlicher Gr\u00f6\u00dfe vor, macht jedoch keine quantitativen Vorgaben. Die Bestimmung der Raumfl\u00e4chen \u00fcber Studien zu Volumen und Dichte des Bauk\u00f6rpers ist Teil der Aufgabe.<br><br>Dar\u00fcber hinaus ist es ein Ziel der Aufgabe, Prinzipien des ressourcenschonenden, klimagerechten Bauens integriert zur Anwendung zu bringen.<br><br>Ausgew\u00e4hlte Arbeiten:<\/p>\n\n\n\n<div class=\"wp-block-columns is-layout-flex wp-container-10\">\n<div class=\"wp-block-column is-layout-flow\">\n<figure class=\"wp-block-gallery has-nested-images columns-1 is-cropped showfirst wp-block-gallery-1 is-layout-flex\">\n<figure class=\"wp-block-image size-large\"><a href=\"https:\/\/bauko.arch.rwth-aachen.de\/galerie\/wp-content\/uploads\/2022\/02\/Projekt-B4-Projekt-B4-Bergerfurth-Johannes-Isometrie.jpg\"><img decoding=\"async\" width=\"1024\" height=\"724\" src=\"https:\/\/bauko.arch.rwth-aachen.de\/galerie\/wp-content\/uploads\/2022\/02\/Projekt-B4-Projekt-B4-Bergerfurth-Johannes-Isometrie-1024x724.jpg\" alt=\"\" class=\"wp-image-3589\" srcset=\"https:\/\/bauko.arch.rwth-aachen.de\/galerie\/wp-content\/uploads\/2022\/02\/Projekt-B4-Projekt-B4-Bergerfurth-Johannes-Isometrie-1024x724.jpg 1024w, https:\/\/bauko.arch.rwth-aachen.de\/galerie\/wp-content\/uploads\/2022\/02\/Projekt-B4-Projekt-B4-Bergerfurth-Johannes-Isometrie-300x212.jpg 300w, https:\/\/bauko.arch.rwth-aachen.de\/galerie\/wp-content\/uploads\/2022\/02\/Projekt-B4-Projekt-B4-Bergerfurth-Johannes-Isometrie-768x543.jpg 768w, https:\/\/bauko.arch.rwth-aachen.de\/galerie\/wp-content\/uploads\/2022\/02\/Projekt-B4-Projekt-B4-Bergerfurth-Johannes-Isometrie-1536x1086.jpg 1536w, https:\/\/bauko.arch.rwth-aachen.de\/galerie\/wp-content\/uploads\/2022\/02\/Projekt-B4-Projekt-B4-Bergerfurth-Johannes-Isometrie-2048x1448.jpg 2048w, https:\/\/bauko.arch.rwth-aachen.de\/galerie\/wp-content\/uploads\/2022\/02\/Projekt-B4-Projekt-B4-Bergerfurth-Johannes-Isometrie-800x566.jpg 800w\" sizes=\"(max-width: 1024px) 100vw, 1024px\" \/><\/a><figcaption class=\"wp-element-caption\">Johannes Bergerfurth<\/figcaption><\/figure>\n\n\n\n<figure class=\"wp-block-image size-large\"><a href=\"https:\/\/bauko.arch.rwth-aachen.de\/galerie\/wp-content\/uploads\/2022\/02\/Projekt-B4-Bergerfurth-Johannes-Lageplan.jpg\"><img decoding=\"async\" width=\"1024\" height=\"724\" src=\"https:\/\/bauko.arch.rwth-aachen.de\/galerie\/wp-content\/uploads\/2022\/02\/Projekt-B4-Bergerfurth-Johannes-Lageplan-1024x724.jpg\" alt=\"\" class=\"wp-image-3586\" srcset=\"https:\/\/bauko.arch.rwth-aachen.de\/galerie\/wp-content\/uploads\/2022\/02\/Projekt-B4-Bergerfurth-Johannes-Lageplan-1024x724.jpg 1024w, https:\/\/bauko.arch.rwth-aachen.de\/galerie\/wp-content\/uploads\/2022\/02\/Projekt-B4-Bergerfurth-Johannes-Lageplan-300x212.jpg 300w, https:\/\/bauko.arch.rwth-aachen.de\/galerie\/wp-content\/uploads\/2022\/02\/Projekt-B4-Bergerfurth-Johannes-Lageplan-768x543.jpg 768w, https:\/\/bauko.arch.rwth-aachen.de\/galerie\/wp-content\/uploads\/2022\/02\/Projekt-B4-Bergerfurth-Johannes-Lageplan-1536x1086.jpg 1536w, https:\/\/bauko.arch.rwth-aachen.de\/galerie\/wp-content\/uploads\/2022\/02\/Projekt-B4-Bergerfurth-Johannes-Lageplan-2048x1448.jpg 2048w, https:\/\/bauko.arch.rwth-aachen.de\/galerie\/wp-content\/uploads\/2022\/02\/Projekt-B4-Bergerfurth-Johannes-Lageplan-800x566.jpg 800w\" sizes=\"(max-width: 1024px) 100vw, 1024px\" \/><\/a><figcaption class=\"wp-element-caption\">Lageplan<\/figcaption><\/figure>\n\n\n\n<figure class=\"wp-block-image size-large\"><a href=\"https:\/\/bauko.arch.rwth-aachen.de\/galerie\/wp-content\/uploads\/2022\/02\/Projekt-B4-Bergerfurth-Johannes-Grundriss_EG.jpg\"><img decoding=\"async\" width=\"1024\" height=\"724\" src=\"https:\/\/bauko.arch.rwth-aachen.de\/galerie\/wp-content\/uploads\/2022\/02\/Projekt-B4-Bergerfurth-Johannes-Grundriss_EG-1024x724.jpg\" alt=\"\" class=\"wp-image-3584\" srcset=\"https:\/\/bauko.arch.rwth-aachen.de\/galerie\/wp-content\/uploads\/2022\/02\/Projekt-B4-Bergerfurth-Johannes-Grundriss_EG-1024x724.jpg 1024w, https:\/\/bauko.arch.rwth-aachen.de\/galerie\/wp-content\/uploads\/2022\/02\/Projekt-B4-Bergerfurth-Johannes-Grundriss_EG-300x212.jpg 300w, https:\/\/bauko.arch.rwth-aachen.de\/galerie\/wp-content\/uploads\/2022\/02\/Projekt-B4-Bergerfurth-Johannes-Grundriss_EG-768x543.jpg 768w, https:\/\/bauko.arch.rwth-aachen.de\/galerie\/wp-content\/uploads\/2022\/02\/Projekt-B4-Bergerfurth-Johannes-Grundriss_EG-1536x1086.jpg 1536w, https:\/\/bauko.arch.rwth-aachen.de\/galerie\/wp-content\/uploads\/2022\/02\/Projekt-B4-Bergerfurth-Johannes-Grundriss_EG-2048x1448.jpg 2048w, https:\/\/bauko.arch.rwth-aachen.de\/galerie\/wp-content\/uploads\/2022\/02\/Projekt-B4-Bergerfurth-Johannes-Grundriss_EG-800x566.jpg 800w\" sizes=\"(max-width: 1024px) 100vw, 1024px\" \/><\/a><figcaption class=\"wp-element-caption\">Grundriss Erdgeschoss<\/figcaption><\/figure>\n\n\n\n<figure class=\"wp-block-image size-large\"><a href=\"https:\/\/bauko.arch.rwth-aachen.de\/galerie\/wp-content\/uploads\/2022\/02\/Projekt-B4-Bergerfurth-Johannes-Grundriss_OG.jpg\"><img decoding=\"async\" width=\"1024\" height=\"724\" src=\"https:\/\/bauko.arch.rwth-aachen.de\/galerie\/wp-content\/uploads\/2022\/02\/Projekt-B4-Bergerfurth-Johannes-Grundriss_OG-1024x724.jpg\" alt=\"\" class=\"wp-image-3585\" srcset=\"https:\/\/bauko.arch.rwth-aachen.de\/galerie\/wp-content\/uploads\/2022\/02\/Projekt-B4-Bergerfurth-Johannes-Grundriss_OG-1024x724.jpg 1024w, https:\/\/bauko.arch.rwth-aachen.de\/galerie\/wp-content\/uploads\/2022\/02\/Projekt-B4-Bergerfurth-Johannes-Grundriss_OG-300x212.jpg 300w, https:\/\/bauko.arch.rwth-aachen.de\/galerie\/wp-content\/uploads\/2022\/02\/Projekt-B4-Bergerfurth-Johannes-Grundriss_OG-768x543.jpg 768w, https:\/\/bauko.arch.rwth-aachen.de\/galerie\/wp-content\/uploads\/2022\/02\/Projekt-B4-Bergerfurth-Johannes-Grundriss_OG-1536x1086.jpg 1536w, https:\/\/bauko.arch.rwth-aachen.de\/galerie\/wp-content\/uploads\/2022\/02\/Projekt-B4-Bergerfurth-Johannes-Grundriss_OG-2048x1448.jpg 2048w, https:\/\/bauko.arch.rwth-aachen.de\/galerie\/wp-content\/uploads\/2022\/02\/Projekt-B4-Bergerfurth-Johannes-Grundriss_OG-800x566.jpg 800w\" sizes=\"(max-width: 1024px) 100vw, 1024px\" \/><\/a><figcaption class=\"wp-element-caption\">Grundriss Obergeschoss<\/figcaption><\/figure>\n\n\n\n<figure class=\"wp-block-image size-large\"><a href=\"https:\/\/bauko.arch.rwth-aachen.de\/galerie\/wp-content\/uploads\/2022\/02\/Projekt-B4-Bergerfurth-Johannes-Ansicht_Laengs.jpg\"><img decoding=\"async\" width=\"1024\" height=\"724\" src=\"https:\/\/bauko.arch.rwth-aachen.de\/galerie\/wp-content\/uploads\/2022\/02\/Projekt-B4-Bergerfurth-Johannes-Ansicht_Laengs-1024x724.jpg\" alt=\"\" class=\"wp-image-3582\" srcset=\"https:\/\/bauko.arch.rwth-aachen.de\/galerie\/wp-content\/uploads\/2022\/02\/Projekt-B4-Bergerfurth-Johannes-Ansicht_Laengs-1024x724.jpg 1024w, https:\/\/bauko.arch.rwth-aachen.de\/galerie\/wp-content\/uploads\/2022\/02\/Projekt-B4-Bergerfurth-Johannes-Ansicht_Laengs-300x212.jpg 300w, https:\/\/bauko.arch.rwth-aachen.de\/galerie\/wp-content\/uploads\/2022\/02\/Projekt-B4-Bergerfurth-Johannes-Ansicht_Laengs-768x543.jpg 768w, https:\/\/bauko.arch.rwth-aachen.de\/galerie\/wp-content\/uploads\/2022\/02\/Projekt-B4-Bergerfurth-Johannes-Ansicht_Laengs-1536x1086.jpg 1536w, https:\/\/bauko.arch.rwth-aachen.de\/galerie\/wp-content\/uploads\/2022\/02\/Projekt-B4-Bergerfurth-Johannes-Ansicht_Laengs-2048x1448.jpg 2048w, https:\/\/bauko.arch.rwth-aachen.de\/galerie\/wp-content\/uploads\/2022\/02\/Projekt-B4-Bergerfurth-Johannes-Ansicht_Laengs-800x566.jpg 800w\" sizes=\"(max-width: 1024px) 100vw, 1024px\" \/><\/a><figcaption class=\"wp-element-caption\">Ansicht L\u00e4ngs<\/figcaption><\/figure>\n\n\n\n<figure class=\"wp-block-image size-large\"><a href=\"https:\/\/bauko.arch.rwth-aachen.de\/galerie\/wp-content\/uploads\/2022\/02\/Projekt-B4-Bergerfurth-Johannes-Schnitt_Laengs.jpg\"><img decoding=\"async\" width=\"1024\" height=\"724\" src=\"https:\/\/bauko.arch.rwth-aachen.de\/galerie\/wp-content\/uploads\/2022\/02\/Projekt-B4-Bergerfurth-Johannes-Schnitt_Laengs-1024x724.jpg\" alt=\"\" class=\"wp-image-3588\" srcset=\"https:\/\/bauko.arch.rwth-aachen.de\/galerie\/wp-content\/uploads\/2022\/02\/Projekt-B4-Bergerfurth-Johannes-Schnitt_Laengs-1024x724.jpg 1024w, https:\/\/bauko.arch.rwth-aachen.de\/galerie\/wp-content\/uploads\/2022\/02\/Projekt-B4-Bergerfurth-Johannes-Schnitt_Laengs-300x212.jpg 300w, https:\/\/bauko.arch.rwth-aachen.de\/galerie\/wp-content\/uploads\/2022\/02\/Projekt-B4-Bergerfurth-Johannes-Schnitt_Laengs-768x543.jpg 768w, https:\/\/bauko.arch.rwth-aachen.de\/galerie\/wp-content\/uploads\/2022\/02\/Projekt-B4-Bergerfurth-Johannes-Schnitt_Laengs-1536x1086.jpg 1536w, https:\/\/bauko.arch.rwth-aachen.de\/galerie\/wp-content\/uploads\/2022\/02\/Projekt-B4-Bergerfurth-Johannes-Schnitt_Laengs-2048x1448.jpg 2048w, https:\/\/bauko.arch.rwth-aachen.de\/galerie\/wp-content\/uploads\/2022\/02\/Projekt-B4-Bergerfurth-Johannes-Schnitt_Laengs-800x566.jpg 800w\" sizes=\"(max-width: 1024px) 100vw, 1024px\" \/><\/a><figcaption class=\"wp-element-caption\">Schnitt L\u00e4ngs<\/figcaption><\/figure>\n\n\n\n<figure class=\"wp-block-image size-large\"><a href=\"https:\/\/bauko.arch.rwth-aachen.de\/galerie\/wp-content\/uploads\/2022\/02\/Projekt-B4-Bergerfurth-Johannes-Ansicht-u-Schnitt_Quer.jpg\"><img decoding=\"async\" width=\"1024\" height=\"724\" src=\"https:\/\/bauko.arch.rwth-aachen.de\/galerie\/wp-content\/uploads\/2022\/02\/Projekt-B4-Bergerfurth-Johannes-Ansicht-u-Schnitt_Quer-1024x724.jpg\" alt=\"\" class=\"wp-image-3583\" srcset=\"https:\/\/bauko.arch.rwth-aachen.de\/galerie\/wp-content\/uploads\/2022\/02\/Projekt-B4-Bergerfurth-Johannes-Ansicht-u-Schnitt_Quer-1024x724.jpg 1024w, https:\/\/bauko.arch.rwth-aachen.de\/galerie\/wp-content\/uploads\/2022\/02\/Projekt-B4-Bergerfurth-Johannes-Ansicht-u-Schnitt_Quer-300x212.jpg 300w, https:\/\/bauko.arch.rwth-aachen.de\/galerie\/wp-content\/uploads\/2022\/02\/Projekt-B4-Bergerfurth-Johannes-Ansicht-u-Schnitt_Quer-768x543.jpg 768w, https:\/\/bauko.arch.rwth-aachen.de\/galerie\/wp-content\/uploads\/2022\/02\/Projekt-B4-Bergerfurth-Johannes-Ansicht-u-Schnitt_Quer-1536x1086.jpg 1536w, https:\/\/bauko.arch.rwth-aachen.de\/galerie\/wp-content\/uploads\/2022\/02\/Projekt-B4-Bergerfurth-Johannes-Ansicht-u-Schnitt_Quer-2048x1448.jpg 2048w, https:\/\/bauko.arch.rwth-aachen.de\/galerie\/wp-content\/uploads\/2022\/02\/Projekt-B4-Bergerfurth-Johannes-Ansicht-u-Schnitt_Quer-800x566.jpg 800w\" sizes=\"(max-width: 1024px) 100vw, 1024px\" \/><\/a><figcaption class=\"wp-element-caption\">Ansicht und Schnitt Quer<\/figcaption><\/figure>\n\n\n\n<figure class=\"wp-block-image size-large\"><a href=\"https:\/\/bauko.arch.rwth-aachen.de\/galerie\/wp-content\/uploads\/2022\/02\/Projekt-B4-Bergerfurth-Johannes-Raumaufteilungen.jpg\"><img decoding=\"async\" width=\"1024\" height=\"724\" src=\"https:\/\/bauko.arch.rwth-aachen.de\/galerie\/wp-content\/uploads\/2022\/02\/Projekt-B4-Bergerfurth-Johannes-Raumaufteilungen-1024x724.jpg\" alt=\"\" class=\"wp-image-3587\" srcset=\"https:\/\/bauko.arch.rwth-aachen.de\/galerie\/wp-content\/uploads\/2022\/02\/Projekt-B4-Bergerfurth-Johannes-Raumaufteilungen-1024x724.jpg 1024w, https:\/\/bauko.arch.rwth-aachen.de\/galerie\/wp-content\/uploads\/2022\/02\/Projekt-B4-Bergerfurth-Johannes-Raumaufteilungen-300x212.jpg 300w, https:\/\/bauko.arch.rwth-aachen.de\/galerie\/wp-content\/uploads\/2022\/02\/Projekt-B4-Bergerfurth-Johannes-Raumaufteilungen-768x543.jpg 768w, https:\/\/bauko.arch.rwth-aachen.de\/galerie\/wp-content\/uploads\/2022\/02\/Projekt-B4-Bergerfurth-Johannes-Raumaufteilungen-1536x1086.jpg 1536w, https:\/\/bauko.arch.rwth-aachen.de\/galerie\/wp-content\/uploads\/2022\/02\/Projekt-B4-Bergerfurth-Johannes-Raumaufteilungen-2048x1448.jpg 2048w, https:\/\/bauko.arch.rwth-aachen.de\/galerie\/wp-content\/uploads\/2022\/02\/Projekt-B4-Bergerfurth-Johannes-Raumaufteilungen-800x566.jpg 800w\" sizes=\"(max-width: 1024px) 100vw, 1024px\" \/><\/a><figcaption class=\"wp-element-caption\">Raum-Isometrien<\/figcaption><\/figure>\n\n\n\n<figure class=\"wp-block-image size-large\"><a href=\"https:\/\/bauko.arch.rwth-aachen.de\/galerie\/wp-content\/uploads\/2022\/02\/Projekt-B4-Bergerfurth-Johannes-3-Tafel-Projektion.jpg\"><img decoding=\"async\" width=\"1024\" height=\"724\" src=\"https:\/\/bauko.arch.rwth-aachen.de\/galerie\/wp-content\/uploads\/2022\/02\/Projekt-B4-Bergerfurth-Johannes-3-Tafel-Projektion-1024x724.jpg\" alt=\"\" class=\"wp-image-3581\" srcset=\"https:\/\/bauko.arch.rwth-aachen.de\/galerie\/wp-content\/uploads\/2022\/02\/Projekt-B4-Bergerfurth-Johannes-3-Tafel-Projektion-1024x724.jpg 1024w, https:\/\/bauko.arch.rwth-aachen.de\/galerie\/wp-content\/uploads\/2022\/02\/Projekt-B4-Bergerfurth-Johannes-3-Tafel-Projektion-300x212.jpg 300w, https:\/\/bauko.arch.rwth-aachen.de\/galerie\/wp-content\/uploads\/2022\/02\/Projekt-B4-Bergerfurth-Johannes-3-Tafel-Projektion-768x543.jpg 768w, https:\/\/bauko.arch.rwth-aachen.de\/galerie\/wp-content\/uploads\/2022\/02\/Projekt-B4-Bergerfurth-Johannes-3-Tafel-Projektion-1536x1086.jpg 1536w, https:\/\/bauko.arch.rwth-aachen.de\/galerie\/wp-content\/uploads\/2022\/02\/Projekt-B4-Bergerfurth-Johannes-3-Tafel-Projektion-2048x1448.jpg 2048w, https:\/\/bauko.arch.rwth-aachen.de\/galerie\/wp-content\/uploads\/2022\/02\/Projekt-B4-Bergerfurth-Johannes-3-Tafel-Projektion-800x566.jpg 800w\" sizes=\"(max-width: 1024px) 100vw, 1024px\" \/><\/a><figcaption class=\"wp-element-caption\">Fassadenschnitt<\/figcaption><\/figure>\n<\/figure>\n<\/div>\n\n\n\n<div class=\"wp-block-column showfirst is-layout-flow\">\n<figure class=\"wp-block-gallery has-nested-images columns-1 is-cropped showfirst wp-block-gallery-4 is-layout-flex\">\n<figure class=\"wp-block-image size-large\"><a href=\"https:\/\/bauko.arch.rwth-aachen.de\/galerie\/wp-content\/uploads\/2022\/02\/Projekt-B4-Buslaeva-Alisa-Rendering.jpg\"><img decoding=\"async\" width=\"1024\" height=\"724\" src=\"https:\/\/bauko.arch.rwth-aachen.de\/galerie\/wp-content\/uploads\/2022\/02\/Projekt-B4-Buslaeva-Alisa-Rendering-1024x724.jpg\" alt=\"\" class=\"wp-image-3578\" srcset=\"https:\/\/bauko.arch.rwth-aachen.de\/galerie\/wp-content\/uploads\/2022\/02\/Projekt-B4-Buslaeva-Alisa-Rendering-1024x724.jpg 1024w, https:\/\/bauko.arch.rwth-aachen.de\/galerie\/wp-content\/uploads\/2022\/02\/Projekt-B4-Buslaeva-Alisa-Rendering-300x212.jpg 300w, https:\/\/bauko.arch.rwth-aachen.de\/galerie\/wp-content\/uploads\/2022\/02\/Projekt-B4-Buslaeva-Alisa-Rendering-768x543.jpg 768w, https:\/\/bauko.arch.rwth-aachen.de\/galerie\/wp-content\/uploads\/2022\/02\/Projekt-B4-Buslaeva-Alisa-Rendering-1536x1086.jpg 1536w, https:\/\/bauko.arch.rwth-aachen.de\/galerie\/wp-content\/uploads\/2022\/02\/Projekt-B4-Buslaeva-Alisa-Rendering-2048x1448.jpg 2048w, https:\/\/bauko.arch.rwth-aachen.de\/galerie\/wp-content\/uploads\/2022\/02\/Projekt-B4-Buslaeva-Alisa-Rendering-800x566.jpg 800w\" sizes=\"(max-width: 1024px) 100vw, 1024px\" \/><\/a><figcaption class=\"wp-element-caption\">Alisa Buslaeva<\/figcaption><\/figure>\n\n\n\n<figure class=\"wp-block-image size-large\"><a href=\"https:\/\/bauko.arch.rwth-aachen.de\/galerie\/wp-content\/uploads\/2022\/02\/Projekt-B4-Buslaeva-Alisa-Grundriss_EG.jpg\"><img decoding=\"async\" width=\"1024\" height=\"724\" src=\"https:\/\/bauko.arch.rwth-aachen.de\/galerie\/wp-content\/uploads\/2022\/02\/Projekt-B4-Buslaeva-Alisa-Grundriss_EG-1024x724.jpg\" alt=\"\" class=\"wp-image-3576\" srcset=\"https:\/\/bauko.arch.rwth-aachen.de\/galerie\/wp-content\/uploads\/2022\/02\/Projekt-B4-Buslaeva-Alisa-Grundriss_EG-1024x724.jpg 1024w, https:\/\/bauko.arch.rwth-aachen.de\/galerie\/wp-content\/uploads\/2022\/02\/Projekt-B4-Buslaeva-Alisa-Grundriss_EG-300x212.jpg 300w, https:\/\/bauko.arch.rwth-aachen.de\/galerie\/wp-content\/uploads\/2022\/02\/Projekt-B4-Buslaeva-Alisa-Grundriss_EG-768x543.jpg 768w, https:\/\/bauko.arch.rwth-aachen.de\/galerie\/wp-content\/uploads\/2022\/02\/Projekt-B4-Buslaeva-Alisa-Grundriss_EG-1536x1086.jpg 1536w, https:\/\/bauko.arch.rwth-aachen.de\/galerie\/wp-content\/uploads\/2022\/02\/Projekt-B4-Buslaeva-Alisa-Grundriss_EG-2048x1448.jpg 2048w, https:\/\/bauko.arch.rwth-aachen.de\/galerie\/wp-content\/uploads\/2022\/02\/Projekt-B4-Buslaeva-Alisa-Grundriss_EG-800x566.jpg 800w\" sizes=\"(max-width: 1024px) 100vw, 1024px\" \/><\/a><figcaption class=\"wp-element-caption\">Grundriss Erdgeschoss<\/figcaption><\/figure>\n\n\n\n<figure class=\"wp-block-image size-large\"><a href=\"https:\/\/bauko.arch.rwth-aachen.de\/galerie\/wp-content\/uploads\/2022\/02\/Projekt-B4-Buslaeva-Alisa-Grundriss_OG.jpg\"><img decoding=\"async\" width=\"1024\" height=\"724\" src=\"https:\/\/bauko.arch.rwth-aachen.de\/galerie\/wp-content\/uploads\/2022\/02\/Projekt-B4-Buslaeva-Alisa-Grundriss_OG-1024x724.jpg\" alt=\"\" class=\"wp-image-3577\" srcset=\"https:\/\/bauko.arch.rwth-aachen.de\/galerie\/wp-content\/uploads\/2022\/02\/Projekt-B4-Buslaeva-Alisa-Grundriss_OG-1024x724.jpg 1024w, https:\/\/bauko.arch.rwth-aachen.de\/galerie\/wp-content\/uploads\/2022\/02\/Projekt-B4-Buslaeva-Alisa-Grundriss_OG-300x212.jpg 300w, https:\/\/bauko.arch.rwth-aachen.de\/galerie\/wp-content\/uploads\/2022\/02\/Projekt-B4-Buslaeva-Alisa-Grundriss_OG-768x543.jpg 768w, https:\/\/bauko.arch.rwth-aachen.de\/galerie\/wp-content\/uploads\/2022\/02\/Projekt-B4-Buslaeva-Alisa-Grundriss_OG-1536x1086.jpg 1536w, https:\/\/bauko.arch.rwth-aachen.de\/galerie\/wp-content\/uploads\/2022\/02\/Projekt-B4-Buslaeva-Alisa-Grundriss_OG-2048x1448.jpg 2048w, https:\/\/bauko.arch.rwth-aachen.de\/galerie\/wp-content\/uploads\/2022\/02\/Projekt-B4-Buslaeva-Alisa-Grundriss_OG-800x566.jpg 800w\" sizes=\"(max-width: 1024px) 100vw, 1024px\" \/><\/a><figcaption class=\"wp-element-caption\">Grundriss Obergeschoss<\/figcaption><\/figure>\n\n\n\n<figure class=\"wp-block-image size-large\"><a href=\"https:\/\/bauko.arch.rwth-aachen.de\/galerie\/wp-content\/uploads\/2022\/02\/Projekt-B4-Buslaeva-Alisa-Ansicht-S.jpg\"><img decoding=\"async\" width=\"1024\" height=\"724\" src=\"https:\/\/bauko.arch.rwth-aachen.de\/galerie\/wp-content\/uploads\/2022\/02\/Projekt-B4-Buslaeva-Alisa-Ansicht-S-1024x724.jpg\" alt=\"\" class=\"wp-image-3574\" srcset=\"https:\/\/bauko.arch.rwth-aachen.de\/galerie\/wp-content\/uploads\/2022\/02\/Projekt-B4-Buslaeva-Alisa-Ansicht-S-1024x724.jpg 1024w, https:\/\/bauko.arch.rwth-aachen.de\/galerie\/wp-content\/uploads\/2022\/02\/Projekt-B4-Buslaeva-Alisa-Ansicht-S-300x212.jpg 300w, https:\/\/bauko.arch.rwth-aachen.de\/galerie\/wp-content\/uploads\/2022\/02\/Projekt-B4-Buslaeva-Alisa-Ansicht-S-768x543.jpg 768w, https:\/\/bauko.arch.rwth-aachen.de\/galerie\/wp-content\/uploads\/2022\/02\/Projekt-B4-Buslaeva-Alisa-Ansicht-S-1536x1086.jpg 1536w, https:\/\/bauko.arch.rwth-aachen.de\/galerie\/wp-content\/uploads\/2022\/02\/Projekt-B4-Buslaeva-Alisa-Ansicht-S-2048x1448.jpg 2048w, https:\/\/bauko.arch.rwth-aachen.de\/galerie\/wp-content\/uploads\/2022\/02\/Projekt-B4-Buslaeva-Alisa-Ansicht-S-800x566.jpg 800w\" sizes=\"(max-width: 1024px) 100vw, 1024px\" \/><\/a><figcaption class=\"wp-element-caption\">Ansicht S\u00fcd<\/figcaption><\/figure>\n\n\n\n<figure class=\"wp-block-image size-large\"><a href=\"https:\/\/bauko.arch.rwth-aachen.de\/galerie\/wp-content\/uploads\/2022\/02\/Projekt-B4-Buslaeva-Alisa-Ansicht-NO.jpg\"><img decoding=\"async\" width=\"1024\" height=\"724\" src=\"https:\/\/bauko.arch.rwth-aachen.de\/galerie\/wp-content\/uploads\/2022\/02\/Projekt-B4-Buslaeva-Alisa-Ansicht-NO-1024x724.jpg\" alt=\"\" class=\"wp-image-3573\" srcset=\"https:\/\/bauko.arch.rwth-aachen.de\/galerie\/wp-content\/uploads\/2022\/02\/Projekt-B4-Buslaeva-Alisa-Ansicht-NO-1024x724.jpg 1024w, https:\/\/bauko.arch.rwth-aachen.de\/galerie\/wp-content\/uploads\/2022\/02\/Projekt-B4-Buslaeva-Alisa-Ansicht-NO-300x212.jpg 300w, https:\/\/bauko.arch.rwth-aachen.de\/galerie\/wp-content\/uploads\/2022\/02\/Projekt-B4-Buslaeva-Alisa-Ansicht-NO-768x543.jpg 768w, https:\/\/bauko.arch.rwth-aachen.de\/galerie\/wp-content\/uploads\/2022\/02\/Projekt-B4-Buslaeva-Alisa-Ansicht-NO-1536x1086.jpg 1536w, https:\/\/bauko.arch.rwth-aachen.de\/galerie\/wp-content\/uploads\/2022\/02\/Projekt-B4-Buslaeva-Alisa-Ansicht-NO-2048x1448.jpg 2048w, https:\/\/bauko.arch.rwth-aachen.de\/galerie\/wp-content\/uploads\/2022\/02\/Projekt-B4-Buslaeva-Alisa-Ansicht-NO-800x566.jpg 800w\" sizes=\"(max-width: 1024px) 100vw, 1024px\" \/><\/a><figcaption class=\"wp-element-caption\">Ansicht West, Ansicht Ost<\/figcaption><\/figure>\n\n\n\n<figure class=\"wp-block-image size-large\"><a href=\"https:\/\/bauko.arch.rwth-aachen.de\/galerie\/wp-content\/uploads\/2022\/02\/Projekt-B4-Buslaeva-Alisa-Schnitte.jpg\"><img decoding=\"async\" width=\"1024\" height=\"724\" src=\"https:\/\/bauko.arch.rwth-aachen.de\/galerie\/wp-content\/uploads\/2022\/02\/Projekt-B4-Buslaeva-Alisa-Schnitte-1024x724.jpg\" alt=\"\" class=\"wp-image-3579\" srcset=\"https:\/\/bauko.arch.rwth-aachen.de\/galerie\/wp-content\/uploads\/2022\/02\/Projekt-B4-Buslaeva-Alisa-Schnitte-1024x724.jpg 1024w, https:\/\/bauko.arch.rwth-aachen.de\/galerie\/wp-content\/uploads\/2022\/02\/Projekt-B4-Buslaeva-Alisa-Schnitte-300x212.jpg 300w, https:\/\/bauko.arch.rwth-aachen.de\/galerie\/wp-content\/uploads\/2022\/02\/Projekt-B4-Buslaeva-Alisa-Schnitte-768x543.jpg 768w, https:\/\/bauko.arch.rwth-aachen.de\/galerie\/wp-content\/uploads\/2022\/02\/Projekt-B4-Buslaeva-Alisa-Schnitte-1536x1086.jpg 1536w, https:\/\/bauko.arch.rwth-aachen.de\/galerie\/wp-content\/uploads\/2022\/02\/Projekt-B4-Buslaeva-Alisa-Schnitte-2048x1448.jpg 2048w, https:\/\/bauko.arch.rwth-aachen.de\/galerie\/wp-content\/uploads\/2022\/02\/Projekt-B4-Buslaeva-Alisa-Schnitte-800x566.jpg 800w\" sizes=\"(max-width: 1024px) 100vw, 1024px\" \/><\/a><figcaption class=\"wp-element-caption\">Schnitte<\/figcaption><\/figure>\n\n\n\n<figure class=\"wp-block-image size-large\"><a href=\"https:\/\/bauko.arch.rwth-aachen.de\/galerie\/wp-content\/uploads\/2022\/02\/Projekt-B4-Buslaeva-Alisa-Schnittperspektive.jpg\"><img decoding=\"async\" width=\"1024\" height=\"724\" src=\"https:\/\/bauko.arch.rwth-aachen.de\/galerie\/wp-content\/uploads\/2022\/02\/Projekt-B4-Buslaeva-Alisa-Schnittperspektive-1024x724.jpg\" alt=\"\" class=\"wp-image-3580\" srcset=\"https:\/\/bauko.arch.rwth-aachen.de\/galerie\/wp-content\/uploads\/2022\/02\/Projekt-B4-Buslaeva-Alisa-Schnittperspektive-1024x724.jpg 1024w, https:\/\/bauko.arch.rwth-aachen.de\/galerie\/wp-content\/uploads\/2022\/02\/Projekt-B4-Buslaeva-Alisa-Schnittperspektive-300x212.jpg 300w, https:\/\/bauko.arch.rwth-aachen.de\/galerie\/wp-content\/uploads\/2022\/02\/Projekt-B4-Buslaeva-Alisa-Schnittperspektive-768x543.jpg 768w, https:\/\/bauko.arch.rwth-aachen.de\/galerie\/wp-content\/uploads\/2022\/02\/Projekt-B4-Buslaeva-Alisa-Schnittperspektive-1536x1086.jpg 1536w, https:\/\/bauko.arch.rwth-aachen.de\/galerie\/wp-content\/uploads\/2022\/02\/Projekt-B4-Buslaeva-Alisa-Schnittperspektive-2048x1448.jpg 2048w, https:\/\/bauko.arch.rwth-aachen.de\/galerie\/wp-content\/uploads\/2022\/02\/Projekt-B4-Buslaeva-Alisa-Schnittperspektive-800x566.jpg 800w\" sizes=\"(max-width: 1024px) 100vw, 1024px\" \/><\/a><figcaption class=\"wp-element-caption\">Schnittperspektive<\/figcaption><\/figure>\n\n\n\n<figure class=\"wp-block-image size-large\"><a href=\"https:\/\/bauko.arch.rwth-aachen.de\/galerie\/wp-content\/uploads\/2022\/02\/Projekt-B4-Buslaeva-Alisa-Fassadenschnitt.jpg\"><img decoding=\"async\" width=\"1024\" height=\"724\" src=\"https:\/\/bauko.arch.rwth-aachen.de\/galerie\/wp-content\/uploads\/2022\/02\/Projekt-B4-Buslaeva-Alisa-Fassadenschnitt-1024x724.jpg\" alt=\"\" class=\"wp-image-3575\" srcset=\"https:\/\/bauko.arch.rwth-aachen.de\/galerie\/wp-content\/uploads\/2022\/02\/Projekt-B4-Buslaeva-Alisa-Fassadenschnitt-1024x724.jpg 1024w, https:\/\/bauko.arch.rwth-aachen.de\/galerie\/wp-content\/uploads\/2022\/02\/Projekt-B4-Buslaeva-Alisa-Fassadenschnitt-300x212.jpg 300w, https:\/\/bauko.arch.rwth-aachen.de\/galerie\/wp-content\/uploads\/2022\/02\/Projekt-B4-Buslaeva-Alisa-Fassadenschnitt-768x543.jpg 768w, https:\/\/bauko.arch.rwth-aachen.de\/galerie\/wp-content\/uploads\/2022\/02\/Projekt-B4-Buslaeva-Alisa-Fassadenschnitt-1536x1086.jpg 1536w, https:\/\/bauko.arch.rwth-aachen.de\/galerie\/wp-content\/uploads\/2022\/02\/Projekt-B4-Buslaeva-Alisa-Fassadenschnitt-2048x1448.jpg 2048w, https:\/\/bauko.arch.rwth-aachen.de\/galerie\/wp-content\/uploads\/2022\/02\/Projekt-B4-Buslaeva-Alisa-Fassadenschnitt-800x566.jpg 800w\" sizes=\"(max-width: 1024px) 100vw, 1024px\" \/><\/a><figcaption class=\"wp-element-caption\">Fassadenschnitt<\/figcaption><\/figure>\n<\/figure>\n<\/div>\n\n\n\n<div class=\"wp-block-column showfirst is-layout-flow\">\n<figure class=\"wp-block-gallery has-nested-images columns-1 is-cropped showfirst wp-block-gallery-7 is-layout-flex\">\n<figure class=\"wp-block-image size-large\"><a href=\"https:\/\/bauko.arch.rwth-aachen.de\/galerie\/wp-content\/uploads\/2022\/02\/Projekt-B4-Ibald-Simon-Konstruktionsisometrie.jpg\"><img decoding=\"async\" width=\"1024\" height=\"724\" src=\"https:\/\/bauko.arch.rwth-aachen.de\/galerie\/wp-content\/uploads\/2022\/02\/Projekt-B4-Ibald-Simon-Konstruktionsisometrie-1024x724.jpg\" alt=\"\" class=\"wp-image-3604\" srcset=\"https:\/\/bauko.arch.rwth-aachen.de\/galerie\/wp-content\/uploads\/2022\/02\/Projekt-B4-Ibald-Simon-Konstruktionsisometrie-1024x724.jpg 1024w, https:\/\/bauko.arch.rwth-aachen.de\/galerie\/wp-content\/uploads\/2022\/02\/Projekt-B4-Ibald-Simon-Konstruktionsisometrie-300x212.jpg 300w, https:\/\/bauko.arch.rwth-aachen.de\/galerie\/wp-content\/uploads\/2022\/02\/Projekt-B4-Ibald-Simon-Konstruktionsisometrie-768x543.jpg 768w, https:\/\/bauko.arch.rwth-aachen.de\/galerie\/wp-content\/uploads\/2022\/02\/Projekt-B4-Ibald-Simon-Konstruktionsisometrie-1536x1086.jpg 1536w, https:\/\/bauko.arch.rwth-aachen.de\/galerie\/wp-content\/uploads\/2022\/02\/Projekt-B4-Ibald-Simon-Konstruktionsisometrie-2048x1448.jpg 2048w, https:\/\/bauko.arch.rwth-aachen.de\/galerie\/wp-content\/uploads\/2022\/02\/Projekt-B4-Ibald-Simon-Konstruktionsisometrie-800x566.jpg 800w\" sizes=\"(max-width: 1024px) 100vw, 1024px\" \/><\/a><figcaption class=\"wp-element-caption\">Simon Ibald<\/figcaption><\/figure>\n\n\n\n<figure class=\"wp-block-image size-large\"><a href=\"https:\/\/bauko.arch.rwth-aachen.de\/galerie\/wp-content\/uploads\/2022\/02\/Projekt-B4-Ibald-Simon-Lageplan.jpg\"><img decoding=\"async\" width=\"1024\" height=\"724\" src=\"https:\/\/bauko.arch.rwth-aachen.de\/galerie\/wp-content\/uploads\/2022\/02\/Projekt-B4-Ibald-Simon-Lageplan-1024x724.jpg\" alt=\"\" class=\"wp-image-3605\" srcset=\"https:\/\/bauko.arch.rwth-aachen.de\/galerie\/wp-content\/uploads\/2022\/02\/Projekt-B4-Ibald-Simon-Lageplan-1024x724.jpg 1024w, https:\/\/bauko.arch.rwth-aachen.de\/galerie\/wp-content\/uploads\/2022\/02\/Projekt-B4-Ibald-Simon-Lageplan-300x212.jpg 300w, https:\/\/bauko.arch.rwth-aachen.de\/galerie\/wp-content\/uploads\/2022\/02\/Projekt-B4-Ibald-Simon-Lageplan-768x543.jpg 768w, https:\/\/bauko.arch.rwth-aachen.de\/galerie\/wp-content\/uploads\/2022\/02\/Projekt-B4-Ibald-Simon-Lageplan-1536x1086.jpg 1536w, https:\/\/bauko.arch.rwth-aachen.de\/galerie\/wp-content\/uploads\/2022\/02\/Projekt-B4-Ibald-Simon-Lageplan-2048x1448.jpg 2048w, https:\/\/bauko.arch.rwth-aachen.de\/galerie\/wp-content\/uploads\/2022\/02\/Projekt-B4-Ibald-Simon-Lageplan-800x566.jpg 800w\" sizes=\"(max-width: 1024px) 100vw, 1024px\" \/><\/a><figcaption class=\"wp-element-caption\">Lageplan<\/figcaption><\/figure>\n\n\n\n<figure class=\"wp-block-image size-large\"><a href=\"https:\/\/bauko.arch.rwth-aachen.de\/galerie\/wp-content\/uploads\/2022\/02\/Projekt-B4-Ibald-Simon-Grundriss_EG.jpg\"><img decoding=\"async\" width=\"1024\" height=\"724\" src=\"https:\/\/bauko.arch.rwth-aachen.de\/galerie\/wp-content\/uploads\/2022\/02\/Projekt-B4-Ibald-Simon-Grundriss_EG-1024x724.jpg\" alt=\"\" class=\"wp-image-3602\" srcset=\"https:\/\/bauko.arch.rwth-aachen.de\/galerie\/wp-content\/uploads\/2022\/02\/Projekt-B4-Ibald-Simon-Grundriss_EG-1024x724.jpg 1024w, https:\/\/bauko.arch.rwth-aachen.de\/galerie\/wp-content\/uploads\/2022\/02\/Projekt-B4-Ibald-Simon-Grundriss_EG-300x212.jpg 300w, https:\/\/bauko.arch.rwth-aachen.de\/galerie\/wp-content\/uploads\/2022\/02\/Projekt-B4-Ibald-Simon-Grundriss_EG-768x543.jpg 768w, https:\/\/bauko.arch.rwth-aachen.de\/galerie\/wp-content\/uploads\/2022\/02\/Projekt-B4-Ibald-Simon-Grundriss_EG-1536x1086.jpg 1536w, https:\/\/bauko.arch.rwth-aachen.de\/galerie\/wp-content\/uploads\/2022\/02\/Projekt-B4-Ibald-Simon-Grundriss_EG-2048x1448.jpg 2048w, https:\/\/bauko.arch.rwth-aachen.de\/galerie\/wp-content\/uploads\/2022\/02\/Projekt-B4-Ibald-Simon-Grundriss_EG-800x566.jpg 800w\" sizes=\"(max-width: 1024px) 100vw, 1024px\" \/><\/a><figcaption class=\"wp-element-caption\">Grundriss Erdgeschoss<\/figcaption><\/figure>\n\n\n\n<figure class=\"wp-block-image size-large\"><a href=\"https:\/\/bauko.arch.rwth-aachen.de\/galerie\/wp-content\/uploads\/2022\/02\/Projekt-B4-Ibald-Simon-Grundriss_OGDach.jpg\"><img decoding=\"async\" width=\"1024\" height=\"724\" src=\"https:\/\/bauko.arch.rwth-aachen.de\/galerie\/wp-content\/uploads\/2022\/02\/Projekt-B4-Ibald-Simon-Grundriss_OGDach-1024x724.jpg\" alt=\"\" class=\"wp-image-3603\" srcset=\"https:\/\/bauko.arch.rwth-aachen.de\/galerie\/wp-content\/uploads\/2022\/02\/Projekt-B4-Ibald-Simon-Grundriss_OGDach-1024x724.jpg 1024w, https:\/\/bauko.arch.rwth-aachen.de\/galerie\/wp-content\/uploads\/2022\/02\/Projekt-B4-Ibald-Simon-Grundriss_OGDach-300x212.jpg 300w, https:\/\/bauko.arch.rwth-aachen.de\/galerie\/wp-content\/uploads\/2022\/02\/Projekt-B4-Ibald-Simon-Grundriss_OGDach-768x543.jpg 768w, https:\/\/bauko.arch.rwth-aachen.de\/galerie\/wp-content\/uploads\/2022\/02\/Projekt-B4-Ibald-Simon-Grundriss_OGDach-1536x1086.jpg 1536w, https:\/\/bauko.arch.rwth-aachen.de\/galerie\/wp-content\/uploads\/2022\/02\/Projekt-B4-Ibald-Simon-Grundriss_OGDach-2048x1448.jpg 2048w, https:\/\/bauko.arch.rwth-aachen.de\/galerie\/wp-content\/uploads\/2022\/02\/Projekt-B4-Ibald-Simon-Grundriss_OGDach-800x566.jpg 800w\" sizes=\"(max-width: 1024px) 100vw, 1024px\" \/><\/a><figcaption class=\"wp-element-caption\">Grundriss Obergeschoss, Dachaufsicht<\/figcaption><\/figure>\n\n\n\n<figure class=\"wp-block-image size-large\"><a href=\"https:\/\/bauko.arch.rwth-aachen.de\/galerie\/wp-content\/uploads\/2022\/02\/Projekt-B4-Ibald-Simon-Parkansicht.jpg\"><img decoding=\"async\" width=\"1024\" height=\"724\" src=\"https:\/\/bauko.arch.rwth-aachen.de\/galerie\/wp-content\/uploads\/2022\/02\/Projekt-B4-Ibald-Simon-Parkansicht-1024x724.jpg\" alt=\"\" class=\"wp-image-3606\" srcset=\"https:\/\/bauko.arch.rwth-aachen.de\/galerie\/wp-content\/uploads\/2022\/02\/Projekt-B4-Ibald-Simon-Parkansicht-1024x724.jpg 1024w, https:\/\/bauko.arch.rwth-aachen.de\/galerie\/wp-content\/uploads\/2022\/02\/Projekt-B4-Ibald-Simon-Parkansicht-300x212.jpg 300w, https:\/\/bauko.arch.rwth-aachen.de\/galerie\/wp-content\/uploads\/2022\/02\/Projekt-B4-Ibald-Simon-Parkansicht-768x543.jpg 768w, https:\/\/bauko.arch.rwth-aachen.de\/galerie\/wp-content\/uploads\/2022\/02\/Projekt-B4-Ibald-Simon-Parkansicht-1536x1086.jpg 1536w, https:\/\/bauko.arch.rwth-aachen.de\/galerie\/wp-content\/uploads\/2022\/02\/Projekt-B4-Ibald-Simon-Parkansicht-2048x1448.jpg 2048w, https:\/\/bauko.arch.rwth-aachen.de\/galerie\/wp-content\/uploads\/2022\/02\/Projekt-B4-Ibald-Simon-Parkansicht-800x566.jpg 800w\" sizes=\"(max-width: 1024px) 100vw, 1024px\" \/><\/a><figcaption class=\"wp-element-caption\">Ansicht L\u00e4ngs<\/figcaption><\/figure>\n\n\n\n<figure class=\"wp-block-image size-large\"><a href=\"https:\/\/bauko.arch.rwth-aachen.de\/galerie\/wp-content\/uploads\/2022\/02\/Projekt-B4-Ibald-Simon-Schnitt-Laengs.jpg\"><img decoding=\"async\" width=\"1024\" height=\"724\" src=\"https:\/\/bauko.arch.rwth-aachen.de\/galerie\/wp-content\/uploads\/2022\/02\/Projekt-B4-Ibald-Simon-Schnitt-Laengs-1024x724.jpg\" alt=\"\" class=\"wp-image-3610\" srcset=\"https:\/\/bauko.arch.rwth-aachen.de\/galerie\/wp-content\/uploads\/2022\/02\/Projekt-B4-Ibald-Simon-Schnitt-Laengs-1024x724.jpg 1024w, https:\/\/bauko.arch.rwth-aachen.de\/galerie\/wp-content\/uploads\/2022\/02\/Projekt-B4-Ibald-Simon-Schnitt-Laengs-300x212.jpg 300w, https:\/\/bauko.arch.rwth-aachen.de\/galerie\/wp-content\/uploads\/2022\/02\/Projekt-B4-Ibald-Simon-Schnitt-Laengs-768x543.jpg 768w, https:\/\/bauko.arch.rwth-aachen.de\/galerie\/wp-content\/uploads\/2022\/02\/Projekt-B4-Ibald-Simon-Schnitt-Laengs-1536x1086.jpg 1536w, https:\/\/bauko.arch.rwth-aachen.de\/galerie\/wp-content\/uploads\/2022\/02\/Projekt-B4-Ibald-Simon-Schnitt-Laengs-2048x1448.jpg 2048w, https:\/\/bauko.arch.rwth-aachen.de\/galerie\/wp-content\/uploads\/2022\/02\/Projekt-B4-Ibald-Simon-Schnitt-Laengs-800x566.jpg 800w\" sizes=\"(max-width: 1024px) 100vw, 1024px\" \/><\/a><figcaption class=\"wp-element-caption\">Schnitt L\u00e4ngs<\/figcaption><\/figure>\n\n\n\n<figure class=\"wp-block-image size-large\"><a href=\"https:\/\/bauko.arch.rwth-aachen.de\/galerie\/wp-content\/uploads\/2022\/02\/Projekt-B4-Ibald-Simon-Schnitt-u-Ansicht-Quer.jpg\"><img decoding=\"async\" width=\"1024\" height=\"724\" src=\"https:\/\/bauko.arch.rwth-aachen.de\/galerie\/wp-content\/uploads\/2022\/02\/Projekt-B4-Ibald-Simon-Schnitt-u-Ansicht-Quer-1024x724.jpg\" alt=\"\" class=\"wp-image-3611\" srcset=\"https:\/\/bauko.arch.rwth-aachen.de\/galerie\/wp-content\/uploads\/2022\/02\/Projekt-B4-Ibald-Simon-Schnitt-u-Ansicht-Quer-1024x724.jpg 1024w, https:\/\/bauko.arch.rwth-aachen.de\/galerie\/wp-content\/uploads\/2022\/02\/Projekt-B4-Ibald-Simon-Schnitt-u-Ansicht-Quer-300x212.jpg 300w, https:\/\/bauko.arch.rwth-aachen.de\/galerie\/wp-content\/uploads\/2022\/02\/Projekt-B4-Ibald-Simon-Schnitt-u-Ansicht-Quer-768x543.jpg 768w, https:\/\/bauko.arch.rwth-aachen.de\/galerie\/wp-content\/uploads\/2022\/02\/Projekt-B4-Ibald-Simon-Schnitt-u-Ansicht-Quer-1536x1086.jpg 1536w, https:\/\/bauko.arch.rwth-aachen.de\/galerie\/wp-content\/uploads\/2022\/02\/Projekt-B4-Ibald-Simon-Schnitt-u-Ansicht-Quer-2048x1448.jpg 2048w, https:\/\/bauko.arch.rwth-aachen.de\/galerie\/wp-content\/uploads\/2022\/02\/Projekt-B4-Ibald-Simon-Schnitt-u-Ansicht-Quer-800x566.jpg 800w\" sizes=\"(max-width: 1024px) 100vw, 1024px\" \/><\/a><figcaption class=\"wp-element-caption\">Ansicht und Schnitt Quer<\/figcaption><\/figure>\n\n\n\n<figure class=\"wp-block-image size-large\"><a href=\"https:\/\/bauko.arch.rwth-aachen.de\/galerie\/wp-content\/uploads\/2022\/02\/Projekt-B4-Ibald-Simon-Fassadenschnitt.jpg\"><img decoding=\"async\" width=\"1024\" height=\"724\" src=\"https:\/\/bauko.arch.rwth-aachen.de\/galerie\/wp-content\/uploads\/2022\/02\/Projekt-B4-Ibald-Simon-Fassadenschnitt-1024x724.jpg\" alt=\"\" class=\"wp-image-3601\" srcset=\"https:\/\/bauko.arch.rwth-aachen.de\/galerie\/wp-content\/uploads\/2022\/02\/Projekt-B4-Ibald-Simon-Fassadenschnitt-1024x724.jpg 1024w, https:\/\/bauko.arch.rwth-aachen.de\/galerie\/wp-content\/uploads\/2022\/02\/Projekt-B4-Ibald-Simon-Fassadenschnitt-300x212.jpg 300w, https:\/\/bauko.arch.rwth-aachen.de\/galerie\/wp-content\/uploads\/2022\/02\/Projekt-B4-Ibald-Simon-Fassadenschnitt-768x543.jpg 768w, https:\/\/bauko.arch.rwth-aachen.de\/galerie\/wp-content\/uploads\/2022\/02\/Projekt-B4-Ibald-Simon-Fassadenschnitt-1536x1086.jpg 1536w, https:\/\/bauko.arch.rwth-aachen.de\/galerie\/wp-content\/uploads\/2022\/02\/Projekt-B4-Ibald-Simon-Fassadenschnitt-2048x1448.jpg 2048w, https:\/\/bauko.arch.rwth-aachen.de\/galerie\/wp-content\/uploads\/2022\/02\/Projekt-B4-Ibald-Simon-Fassadenschnitt-800x566.jpg 800w\" sizes=\"(max-width: 1024px) 100vw, 1024px\" \/><\/a><figcaption class=\"wp-element-caption\">Fassadenschnitt<\/figcaption><\/figure>\n\n\n\n<figure class=\"wp-block-image size-large\"><a href=\"https:\/\/bauko.arch.rwth-aachen.de\/galerie\/wp-content\/uploads\/2022\/02\/Projekt-B4-Ibald-Simon-Perspektive-Strasse.jpg\"><img decoding=\"async\" width=\"1024\" height=\"724\" src=\"https:\/\/bauko.arch.rwth-aachen.de\/galerie\/wp-content\/uploads\/2022\/02\/Projekt-B4-Ibald-Simon-Perspektive-Strasse-1024x724.jpg\" alt=\"\" class=\"wp-image-3609\" srcset=\"https:\/\/bauko.arch.rwth-aachen.de\/galerie\/wp-content\/uploads\/2022\/02\/Projekt-B4-Ibald-Simon-Perspektive-Strasse-1024x724.jpg 1024w, https:\/\/bauko.arch.rwth-aachen.de\/galerie\/wp-content\/uploads\/2022\/02\/Projekt-B4-Ibald-Simon-Perspektive-Strasse-300x212.jpg 300w, https:\/\/bauko.arch.rwth-aachen.de\/galerie\/wp-content\/uploads\/2022\/02\/Projekt-B4-Ibald-Simon-Perspektive-Strasse-768x543.jpg 768w, https:\/\/bauko.arch.rwth-aachen.de\/galerie\/wp-content\/uploads\/2022\/02\/Projekt-B4-Ibald-Simon-Perspektive-Strasse-1536x1086.jpg 1536w, https:\/\/bauko.arch.rwth-aachen.de\/galerie\/wp-content\/uploads\/2022\/02\/Projekt-B4-Ibald-Simon-Perspektive-Strasse-2048x1448.jpg 2048w, https:\/\/bauko.arch.rwth-aachen.de\/galerie\/wp-content\/uploads\/2022\/02\/Projekt-B4-Ibald-Simon-Perspektive-Strasse-800x566.jpg 800w\" sizes=\"(max-width: 1024px) 100vw, 1024px\" \/><\/a><figcaption class=\"wp-element-caption\">Stra\u00dfenperspektive<\/figcaption><\/figure>\n\n\n\n<figure class=\"wp-block-image size-large\"><a href=\"https:\/\/bauko.arch.rwth-aachen.de\/galerie\/wp-content\/uploads\/2022\/02\/Projekt-B4-Ibald-Simon-Perspektive-Innen.jpg\"><img decoding=\"async\" width=\"1024\" height=\"724\" src=\"https:\/\/bauko.arch.rwth-aachen.de\/galerie\/wp-content\/uploads\/2022\/02\/Projekt-B4-Ibald-Simon-Perspektive-Innen-1024x724.jpg\" alt=\"\" class=\"wp-image-3607\" srcset=\"https:\/\/bauko.arch.rwth-aachen.de\/galerie\/wp-content\/uploads\/2022\/02\/Projekt-B4-Ibald-Simon-Perspektive-Innen-1024x724.jpg 1024w, https:\/\/bauko.arch.rwth-aachen.de\/galerie\/wp-content\/uploads\/2022\/02\/Projekt-B4-Ibald-Simon-Perspektive-Innen-300x212.jpg 300w, https:\/\/bauko.arch.rwth-aachen.de\/galerie\/wp-content\/uploads\/2022\/02\/Projekt-B4-Ibald-Simon-Perspektive-Innen-768x543.jpg 768w, https:\/\/bauko.arch.rwth-aachen.de\/galerie\/wp-content\/uploads\/2022\/02\/Projekt-B4-Ibald-Simon-Perspektive-Innen-1536x1086.jpg 1536w, https:\/\/bauko.arch.rwth-aachen.de\/galerie\/wp-content\/uploads\/2022\/02\/Projekt-B4-Ibald-Simon-Perspektive-Innen-2048x1448.jpg 2048w, https:\/\/bauko.arch.rwth-aachen.de\/galerie\/wp-content\/uploads\/2022\/02\/Projekt-B4-Ibald-Simon-Perspektive-Innen-800x566.jpg 800w\" sizes=\"(max-width: 1024px) 100vw, 1024px\" \/><\/a><figcaption class=\"wp-element-caption\">Perspektive Innenraum<\/figcaption><\/figure>\n\n\n\n<figure class=\"wp-block-image size-large\"><a href=\"https:\/\/bauko.arch.rwth-aachen.de\/galerie\/wp-content\/uploads\/2022\/02\/Projekt-B4-Ibald-Simon-Perspektive-Park.jpg\"><img decoding=\"async\" width=\"1024\" height=\"724\" src=\"https:\/\/bauko.arch.rwth-aachen.de\/galerie\/wp-content\/uploads\/2022\/02\/Projekt-B4-Ibald-Simon-Perspektive-Park-1024x724.jpg\" alt=\"\" class=\"wp-image-3608\" srcset=\"https:\/\/bauko.arch.rwth-aachen.de\/galerie\/wp-content\/uploads\/2022\/02\/Projekt-B4-Ibald-Simon-Perspektive-Park-1024x724.jpg 1024w, https:\/\/bauko.arch.rwth-aachen.de\/galerie\/wp-content\/uploads\/2022\/02\/Projekt-B4-Ibald-Simon-Perspektive-Park-300x212.jpg 300w, https:\/\/bauko.arch.rwth-aachen.de\/galerie\/wp-content\/uploads\/2022\/02\/Projekt-B4-Ibald-Simon-Perspektive-Park-768x543.jpg 768w, https:\/\/bauko.arch.rwth-aachen.de\/galerie\/wp-content\/uploads\/2022\/02\/Projekt-B4-Ibald-Simon-Perspektive-Park-1536x1086.jpg 1536w, https:\/\/bauko.arch.rwth-aachen.de\/galerie\/wp-content\/uploads\/2022\/02\/Projekt-B4-Ibald-Simon-Perspektive-Park-2048x1448.jpg 2048w, https:\/\/bauko.arch.rwth-aachen.de\/galerie\/wp-content\/uploads\/2022\/02\/Projekt-B4-Ibald-Simon-Perspektive-Park-800x566.jpg 800w\" sizes=\"(max-width: 1024px) 100vw, 1024px\" \/><\/a><figcaption class=\"wp-element-caption\">Perspektive<\/figcaption><\/figure>\n<\/figure>\n<\/div>\n<\/div>\n\n\n\n<p>Lehrpersonen:<br>Prof. Hartwig Schneider<br>Prof. Uwe Schr\u00f6der (Co-Pr\u00fcfer)<br>Sven Aretz M.Sc.<br>Roman Kr\u00fckel M.Sc.<br>Benedikt Surmann M.Sc.<\/p>\n\n\n\n<p><\/p>\n","protected":false},"excerpt":{"rendered":"","protected":false},"author":3,"featured_media":0,"parent":0,"menu_order":0,"comment_status":"closed","ping_status":"closed","template":"template-fullwidth.php","meta":[],"_links":{"self":[{"href":"https:\/\/bauko.arch.rwth-aachen.de\/galerie\/wp-json\/wp\/v2\/pages\/3614"}],"collection":[{"href":"https:\/\/bauko.arch.rwth-aachen.de\/galerie\/wp-json\/wp\/v2\/pages"}],"about":[{"href":"https:\/\/bauko.arch.rwth-aachen.de\/galerie\/wp-json\/wp\/v2\/types\/page"}],"author":[{"embeddable":true,"href":"https:\/\/bauko.arch.rwth-aachen.de\/galerie\/wp-json\/wp\/v2\/users\/3"}],"replies":[{"embeddable":true,"href":"https:\/\/bauko.arch.rwth-aachen.de\/galerie\/wp-json\/wp\/v2\/comments?post=3614"}],"version-history":[{"count":29,"href":"https:\/\/bauko.arch.rwth-aachen.de\/galerie\/wp-json\/wp\/v2\/pages\/3614\/revisions"}],"predecessor-version":[{"id":5420,"href":"https:\/\/bauko.arch.rwth-aachen.de\/galerie\/wp-json\/wp\/v2\/pages\/3614\/revisions\/5420"}],"wp:attachment":[{"href":"https:\/\/bauko.arch.rwth-aachen.de\/galerie\/wp-json\/wp\/v2\/media?parent=3614"}],"curies":[{"name":"wp","href":"https:\/\/api.w.org\/{rel}","templated":true}]}}