{"id":4497,"date":"2022-10-18T10:17:07","date_gmt":"2022-10-18T08:17:07","guid":{"rendered":"https:\/\/bauko.arch.rwth-aachen.de\/galerie\/?page_id=4497"},"modified":"2024-11-26T20:31:32","modified_gmt":"2024-11-26T19:31:32","slug":"m3-ss-2022-masterthesis","status":"publish","type":"page","link":"https:\/\/bauko.arch.rwth-aachen.de\/galerie\/m3-ss-2022-masterthesis\/","title":{"rendered":"M3 . SS 2022 . Masterthesis"},"content":{"rendered":"\n<h1 class=\"wp-block-heading\">M3 . SS 2022 . Masterthesis<\/h1>\n\n\n\n<ul>\n<li>Ausgew\u00e4hlte Arbeiten\n<ul>\n<li><a href=\"#a_1\" data-type=\"internal\" data-id=\"#a_1\">postautomobil: Wandelbares Parkhaus in Rostock<\/a><\/li>\n\n\n\n<li><a href=\"#a_2\" data-type=\"internal\" data-id=\"#a_2\">Feuerwache 8 in K\u00f6ln<\/a><\/li>\n\n\n\n<li><a href=\"#a_3\" data-type=\"internal\" data-id=\"#a_3\">Regionalflughafen in Norwegen<\/a><\/li>\n<\/ul>\n<\/li>\n<\/ul>\n\n\n\n<div style=\"height:40px\" aria-hidden=\"true\" class=\"wp-block-spacer\"><\/div>\n\n\n\n<h4 class=\"wp-block-heading\" id=\"a_1\">postautomobil: Wandelbares Parkhaus in Rostock<\/h4>\n\n\n\n<p>Die Mobilit\u00e4t innerhalb wachsender Stadtstrukturen ver\u00e4ndert sich rasant. Doch obwohl das Konzept der autofreien Innenst\u00e4dte und die Idee einer neuen gr\u00fcnen Mobilit\u00e4t immer mehr Zuspruch erh\u00e4lt, gibt es eine Typologie, die in nahezu unver\u00e4nderter Zahl und Geschwindigkeit in den St\u00e4dten Deutschlands und der Welt aus dem Boden w\u00e4chst: das Parkhaus.<\/p>\n\n\n\n<p>Wie Monumente einer automobilabh\u00e4ngigen Gesellschaft verteilen sie sich im urbanen Gef\u00fcge der wachsenden St\u00e4dte. Nach wie vor ist der Bedarf an Stellpl\u00e4tzen hoch und stellt Stadtplaner wie Architekten immer wieder vor Herausforderungen. Doch wie gehen wir mit diesen Strukturen um, sollten sich die Vorstellungen einer autoarmen Innenstadt, platzsparenderer Mobilit\u00e4t und lebenswerteren \u00f6ffentlichen R\u00e4umen in der Zukunft bewahrheiten? Abzusehen ist vor allem Eines: die Nachfrage nach Wohnraum und Bedarf nach privat, wie \u00f6ffentlich nutzbaren Fl\u00e4chen in den gro\u00dfen St\u00e4dten der Bundesrepublik wird weiter ansteigen. Die Bodenknappheit und \u00f6kologische Grunds\u00e4tze werden die St\u00e4dte vermehrt innerhalb ihrer bestehenden Grenzen wachsen und verdichten lassen. Strukturen, die ihre Funktion \u00fcberlebt haben werden zu neuer Verwendung zugef\u00fchrt werden m\u00fcssen. Was heute bereits Realit\u00e4t in vielen ehemalig industriell gepr\u00e4gten Stadtteilen ist, die ihre wirtschaftliche Bedeutung lange verloren haben, k\u00f6nnte auch den bisher gr\u00f6\u00dftenteils unangefochtenen Territorien der Automobile drohen. Viele der existenten Parkhausstrukturen k\u00f6nnten dann aber ihre einstmalige Bestimmung nur unter gro\u00dfem Aufwand ver\u00e4ndern. In vielen F\u00e4llen w\u00fcrde der Abriss zur \u00f6konomischen Standardl\u00f6sung. Doch die Grunds\u00e4tze der Nachhaltigkeit fordern andere Konzepte.<\/p>\n\n\n\n<p>Das Projekt \u201epostautomobil\u201c besch\u00e4ftigt sich mit dem Entwurf eines Parkhauses, dessen<br>bauliche Struktur seine Initialnutzung \u00fcberleben kann, und auch in einer Welt nach dem<br>Automobil als wichtiger Stadtbaustein weiter Berechtigung fi ndet. Als Wohnraum, Arbeitswelt,<br>Spielplatz, Fahrradparkhaus, Gew\u00e4chshaus oder sozialer Treffpunkt.<\/p>\n\n\n\n<figure class=\"wp-block-gallery has-nested-images columns-default showfirst wp-block-gallery-1 is-layout-flex\">\n<figure class=\"wp-block-image size-large\"><a href=\"https:\/\/bauko.arch.rwth-aachen.de\/galerie\/wp-content\/uploads\/2022\/10\/M3_SS22_Frenzel_Lukas_P1-1.jpg\"><img decoding=\"async\" width=\"1024\" height=\"724\" data-id=\"4547\"  src=\"https:\/\/bauko.arch.rwth-aachen.de\/galerie\/wp-content\/uploads\/2022\/10\/M3_SS22_Frenzel_Lukas_P1-1-1024x724.jpg\" alt=\"\" class=\"wp-image-4547\" srcset=\"https:\/\/bauko.arch.rwth-aachen.de\/galerie\/wp-content\/uploads\/2022\/10\/M3_SS22_Frenzel_Lukas_P1-1-1024x724.jpg 1024w, https:\/\/bauko.arch.rwth-aachen.de\/galerie\/wp-content\/uploads\/2022\/10\/M3_SS22_Frenzel_Lukas_P1-1-300x212.jpg 300w, https:\/\/bauko.arch.rwth-aachen.de\/galerie\/wp-content\/uploads\/2022\/10\/M3_SS22_Frenzel_Lukas_P1-1-768x543.jpg 768w, https:\/\/bauko.arch.rwth-aachen.de\/galerie\/wp-content\/uploads\/2022\/10\/M3_SS22_Frenzel_Lukas_P1-1-1536x1086.jpg 1536w, https:\/\/bauko.arch.rwth-aachen.de\/galerie\/wp-content\/uploads\/2022\/10\/M3_SS22_Frenzel_Lukas_P1-1-2048x1448.jpg 2048w, https:\/\/bauko.arch.rwth-aachen.de\/galerie\/wp-content\/uploads\/2022\/10\/M3_SS22_Frenzel_Lukas_P1-1-800x566.jpg 800w\" sizes=\"(max-width: 1024px) 100vw, 1024px\" \/><\/a><figcaption class=\"wp-element-caption\">Lukas Frenzel<\/figcaption><\/figure>\n\n\n\n<figure class=\"wp-block-image size-large\"><a href=\"https:\/\/bauko.arch.rwth-aachen.de\/galerie\/wp-content\/uploads\/2022\/10\/M3_SS22_Frenzel_Lukas_Axo.jpg\"><img decoding=\"async\" width=\"1024\" height=\"724\" data-id=\"4529\"  src=\"https:\/\/bauko.arch.rwth-aachen.de\/galerie\/wp-content\/uploads\/2022\/10\/M3_SS22_Frenzel_Lukas_Axo-1024x724.jpg\" alt=\"\" class=\"wp-image-4529\" srcset=\"https:\/\/bauko.arch.rwth-aachen.de\/galerie\/wp-content\/uploads\/2022\/10\/M3_SS22_Frenzel_Lukas_Axo-1024x724.jpg 1024w, https:\/\/bauko.arch.rwth-aachen.de\/galerie\/wp-content\/uploads\/2022\/10\/M3_SS22_Frenzel_Lukas_Axo-300x212.jpg 300w, https:\/\/bauko.arch.rwth-aachen.de\/galerie\/wp-content\/uploads\/2022\/10\/M3_SS22_Frenzel_Lukas_Axo-768x543.jpg 768w, https:\/\/bauko.arch.rwth-aachen.de\/galerie\/wp-content\/uploads\/2022\/10\/M3_SS22_Frenzel_Lukas_Axo-1536x1086.jpg 1536w, https:\/\/bauko.arch.rwth-aachen.de\/galerie\/wp-content\/uploads\/2022\/10\/M3_SS22_Frenzel_Lukas_Axo-2048x1448.jpg 2048w, https:\/\/bauko.arch.rwth-aachen.de\/galerie\/wp-content\/uploads\/2022\/10\/M3_SS22_Frenzel_Lukas_Axo-800x566.jpg 800w\" sizes=\"(max-width: 1024px) 100vw, 1024px\" \/><\/a><\/figure>\n\n\n\n<figure class=\"wp-block-image size-large\"><a href=\"https:\/\/bauko.arch.rwth-aachen.de\/galerie\/wp-content\/uploads\/2022\/10\/M3_SS22_Frenzel_Lukas_LP.jpg\"><img decoding=\"async\" width=\"717\" height=\"1024\" data-id=\"4538\"  src=\"https:\/\/bauko.arch.rwth-aachen.de\/galerie\/wp-content\/uploads\/2022\/10\/M3_SS22_Frenzel_Lukas_LP-717x1024.jpg\" alt=\"\" class=\"wp-image-4538\" srcset=\"https:\/\/bauko.arch.rwth-aachen.de\/galerie\/wp-content\/uploads\/2022\/10\/M3_SS22_Frenzel_Lukas_LP-717x1024.jpg 717w, https:\/\/bauko.arch.rwth-aachen.de\/galerie\/wp-content\/uploads\/2022\/10\/M3_SS22_Frenzel_Lukas_LP-210x300.jpg 210w, https:\/\/bauko.arch.rwth-aachen.de\/galerie\/wp-content\/uploads\/2022\/10\/M3_SS22_Frenzel_Lukas_LP-768x1097.jpg 768w, https:\/\/bauko.arch.rwth-aachen.de\/galerie\/wp-content\/uploads\/2022\/10\/M3_SS22_Frenzel_Lukas_LP-1076x1536.jpg 1076w, https:\/\/bauko.arch.rwth-aachen.de\/galerie\/wp-content\/uploads\/2022\/10\/M3_SS22_Frenzel_Lukas_LP.jpg 1238w\" sizes=\"(max-width: 717px) 100vw, 717px\" \/><\/a><\/figure>\n\n\n\n<figure class=\"wp-block-image size-large\"><a href=\"https:\/\/bauko.arch.rwth-aachen.de\/galerie\/wp-content\/uploads\/2022\/10\/M3_SS22_Frenzel_Lukas_GEG.jpg\"><img decoding=\"async\" width=\"1024\" height=\"724\" data-id=\"4534\"  src=\"https:\/\/bauko.arch.rwth-aachen.de\/galerie\/wp-content\/uploads\/2022\/10\/M3_SS22_Frenzel_Lukas_GEG-1024x724.jpg\" alt=\"\" class=\"wp-image-4534\" srcset=\"https:\/\/bauko.arch.rwth-aachen.de\/galerie\/wp-content\/uploads\/2022\/10\/M3_SS22_Frenzel_Lukas_GEG-1024x724.jpg 1024w, https:\/\/bauko.arch.rwth-aachen.de\/galerie\/wp-content\/uploads\/2022\/10\/M3_SS22_Frenzel_Lukas_GEG-300x212.jpg 300w, https:\/\/bauko.arch.rwth-aachen.de\/galerie\/wp-content\/uploads\/2022\/10\/M3_SS22_Frenzel_Lukas_GEG-768x543.jpg 768w, https:\/\/bauko.arch.rwth-aachen.de\/galerie\/wp-content\/uploads\/2022\/10\/M3_SS22_Frenzel_Lukas_GEG-1536x1086.jpg 1536w, https:\/\/bauko.arch.rwth-aachen.de\/galerie\/wp-content\/uploads\/2022\/10\/M3_SS22_Frenzel_Lukas_GEG-2048x1448.jpg 2048w, https:\/\/bauko.arch.rwth-aachen.de\/galerie\/wp-content\/uploads\/2022\/10\/M3_SS22_Frenzel_Lukas_GEG-800x566.jpg 800w\" sizes=\"(max-width: 1024px) 100vw, 1024px\" \/><\/a><\/figure>\n\n\n\n<figure class=\"wp-block-image size-large\"><a href=\"https:\/\/bauko.arch.rwth-aachen.de\/galerie\/wp-content\/uploads\/2022\/10\/M3_SS22_Frenzel_Lukas_AS-Wohnen.jpg\"><img decoding=\"async\" width=\"1024\" height=\"724\" data-id=\"4527\"  src=\"https:\/\/bauko.arch.rwth-aachen.de\/galerie\/wp-content\/uploads\/2022\/10\/M3_SS22_Frenzel_Lukas_AS-Wohnen-1024x724.jpg\" alt=\"\" class=\"wp-image-4527\" srcset=\"https:\/\/bauko.arch.rwth-aachen.de\/galerie\/wp-content\/uploads\/2022\/10\/M3_SS22_Frenzel_Lukas_AS-Wohnen-1024x724.jpg 1024w, https:\/\/bauko.arch.rwth-aachen.de\/galerie\/wp-content\/uploads\/2022\/10\/M3_SS22_Frenzel_Lukas_AS-Wohnen-300x212.jpg 300w, https:\/\/bauko.arch.rwth-aachen.de\/galerie\/wp-content\/uploads\/2022\/10\/M3_SS22_Frenzel_Lukas_AS-Wohnen-768x543.jpg 768w, https:\/\/bauko.arch.rwth-aachen.de\/galerie\/wp-content\/uploads\/2022\/10\/M3_SS22_Frenzel_Lukas_AS-Wohnen-1536x1086.jpg 1536w, https:\/\/bauko.arch.rwth-aachen.de\/galerie\/wp-content\/uploads\/2022\/10\/M3_SS22_Frenzel_Lukas_AS-Wohnen-2048x1448.jpg 2048w, https:\/\/bauko.arch.rwth-aachen.de\/galerie\/wp-content\/uploads\/2022\/10\/M3_SS22_Frenzel_Lukas_AS-Wohnen-800x566.jpg 800w\" sizes=\"(max-width: 1024px) 100vw, 1024px\" \/><\/a><\/figure>\n\n\n\n<figure class=\"wp-block-image size-large\"><a href=\"https:\/\/bauko.arch.rwth-aachen.de\/galerie\/wp-content\/uploads\/2022\/10\/M3_SS22_Frenzel_Lukas_GParken.jpg\"><img decoding=\"async\" width=\"1024\" height=\"724\" data-id=\"4535\"  src=\"https:\/\/bauko.arch.rwth-aachen.de\/galerie\/wp-content\/uploads\/2022\/10\/M3_SS22_Frenzel_Lukas_GParken-1024x724.jpg\" alt=\"\" class=\"wp-image-4535\" srcset=\"https:\/\/bauko.arch.rwth-aachen.de\/galerie\/wp-content\/uploads\/2022\/10\/M3_SS22_Frenzel_Lukas_GParken-1024x724.jpg 1024w, https:\/\/bauko.arch.rwth-aachen.de\/galerie\/wp-content\/uploads\/2022\/10\/M3_SS22_Frenzel_Lukas_GParken-300x212.jpg 300w, https:\/\/bauko.arch.rwth-aachen.de\/galerie\/wp-content\/uploads\/2022\/10\/M3_SS22_Frenzel_Lukas_GParken-768x543.jpg 768w, https:\/\/bauko.arch.rwth-aachen.de\/galerie\/wp-content\/uploads\/2022\/10\/M3_SS22_Frenzel_Lukas_GParken-1536x1086.jpg 1536w, https:\/\/bauko.arch.rwth-aachen.de\/galerie\/wp-content\/uploads\/2022\/10\/M3_SS22_Frenzel_Lukas_GParken-2048x1448.jpg 2048w, https:\/\/bauko.arch.rwth-aachen.de\/galerie\/wp-content\/uploads\/2022\/10\/M3_SS22_Frenzel_Lukas_GParken-800x566.jpg 800w\" sizes=\"(max-width: 1024px) 100vw, 1024px\" \/><\/a><\/figure>\n\n\n\n<figure class=\"wp-block-image size-large\"><a href=\"https:\/\/bauko.arch.rwth-aachen.de\/galerie\/wp-content\/uploads\/2022\/10\/M3_SS22_Frenzel_Lukas_GRegelWohnen.jpg\"><img decoding=\"async\" width=\"1024\" height=\"724\" data-id=\"4536\"  src=\"https:\/\/bauko.arch.rwth-aachen.de\/galerie\/wp-content\/uploads\/2022\/10\/M3_SS22_Frenzel_Lukas_GRegelWohnen-1024x724.jpg\" alt=\"\" class=\"wp-image-4536\" srcset=\"https:\/\/bauko.arch.rwth-aachen.de\/galerie\/wp-content\/uploads\/2022\/10\/M3_SS22_Frenzel_Lukas_GRegelWohnen-1024x724.jpg 1024w, https:\/\/bauko.arch.rwth-aachen.de\/galerie\/wp-content\/uploads\/2022\/10\/M3_SS22_Frenzel_Lukas_GRegelWohnen-300x212.jpg 300w, https:\/\/bauko.arch.rwth-aachen.de\/galerie\/wp-content\/uploads\/2022\/10\/M3_SS22_Frenzel_Lukas_GRegelWohnen-768x543.jpg 768w, https:\/\/bauko.arch.rwth-aachen.de\/galerie\/wp-content\/uploads\/2022\/10\/M3_SS22_Frenzel_Lukas_GRegelWohnen-1536x1086.jpg 1536w, https:\/\/bauko.arch.rwth-aachen.de\/galerie\/wp-content\/uploads\/2022\/10\/M3_SS22_Frenzel_Lukas_GRegelWohnen-2048x1448.jpg 2048w, https:\/\/bauko.arch.rwth-aachen.de\/galerie\/wp-content\/uploads\/2022\/10\/M3_SS22_Frenzel_Lukas_GRegelWohnen-800x566.jpg 800w\" sizes=\"(max-width: 1024px) 100vw, 1024px\" \/><\/a><\/figure>\n\n\n\n<figure class=\"wp-block-image size-large\"><a href=\"https:\/\/bauko.arch.rwth-aachen.de\/galerie\/wp-content\/uploads\/2022\/10\/M3_SS22_Frenzel_Lukas_AParkenWohnen.jpg\"><img decoding=\"async\" width=\"1024\" height=\"724\" data-id=\"4528\"  src=\"https:\/\/bauko.arch.rwth-aachen.de\/galerie\/wp-content\/uploads\/2022\/10\/M3_SS22_Frenzel_Lukas_AParkenWohnen-1024x724.jpg\" alt=\"\" class=\"wp-image-4528\" srcset=\"https:\/\/bauko.arch.rwth-aachen.de\/galerie\/wp-content\/uploads\/2022\/10\/M3_SS22_Frenzel_Lukas_AParkenWohnen-1024x724.jpg 1024w, https:\/\/bauko.arch.rwth-aachen.de\/galerie\/wp-content\/uploads\/2022\/10\/M3_SS22_Frenzel_Lukas_AParkenWohnen-300x212.jpg 300w, https:\/\/bauko.arch.rwth-aachen.de\/galerie\/wp-content\/uploads\/2022\/10\/M3_SS22_Frenzel_Lukas_AParkenWohnen-768x543.jpg 768w, https:\/\/bauko.arch.rwth-aachen.de\/galerie\/wp-content\/uploads\/2022\/10\/M3_SS22_Frenzel_Lukas_AParkenWohnen-1536x1086.jpg 1536w, https:\/\/bauko.arch.rwth-aachen.de\/galerie\/wp-content\/uploads\/2022\/10\/M3_SS22_Frenzel_Lukas_AParkenWohnen-2048x1448.jpg 2048w, https:\/\/bauko.arch.rwth-aachen.de\/galerie\/wp-content\/uploads\/2022\/10\/M3_SS22_Frenzel_Lukas_AParkenWohnen-800x566.jpg 800w\" sizes=\"(max-width: 1024px) 100vw, 1024px\" \/><\/a><\/figure>\n\n\n\n<figure class=\"wp-block-image size-large\"><a href=\"https:\/\/bauko.arch.rwth-aachen.de\/galerie\/wp-content\/uploads\/2022\/10\/M3_SS22_Frenzel_Lukas_GDG.jpg\"><img decoding=\"async\" width=\"1024\" height=\"724\" data-id=\"4533\"  src=\"https:\/\/bauko.arch.rwth-aachen.de\/galerie\/wp-content\/uploads\/2022\/10\/M3_SS22_Frenzel_Lukas_GDG-1024x724.jpg\" alt=\"\" class=\"wp-image-4533\" srcset=\"https:\/\/bauko.arch.rwth-aachen.de\/galerie\/wp-content\/uploads\/2022\/10\/M3_SS22_Frenzel_Lukas_GDG-1024x724.jpg 1024w, https:\/\/bauko.arch.rwth-aachen.de\/galerie\/wp-content\/uploads\/2022\/10\/M3_SS22_Frenzel_Lukas_GDG-300x212.jpg 300w, https:\/\/bauko.arch.rwth-aachen.de\/galerie\/wp-content\/uploads\/2022\/10\/M3_SS22_Frenzel_Lukas_GDG-768x543.jpg 768w, https:\/\/bauko.arch.rwth-aachen.de\/galerie\/wp-content\/uploads\/2022\/10\/M3_SS22_Frenzel_Lukas_GDG-1536x1086.jpg 1536w, https:\/\/bauko.arch.rwth-aachen.de\/galerie\/wp-content\/uploads\/2022\/10\/M3_SS22_Frenzel_Lukas_GDG-2048x1448.jpg 2048w, https:\/\/bauko.arch.rwth-aachen.de\/galerie\/wp-content\/uploads\/2022\/10\/M3_SS22_Frenzel_Lukas_GDG-800x566.jpg 800w\" sizes=\"(max-width: 1024px) 100vw, 1024px\" \/><\/a><\/figure>\n\n\n\n<figure class=\"wp-block-image size-large\"><a href=\"https:\/\/bauko.arch.rwth-aachen.de\/galerie\/wp-content\/uploads\/2022\/10\/M3_SS22_Frenzel_Lukas_P2-1.jpg\"><img decoding=\"async\" width=\"1024\" height=\"1024\" data-id=\"4559\"  src=\"https:\/\/bauko.arch.rwth-aachen.de\/galerie\/wp-content\/uploads\/2022\/10\/M3_SS22_Frenzel_Lukas_P2-1-1024x1024.jpg\" alt=\"\" class=\"wp-image-4559\" srcset=\"https:\/\/bauko.arch.rwth-aachen.de\/galerie\/wp-content\/uploads\/2022\/10\/M3_SS22_Frenzel_Lukas_P2-1-1024x1024.jpg 1024w, https:\/\/bauko.arch.rwth-aachen.de\/galerie\/wp-content\/uploads\/2022\/10\/M3_SS22_Frenzel_Lukas_P2-1-300x300.jpg 300w, https:\/\/bauko.arch.rwth-aachen.de\/galerie\/wp-content\/uploads\/2022\/10\/M3_SS22_Frenzel_Lukas_P2-1-768x768.jpg 768w, https:\/\/bauko.arch.rwth-aachen.de\/galerie\/wp-content\/uploads\/2022\/10\/M3_SS22_Frenzel_Lukas_P2-1-1536x1536.jpg 1536w, https:\/\/bauko.arch.rwth-aachen.de\/galerie\/wp-content\/uploads\/2022\/10\/M3_SS22_Frenzel_Lukas_P2-1.jpg 1781w\" sizes=\"(max-width: 1024px) 100vw, 1024px\" \/><\/a><figcaption class=\"wp-element-caption\">Perspektive<\/figcaption><\/figure>\n\n\n\n<figure class=\"wp-block-image size-large\"><a href=\"https:\/\/bauko.arch.rwth-aachen.de\/galerie\/wp-content\/uploads\/2022\/10\/M3_SS22_Frenzel_Lukas_Gtypologie.jpg\"><img decoding=\"async\" width=\"1024\" height=\"724\" data-id=\"4537\"  src=\"https:\/\/bauko.arch.rwth-aachen.de\/galerie\/wp-content\/uploads\/2022\/10\/M3_SS22_Frenzel_Lukas_Gtypologie-1024x724.jpg\" alt=\"\" class=\"wp-image-4537\" srcset=\"https:\/\/bauko.arch.rwth-aachen.de\/galerie\/wp-content\/uploads\/2022\/10\/M3_SS22_Frenzel_Lukas_Gtypologie-1024x724.jpg 1024w, https:\/\/bauko.arch.rwth-aachen.de\/galerie\/wp-content\/uploads\/2022\/10\/M3_SS22_Frenzel_Lukas_Gtypologie-300x212.jpg 300w, https:\/\/bauko.arch.rwth-aachen.de\/galerie\/wp-content\/uploads\/2022\/10\/M3_SS22_Frenzel_Lukas_Gtypologie-768x543.jpg 768w, https:\/\/bauko.arch.rwth-aachen.de\/galerie\/wp-content\/uploads\/2022\/10\/M3_SS22_Frenzel_Lukas_Gtypologie-1536x1086.jpg 1536w, https:\/\/bauko.arch.rwth-aachen.de\/galerie\/wp-content\/uploads\/2022\/10\/M3_SS22_Frenzel_Lukas_Gtypologie-2048x1448.jpg 2048w, https:\/\/bauko.arch.rwth-aachen.de\/galerie\/wp-content\/uploads\/2022\/10\/M3_SS22_Frenzel_Lukas_Gtypologie-800x566.jpg 800w\" sizes=\"(max-width: 1024px) 100vw, 1024px\" \/><\/a><\/figure>\n\n\n\n<figure class=\"wp-block-image size-large\"><a href=\"https:\/\/bauko.arch.rwth-aachen.de\/galerie\/wp-content\/uploads\/2022\/10\/M3_SS22_Frenzel_Lukas_Skurz.jpg\"><img decoding=\"async\" width=\"1024\" height=\"724\" data-id=\"4543\"  src=\"https:\/\/bauko.arch.rwth-aachen.de\/galerie\/wp-content\/uploads\/2022\/10\/M3_SS22_Frenzel_Lukas_Skurz-1024x724.jpg\" alt=\"\" class=\"wp-image-4543\" srcset=\"https:\/\/bauko.arch.rwth-aachen.de\/galerie\/wp-content\/uploads\/2022\/10\/M3_SS22_Frenzel_Lukas_Skurz-1024x724.jpg 1024w, https:\/\/bauko.arch.rwth-aachen.de\/galerie\/wp-content\/uploads\/2022\/10\/M3_SS22_Frenzel_Lukas_Skurz-300x212.jpg 300w, https:\/\/bauko.arch.rwth-aachen.de\/galerie\/wp-content\/uploads\/2022\/10\/M3_SS22_Frenzel_Lukas_Skurz-768x543.jpg 768w, https:\/\/bauko.arch.rwth-aachen.de\/galerie\/wp-content\/uploads\/2022\/10\/M3_SS22_Frenzel_Lukas_Skurz-1536x1086.jpg 1536w, https:\/\/bauko.arch.rwth-aachen.de\/galerie\/wp-content\/uploads\/2022\/10\/M3_SS22_Frenzel_Lukas_Skurz-2048x1448.jpg 2048w, https:\/\/bauko.arch.rwth-aachen.de\/galerie\/wp-content\/uploads\/2022\/10\/M3_SS22_Frenzel_Lukas_Skurz-800x566.jpg 800w\" sizes=\"(max-width: 1024px) 100vw, 1024px\" \/><\/a><\/figure>\n\n\n\n<figure class=\"wp-block-image size-large\"><a href=\"https:\/\/bauko.arch.rwth-aachen.de\/galerie\/wp-content\/uploads\/2022\/10\/M3_SS22_Frenzel_Lukas_P3-1.jpg\"><img decoding=\"async\" width=\"1024\" height=\"1024\" data-id=\"4558\"  src=\"https:\/\/bauko.arch.rwth-aachen.de\/galerie\/wp-content\/uploads\/2022\/10\/M3_SS22_Frenzel_Lukas_P3-1-1024x1024.jpg\" alt=\"\" class=\"wp-image-4558\" srcset=\"https:\/\/bauko.arch.rwth-aachen.de\/galerie\/wp-content\/uploads\/2022\/10\/M3_SS22_Frenzel_Lukas_P3-1-1024x1024.jpg 1024w, https:\/\/bauko.arch.rwth-aachen.de\/galerie\/wp-content\/uploads\/2022\/10\/M3_SS22_Frenzel_Lukas_P3-1-300x300.jpg 300w, https:\/\/bauko.arch.rwth-aachen.de\/galerie\/wp-content\/uploads\/2022\/10\/M3_SS22_Frenzel_Lukas_P3-1-768x768.jpg 768w, https:\/\/bauko.arch.rwth-aachen.de\/galerie\/wp-content\/uploads\/2022\/10\/M3_SS22_Frenzel_Lukas_P3-1-1536x1536.jpg 1536w, https:\/\/bauko.arch.rwth-aachen.de\/galerie\/wp-content\/uploads\/2022\/10\/M3_SS22_Frenzel_Lukas_P3-1.jpg 1781w\" sizes=\"(max-width: 1024px) 100vw, 1024px\" \/><\/a><figcaption class=\"wp-element-caption\">Perspektive<\/figcaption><\/figure>\n\n\n\n<figure class=\"wp-block-image size-large\"><a href=\"https:\/\/bauko.arch.rwth-aachen.de\/galerie\/wp-content\/uploads\/2022\/10\/M3_SS22_Frenzel_Lukas_FS.jpg\"><img decoding=\"async\" width=\"1024\" height=\"724\" data-id=\"4532\"  src=\"https:\/\/bauko.arch.rwth-aachen.de\/galerie\/wp-content\/uploads\/2022\/10\/M3_SS22_Frenzel_Lukas_FS-1024x724.jpg\" alt=\"\" class=\"wp-image-4532\" srcset=\"https:\/\/bauko.arch.rwth-aachen.de\/galerie\/wp-content\/uploads\/2022\/10\/M3_SS22_Frenzel_Lukas_FS-1024x724.jpg 1024w, https:\/\/bauko.arch.rwth-aachen.de\/galerie\/wp-content\/uploads\/2022\/10\/M3_SS22_Frenzel_Lukas_FS-300x212.jpg 300w, https:\/\/bauko.arch.rwth-aachen.de\/galerie\/wp-content\/uploads\/2022\/10\/M3_SS22_Frenzel_Lukas_FS-768x543.jpg 768w, https:\/\/bauko.arch.rwth-aachen.de\/galerie\/wp-content\/uploads\/2022\/10\/M3_SS22_Frenzel_Lukas_FS-1536x1086.jpg 1536w, https:\/\/bauko.arch.rwth-aachen.de\/galerie\/wp-content\/uploads\/2022\/10\/M3_SS22_Frenzel_Lukas_FS-2048x1448.jpg 2048w, https:\/\/bauko.arch.rwth-aachen.de\/galerie\/wp-content\/uploads\/2022\/10\/M3_SS22_Frenzel_Lukas_FS-800x566.jpg 800w\" sizes=\"(max-width: 1024px) 100vw, 1024px\" \/><\/a><\/figure>\n\n\n\n<figure class=\"wp-block-image size-large\"><a href=\"https:\/\/bauko.arch.rwth-aachen.de\/galerie\/wp-content\/uploads\/2022\/10\/M3_SS22_Frenzel_Lukas_AxoSuedfassade.jpg\"><img decoding=\"async\" width=\"1024\" height=\"724\" data-id=\"4531\"  src=\"https:\/\/bauko.arch.rwth-aachen.de\/galerie\/wp-content\/uploads\/2022\/10\/M3_SS22_Frenzel_Lukas_AxoSuedfassade-1024x724.jpg\" alt=\"\" class=\"wp-image-4531\" srcset=\"https:\/\/bauko.arch.rwth-aachen.de\/galerie\/wp-content\/uploads\/2022\/10\/M3_SS22_Frenzel_Lukas_AxoSuedfassade-1024x724.jpg 1024w, https:\/\/bauko.arch.rwth-aachen.de\/galerie\/wp-content\/uploads\/2022\/10\/M3_SS22_Frenzel_Lukas_AxoSuedfassade-300x212.jpg 300w, https:\/\/bauko.arch.rwth-aachen.de\/galerie\/wp-content\/uploads\/2022\/10\/M3_SS22_Frenzel_Lukas_AxoSuedfassade-768x543.jpg 768w, https:\/\/bauko.arch.rwth-aachen.de\/galerie\/wp-content\/uploads\/2022\/10\/M3_SS22_Frenzel_Lukas_AxoSuedfassade-1536x1086.jpg 1536w, https:\/\/bauko.arch.rwth-aachen.de\/galerie\/wp-content\/uploads\/2022\/10\/M3_SS22_Frenzel_Lukas_AxoSuedfassade-2048x1448.jpg 2048w, https:\/\/bauko.arch.rwth-aachen.de\/galerie\/wp-content\/uploads\/2022\/10\/M3_SS22_Frenzel_Lukas_AxoSuedfassade-800x566.jpg 800w\" sizes=\"(max-width: 1024px) 100vw, 1024px\" \/><\/a><\/figure>\n\n\n\n<figure class=\"wp-block-image size-large\"><a href=\"https:\/\/bauko.arch.rwth-aachen.de\/galerie\/wp-content\/uploads\/2022\/10\/M3_SS22_Frenzel_Lukas_AxoNordfassade.jpg\"><img decoding=\"async\" width=\"1024\" height=\"724\" data-id=\"4530\"  src=\"https:\/\/bauko.arch.rwth-aachen.de\/galerie\/wp-content\/uploads\/2022\/10\/M3_SS22_Frenzel_Lukas_AxoNordfassade-1024x724.jpg\" alt=\"\" class=\"wp-image-4530\" srcset=\"https:\/\/bauko.arch.rwth-aachen.de\/galerie\/wp-content\/uploads\/2022\/10\/M3_SS22_Frenzel_Lukas_AxoNordfassade-1024x724.jpg 1024w, https:\/\/bauko.arch.rwth-aachen.de\/galerie\/wp-content\/uploads\/2022\/10\/M3_SS22_Frenzel_Lukas_AxoNordfassade-300x212.jpg 300w, https:\/\/bauko.arch.rwth-aachen.de\/galerie\/wp-content\/uploads\/2022\/10\/M3_SS22_Frenzel_Lukas_AxoNordfassade-768x543.jpg 768w, https:\/\/bauko.arch.rwth-aachen.de\/galerie\/wp-content\/uploads\/2022\/10\/M3_SS22_Frenzel_Lukas_AxoNordfassade-1536x1086.jpg 1536w, https:\/\/bauko.arch.rwth-aachen.de\/galerie\/wp-content\/uploads\/2022\/10\/M3_SS22_Frenzel_Lukas_AxoNordfassade-2048x1448.jpg 2048w, https:\/\/bauko.arch.rwth-aachen.de\/galerie\/wp-content\/uploads\/2022\/10\/M3_SS22_Frenzel_Lukas_AxoNordfassade-800x566.jpg 800w\" sizes=\"(max-width: 1024px) 100vw, 1024px\" \/><\/a><\/figure>\n<\/figure>\n\n\n\n<div style=\"height:40px\" aria-hidden=\"true\" class=\"wp-block-spacer\"><\/div>\n\n\n\n<h4 class=\"wp-block-heading\" id=\"a_2\">Feuerwache 8 in K\u00f6ln<\/h4>\n\n\n\n<p>Die Feuerwache 8 im rechtsrheinischen Osten von K\u00f6ln befindet sich in einer heterogenen Umgebung von Industrie-, Wohn- und Schulbauten. Dar\u00fcber hinaus grenzt das Grundst\u00fcck an eine Kleingartensiedlung, landwirtschaftliche Fl\u00e4chen und an einen Fu\u00dfballplatz im Osten des Grundst\u00fccks.<\/p>\n\n\n\n<p>Die urspr\u00fcngliche Kapazit\u00e4t der R\u00e4umlichkeiten, die seit \u00fcber 20 Jah\u00adren aus tempor\u00e4ren Containerbauten besteht ist mit damals 50 Feuer\u00adwehrleuten und ca. 100 aktuellen Stellen ersch\u00f6pft. Perspektivisch soll sich die Belegschaft jedoch nochmals verdoppeln. Bei stetig steigenden Einsatzzahlen und dem Zuwachs der Bev\u00f6lkerung ist ein Ersatzneubau notwendig. Der Entwurf stellt dabei eine Variante eine Machbarkeits\u00adstudie dar.<\/p>\n\n\n\n<p>Der Geb\u00e4udekomplex besteht aus einem longitudinalen, einem kom\u00adpakten und einem aufrechten Bauk\u00f6rper. Dabei befinden sich die Fahr\u00adzeughallen f\u00fcr den t\u00e4glichen Einsatz parallel zum s\u00fcdlichen Hardtgen\u00adbuscher Kirchweg. Die Durchfahrtshalle erm\u00f6glicht dabei eine einfache An- und Abfahrt. Im Obergeschoss befinden sich alle relevanten R\u00e4um\u00adlichkeiten f\u00fcr das Personal. \u00dcber eine Verbindung im Obergeschoss wird der zweite Geb\u00e4udeteil mit dem Haupteingang, der Turnhalle und dem Containerdepot des Katastrophenschutzes im Erdgeschoss und dem Schulungs- und Kantinenbereich dar\u00fcber erschlossen. Auf dem Hof be\u00adfindet sich ein \u00dcbungsturm, der ebenfalls die traditionelle Aufgabe der Schlauchtrocknung beherbergt. Durch die begrenzte Grundst\u00fccksgr\u00f6\u00ad\u00dfe und H\u00f6henentwicklung ist es von Bedeutung den Fu\u00dfabdruck auf dem Grundst\u00fcck gering zu halten und nur notwendige Raumtypologien ebenerdig zu erschlie\u00dfen. In der Vertikalen sind die funktionalen Hand\u00adlungsstr\u00e4nge jedoch eng miteinander verkn\u00fcpft, sodass ein problemlo\u00adser Ablauf gew\u00e4hrleistet werden kann.<\/p>\n\n\n\n<figure class=\"wp-block-gallery has-nested-images columns-3 showfirst wp-block-gallery-3 is-layout-flex\">\n<figure class=\"wp-block-image size-large\"><a href=\"https:\/\/bauko.arch.rwth-aachen.de\/galerie\/wp-content\/uploads\/2022\/10\/M3_SS22_Quednau_Tilman_R3.jpg\"><img decoding=\"async\" width=\"1024\" height=\"724\" data-id=\"4525\"  src=\"https:\/\/bauko.arch.rwth-aachen.de\/galerie\/wp-content\/uploads\/2022\/10\/M3_SS22_Quednau_Tilman_R3-1024x724.jpg\" alt=\"\" class=\"wp-image-4525\" srcset=\"https:\/\/bauko.arch.rwth-aachen.de\/galerie\/wp-content\/uploads\/2022\/10\/M3_SS22_Quednau_Tilman_R3-1024x724.jpg 1024w, https:\/\/bauko.arch.rwth-aachen.de\/galerie\/wp-content\/uploads\/2022\/10\/M3_SS22_Quednau_Tilman_R3-300x212.jpg 300w, https:\/\/bauko.arch.rwth-aachen.de\/galerie\/wp-content\/uploads\/2022\/10\/M3_SS22_Quednau_Tilman_R3-768x543.jpg 768w, https:\/\/bauko.arch.rwth-aachen.de\/galerie\/wp-content\/uploads\/2022\/10\/M3_SS22_Quednau_Tilman_R3-1536x1086.jpg 1536w, https:\/\/bauko.arch.rwth-aachen.de\/galerie\/wp-content\/uploads\/2022\/10\/M3_SS22_Quednau_Tilman_R3-2048x1448.jpg 2048w, https:\/\/bauko.arch.rwth-aachen.de\/galerie\/wp-content\/uploads\/2022\/10\/M3_SS22_Quednau_Tilman_R3-800x566.jpg 800w\" sizes=\"(max-width: 1024px) 100vw, 1024px\" \/><\/a><figcaption class=\"wp-element-caption\">Tilman Quednau<\/figcaption><\/figure>\n\n\n\n<figure class=\"wp-block-image size-large\"><a href=\"https:\/\/bauko.arch.rwth-aachen.de\/galerie\/wp-content\/uploads\/2022\/10\/M3_SS22_Quednau_Tilman_LP-1.jpg\"><img decoding=\"async\" width=\"1024\" height=\"1024\" data-id=\"4562\"  src=\"https:\/\/bauko.arch.rwth-aachen.de\/galerie\/wp-content\/uploads\/2022\/10\/M3_SS22_Quednau_Tilman_LP-1-1024x1024.jpg\" alt=\"\" class=\"wp-image-4562\" srcset=\"https:\/\/bauko.arch.rwth-aachen.de\/galerie\/wp-content\/uploads\/2022\/10\/M3_SS22_Quednau_Tilman_LP-1-1024x1024.jpg 1024w, https:\/\/bauko.arch.rwth-aachen.de\/galerie\/wp-content\/uploads\/2022\/10\/M3_SS22_Quednau_Tilman_LP-1-300x300.jpg 300w, https:\/\/bauko.arch.rwth-aachen.de\/galerie\/wp-content\/uploads\/2022\/10\/M3_SS22_Quednau_Tilman_LP-1-768x768.jpg 768w, https:\/\/bauko.arch.rwth-aachen.de\/galerie\/wp-content\/uploads\/2022\/10\/M3_SS22_Quednau_Tilman_LP-1-1536x1536.jpg 1536w, https:\/\/bauko.arch.rwth-aachen.de\/galerie\/wp-content\/uploads\/2022\/10\/M3_SS22_Quednau_Tilman_LP-1.jpg 1768w\" sizes=\"(max-width: 1024px) 100vw, 1024px\" \/><\/a><figcaption class=\"wp-element-caption\">Lageplan<\/figcaption><\/figure>\n\n\n\n<figure class=\"wp-block-image size-large\"><a href=\"https:\/\/bauko.arch.rwth-aachen.de\/galerie\/wp-content\/uploads\/2022\/10\/M3_SS22_Quednau_Tilman_GEG.jpg\"><img decoding=\"async\" width=\"1024\" height=\"724\" data-id=\"4516\"  src=\"https:\/\/bauko.arch.rwth-aachen.de\/galerie\/wp-content\/uploads\/2022\/10\/M3_SS22_Quednau_Tilman_GEG-1024x724.jpg\" alt=\"\" class=\"wp-image-4516\" srcset=\"https:\/\/bauko.arch.rwth-aachen.de\/galerie\/wp-content\/uploads\/2022\/10\/M3_SS22_Quednau_Tilman_GEG-1024x724.jpg 1024w, https:\/\/bauko.arch.rwth-aachen.de\/galerie\/wp-content\/uploads\/2022\/10\/M3_SS22_Quednau_Tilman_GEG-300x212.jpg 300w, https:\/\/bauko.arch.rwth-aachen.de\/galerie\/wp-content\/uploads\/2022\/10\/M3_SS22_Quednau_Tilman_GEG-768x543.jpg 768w, https:\/\/bauko.arch.rwth-aachen.de\/galerie\/wp-content\/uploads\/2022\/10\/M3_SS22_Quednau_Tilman_GEG-1536x1086.jpg 1536w, https:\/\/bauko.arch.rwth-aachen.de\/galerie\/wp-content\/uploads\/2022\/10\/M3_SS22_Quednau_Tilman_GEG-2048x1448.jpg 2048w, https:\/\/bauko.arch.rwth-aachen.de\/galerie\/wp-content\/uploads\/2022\/10\/M3_SS22_Quednau_Tilman_GEG-800x566.jpg 800w\" sizes=\"(max-width: 1024px) 100vw, 1024px\" \/><\/a><\/figure>\n\n\n\n<figure class=\"wp-block-image size-large\"><a href=\"https:\/\/bauko.arch.rwth-aachen.de\/galerie\/wp-content\/uploads\/2022\/10\/M3_SS22_Quednau_Tilman_AS.jpg\"><img decoding=\"async\" width=\"1024\" height=\"724\" data-id=\"4513\"  src=\"https:\/\/bauko.arch.rwth-aachen.de\/galerie\/wp-content\/uploads\/2022\/10\/M3_SS22_Quednau_Tilman_AS-1024x724.jpg\" alt=\"\" class=\"wp-image-4513\" srcset=\"https:\/\/bauko.arch.rwth-aachen.de\/galerie\/wp-content\/uploads\/2022\/10\/M3_SS22_Quednau_Tilman_AS-1024x724.jpg 1024w, https:\/\/bauko.arch.rwth-aachen.de\/galerie\/wp-content\/uploads\/2022\/10\/M3_SS22_Quednau_Tilman_AS-300x212.jpg 300w, https:\/\/bauko.arch.rwth-aachen.de\/galerie\/wp-content\/uploads\/2022\/10\/M3_SS22_Quednau_Tilman_AS-768x543.jpg 768w, https:\/\/bauko.arch.rwth-aachen.de\/galerie\/wp-content\/uploads\/2022\/10\/M3_SS22_Quednau_Tilman_AS-1536x1086.jpg 1536w, https:\/\/bauko.arch.rwth-aachen.de\/galerie\/wp-content\/uploads\/2022\/10\/M3_SS22_Quednau_Tilman_AS-2048x1448.jpg 2048w, https:\/\/bauko.arch.rwth-aachen.de\/galerie\/wp-content\/uploads\/2022\/10\/M3_SS22_Quednau_Tilman_AS-800x566.jpg 800w\" sizes=\"(max-width: 1024px) 100vw, 1024px\" \/><\/a><\/figure>\n\n\n\n<figure class=\"wp-block-image size-large\"><a href=\"https:\/\/bauko.arch.rwth-aachen.de\/galerie\/wp-content\/uploads\/2022\/10\/M3_SS22_Quednau_Tilman_GOG.jpg\"><img decoding=\"async\" width=\"1024\" height=\"724\" data-id=\"4518\"  src=\"https:\/\/bauko.arch.rwth-aachen.de\/galerie\/wp-content\/uploads\/2022\/10\/M3_SS22_Quednau_Tilman_GOG-1024x724.jpg\" alt=\"\" class=\"wp-image-4518\" srcset=\"https:\/\/bauko.arch.rwth-aachen.de\/galerie\/wp-content\/uploads\/2022\/10\/M3_SS22_Quednau_Tilman_GOG-1024x724.jpg 1024w, https:\/\/bauko.arch.rwth-aachen.de\/galerie\/wp-content\/uploads\/2022\/10\/M3_SS22_Quednau_Tilman_GOG-300x212.jpg 300w, https:\/\/bauko.arch.rwth-aachen.de\/galerie\/wp-content\/uploads\/2022\/10\/M3_SS22_Quednau_Tilman_GOG-768x543.jpg 768w, https:\/\/bauko.arch.rwth-aachen.de\/galerie\/wp-content\/uploads\/2022\/10\/M3_SS22_Quednau_Tilman_GOG-1536x1086.jpg 1536w, https:\/\/bauko.arch.rwth-aachen.de\/galerie\/wp-content\/uploads\/2022\/10\/M3_SS22_Quednau_Tilman_GOG-2048x1448.jpg 2048w, https:\/\/bauko.arch.rwth-aachen.de\/galerie\/wp-content\/uploads\/2022\/10\/M3_SS22_Quednau_Tilman_GOG-800x566.jpg 800w\" sizes=\"(max-width: 1024px) 100vw, 1024px\" \/><\/a><\/figure>\n\n\n\n<figure class=\"wp-block-image size-large\"><a href=\"https:\/\/bauko.arch.rwth-aachen.de\/galerie\/wp-content\/uploads\/2022\/10\/M3_SS22_Quednau_Tilman_AS2.jpg\"><img decoding=\"async\" width=\"1024\" height=\"724\" data-id=\"4514\"  src=\"https:\/\/bauko.arch.rwth-aachen.de\/galerie\/wp-content\/uploads\/2022\/10\/M3_SS22_Quednau_Tilman_AS2-1024x724.jpg\" alt=\"\" class=\"wp-image-4514\" srcset=\"https:\/\/bauko.arch.rwth-aachen.de\/galerie\/wp-content\/uploads\/2022\/10\/M3_SS22_Quednau_Tilman_AS2-1024x724.jpg 1024w, https:\/\/bauko.arch.rwth-aachen.de\/galerie\/wp-content\/uploads\/2022\/10\/M3_SS22_Quednau_Tilman_AS2-300x212.jpg 300w, https:\/\/bauko.arch.rwth-aachen.de\/galerie\/wp-content\/uploads\/2022\/10\/M3_SS22_Quednau_Tilman_AS2-768x543.jpg 768w, https:\/\/bauko.arch.rwth-aachen.de\/galerie\/wp-content\/uploads\/2022\/10\/M3_SS22_Quednau_Tilman_AS2-1536x1086.jpg 1536w, https:\/\/bauko.arch.rwth-aachen.de\/galerie\/wp-content\/uploads\/2022\/10\/M3_SS22_Quednau_Tilman_AS2-2048x1448.jpg 2048w, https:\/\/bauko.arch.rwth-aachen.de\/galerie\/wp-content\/uploads\/2022\/10\/M3_SS22_Quednau_Tilman_AS2-800x566.jpg 800w\" sizes=\"(max-width: 1024px) 100vw, 1024px\" \/><\/a><\/figure>\n\n\n\n<figure class=\"wp-block-image size-large\"><a href=\"https:\/\/bauko.arch.rwth-aachen.de\/galerie\/wp-content\/uploads\/2022\/10\/M3_SS22_Quednau_Tilman_R4.jpg\"><img decoding=\"async\" width=\"1024\" height=\"724\" data-id=\"4526\"  src=\"https:\/\/bauko.arch.rwth-aachen.de\/galerie\/wp-content\/uploads\/2022\/10\/M3_SS22_Quednau_Tilman_R4-1024x724.jpg\" alt=\"\" class=\"wp-image-4526\" srcset=\"https:\/\/bauko.arch.rwth-aachen.de\/galerie\/wp-content\/uploads\/2022\/10\/M3_SS22_Quednau_Tilman_R4-1024x724.jpg 1024w, https:\/\/bauko.arch.rwth-aachen.de\/galerie\/wp-content\/uploads\/2022\/10\/M3_SS22_Quednau_Tilman_R4-300x212.jpg 300w, https:\/\/bauko.arch.rwth-aachen.de\/galerie\/wp-content\/uploads\/2022\/10\/M3_SS22_Quednau_Tilman_R4-768x543.jpg 768w, https:\/\/bauko.arch.rwth-aachen.de\/galerie\/wp-content\/uploads\/2022\/10\/M3_SS22_Quednau_Tilman_R4-1536x1086.jpg 1536w, https:\/\/bauko.arch.rwth-aachen.de\/galerie\/wp-content\/uploads\/2022\/10\/M3_SS22_Quednau_Tilman_R4-2048x1448.jpg 2048w, https:\/\/bauko.arch.rwth-aachen.de\/galerie\/wp-content\/uploads\/2022\/10\/M3_SS22_Quednau_Tilman_R4-800x566.jpg 800w\" sizes=\"(max-width: 1024px) 100vw, 1024px\" \/><\/a><\/figure>\n\n\n\n<figure class=\"wp-block-image size-large\"><a href=\"https:\/\/bauko.arch.rwth-aachen.de\/galerie\/wp-content\/uploads\/2022\/10\/M3_SS22_Quednau_Tilman_Iso.jpg\"><img decoding=\"async\" width=\"1024\" height=\"724\" data-id=\"4520\"  src=\"https:\/\/bauko.arch.rwth-aachen.de\/galerie\/wp-content\/uploads\/2022\/10\/M3_SS22_Quednau_Tilman_Iso-1024x724.jpg\" alt=\"\" class=\"wp-image-4520\" srcset=\"https:\/\/bauko.arch.rwth-aachen.de\/galerie\/wp-content\/uploads\/2022\/10\/M3_SS22_Quednau_Tilman_Iso-1024x724.jpg 1024w, https:\/\/bauko.arch.rwth-aachen.de\/galerie\/wp-content\/uploads\/2022\/10\/M3_SS22_Quednau_Tilman_Iso-300x212.jpg 300w, https:\/\/bauko.arch.rwth-aachen.de\/galerie\/wp-content\/uploads\/2022\/10\/M3_SS22_Quednau_Tilman_Iso-768x543.jpg 768w, https:\/\/bauko.arch.rwth-aachen.de\/galerie\/wp-content\/uploads\/2022\/10\/M3_SS22_Quednau_Tilman_Iso-1536x1086.jpg 1536w, https:\/\/bauko.arch.rwth-aachen.de\/galerie\/wp-content\/uploads\/2022\/10\/M3_SS22_Quednau_Tilman_Iso-2048x1448.jpg 2048w, https:\/\/bauko.arch.rwth-aachen.de\/galerie\/wp-content\/uploads\/2022\/10\/M3_SS22_Quednau_Tilman_Iso-800x566.jpg 800w\" sizes=\"(max-width: 1024px) 100vw, 1024px\" \/><\/a><\/figure>\n\n\n\n<figure class=\"wp-block-image size-large\"><a href=\"https:\/\/bauko.arch.rwth-aachen.de\/galerie\/wp-content\/uploads\/2022\/10\/M3_SS22_Quednau_Tilman_R2.jpg\"><img decoding=\"async\" width=\"1024\" height=\"724\" data-id=\"4524\"  src=\"https:\/\/bauko.arch.rwth-aachen.de\/galerie\/wp-content\/uploads\/2022\/10\/M3_SS22_Quednau_Tilman_R2-1024x724.jpg\" alt=\"\" class=\"wp-image-4524\" srcset=\"https:\/\/bauko.arch.rwth-aachen.de\/galerie\/wp-content\/uploads\/2022\/10\/M3_SS22_Quednau_Tilman_R2-1024x724.jpg 1024w, https:\/\/bauko.arch.rwth-aachen.de\/galerie\/wp-content\/uploads\/2022\/10\/M3_SS22_Quednau_Tilman_R2-300x212.jpg 300w, https:\/\/bauko.arch.rwth-aachen.de\/galerie\/wp-content\/uploads\/2022\/10\/M3_SS22_Quednau_Tilman_R2-768x543.jpg 768w, https:\/\/bauko.arch.rwth-aachen.de\/galerie\/wp-content\/uploads\/2022\/10\/M3_SS22_Quednau_Tilman_R2-1536x1086.jpg 1536w, https:\/\/bauko.arch.rwth-aachen.de\/galerie\/wp-content\/uploads\/2022\/10\/M3_SS22_Quednau_Tilman_R2-2048x1448.jpg 2048w, https:\/\/bauko.arch.rwth-aachen.de\/galerie\/wp-content\/uploads\/2022\/10\/M3_SS22_Quednau_Tilman_R2-800x566.jpg 800w\" sizes=\"(max-width: 1024px) 100vw, 1024px\" \/><\/a><\/figure>\n\n\n\n<figure class=\"wp-block-image size-large\"><a href=\"https:\/\/bauko.arch.rwth-aachen.de\/galerie\/wp-content\/uploads\/2022\/10\/M3_SS22_Quednau_Tilman_FS.jpg\"><img decoding=\"async\" width=\"1024\" height=\"724\" data-id=\"4515\"  src=\"https:\/\/bauko.arch.rwth-aachen.de\/galerie\/wp-content\/uploads\/2022\/10\/M3_SS22_Quednau_Tilman_FS-1024x724.jpg\" alt=\"\" class=\"wp-image-4515\" srcset=\"https:\/\/bauko.arch.rwth-aachen.de\/galerie\/wp-content\/uploads\/2022\/10\/M3_SS22_Quednau_Tilman_FS-1024x724.jpg 1024w, https:\/\/bauko.arch.rwth-aachen.de\/galerie\/wp-content\/uploads\/2022\/10\/M3_SS22_Quednau_Tilman_FS-300x212.jpg 300w, https:\/\/bauko.arch.rwth-aachen.de\/galerie\/wp-content\/uploads\/2022\/10\/M3_SS22_Quednau_Tilman_FS-768x543.jpg 768w, https:\/\/bauko.arch.rwth-aachen.de\/galerie\/wp-content\/uploads\/2022\/10\/M3_SS22_Quednau_Tilman_FS-1536x1086.jpg 1536w, https:\/\/bauko.arch.rwth-aachen.de\/galerie\/wp-content\/uploads\/2022\/10\/M3_SS22_Quednau_Tilman_FS-2048x1448.jpg 2048w, https:\/\/bauko.arch.rwth-aachen.de\/galerie\/wp-content\/uploads\/2022\/10\/M3_SS22_Quednau_Tilman_FS-800x566.jpg 800w\" sizes=\"(max-width: 1024px) 100vw, 1024px\" \/><\/a><\/figure>\n\n\n\n<figure class=\"wp-block-image size-large\"><a href=\"https:\/\/bauko.arch.rwth-aachen.de\/galerie\/wp-content\/uploads\/2022\/10\/M3_SS22_Quednau_Tilman_R1.jpg\"><img decoding=\"async\" width=\"1024\" height=\"724\" data-id=\"4523\"  src=\"https:\/\/bauko.arch.rwth-aachen.de\/galerie\/wp-content\/uploads\/2022\/10\/M3_SS22_Quednau_Tilman_R1-1024x724.jpg\" alt=\"\" class=\"wp-image-4523\" srcset=\"https:\/\/bauko.arch.rwth-aachen.de\/galerie\/wp-content\/uploads\/2022\/10\/M3_SS22_Quednau_Tilman_R1-1024x724.jpg 1024w, https:\/\/bauko.arch.rwth-aachen.de\/galerie\/wp-content\/uploads\/2022\/10\/M3_SS22_Quednau_Tilman_R1-300x212.jpg 300w, https:\/\/bauko.arch.rwth-aachen.de\/galerie\/wp-content\/uploads\/2022\/10\/M3_SS22_Quednau_Tilman_R1-768x543.jpg 768w, https:\/\/bauko.arch.rwth-aachen.de\/galerie\/wp-content\/uploads\/2022\/10\/M3_SS22_Quednau_Tilman_R1-1536x1086.jpg 1536w, https:\/\/bauko.arch.rwth-aachen.de\/galerie\/wp-content\/uploads\/2022\/10\/M3_SS22_Quednau_Tilman_R1-2048x1448.jpg 2048w, https:\/\/bauko.arch.rwth-aachen.de\/galerie\/wp-content\/uploads\/2022\/10\/M3_SS22_Quednau_Tilman_R1-800x566.jpg 800w\" sizes=\"(max-width: 1024px) 100vw, 1024px\" \/><\/a><\/figure>\n\n\n\n<figure class=\"wp-block-image size-large\"><a href=\"https:\/\/bauko.arch.rwth-aachen.de\/galerie\/wp-content\/uploads\/2022\/10\/M3_SS22_Quednau_Tilman_IsoK.jpg\"><img decoding=\"async\" width=\"1024\" height=\"724\" data-id=\"4521\"  src=\"https:\/\/bauko.arch.rwth-aachen.de\/galerie\/wp-content\/uploads\/2022\/10\/M3_SS22_Quednau_Tilman_IsoK-1024x724.jpg\" alt=\"\" class=\"wp-image-4521\" srcset=\"https:\/\/bauko.arch.rwth-aachen.de\/galerie\/wp-content\/uploads\/2022\/10\/M3_SS22_Quednau_Tilman_IsoK-1024x724.jpg 1024w, https:\/\/bauko.arch.rwth-aachen.de\/galerie\/wp-content\/uploads\/2022\/10\/M3_SS22_Quednau_Tilman_IsoK-300x212.jpg 300w, https:\/\/bauko.arch.rwth-aachen.de\/galerie\/wp-content\/uploads\/2022\/10\/M3_SS22_Quednau_Tilman_IsoK-768x543.jpg 768w, https:\/\/bauko.arch.rwth-aachen.de\/galerie\/wp-content\/uploads\/2022\/10\/M3_SS22_Quednau_Tilman_IsoK-1536x1086.jpg 1536w, https:\/\/bauko.arch.rwth-aachen.de\/galerie\/wp-content\/uploads\/2022\/10\/M3_SS22_Quednau_Tilman_IsoK-2048x1448.jpg 2048w, https:\/\/bauko.arch.rwth-aachen.de\/galerie\/wp-content\/uploads\/2022\/10\/M3_SS22_Quednau_Tilman_IsoK-800x566.jpg 800w\" sizes=\"(max-width: 1024px) 100vw, 1024px\" \/><\/a><\/figure>\n\n\n\n<figure class=\"wp-block-image size-large\"><a href=\"https:\/\/bauko.arch.rwth-aachen.de\/galerie\/wp-content\/uploads\/2022\/10\/M3_SS22_Quednau_Tilman_GOGKernEinzelschlafraeume.jpg\"><img decoding=\"async\" width=\"1024\" height=\"724\" data-id=\"4519\"  src=\"https:\/\/bauko.arch.rwth-aachen.de\/galerie\/wp-content\/uploads\/2022\/10\/M3_SS22_Quednau_Tilman_GOGKernEinzelschlafraeume-1024x724.jpg\" alt=\"\" class=\"wp-image-4519\" srcset=\"https:\/\/bauko.arch.rwth-aachen.de\/galerie\/wp-content\/uploads\/2022\/10\/M3_SS22_Quednau_Tilman_GOGKernEinzelschlafraeume-1024x724.jpg 1024w, https:\/\/bauko.arch.rwth-aachen.de\/galerie\/wp-content\/uploads\/2022\/10\/M3_SS22_Quednau_Tilman_GOGKernEinzelschlafraeume-300x212.jpg 300w, https:\/\/bauko.arch.rwth-aachen.de\/galerie\/wp-content\/uploads\/2022\/10\/M3_SS22_Quednau_Tilman_GOGKernEinzelschlafraeume-768x543.jpg 768w, https:\/\/bauko.arch.rwth-aachen.de\/galerie\/wp-content\/uploads\/2022\/10\/M3_SS22_Quednau_Tilman_GOGKernEinzelschlafraeume-1536x1086.jpg 1536w, https:\/\/bauko.arch.rwth-aachen.de\/galerie\/wp-content\/uploads\/2022\/10\/M3_SS22_Quednau_Tilman_GOGKernEinzelschlafraeume-2048x1448.jpg 2048w, https:\/\/bauko.arch.rwth-aachen.de\/galerie\/wp-content\/uploads\/2022\/10\/M3_SS22_Quednau_Tilman_GOGKernEinzelschlafraeume-800x566.jpg 800w\" sizes=\"(max-width: 1024px) 100vw, 1024px\" \/><\/a><\/figure>\n\n\n\n<figure class=\"wp-block-image size-large\"><a href=\"https:\/\/bauko.arch.rwth-aachen.de\/galerie\/wp-content\/uploads\/2022\/10\/M3_SS22_Quednau_Tilman_GEGKernFahrzeughalle.jpg\"><img decoding=\"async\" width=\"1024\" height=\"724\" data-id=\"4517\"  src=\"https:\/\/bauko.arch.rwth-aachen.de\/galerie\/wp-content\/uploads\/2022\/10\/M3_SS22_Quednau_Tilman_GEGKernFahrzeughalle-1024x724.jpg\" alt=\"\" class=\"wp-image-4517\" srcset=\"https:\/\/bauko.arch.rwth-aachen.de\/galerie\/wp-content\/uploads\/2022\/10\/M3_SS22_Quednau_Tilman_GEGKernFahrzeughalle-1024x724.jpg 1024w, https:\/\/bauko.arch.rwth-aachen.de\/galerie\/wp-content\/uploads\/2022\/10\/M3_SS22_Quednau_Tilman_GEGKernFahrzeughalle-300x212.jpg 300w, https:\/\/bauko.arch.rwth-aachen.de\/galerie\/wp-content\/uploads\/2022\/10\/M3_SS22_Quednau_Tilman_GEGKernFahrzeughalle-768x543.jpg 768w, https:\/\/bauko.arch.rwth-aachen.de\/galerie\/wp-content\/uploads\/2022\/10\/M3_SS22_Quednau_Tilman_GEGKernFahrzeughalle-1536x1086.jpg 1536w, https:\/\/bauko.arch.rwth-aachen.de\/galerie\/wp-content\/uploads\/2022\/10\/M3_SS22_Quednau_Tilman_GEGKernFahrzeughalle-2048x1448.jpg 2048w, https:\/\/bauko.arch.rwth-aachen.de\/galerie\/wp-content\/uploads\/2022\/10\/M3_SS22_Quednau_Tilman_GEGKernFahrzeughalle-800x566.jpg 800w\" sizes=\"(max-width: 1024px) 100vw, 1024px\" \/><\/a><\/figure>\n<\/figure>\n\n\n\n<div style=\"height:40px\" aria-hidden=\"true\" class=\"wp-block-spacer\"><\/div>\n\n\n\n<h4 class=\"wp-block-heading\" id=\"a_3\">Regionalflughafen in Norwegen<\/h4>\n\n\n\n<p>Tiefe Fjorde, hohe Berge und endlos scheinende Natur pr\u00e4gen die Atlantikk\u00fcste Norwegens. Durch diese geographischen Rahmenbedingungen und die gro\u00dfen Distanzen zwischen den entlegenen Ortschaften, bildet die Luftfahrt durch Ihre Geschwindigkeit und Flexibilit\u00e4t einen wichtigen Baustein der \u00f6rtlichen Verkehrsinfrastruktur. Um die Versorgung und Anbindung der abgelegenen Bev\u00f6lkerung sicherzustellen, sind deshalb seit den 1970er Jahren eine Vielzahl an kleinen Regionalflugh\u00e4fen entstanden. Mit Passagierzahlen von 10.000 bis 140.000 Reisenden pro Jahr dienen Norwegens Regionalflugh\u00e4fen vorrangig der Versorgung der lokalen Bev\u00f6lkerung, dem Tourismus, dem Warentransport sowie der medizinischen Versorgung. Wie viele andere kleine Orte besitzt auch der Ort Svolv\u00e6r auf der Inselgruppe der Lofoten einen kleinen Regionalflughafen mit t\u00e4glichen Verbindungen nach Bod\u00f8 sowie w\u00f6chentlichen Fl\u00fcgen nach Oslo. Zwar ist Svolv\u00e6r auch \u00fcber den Landweg sowie saisonal \u00fcber den Seeweg erreichbar jedoch sind diese Alternativen mit deutlich l\u00e4ngeren Reisezeiten verbunden, weshalb das Flugzeug h\u00e4ufig das pr\u00e4ferierte Verkehrsmittel f\u00fcr Pendler, Anwohner und Touristen darstellt. Bedingt durch die deutlich geringeren Passagierzahlen sind die Regionalflugh\u00e4fen, im Gegensatz zu bekannten internationalen Drehkreuzen, von einer Direktheit und Einfachheit gepr\u00e4gt.<\/p>\n\n\n\n<p>Der Entwurf greift diesen Charakterzug der Direktheit auf und versucht diesen in Aspekten der Funktionalit\u00e4t, Ordnung, Gestaltung und Konstruktion zum bestimmenden Entwurfsgedanken zu machen.<\/p>\n\n\n\n<figure class=\"wp-block-gallery has-nested-images columns-default showfirst wp-block-gallery-5 is-layout-flex\">\n<figure class=\"wp-block-image size-large\"><a href=\"https:\/\/bauko.arch.rwth-aachen.de\/galerie\/wp-content\/uploads\/2022\/10\/M3_SS22_Berger_Thomas_P3-1.jpg\"><img decoding=\"async\" width=\"1024\" height=\"724\" data-id=\"4557\"  src=\"https:\/\/bauko.arch.rwth-aachen.de\/galerie\/wp-content\/uploads\/2022\/10\/M3_SS22_Berger_Thomas_P3-1-1024x724.jpg\" alt=\"\" class=\"wp-image-4557\" srcset=\"https:\/\/bauko.arch.rwth-aachen.de\/galerie\/wp-content\/uploads\/2022\/10\/M3_SS22_Berger_Thomas_P3-1-1024x724.jpg 1024w, https:\/\/bauko.arch.rwth-aachen.de\/galerie\/wp-content\/uploads\/2022\/10\/M3_SS22_Berger_Thomas_P3-1-300x212.jpg 300w, https:\/\/bauko.arch.rwth-aachen.de\/galerie\/wp-content\/uploads\/2022\/10\/M3_SS22_Berger_Thomas_P3-1-768x543.jpg 768w, https:\/\/bauko.arch.rwth-aachen.de\/galerie\/wp-content\/uploads\/2022\/10\/M3_SS22_Berger_Thomas_P3-1-1536x1086.jpg 1536w, https:\/\/bauko.arch.rwth-aachen.de\/galerie\/wp-content\/uploads\/2022\/10\/M3_SS22_Berger_Thomas_P3-1-2048x1448.jpg 2048w, https:\/\/bauko.arch.rwth-aachen.de\/galerie\/wp-content\/uploads\/2022\/10\/M3_SS22_Berger_Thomas_P3-1-800x566.jpg 800w\" sizes=\"(max-width: 1024px) 100vw, 1024px\" \/><\/a><figcaption class=\"wp-element-caption\">Thomas Berger<\/figcaption><\/figure>\n\n\n\n<figure class=\"wp-block-image size-large\"><a href=\"https:\/\/bauko.arch.rwth-aachen.de\/galerie\/wp-content\/uploads\/2022\/10\/M3_SS22_Berger_Thomas_LP.jpg\"><img decoding=\"async\" width=\"1024\" height=\"724\" data-id=\"4507\"  src=\"https:\/\/bauko.arch.rwth-aachen.de\/galerie\/wp-content\/uploads\/2022\/10\/M3_SS22_Berger_Thomas_LP-1024x724.jpg\" alt=\"\" class=\"wp-image-4507\" srcset=\"https:\/\/bauko.arch.rwth-aachen.de\/galerie\/wp-content\/uploads\/2022\/10\/M3_SS22_Berger_Thomas_LP-1024x724.jpg 1024w, https:\/\/bauko.arch.rwth-aachen.de\/galerie\/wp-content\/uploads\/2022\/10\/M3_SS22_Berger_Thomas_LP-300x212.jpg 300w, https:\/\/bauko.arch.rwth-aachen.de\/galerie\/wp-content\/uploads\/2022\/10\/M3_SS22_Berger_Thomas_LP-768x543.jpg 768w, https:\/\/bauko.arch.rwth-aachen.de\/galerie\/wp-content\/uploads\/2022\/10\/M3_SS22_Berger_Thomas_LP-1536x1086.jpg 1536w, https:\/\/bauko.arch.rwth-aachen.de\/galerie\/wp-content\/uploads\/2022\/10\/M3_SS22_Berger_Thomas_LP-2048x1448.jpg 2048w, https:\/\/bauko.arch.rwth-aachen.de\/galerie\/wp-content\/uploads\/2022\/10\/M3_SS22_Berger_Thomas_LP-800x566.jpg 800w\" sizes=\"(max-width: 1024px) 100vw, 1024px\" \/><\/a><\/figure>\n\n\n\n<figure class=\"wp-block-image size-large\"><a href=\"https:\/\/bauko.arch.rwth-aachen.de\/galerie\/wp-content\/uploads\/2022\/10\/M3_SS22_Berger_Thomas_G.jpg\"><img decoding=\"async\" width=\"1024\" height=\"724\" data-id=\"4505\"  src=\"https:\/\/bauko.arch.rwth-aachen.de\/galerie\/wp-content\/uploads\/2022\/10\/M3_SS22_Berger_Thomas_G-1024x724.jpg\" alt=\"\" class=\"wp-image-4505\" srcset=\"https:\/\/bauko.arch.rwth-aachen.de\/galerie\/wp-content\/uploads\/2022\/10\/M3_SS22_Berger_Thomas_G-1024x724.jpg 1024w, https:\/\/bauko.arch.rwth-aachen.de\/galerie\/wp-content\/uploads\/2022\/10\/M3_SS22_Berger_Thomas_G-300x212.jpg 300w, https:\/\/bauko.arch.rwth-aachen.de\/galerie\/wp-content\/uploads\/2022\/10\/M3_SS22_Berger_Thomas_G-768x543.jpg 768w, https:\/\/bauko.arch.rwth-aachen.de\/galerie\/wp-content\/uploads\/2022\/10\/M3_SS22_Berger_Thomas_G-1536x1086.jpg 1536w, https:\/\/bauko.arch.rwth-aachen.de\/galerie\/wp-content\/uploads\/2022\/10\/M3_SS22_Berger_Thomas_G-2048x1448.jpg 2048w, https:\/\/bauko.arch.rwth-aachen.de\/galerie\/wp-content\/uploads\/2022\/10\/M3_SS22_Berger_Thomas_G-800x566.jpg 800w\" sizes=\"(max-width: 1024px) 100vw, 1024px\" \/><\/a><\/figure>\n\n\n\n<figure class=\"wp-block-image size-large\"><a href=\"https:\/\/bauko.arch.rwth-aachen.de\/galerie\/wp-content\/uploads\/2022\/10\/M3_SS22_Berger_Thomas_AS1.jpg\"><img decoding=\"async\" width=\"1024\" height=\"724\" data-id=\"4500\"  src=\"https:\/\/bauko.arch.rwth-aachen.de\/galerie\/wp-content\/uploads\/2022\/10\/M3_SS22_Berger_Thomas_AS1-1024x724.jpg\" alt=\"\" class=\"wp-image-4500\" srcset=\"https:\/\/bauko.arch.rwth-aachen.de\/galerie\/wp-content\/uploads\/2022\/10\/M3_SS22_Berger_Thomas_AS1-1024x724.jpg 1024w, https:\/\/bauko.arch.rwth-aachen.de\/galerie\/wp-content\/uploads\/2022\/10\/M3_SS22_Berger_Thomas_AS1-300x212.jpg 300w, https:\/\/bauko.arch.rwth-aachen.de\/galerie\/wp-content\/uploads\/2022\/10\/M3_SS22_Berger_Thomas_AS1-768x543.jpg 768w, https:\/\/bauko.arch.rwth-aachen.de\/galerie\/wp-content\/uploads\/2022\/10\/M3_SS22_Berger_Thomas_AS1-1536x1086.jpg 1536w, https:\/\/bauko.arch.rwth-aachen.de\/galerie\/wp-content\/uploads\/2022\/10\/M3_SS22_Berger_Thomas_AS1-2048x1448.jpg 2048w, https:\/\/bauko.arch.rwth-aachen.de\/galerie\/wp-content\/uploads\/2022\/10\/M3_SS22_Berger_Thomas_AS1-800x566.jpg 800w\" sizes=\"(max-width: 1024px) 100vw, 1024px\" \/><\/a><\/figure>\n\n\n\n<figure class=\"wp-block-image size-large\"><a href=\"https:\/\/bauko.arch.rwth-aachen.de\/galerie\/wp-content\/uploads\/2022\/10\/M3_SS22_Berger_Thomas_Schnittperspektive.jpg\"><img decoding=\"async\" width=\"1024\" height=\"724\" data-id=\"4511\"  src=\"https:\/\/bauko.arch.rwth-aachen.de\/galerie\/wp-content\/uploads\/2022\/10\/M3_SS22_Berger_Thomas_Schnittperspektive-1024x724.jpg\" alt=\"\" class=\"wp-image-4511\" srcset=\"https:\/\/bauko.arch.rwth-aachen.de\/galerie\/wp-content\/uploads\/2022\/10\/M3_SS22_Berger_Thomas_Schnittperspektive-1024x724.jpg 1024w, https:\/\/bauko.arch.rwth-aachen.de\/galerie\/wp-content\/uploads\/2022\/10\/M3_SS22_Berger_Thomas_Schnittperspektive-300x212.jpg 300w, https:\/\/bauko.arch.rwth-aachen.de\/galerie\/wp-content\/uploads\/2022\/10\/M3_SS22_Berger_Thomas_Schnittperspektive-768x543.jpg 768w, https:\/\/bauko.arch.rwth-aachen.de\/galerie\/wp-content\/uploads\/2022\/10\/M3_SS22_Berger_Thomas_Schnittperspektive-1536x1086.jpg 1536w, https:\/\/bauko.arch.rwth-aachen.de\/galerie\/wp-content\/uploads\/2022\/10\/M3_SS22_Berger_Thomas_Schnittperspektive-2048x1448.jpg 2048w, https:\/\/bauko.arch.rwth-aachen.de\/galerie\/wp-content\/uploads\/2022\/10\/M3_SS22_Berger_Thomas_Schnittperspektive-800x566.jpg 800w\" sizes=\"(max-width: 1024px) 100vw, 1024px\" \/><\/a><\/figure>\n\n\n\n<figure class=\"wp-block-image size-large\"><a href=\"https:\/\/bauko.arch.rwth-aachen.de\/galerie\/wp-content\/uploads\/2022\/10\/M3_SS22_Berger_Thomas_P1-1.jpg\"><img decoding=\"async\" width=\"1024\" height=\"724\" data-id=\"4555\"  src=\"https:\/\/bauko.arch.rwth-aachen.de\/galerie\/wp-content\/uploads\/2022\/10\/M3_SS22_Berger_Thomas_P1-1-1024x724.jpg\" alt=\"\" class=\"wp-image-4555\" srcset=\"https:\/\/bauko.arch.rwth-aachen.de\/galerie\/wp-content\/uploads\/2022\/10\/M3_SS22_Berger_Thomas_P1-1-1024x724.jpg 1024w, https:\/\/bauko.arch.rwth-aachen.de\/galerie\/wp-content\/uploads\/2022\/10\/M3_SS22_Berger_Thomas_P1-1-300x212.jpg 300w, https:\/\/bauko.arch.rwth-aachen.de\/galerie\/wp-content\/uploads\/2022\/10\/M3_SS22_Berger_Thomas_P1-1-768x543.jpg 768w, https:\/\/bauko.arch.rwth-aachen.de\/galerie\/wp-content\/uploads\/2022\/10\/M3_SS22_Berger_Thomas_P1-1-1536x1086.jpg 1536w, https:\/\/bauko.arch.rwth-aachen.de\/galerie\/wp-content\/uploads\/2022\/10\/M3_SS22_Berger_Thomas_P1-1-2048x1448.jpg 2048w, https:\/\/bauko.arch.rwth-aachen.de\/galerie\/wp-content\/uploads\/2022\/10\/M3_SS22_Berger_Thomas_P1-1-800x566.jpg 800w\" sizes=\"(max-width: 1024px) 100vw, 1024px\" \/><\/a><figcaption class=\"wp-element-caption\">Perspektive<\/figcaption><\/figure>\n\n\n\n<figure class=\"wp-block-image size-large\"><a href=\"https:\/\/bauko.arch.rwth-aachen.de\/galerie\/wp-content\/uploads\/2022\/10\/M3_SS22_Berger_Thomas_AS2.jpg\"><img decoding=\"async\" width=\"1024\" height=\"724\" data-id=\"4501\"  src=\"https:\/\/bauko.arch.rwth-aachen.de\/galerie\/wp-content\/uploads\/2022\/10\/M3_SS22_Berger_Thomas_AS2-1024x724.jpg\" alt=\"\" class=\"wp-image-4501\" srcset=\"https:\/\/bauko.arch.rwth-aachen.de\/galerie\/wp-content\/uploads\/2022\/10\/M3_SS22_Berger_Thomas_AS2-1024x724.jpg 1024w, https:\/\/bauko.arch.rwth-aachen.de\/galerie\/wp-content\/uploads\/2022\/10\/M3_SS22_Berger_Thomas_AS2-300x212.jpg 300w, https:\/\/bauko.arch.rwth-aachen.de\/galerie\/wp-content\/uploads\/2022\/10\/M3_SS22_Berger_Thomas_AS2-768x543.jpg 768w, https:\/\/bauko.arch.rwth-aachen.de\/galerie\/wp-content\/uploads\/2022\/10\/M3_SS22_Berger_Thomas_AS2-1536x1086.jpg 1536w, https:\/\/bauko.arch.rwth-aachen.de\/galerie\/wp-content\/uploads\/2022\/10\/M3_SS22_Berger_Thomas_AS2-2048x1448.jpg 2048w, https:\/\/bauko.arch.rwth-aachen.de\/galerie\/wp-content\/uploads\/2022\/10\/M3_SS22_Berger_Thomas_AS2-800x566.jpg 800w\" sizes=\"(max-width: 1024px) 100vw, 1024px\" \/><\/a><\/figure>\n\n\n\n<figure class=\"wp-block-image size-large\"><a href=\"https:\/\/bauko.arch.rwth-aachen.de\/galerie\/wp-content\/uploads\/2022\/10\/M3_SS22_Berger_Thomas_ASkurz.jpg\"><img decoding=\"async\" width=\"1024\" height=\"724\" data-id=\"4502\"  src=\"https:\/\/bauko.arch.rwth-aachen.de\/galerie\/wp-content\/uploads\/2022\/10\/M3_SS22_Berger_Thomas_ASkurz-1024x724.jpg\" alt=\"\" class=\"wp-image-4502\" srcset=\"https:\/\/bauko.arch.rwth-aachen.de\/galerie\/wp-content\/uploads\/2022\/10\/M3_SS22_Berger_Thomas_ASkurz-1024x724.jpg 1024w, https:\/\/bauko.arch.rwth-aachen.de\/galerie\/wp-content\/uploads\/2022\/10\/M3_SS22_Berger_Thomas_ASkurz-300x212.jpg 300w, https:\/\/bauko.arch.rwth-aachen.de\/galerie\/wp-content\/uploads\/2022\/10\/M3_SS22_Berger_Thomas_ASkurz-768x543.jpg 768w, https:\/\/bauko.arch.rwth-aachen.de\/galerie\/wp-content\/uploads\/2022\/10\/M3_SS22_Berger_Thomas_ASkurz-1536x1086.jpg 1536w, https:\/\/bauko.arch.rwth-aachen.de\/galerie\/wp-content\/uploads\/2022\/10\/M3_SS22_Berger_Thomas_ASkurz-2048x1448.jpg 2048w, https:\/\/bauko.arch.rwth-aachen.de\/galerie\/wp-content\/uploads\/2022\/10\/M3_SS22_Berger_Thomas_ASkurz-800x566.jpg 800w\" sizes=\"(max-width: 1024px) 100vw, 1024px\" \/><\/a><\/figure>\n\n\n\n<figure class=\"wp-block-image size-large\"><a href=\"https:\/\/bauko.arch.rwth-aachen.de\/galerie\/wp-content\/uploads\/2022\/10\/M3_SS22_Berger_Thomas_IsoFunktionsablaeufe.jpg\"><img decoding=\"async\" width=\"1024\" height=\"724\" data-id=\"4506\"  src=\"https:\/\/bauko.arch.rwth-aachen.de\/galerie\/wp-content\/uploads\/2022\/10\/M3_SS22_Berger_Thomas_IsoFunktionsablaeufe-1024x724.jpg\" alt=\"\" class=\"wp-image-4506\" srcset=\"https:\/\/bauko.arch.rwth-aachen.de\/galerie\/wp-content\/uploads\/2022\/10\/M3_SS22_Berger_Thomas_IsoFunktionsablaeufe-1024x724.jpg 1024w, https:\/\/bauko.arch.rwth-aachen.de\/galerie\/wp-content\/uploads\/2022\/10\/M3_SS22_Berger_Thomas_IsoFunktionsablaeufe-300x212.jpg 300w, https:\/\/bauko.arch.rwth-aachen.de\/galerie\/wp-content\/uploads\/2022\/10\/M3_SS22_Berger_Thomas_IsoFunktionsablaeufe-768x543.jpg 768w, https:\/\/bauko.arch.rwth-aachen.de\/galerie\/wp-content\/uploads\/2022\/10\/M3_SS22_Berger_Thomas_IsoFunktionsablaeufe-1536x1086.jpg 1536w, https:\/\/bauko.arch.rwth-aachen.de\/galerie\/wp-content\/uploads\/2022\/10\/M3_SS22_Berger_Thomas_IsoFunktionsablaeufe-2048x1448.jpg 2048w, https:\/\/bauko.arch.rwth-aachen.de\/galerie\/wp-content\/uploads\/2022\/10\/M3_SS22_Berger_Thomas_IsoFunktionsablaeufe-800x566.jpg 800w\" sizes=\"(max-width: 1024px) 100vw, 1024px\" \/><\/a><\/figure>\n\n\n\n<figure class=\"wp-block-image size-large\"><a href=\"https:\/\/bauko.arch.rwth-aachen.de\/galerie\/wp-content\/uploads\/2022\/10\/M3_SS22_Berger_Thomas_P2-1.jpg\"><img decoding=\"async\" width=\"1024\" height=\"724\" data-id=\"4556\"  src=\"https:\/\/bauko.arch.rwth-aachen.de\/galerie\/wp-content\/uploads\/2022\/10\/M3_SS22_Berger_Thomas_P2-1-1024x724.jpg\" alt=\"\" class=\"wp-image-4556\" srcset=\"https:\/\/bauko.arch.rwth-aachen.de\/galerie\/wp-content\/uploads\/2022\/10\/M3_SS22_Berger_Thomas_P2-1-1024x724.jpg 1024w, https:\/\/bauko.arch.rwth-aachen.de\/galerie\/wp-content\/uploads\/2022\/10\/M3_SS22_Berger_Thomas_P2-1-300x212.jpg 300w, https:\/\/bauko.arch.rwth-aachen.de\/galerie\/wp-content\/uploads\/2022\/10\/M3_SS22_Berger_Thomas_P2-1-768x543.jpg 768w, https:\/\/bauko.arch.rwth-aachen.de\/galerie\/wp-content\/uploads\/2022\/10\/M3_SS22_Berger_Thomas_P2-1-1536x1086.jpg 1536w, https:\/\/bauko.arch.rwth-aachen.de\/galerie\/wp-content\/uploads\/2022\/10\/M3_SS22_Berger_Thomas_P2-1-2048x1448.jpg 2048w, https:\/\/bauko.arch.rwth-aachen.de\/galerie\/wp-content\/uploads\/2022\/10\/M3_SS22_Berger_Thomas_P2-1-800x566.jpg 800w\" sizes=\"(max-width: 1024px) 100vw, 1024px\" \/><\/a><figcaption class=\"wp-element-caption\">Perspektive<\/figcaption><\/figure>\n\n\n\n<figure class=\"wp-block-image size-large\"><a href=\"https:\/\/bauko.arch.rwth-aachen.de\/galerie\/wp-content\/uploads\/2022\/10\/M3_SS22_Berger_Thomas_Struktur.jpg\"><img decoding=\"async\" width=\"1024\" height=\"724\" data-id=\"4512\"  src=\"https:\/\/bauko.arch.rwth-aachen.de\/galerie\/wp-content\/uploads\/2022\/10\/M3_SS22_Berger_Thomas_Struktur-1024x724.jpg\" alt=\"\" class=\"wp-image-4512\" srcset=\"https:\/\/bauko.arch.rwth-aachen.de\/galerie\/wp-content\/uploads\/2022\/10\/M3_SS22_Berger_Thomas_Struktur-1024x724.jpg 1024w, https:\/\/bauko.arch.rwth-aachen.de\/galerie\/wp-content\/uploads\/2022\/10\/M3_SS22_Berger_Thomas_Struktur-300x212.jpg 300w, https:\/\/bauko.arch.rwth-aachen.de\/galerie\/wp-content\/uploads\/2022\/10\/M3_SS22_Berger_Thomas_Struktur-768x543.jpg 768w, https:\/\/bauko.arch.rwth-aachen.de\/galerie\/wp-content\/uploads\/2022\/10\/M3_SS22_Berger_Thomas_Struktur-1536x1086.jpg 1536w, https:\/\/bauko.arch.rwth-aachen.de\/galerie\/wp-content\/uploads\/2022\/10\/M3_SS22_Berger_Thomas_Struktur-2048x1448.jpg 2048w, https:\/\/bauko.arch.rwth-aachen.de\/galerie\/wp-content\/uploads\/2022\/10\/M3_SS22_Berger_Thomas_Struktur-800x566.jpg 800w\" sizes=\"(max-width: 1024px) 100vw, 1024px\" \/><\/a><\/figure>\n\n\n\n<figure class=\"wp-block-image size-large\"><a href=\"https:\/\/bauko.arch.rwth-aachen.de\/galerie\/wp-content\/uploads\/2022\/10\/M3_SS22_Berger_Thomas_FS1.jpg\"><img decoding=\"async\" width=\"1024\" height=\"724\" data-id=\"4503\"  src=\"https:\/\/bauko.arch.rwth-aachen.de\/galerie\/wp-content\/uploads\/2022\/10\/M3_SS22_Berger_Thomas_FS1-1024x724.jpg\" alt=\"\" class=\"wp-image-4503\" srcset=\"https:\/\/bauko.arch.rwth-aachen.de\/galerie\/wp-content\/uploads\/2022\/10\/M3_SS22_Berger_Thomas_FS1-1024x724.jpg 1024w, https:\/\/bauko.arch.rwth-aachen.de\/galerie\/wp-content\/uploads\/2022\/10\/M3_SS22_Berger_Thomas_FS1-300x212.jpg 300w, https:\/\/bauko.arch.rwth-aachen.de\/galerie\/wp-content\/uploads\/2022\/10\/M3_SS22_Berger_Thomas_FS1-768x543.jpg 768w, https:\/\/bauko.arch.rwth-aachen.de\/galerie\/wp-content\/uploads\/2022\/10\/M3_SS22_Berger_Thomas_FS1-1536x1086.jpg 1536w, https:\/\/bauko.arch.rwth-aachen.de\/galerie\/wp-content\/uploads\/2022\/10\/M3_SS22_Berger_Thomas_FS1-2048x1448.jpg 2048w, https:\/\/bauko.arch.rwth-aachen.de\/galerie\/wp-content\/uploads\/2022\/10\/M3_SS22_Berger_Thomas_FS1-800x566.jpg 800w\" sizes=\"(max-width: 1024px) 100vw, 1024px\" \/><\/a><\/figure>\n\n\n\n<figure class=\"wp-block-image size-large\"><a href=\"https:\/\/bauko.arch.rwth-aachen.de\/galerie\/wp-content\/uploads\/2022\/10\/M3_SS22_Berger_Thomas_FS2.jpg\"><img decoding=\"async\" width=\"1024\" height=\"724\" data-id=\"4504\"  src=\"https:\/\/bauko.arch.rwth-aachen.de\/galerie\/wp-content\/uploads\/2022\/10\/M3_SS22_Berger_Thomas_FS2-1024x724.jpg\" alt=\"\" class=\"wp-image-4504\" srcset=\"https:\/\/bauko.arch.rwth-aachen.de\/galerie\/wp-content\/uploads\/2022\/10\/M3_SS22_Berger_Thomas_FS2-1024x724.jpg 1024w, https:\/\/bauko.arch.rwth-aachen.de\/galerie\/wp-content\/uploads\/2022\/10\/M3_SS22_Berger_Thomas_FS2-300x212.jpg 300w, https:\/\/bauko.arch.rwth-aachen.de\/galerie\/wp-content\/uploads\/2022\/10\/M3_SS22_Berger_Thomas_FS2-768x543.jpg 768w, https:\/\/bauko.arch.rwth-aachen.de\/galerie\/wp-content\/uploads\/2022\/10\/M3_SS22_Berger_Thomas_FS2-1536x1086.jpg 1536w, https:\/\/bauko.arch.rwth-aachen.de\/galerie\/wp-content\/uploads\/2022\/10\/M3_SS22_Berger_Thomas_FS2-2048x1448.jpg 2048w, https:\/\/bauko.arch.rwth-aachen.de\/galerie\/wp-content\/uploads\/2022\/10\/M3_SS22_Berger_Thomas_FS2-800x566.jpg 800w\" sizes=\"(max-width: 1024px) 100vw, 1024px\" \/><\/a><\/figure>\n<\/figure>\n\n\n\n<div style=\"height:40px\" aria-hidden=\"true\" class=\"wp-block-spacer\"><\/div>\n\n\n\n<p>Lehrpersonen:<br>Prof. Hartwig Schneider<br>Prof. Florian Fischer-Almannai (Wohnbau)<br>Michel Kleinbrahm<br>Roman Kr\u00fckel<\/p>\n\n\n\n<p>Ausstellung:<br>Roman Kr\u00fckel, Laurens Roer <\/p>\n","protected":false},"excerpt":{"rendered":"","protected":false},"author":3,"featured_media":0,"parent":0,"menu_order":0,"comment_status":"closed","ping_status":"closed","template":"template-fullwidth.php","meta":[],"_links":{"self":[{"href":"https:\/\/bauko.arch.rwth-aachen.de\/galerie\/wp-json\/wp\/v2\/pages\/4497"}],"collection":[{"href":"https:\/\/bauko.arch.rwth-aachen.de\/galerie\/wp-json\/wp\/v2\/pages"}],"about":[{"href":"https:\/\/bauko.arch.rwth-aachen.de\/galerie\/wp-json\/wp\/v2\/types\/page"}],"author":[{"embeddable":true,"href":"https:\/\/bauko.arch.rwth-aachen.de\/galerie\/wp-json\/wp\/v2\/users\/3"}],"replies":[{"embeddable":true,"href":"https:\/\/bauko.arch.rwth-aachen.de\/galerie\/wp-json\/wp\/v2\/comments?post=4497"}],"version-history":[{"count":49,"href":"https:\/\/bauko.arch.rwth-aachen.de\/galerie\/wp-json\/wp\/v2\/pages\/4497\/revisions"}],"predecessor-version":[{"id":5425,"href":"https:\/\/bauko.arch.rwth-aachen.de\/galerie\/wp-json\/wp\/v2\/pages\/4497\/revisions\/5425"}],"wp:attachment":[{"href":"https:\/\/bauko.arch.rwth-aachen.de\/galerie\/wp-json\/wp\/v2\/media?parent=4497"}],"curies":[{"name":"wp","href":"https:\/\/api.w.org\/{rel}","templated":true}]}}