{"id":4640,"date":"2022-12-15T11:41:05","date_gmt":"2022-12-15T10:41:05","guid":{"rendered":"https:\/\/bauko.arch.rwth-aachen.de\/galerie\/?page_id=4640"},"modified":"2025-05-08T12:43:54","modified_gmt":"2025-05-08T10:43:54","slug":"m2-big-mix","status":"publish","type":"page","link":"https:\/\/bauko.arch.rwth-aachen.de\/galerie\/m2-big-mix\/","title":{"rendered":"M2 . BIG MIX"},"content":{"rendered":"\n<h1 class=\"wp-block-heading\">BIG MIX<\/h1>\n\n\n\n<p>Ausstellung zum M2-Projekt im Studienjahr 2021\/2022<\/p>\n\n\n\n<figure class=\"wp-block-image size-medium\"><img decoding=\"async\" width=\"209\" height=\"300\" src=\"https:\/\/bauko.arch.rwth-aachen.de\/galerie\/wp-content\/uploads\/2023\/01\/projektgalerie_poster_M2_BigMix-209x300.jpg\" alt=\"\" class=\"wp-image-4886\" srcset=\"https:\/\/bauko.arch.rwth-aachen.de\/galerie\/wp-content\/uploads\/2023\/01\/projektgalerie_poster_M2_BigMix-209x300.jpg 209w, https:\/\/bauko.arch.rwth-aachen.de\/galerie\/wp-content\/uploads\/2023\/01\/projektgalerie_poster_M2_BigMix-712x1024.jpg 712w, https:\/\/bauko.arch.rwth-aachen.de\/galerie\/wp-content\/uploads\/2023\/01\/projektgalerie_poster_M2_BigMix-768x1104.jpg 768w, https:\/\/bauko.arch.rwth-aachen.de\/galerie\/wp-content\/uploads\/2023\/01\/projektgalerie_poster_M2_BigMix.jpg 800w\" sizes=\"(max-width: 209px) 100vw, 209px\" \/><\/figure>\n\n\n\n<p>Lehrstuhl Baukonstruktion<br>Prof. Hartwig Schneider<br>Fakult\u00e4t f\u00fcr Architektur<br>RWTH Aachen University<\/p>\n\n\n\n<p><\/p>\n\n\n\n<p><\/p>\n\n\n\n<p><\/p>\n\n\n\n<h2 class=\"wp-block-heading\">Hybride Strukturen f\u00fcr urbane Quartiere der Zukunft<\/h2>\n\n\n\n<p>Urbane Produktion als Thema von Architektur und Stadtplanung fokussiert sich meist auf die Implementierung von Produktionsst\u00e4tten im Kontext der urbanen Kernzonen. Kaum im Fokus der Stadtentwicklung sind die Gewerbegebiete, die sogenannten Speckg\u00fcrtel, die sich um die Kernst\u00e4dte legen. Wenngleich die \u00dcberg\u00e4nge dieser Gebiete oft durch Gemengelagen gepr\u00e4gt sind, ist die Wechselwirkung zwischen Gewerbe und Stadt schwach und die architektonischen und stadtr\u00e4umlichen Qualit\u00e4ten gering.&nbsp;<\/p>\n\n\n\n<p>Vor diesem Hintergrund sind in dem M2-Projekt Gro\u00dfstrukturen f\u00fcr gemischte, urbane Gebiete zu entwickeln, die durch intelligente Nutzungsmischung dringend ben\u00f6tigten, attraktiven Wohnraum in Kombination mit Gewerbenutzungen schaffen und dabei die Qualit\u00e4t des \u00f6ffentlichen Stadtraums erh\u00f6hen. Durch diese neuen urbanen Qualit\u00e4ten soll die Stadt in die Speckg\u00fcrtel geholt werden.&nbsp;<\/p>\n\n\n\n<p>Eingebettet in eine Forschungsreihe zum Thema Urbane Produktion fand das Projekt im Austausch mit der Stadt Aachen und weiteren Experten und Expertinnen aus dem Bereich Architektur und Stadtplanung statt. <\/p>\n\n\n\n<p><\/p>\n\n\n\n<h2 class=\"wp-block-heading\">Ort und Programm<\/h2>\n\n\n\n<p>Der untersuchte Referenzraum liegt zwischen der Krefelder Stra\u00dfe, dem Prager Ring und der Gut-D\u00e4mme-Stra\u00dfe in Aachen Nord. Das Gebiet weist auf eine lange Industriegeschichte hin, welche sich in einer Bebauung mit gro\u00dfen, fl\u00e4chigen Volumen widerspiegelt. Als Nutzungen befinden sich dort ein Baumarkt, ein Schuhcenter, mehrere Einrichtungs-\/ M\u00f6belh\u00e4ndler, Fitnessstudios sowie verschiedene Betriebe der Schnellgastronomie. <\/p>\n\n\n\n<div class=\"wp-block-columns is-layout-flex wp-container-2\">\n<div class=\"wp-block-column is-layout-flow\">\n<figure class=\"wp-block-image size-full\"><img decoding=\"async\" width=\"2560\" height=\"1810\" src=\"https:\/\/bauko.arch.rwth-aachen.de\/galerie\/wp-content\/uploads\/2023\/01\/bigmix_luftbild_edited-scaled.jpg\" alt=\"\" class=\"wp-image-4908\" srcset=\"https:\/\/bauko.arch.rwth-aachen.de\/galerie\/wp-content\/uploads\/2023\/01\/bigmix_luftbild_edited-scaled.jpg 2560w, https:\/\/bauko.arch.rwth-aachen.de\/galerie\/wp-content\/uploads\/2023\/01\/bigmix_luftbild_edited-300x212.jpg 300w, https:\/\/bauko.arch.rwth-aachen.de\/galerie\/wp-content\/uploads\/2023\/01\/bigmix_luftbild_edited-1024x724.jpg 1024w, https:\/\/bauko.arch.rwth-aachen.de\/galerie\/wp-content\/uploads\/2023\/01\/bigmix_luftbild_edited-768x543.jpg 768w, https:\/\/bauko.arch.rwth-aachen.de\/galerie\/wp-content\/uploads\/2023\/01\/bigmix_luftbild_edited-1536x1086.jpg 1536w, https:\/\/bauko.arch.rwth-aachen.de\/galerie\/wp-content\/uploads\/2023\/01\/bigmix_luftbild_edited-2048x1448.jpg 2048w, https:\/\/bauko.arch.rwth-aachen.de\/galerie\/wp-content\/uploads\/2023\/01\/bigmix_luftbild_edited-800x566.jpg 800w\" sizes=\"(max-width: 2560px) 100vw, 2560px\" \/><figcaption class=\"wp-element-caption\">Luftbild des Referenzraums (rot) mit den zwei m\u00f6glichen Baufeldern (wei\u00df)<\/figcaption><\/figure>\n<\/div>\n<\/div>\n\n\n\n<p>Das Gebiet erf\u00e4hrt aktuell starke Transformationen. Ein- bis zweigeschossige, hallenartige Bauten werden verdr\u00e4ngt durch bis zu sechsgeschossige B\u00fcro- und Verwaltungsbauten aber auch Einzelhandelsbetriebe. Diese Ver\u00e4nderungen geben dem Gebiet zwar deutliche urbanere Stadtr\u00e4ume, die f\u00fcr ein lebendiges Quartier notwendige Nutzungsmischung mit einem gro\u00dfen Teil Wohnnutzung fehlt allerdings bisher. <\/p>\n\n\n\n<p>Anhand von zwei exemplarischen Baufeldern und Gewerbebetriebe wurde im Rahmen des Projekts untersucht, inwiefern diese sich mit Wohnnutzungen aber auch anderen Gewerbenutzungen kombinieren lassen, um neue urbane Qualit\u00e4ten in dem Gebiet zu erreichen.&nbsp;<\/p>\n\n\n\n<p>Startpunkt f\u00fcr die Entw\u00fcrfe waren die auf den beiden Grundst\u00fccken bereits vorhandenen Gewerbenutzungen (Baufeld I: M\u00f6belhaus \u201ePoco\u201c und Baufeld II: Baumarkt \u201eBauhaus&#8220;). Diese wurden mit den Funktionen Produktion, Dienstleistungen, Wohnen und sozialer Infrastruktur gemischt.<\/p>\n\n\n\n<p><\/p>\n\n\n\n<h2 class=\"wp-block-heading\">Voruntersuchungen<\/h2>\n\n\n\n<p>Das einj\u00e4hrige Projekt gliedert sich in zwei Teile: Im Wintersemester findet mittels Analysen und Studien zu den Themen urbane Qualit\u00e4ten, Ort, Dichte, Freiraum, Struktur und Referenzen eine Ann\u00e4herung an die Aufgabe und den Ort statt. Ab Januar beginnt der zweite Teil des Projekts, bei dem es um den hochbaulichen Entwurf geht.<\/p>\n\n\n\n<figure class=\"wp-block-image size-full\"><img decoding=\"async\" width=\"1400\" height=\"730\" src=\"https:\/\/bauko.arch.rwth-aachen.de\/galerie\/wp-content\/uploads\/2023\/01\/Isometrien_Analyse.jpg\" alt=\"\" class=\"wp-image-4936\" srcset=\"https:\/\/bauko.arch.rwth-aachen.de\/galerie\/wp-content\/uploads\/2023\/01\/Isometrien_Analyse.jpg 1400w, https:\/\/bauko.arch.rwth-aachen.de\/galerie\/wp-content\/uploads\/2023\/01\/Isometrien_Analyse-300x156.jpg 300w, https:\/\/bauko.arch.rwth-aachen.de\/galerie\/wp-content\/uploads\/2023\/01\/Isometrien_Analyse-1024x534.jpg 1024w, https:\/\/bauko.arch.rwth-aachen.de\/galerie\/wp-content\/uploads\/2023\/01\/Isometrien_Analyse-768x400.jpg 768w\" sizes=\"(max-width: 1400px) 100vw, 1400px\" \/><figcaption class=\"wp-element-caption\">Analyse der vorhandenen Geb\u00e4udetypen, Materialit\u00e4t und Gestaltung <\/figcaption><\/figure>\n\n\n\n<figure class=\"wp-block-image size-full\"><img decoding=\"async\" width=\"1400\" height=\"876\" src=\"https:\/\/bauko.arch.rwth-aachen.de\/galerie\/wp-content\/uploads\/2023\/01\/M2_Umgebungsmodell-1.jpg\" alt=\"\" class=\"wp-image-4906\" srcset=\"https:\/\/bauko.arch.rwth-aachen.de\/galerie\/wp-content\/uploads\/2023\/01\/M2_Umgebungsmodell-1.jpg 1400w, https:\/\/bauko.arch.rwth-aachen.de\/galerie\/wp-content\/uploads\/2023\/01\/M2_Umgebungsmodell-1-300x188.jpg 300w, https:\/\/bauko.arch.rwth-aachen.de\/galerie\/wp-content\/uploads\/2023\/01\/M2_Umgebungsmodell-1-1024x641.jpg 1024w, https:\/\/bauko.arch.rwth-aachen.de\/galerie\/wp-content\/uploads\/2023\/01\/M2_Umgebungsmodell-1-600x375.jpg 600w, https:\/\/bauko.arch.rwth-aachen.de\/galerie\/wp-content\/uploads\/2023\/01\/M2_Umgebungsmodell-1-768x481.jpg 768w\" sizes=\"(max-width: 1400px) 100vw, 1400px\" \/><figcaption class=\"wp-element-caption\">Volumenstudie zum Ma\u00df der baulichen Dichte<\/figcaption><\/figure>\n\n\n\n<div style=\"height:75px\" aria-hidden=\"true\" class=\"wp-block-spacer\"><\/div>\n\n\n\n<h2 class=\"wp-block-heading\">Galerie<\/h2>\n\n\n\n<div class=\"wp-block-columns is-layout-flex wp-container-9\">\n<div class=\"wp-block-column showfirst is-layout-flow\">\n<figure class=\"wp-block-gallery has-nested-images columns-1 is-cropped showfirst wp-block-gallery-3 is-layout-flex\">\n<figure class=\"wp-block-image size-thumbnail\"><a href=\"https:\/\/bauko.arch.rwth-aachen.de\/galerie\/wp-content\/uploads\/2023\/01\/M2-BigMix_SS22_Boeckel-Schmidt_Perspektive-Gewerbe-1.jpg\"><img decoding=\"async\" width=\"600\" height=\"375\" src=\"https:\/\/bauko.arch.rwth-aachen.de\/galerie\/wp-content\/uploads\/2023\/01\/M2-BigMix_SS22_Boeckel-Schmidt_Perspektive-Gewerbe-1-600x375.jpg\" alt=\"\" class=\"wp-image-4873\"\/><\/a><figcaption class=\"wp-element-caption\">Valerie Boeckel &amp; Anna Schmidt <\/figcaption><\/figure>\n\n\n\n<figure class=\"wp-block-image size-full\"><a href=\"https:\/\/bauko.arch.rwth-aachen.de\/galerie\/wp-content\/uploads\/2023\/01\/M2-BigMix_SS22_Boeckel-Schmidt_Isometrie-scaled.jpg\"><img decoding=\"async\" width=\"2560\" height=\"1810\" src=\"https:\/\/bauko.arch.rwth-aachen.de\/galerie\/wp-content\/uploads\/2023\/01\/M2-BigMix_SS22_Boeckel-Schmidt_Isometrie-scaled.jpg\" alt=\"\" class=\"wp-image-4688\" srcset=\"https:\/\/bauko.arch.rwth-aachen.de\/galerie\/wp-content\/uploads\/2023\/01\/M2-BigMix_SS22_Boeckel-Schmidt_Isometrie-scaled.jpg 2560w, https:\/\/bauko.arch.rwth-aachen.de\/galerie\/wp-content\/uploads\/2023\/01\/M2-BigMix_SS22_Boeckel-Schmidt_Isometrie-300x212.jpg 300w, https:\/\/bauko.arch.rwth-aachen.de\/galerie\/wp-content\/uploads\/2023\/01\/M2-BigMix_SS22_Boeckel-Schmidt_Isometrie-1024x724.jpg 1024w, https:\/\/bauko.arch.rwth-aachen.de\/galerie\/wp-content\/uploads\/2023\/01\/M2-BigMix_SS22_Boeckel-Schmidt_Isometrie-768x543.jpg 768w, https:\/\/bauko.arch.rwth-aachen.de\/galerie\/wp-content\/uploads\/2023\/01\/M2-BigMix_SS22_Boeckel-Schmidt_Isometrie-1536x1086.jpg 1536w, https:\/\/bauko.arch.rwth-aachen.de\/galerie\/wp-content\/uploads\/2023\/01\/M2-BigMix_SS22_Boeckel-Schmidt_Isometrie-2048x1448.jpg 2048w, https:\/\/bauko.arch.rwth-aachen.de\/galerie\/wp-content\/uploads\/2023\/01\/M2-BigMix_SS22_Boeckel-Schmidt_Isometrie-800x566.jpg 800w\" sizes=\"(max-width: 2560px) 100vw, 2560px\" \/><\/a><figcaption class=\"wp-element-caption\">Isometrie<\/figcaption><\/figure>\n\n\n\n<figure class=\"wp-block-image size-thumbnail\"><a href=\"https:\/\/bauko.arch.rwth-aachen.de\/galerie\/wp-content\/uploads\/2023\/01\/M2-BigMix_SS22_Boeckel-Schmidt_Lageplan.jpg\"><img decoding=\"async\" width=\"600\" height=\"375\" src=\"https:\/\/bauko.arch.rwth-aachen.de\/galerie\/wp-content\/uploads\/2023\/01\/M2-BigMix_SS22_Boeckel-Schmidt_Lageplan-600x375.jpg\" alt=\"\" class=\"wp-image-4683\"\/><\/a><figcaption class=\"wp-element-caption\">Lageplan<\/figcaption><\/figure>\n\n\n\n<figure class=\"wp-block-image size-large\"><a href=\"https:\/\/bauko.arch.rwth-aachen.de\/galerie\/wp-content\/uploads\/2023\/01\/M2-BigMix_SS22_Boeckel-Schmidt_Konzept-scaled.jpg\"><img decoding=\"async\" width=\"1024\" height=\"724\" src=\"https:\/\/bauko.arch.rwth-aachen.de\/galerie\/wp-content\/uploads\/2023\/01\/M2-BigMix_SS22_Boeckel-Schmidt_Konzept-1024x724.jpg\" alt=\"\" class=\"wp-image-4870\" srcset=\"https:\/\/bauko.arch.rwth-aachen.de\/galerie\/wp-content\/uploads\/2023\/01\/M2-BigMix_SS22_Boeckel-Schmidt_Konzept-1024x724.jpg 1024w, https:\/\/bauko.arch.rwth-aachen.de\/galerie\/wp-content\/uploads\/2023\/01\/M2-BigMix_SS22_Boeckel-Schmidt_Konzept-300x212.jpg 300w, https:\/\/bauko.arch.rwth-aachen.de\/galerie\/wp-content\/uploads\/2023\/01\/M2-BigMix_SS22_Boeckel-Schmidt_Konzept-768x543.jpg 768w, https:\/\/bauko.arch.rwth-aachen.de\/galerie\/wp-content\/uploads\/2023\/01\/M2-BigMix_SS22_Boeckel-Schmidt_Konzept-1536x1086.jpg 1536w, https:\/\/bauko.arch.rwth-aachen.de\/galerie\/wp-content\/uploads\/2023\/01\/M2-BigMix_SS22_Boeckel-Schmidt_Konzept-2048x1448.jpg 2048w, https:\/\/bauko.arch.rwth-aachen.de\/galerie\/wp-content\/uploads\/2023\/01\/M2-BigMix_SS22_Boeckel-Schmidt_Konzept-800x566.jpg 800w\" sizes=\"(max-width: 1024px) 100vw, 1024px\" \/><\/a><figcaption class=\"wp-element-caption\">Konzept<\/figcaption><\/figure>\n\n\n\n<figure class=\"wp-block-image size-large\"><a href=\"https:\/\/bauko.arch.rwth-aachen.de\/galerie\/wp-content\/uploads\/2023\/01\/M2-BigMix_SS22_Boeckel-Schmidt_GR-EG-scaled.jpg\"><img decoding=\"async\" width=\"2560\" height=\"1810\" src=\"https:\/\/bauko.arch.rwth-aachen.de\/galerie\/wp-content\/uploads\/2023\/01\/M2-BigMix_SS22_Boeckel-Schmidt_GR-EG-scaled.jpg\" alt=\"\" class=\"wp-image-4682\" srcset=\"https:\/\/bauko.arch.rwth-aachen.de\/galerie\/wp-content\/uploads\/2023\/01\/M2-BigMix_SS22_Boeckel-Schmidt_GR-EG-scaled.jpg 2560w, https:\/\/bauko.arch.rwth-aachen.de\/galerie\/wp-content\/uploads\/2023\/01\/M2-BigMix_SS22_Boeckel-Schmidt_GR-EG-300x212.jpg 300w, https:\/\/bauko.arch.rwth-aachen.de\/galerie\/wp-content\/uploads\/2023\/01\/M2-BigMix_SS22_Boeckel-Schmidt_GR-EG-1024x724.jpg 1024w, https:\/\/bauko.arch.rwth-aachen.de\/galerie\/wp-content\/uploads\/2023\/01\/M2-BigMix_SS22_Boeckel-Schmidt_GR-EG-768x543.jpg 768w, https:\/\/bauko.arch.rwth-aachen.de\/galerie\/wp-content\/uploads\/2023\/01\/M2-BigMix_SS22_Boeckel-Schmidt_GR-EG-1536x1086.jpg 1536w, https:\/\/bauko.arch.rwth-aachen.de\/galerie\/wp-content\/uploads\/2023\/01\/M2-BigMix_SS22_Boeckel-Schmidt_GR-EG-2048x1448.jpg 2048w, https:\/\/bauko.arch.rwth-aachen.de\/galerie\/wp-content\/uploads\/2023\/01\/M2-BigMix_SS22_Boeckel-Schmidt_GR-EG-800x566.jpg 800w\" sizes=\"(max-width: 2560px) 100vw, 2560px\" \/><\/a><figcaption class=\"wp-element-caption\">Grundriss EG<\/figcaption><\/figure>\n\n\n\n<figure class=\"wp-block-image size-large\"><a href=\"https:\/\/bauko.arch.rwth-aachen.de\/galerie\/wp-content\/uploads\/2023\/01\/M2-BigMix_SS22_Boeckel-Schmidt_GR-1OG-scaled.jpg\"><img decoding=\"async\" width=\"2560\" height=\"1810\" src=\"https:\/\/bauko.arch.rwth-aachen.de\/galerie\/wp-content\/uploads\/2023\/01\/M2-BigMix_SS22_Boeckel-Schmidt_GR-1OG-scaled.jpg\" alt=\"\" class=\"wp-image-4679\" srcset=\"https:\/\/bauko.arch.rwth-aachen.de\/galerie\/wp-content\/uploads\/2023\/01\/M2-BigMix_SS22_Boeckel-Schmidt_GR-1OG-scaled.jpg 2560w, https:\/\/bauko.arch.rwth-aachen.de\/galerie\/wp-content\/uploads\/2023\/01\/M2-BigMix_SS22_Boeckel-Schmidt_GR-1OG-300x212.jpg 300w, https:\/\/bauko.arch.rwth-aachen.de\/galerie\/wp-content\/uploads\/2023\/01\/M2-BigMix_SS22_Boeckel-Schmidt_GR-1OG-1024x724.jpg 1024w, https:\/\/bauko.arch.rwth-aachen.de\/galerie\/wp-content\/uploads\/2023\/01\/M2-BigMix_SS22_Boeckel-Schmidt_GR-1OG-768x543.jpg 768w, https:\/\/bauko.arch.rwth-aachen.de\/galerie\/wp-content\/uploads\/2023\/01\/M2-BigMix_SS22_Boeckel-Schmidt_GR-1OG-1536x1086.jpg 1536w, https:\/\/bauko.arch.rwth-aachen.de\/galerie\/wp-content\/uploads\/2023\/01\/M2-BigMix_SS22_Boeckel-Schmidt_GR-1OG-2048x1448.jpg 2048w, https:\/\/bauko.arch.rwth-aachen.de\/galerie\/wp-content\/uploads\/2023\/01\/M2-BigMix_SS22_Boeckel-Schmidt_GR-1OG-800x566.jpg 800w\" sizes=\"(max-width: 2560px) 100vw, 2560px\" \/><\/a><figcaption class=\"wp-element-caption\">Grundriss 1. OG<\/figcaption><\/figure>\n\n\n\n<figure class=\"wp-block-image size-large\"><a href=\"https:\/\/bauko.arch.rwth-aachen.de\/galerie\/wp-content\/uploads\/2023\/01\/M2-BigMix_SS22_Boeckel-Schmidt_Schnittperspektive-scaled.jpg\"><img decoding=\"async\" width=\"2560\" height=\"1810\" src=\"https:\/\/bauko.arch.rwth-aachen.de\/galerie\/wp-content\/uploads\/2023\/01\/M2-BigMix_SS22_Boeckel-Schmidt_Schnittperspektive-scaled.jpg\" alt=\"\" class=\"wp-image-4687\" srcset=\"https:\/\/bauko.arch.rwth-aachen.de\/galerie\/wp-content\/uploads\/2023\/01\/M2-BigMix_SS22_Boeckel-Schmidt_Schnittperspektive-scaled.jpg 2560w, https:\/\/bauko.arch.rwth-aachen.de\/galerie\/wp-content\/uploads\/2023\/01\/M2-BigMix_SS22_Boeckel-Schmidt_Schnittperspektive-300x212.jpg 300w, https:\/\/bauko.arch.rwth-aachen.de\/galerie\/wp-content\/uploads\/2023\/01\/M2-BigMix_SS22_Boeckel-Schmidt_Schnittperspektive-1024x724.jpg 1024w, https:\/\/bauko.arch.rwth-aachen.de\/galerie\/wp-content\/uploads\/2023\/01\/M2-BigMix_SS22_Boeckel-Schmidt_Schnittperspektive-768x543.jpg 768w, https:\/\/bauko.arch.rwth-aachen.de\/galerie\/wp-content\/uploads\/2023\/01\/M2-BigMix_SS22_Boeckel-Schmidt_Schnittperspektive-1536x1086.jpg 1536w, https:\/\/bauko.arch.rwth-aachen.de\/galerie\/wp-content\/uploads\/2023\/01\/M2-BigMix_SS22_Boeckel-Schmidt_Schnittperspektive-2048x1448.jpg 2048w, https:\/\/bauko.arch.rwth-aachen.de\/galerie\/wp-content\/uploads\/2023\/01\/M2-BigMix_SS22_Boeckel-Schmidt_Schnittperspektive-800x566.jpg 800w\" sizes=\"(max-width: 2560px) 100vw, 2560px\" \/><\/a><figcaption class=\"wp-element-caption\">Schnittperspektive<\/figcaption><\/figure>\n\n\n\n<figure class=\"wp-block-image size-large\"><a href=\"https:\/\/bauko.arch.rwth-aachen.de\/galerie\/wp-content\/uploads\/2023\/01\/M2-BigMix_SS22_Boeckel-Schmidt_GR-2OG-scaled.jpg\"><img decoding=\"async\" width=\"2560\" height=\"1810\" src=\"https:\/\/bauko.arch.rwth-aachen.de\/galerie\/wp-content\/uploads\/2023\/01\/M2-BigMix_SS22_Boeckel-Schmidt_GR-2OG-scaled.jpg\" alt=\"\" class=\"wp-image-4680\" srcset=\"https:\/\/bauko.arch.rwth-aachen.de\/galerie\/wp-content\/uploads\/2023\/01\/M2-BigMix_SS22_Boeckel-Schmidt_GR-2OG-scaled.jpg 2560w, https:\/\/bauko.arch.rwth-aachen.de\/galerie\/wp-content\/uploads\/2023\/01\/M2-BigMix_SS22_Boeckel-Schmidt_GR-2OG-300x212.jpg 300w, https:\/\/bauko.arch.rwth-aachen.de\/galerie\/wp-content\/uploads\/2023\/01\/M2-BigMix_SS22_Boeckel-Schmidt_GR-2OG-1024x724.jpg 1024w, https:\/\/bauko.arch.rwth-aachen.de\/galerie\/wp-content\/uploads\/2023\/01\/M2-BigMix_SS22_Boeckel-Schmidt_GR-2OG-768x543.jpg 768w, https:\/\/bauko.arch.rwth-aachen.de\/galerie\/wp-content\/uploads\/2023\/01\/M2-BigMix_SS22_Boeckel-Schmidt_GR-2OG-1536x1086.jpg 1536w, https:\/\/bauko.arch.rwth-aachen.de\/galerie\/wp-content\/uploads\/2023\/01\/M2-BigMix_SS22_Boeckel-Schmidt_GR-2OG-2048x1448.jpg 2048w, https:\/\/bauko.arch.rwth-aachen.de\/galerie\/wp-content\/uploads\/2023\/01\/M2-BigMix_SS22_Boeckel-Schmidt_GR-2OG-800x566.jpg 800w\" sizes=\"(max-width: 2560px) 100vw, 2560px\" \/><\/a><figcaption class=\"wp-element-caption\">Grundriss 2. OG<\/figcaption><\/figure>\n\n\n\n<figure class=\"wp-block-image size-large\"><a href=\"https:\/\/bauko.arch.rwth-aachen.de\/galerie\/wp-content\/uploads\/2023\/01\/M2-BigMix_SS22_Boeckel-Schmidt_Perspektive-Wohnen-1.jpg\"><img decoding=\"async\" width=\"1024\" height=\"840\" src=\"https:\/\/bauko.arch.rwth-aachen.de\/galerie\/wp-content\/uploads\/2023\/01\/M2-BigMix_SS22_Boeckel-Schmidt_Perspektive-Wohnen-1-1024x840.jpg\" alt=\"\" class=\"wp-image-4872\" srcset=\"https:\/\/bauko.arch.rwth-aachen.de\/galerie\/wp-content\/uploads\/2023\/01\/M2-BigMix_SS22_Boeckel-Schmidt_Perspektive-Wohnen-1-1024x840.jpg 1024w, https:\/\/bauko.arch.rwth-aachen.de\/galerie\/wp-content\/uploads\/2023\/01\/M2-BigMix_SS22_Boeckel-Schmidt_Perspektive-Wohnen-1-300x246.jpg 300w, https:\/\/bauko.arch.rwth-aachen.de\/galerie\/wp-content\/uploads\/2023\/01\/M2-BigMix_SS22_Boeckel-Schmidt_Perspektive-Wohnen-1-768x630.jpg 768w, https:\/\/bauko.arch.rwth-aachen.de\/galerie\/wp-content\/uploads\/2023\/01\/M2-BigMix_SS22_Boeckel-Schmidt_Perspektive-Wohnen-1-1536x1261.jpg 1536w, https:\/\/bauko.arch.rwth-aachen.de\/galerie\/wp-content\/uploads\/2023\/01\/M2-BigMix_SS22_Boeckel-Schmidt_Perspektive-Wohnen-1-2048x1681.jpg 2048w\" sizes=\"(max-width: 1024px) 100vw, 1024px\" \/><\/a><figcaption class=\"wp-element-caption\">Perspektive Wohnen<\/figcaption><\/figure>\n\n\n\n<figure class=\"wp-block-image size-large\"><a href=\"https:\/\/bauko.arch.rwth-aachen.de\/galerie\/wp-content\/uploads\/2023\/01\/M2-BigMix_SS22_Boeckel-Schmidt_GR-3OG-scaled.jpg\"><img decoding=\"async\" width=\"2560\" height=\"1810\" src=\"https:\/\/bauko.arch.rwth-aachen.de\/galerie\/wp-content\/uploads\/2023\/01\/M2-BigMix_SS22_Boeckel-Schmidt_GR-3OG-scaled.jpg\" alt=\"\" class=\"wp-image-4681\" srcset=\"https:\/\/bauko.arch.rwth-aachen.de\/galerie\/wp-content\/uploads\/2023\/01\/M2-BigMix_SS22_Boeckel-Schmidt_GR-3OG-scaled.jpg 2560w, https:\/\/bauko.arch.rwth-aachen.de\/galerie\/wp-content\/uploads\/2023\/01\/M2-BigMix_SS22_Boeckel-Schmidt_GR-3OG-300x212.jpg 300w, https:\/\/bauko.arch.rwth-aachen.de\/galerie\/wp-content\/uploads\/2023\/01\/M2-BigMix_SS22_Boeckel-Schmidt_GR-3OG-1024x724.jpg 1024w, https:\/\/bauko.arch.rwth-aachen.de\/galerie\/wp-content\/uploads\/2023\/01\/M2-BigMix_SS22_Boeckel-Schmidt_GR-3OG-768x543.jpg 768w, https:\/\/bauko.arch.rwth-aachen.de\/galerie\/wp-content\/uploads\/2023\/01\/M2-BigMix_SS22_Boeckel-Schmidt_GR-3OG-1536x1086.jpg 1536w, https:\/\/bauko.arch.rwth-aachen.de\/galerie\/wp-content\/uploads\/2023\/01\/M2-BigMix_SS22_Boeckel-Schmidt_GR-3OG-2048x1448.jpg 2048w, https:\/\/bauko.arch.rwth-aachen.de\/galerie\/wp-content\/uploads\/2023\/01\/M2-BigMix_SS22_Boeckel-Schmidt_GR-3OG-800x566.jpg 800w\" sizes=\"(max-width: 2560px) 100vw, 2560px\" \/><\/a><figcaption class=\"wp-element-caption\">Grundriss 3. OG<\/figcaption><\/figure>\n\n\n\n<figure class=\"wp-block-image size-large\"><a href=\"https:\/\/bauko.arch.rwth-aachen.de\/galerie\/wp-content\/uploads\/2023\/01\/M2-BigMix_SS22_Boeckel-Schmidt_AN-SC_laengs1-1.jpg\"><img decoding=\"async\" width=\"1024\" height=\"724\" src=\"https:\/\/bauko.arch.rwth-aachen.de\/galerie\/wp-content\/uploads\/2023\/01\/M2-BigMix_SS22_Boeckel-Schmidt_AN-SC_laengs1-1-1024x724.jpg\" alt=\"\" class=\"wp-image-4869\" srcset=\"https:\/\/bauko.arch.rwth-aachen.de\/galerie\/wp-content\/uploads\/2023\/01\/M2-BigMix_SS22_Boeckel-Schmidt_AN-SC_laengs1-1-1024x724.jpg 1024w, https:\/\/bauko.arch.rwth-aachen.de\/galerie\/wp-content\/uploads\/2023\/01\/M2-BigMix_SS22_Boeckel-Schmidt_AN-SC_laengs1-1-300x212.jpg 300w, https:\/\/bauko.arch.rwth-aachen.de\/galerie\/wp-content\/uploads\/2023\/01\/M2-BigMix_SS22_Boeckel-Schmidt_AN-SC_laengs1-1-768x543.jpg 768w, https:\/\/bauko.arch.rwth-aachen.de\/galerie\/wp-content\/uploads\/2023\/01\/M2-BigMix_SS22_Boeckel-Schmidt_AN-SC_laengs1-1-1536x1086.jpg 1536w, https:\/\/bauko.arch.rwth-aachen.de\/galerie\/wp-content\/uploads\/2023\/01\/M2-BigMix_SS22_Boeckel-Schmidt_AN-SC_laengs1-1-2048x1448.jpg 2048w, https:\/\/bauko.arch.rwth-aachen.de\/galerie\/wp-content\/uploads\/2023\/01\/M2-BigMix_SS22_Boeckel-Schmidt_AN-SC_laengs1-1-800x566.jpg 800w\" sizes=\"(max-width: 1024px) 100vw, 1024px\" \/><\/a><figcaption class=\"wp-element-caption\">Ansicht Nordost &amp; L\u00e4ngsschnitt <\/figcaption><\/figure>\n\n\n\n<figure class=\"wp-block-image size-large\"><a href=\"https:\/\/bauko.arch.rwth-aachen.de\/galerie\/wp-content\/uploads\/2023\/01\/M2-BigMix_SS22_Boeckel-Schmidt_Detailschnitt-scaled.jpg\"><img decoding=\"async\" width=\"2560\" height=\"1810\" src=\"https:\/\/bauko.arch.rwth-aachen.de\/galerie\/wp-content\/uploads\/2023\/01\/M2-BigMix_SS22_Boeckel-Schmidt_Detailschnitt-scaled.jpg\" alt=\"\" class=\"wp-image-4677\" srcset=\"https:\/\/bauko.arch.rwth-aachen.de\/galerie\/wp-content\/uploads\/2023\/01\/M2-BigMix_SS22_Boeckel-Schmidt_Detailschnitt-scaled.jpg 2560w, https:\/\/bauko.arch.rwth-aachen.de\/galerie\/wp-content\/uploads\/2023\/01\/M2-BigMix_SS22_Boeckel-Schmidt_Detailschnitt-300x212.jpg 300w, https:\/\/bauko.arch.rwth-aachen.de\/galerie\/wp-content\/uploads\/2023\/01\/M2-BigMix_SS22_Boeckel-Schmidt_Detailschnitt-1024x724.jpg 1024w, https:\/\/bauko.arch.rwth-aachen.de\/galerie\/wp-content\/uploads\/2023\/01\/M2-BigMix_SS22_Boeckel-Schmidt_Detailschnitt-768x543.jpg 768w, https:\/\/bauko.arch.rwth-aachen.de\/galerie\/wp-content\/uploads\/2023\/01\/M2-BigMix_SS22_Boeckel-Schmidt_Detailschnitt-1536x1086.jpg 1536w, https:\/\/bauko.arch.rwth-aachen.de\/galerie\/wp-content\/uploads\/2023\/01\/M2-BigMix_SS22_Boeckel-Schmidt_Detailschnitt-2048x1448.jpg 2048w, https:\/\/bauko.arch.rwth-aachen.de\/galerie\/wp-content\/uploads\/2023\/01\/M2-BigMix_SS22_Boeckel-Schmidt_Detailschnitt-800x566.jpg 800w\" sizes=\"(max-width: 2560px) 100vw, 2560px\" \/><\/a><figcaption class=\"wp-element-caption\">Detailschnitt<\/figcaption><\/figure>\n\n\n\n<figure class=\"wp-block-image size-large\"><a href=\"https:\/\/bauko.arch.rwth-aachen.de\/galerie\/wp-content\/uploads\/2023\/01\/M2-BigMix_SS22_Boeckel-Schmidt_Fassadenmodell.jpg\"><img decoding=\"async\" width=\"724\" height=\"1024\" src=\"https:\/\/bauko.arch.rwth-aachen.de\/galerie\/wp-content\/uploads\/2023\/01\/M2-BigMix_SS22_Boeckel-Schmidt_Fassadenmodell-724x1024.jpg\" alt=\"\" class=\"wp-image-4911\" srcset=\"https:\/\/bauko.arch.rwth-aachen.de\/galerie\/wp-content\/uploads\/2023\/01\/M2-BigMix_SS22_Boeckel-Schmidt_Fassadenmodell-724x1024.jpg 724w, https:\/\/bauko.arch.rwth-aachen.de\/galerie\/wp-content\/uploads\/2023\/01\/M2-BigMix_SS22_Boeckel-Schmidt_Fassadenmodell-212x300.jpg 212w, https:\/\/bauko.arch.rwth-aachen.de\/galerie\/wp-content\/uploads\/2023\/01\/M2-BigMix_SS22_Boeckel-Schmidt_Fassadenmodell-768x1086.jpg 768w, https:\/\/bauko.arch.rwth-aachen.de\/galerie\/wp-content\/uploads\/2023\/01\/M2-BigMix_SS22_Boeckel-Schmidt_Fassadenmodell-1086x1536.jpg 1086w, https:\/\/bauko.arch.rwth-aachen.de\/galerie\/wp-content\/uploads\/2023\/01\/M2-BigMix_SS22_Boeckel-Schmidt_Fassadenmodell-1448x2048.jpg 1448w, https:\/\/bauko.arch.rwth-aachen.de\/galerie\/wp-content\/uploads\/2023\/01\/M2-BigMix_SS22_Boeckel-Schmidt_Fassadenmodell.jpg 1768w\" sizes=\"(max-width: 724px) 100vw, 724px\" \/><\/a><figcaption class=\"wp-element-caption\">Fassadenmodell<\/figcaption><\/figure>\n\n\n\n<figure class=\"wp-block-image size-large\"><a href=\"https:\/\/bauko.arch.rwth-aachen.de\/galerie\/wp-content\/uploads\/2023\/01\/M2-BigMix_SS22_Boeckel-Schmidt_Modell.jpg\"><img decoding=\"async\" width=\"1024\" height=\"724\" src=\"https:\/\/bauko.arch.rwth-aachen.de\/galerie\/wp-content\/uploads\/2023\/01\/M2-BigMix_SS22_Boeckel-Schmidt_Modell-1024x724.jpg\" alt=\"\" class=\"wp-image-4912\" srcset=\"https:\/\/bauko.arch.rwth-aachen.de\/galerie\/wp-content\/uploads\/2023\/01\/M2-BigMix_SS22_Boeckel-Schmidt_Modell-1024x724.jpg 1024w, https:\/\/bauko.arch.rwth-aachen.de\/galerie\/wp-content\/uploads\/2023\/01\/M2-BigMix_SS22_Boeckel-Schmidt_Modell-300x212.jpg 300w, https:\/\/bauko.arch.rwth-aachen.de\/galerie\/wp-content\/uploads\/2023\/01\/M2-BigMix_SS22_Boeckel-Schmidt_Modell-768x543.jpg 768w, https:\/\/bauko.arch.rwth-aachen.de\/galerie\/wp-content\/uploads\/2023\/01\/M2-BigMix_SS22_Boeckel-Schmidt_Modell-1536x1086.jpg 1536w, https:\/\/bauko.arch.rwth-aachen.de\/galerie\/wp-content\/uploads\/2023\/01\/M2-BigMix_SS22_Boeckel-Schmidt_Modell-2048x1448.jpg 2048w, https:\/\/bauko.arch.rwth-aachen.de\/galerie\/wp-content\/uploads\/2023\/01\/M2-BigMix_SS22_Boeckel-Schmidt_Modell-800x566.jpg 800w\" sizes=\"(max-width: 1024px) 100vw, 1024px\" \/><\/a><figcaption class=\"wp-element-caption\">Modell<\/figcaption><\/figure>\n<\/figure>\n<\/div>\n\n\n\n<div class=\"wp-block-column is-layout-flow\">\n<figure class=\"wp-block-gallery has-nested-images columns-1 is-cropped showfirst wp-block-gallery-6 is-layout-flex\">\n<figure class=\"wp-block-image size-thumbnail\"><a href=\"https:\/\/bauko.arch.rwth-aachen.de\/galerie\/wp-content\/uploads\/2023\/01\/M2-BigMix_SS22_Jaeger-Piel_Perspektive_Strasse.jpg\"><img decoding=\"async\" width=\"600\" height=\"375\" src=\"https:\/\/bauko.arch.rwth-aachen.de\/galerie\/wp-content\/uploads\/2023\/01\/M2-BigMix_SS22_Jaeger-Piel_Perspektive_Strasse-600x375.jpg\" alt=\"\" class=\"wp-image-4719\"\/><\/a><figcaption class=\"wp-element-caption\">Fabian J\u00e4ger &amp; Felix Piel<\/figcaption><\/figure>\n\n\n\n<figure class=\"wp-block-image size-large\"><a href=\"https:\/\/bauko.arch.rwth-aachen.de\/galerie\/wp-content\/uploads\/2023\/01\/M2-BigMix_SS22_Jaeger-Piel_Lageplan.jpg\"><img decoding=\"async\" width=\"1196\" height=\"1768\" src=\"https:\/\/bauko.arch.rwth-aachen.de\/galerie\/wp-content\/uploads\/2023\/01\/M2-BigMix_SS22_Jaeger-Piel_Lageplan.jpg\" alt=\"\" class=\"wp-image-4709\" srcset=\"https:\/\/bauko.arch.rwth-aachen.de\/galerie\/wp-content\/uploads\/2023\/01\/M2-BigMix_SS22_Jaeger-Piel_Lageplan.jpg 1196w, https:\/\/bauko.arch.rwth-aachen.de\/galerie\/wp-content\/uploads\/2023\/01\/M2-BigMix_SS22_Jaeger-Piel_Lageplan-203x300.jpg 203w, https:\/\/bauko.arch.rwth-aachen.de\/galerie\/wp-content\/uploads\/2023\/01\/M2-BigMix_SS22_Jaeger-Piel_Lageplan-693x1024.jpg 693w, https:\/\/bauko.arch.rwth-aachen.de\/galerie\/wp-content\/uploads\/2023\/01\/M2-BigMix_SS22_Jaeger-Piel_Lageplan-768x1135.jpg 768w, https:\/\/bauko.arch.rwth-aachen.de\/galerie\/wp-content\/uploads\/2023\/01\/M2-BigMix_SS22_Jaeger-Piel_Lageplan-1039x1536.jpg 1039w\" sizes=\"(max-width: 1196px) 100vw, 1196px\" \/><\/a><figcaption class=\"wp-element-caption\">Lageplan<\/figcaption><\/figure>\n\n\n\n<figure class=\"wp-block-image size-large\"><a href=\"https:\/\/bauko.arch.rwth-aachen.de\/galerie\/wp-content\/uploads\/2023\/01\/M2-BigMix_SS22_Jaeger-Piel_Isometrie-scaled.jpg\"><img decoding=\"async\" width=\"1024\" height=\"724\" src=\"https:\/\/bauko.arch.rwth-aachen.de\/galerie\/wp-content\/uploads\/2023\/01\/M2-BigMix_SS22_Jaeger-Piel_Isometrie-1024x724.jpg\" alt=\"\" class=\"wp-image-4726\" srcset=\"https:\/\/bauko.arch.rwth-aachen.de\/galerie\/wp-content\/uploads\/2023\/01\/M2-BigMix_SS22_Jaeger-Piel_Isometrie-1024x724.jpg 1024w, https:\/\/bauko.arch.rwth-aachen.de\/galerie\/wp-content\/uploads\/2023\/01\/M2-BigMix_SS22_Jaeger-Piel_Isometrie-300x212.jpg 300w, https:\/\/bauko.arch.rwth-aachen.de\/galerie\/wp-content\/uploads\/2023\/01\/M2-BigMix_SS22_Jaeger-Piel_Isometrie-768x543.jpg 768w, https:\/\/bauko.arch.rwth-aachen.de\/galerie\/wp-content\/uploads\/2023\/01\/M2-BigMix_SS22_Jaeger-Piel_Isometrie-1536x1086.jpg 1536w, https:\/\/bauko.arch.rwth-aachen.de\/galerie\/wp-content\/uploads\/2023\/01\/M2-BigMix_SS22_Jaeger-Piel_Isometrie-2048x1448.jpg 2048w, https:\/\/bauko.arch.rwth-aachen.de\/galerie\/wp-content\/uploads\/2023\/01\/M2-BigMix_SS22_Jaeger-Piel_Isometrie-800x566.jpg 800w\" sizes=\"(max-width: 1024px) 100vw, 1024px\" \/><\/a><figcaption class=\"wp-element-caption\">Isometrie<\/figcaption><\/figure>\n\n\n\n<figure class=\"wp-block-image size-large\"><a href=\"https:\/\/bauko.arch.rwth-aachen.de\/galerie\/wp-content\/uploads\/2023\/01\/M2-BigMix_SS22_Jaeger-Piel_Nutzungsdiagramm-scaled.jpg\"><img decoding=\"async\" width=\"1024\" height=\"724\" src=\"https:\/\/bauko.arch.rwth-aachen.de\/galerie\/wp-content\/uploads\/2023\/01\/M2-BigMix_SS22_Jaeger-Piel_Nutzungsdiagramm-1024x724.jpg\" alt=\"\" class=\"wp-image-4754\" srcset=\"https:\/\/bauko.arch.rwth-aachen.de\/galerie\/wp-content\/uploads\/2023\/01\/M2-BigMix_SS22_Jaeger-Piel_Nutzungsdiagramm-1024x724.jpg 1024w, https:\/\/bauko.arch.rwth-aachen.de\/galerie\/wp-content\/uploads\/2023\/01\/M2-BigMix_SS22_Jaeger-Piel_Nutzungsdiagramm-300x212.jpg 300w, https:\/\/bauko.arch.rwth-aachen.de\/galerie\/wp-content\/uploads\/2023\/01\/M2-BigMix_SS22_Jaeger-Piel_Nutzungsdiagramm-768x543.jpg 768w, https:\/\/bauko.arch.rwth-aachen.de\/galerie\/wp-content\/uploads\/2023\/01\/M2-BigMix_SS22_Jaeger-Piel_Nutzungsdiagramm-1536x1086.jpg 1536w, https:\/\/bauko.arch.rwth-aachen.de\/galerie\/wp-content\/uploads\/2023\/01\/M2-BigMix_SS22_Jaeger-Piel_Nutzungsdiagramm-2048x1448.jpg 2048w, https:\/\/bauko.arch.rwth-aachen.de\/galerie\/wp-content\/uploads\/2023\/01\/M2-BigMix_SS22_Jaeger-Piel_Nutzungsdiagramm-800x566.jpg 800w\" sizes=\"(max-width: 1024px) 100vw, 1024px\" \/><\/a><figcaption class=\"wp-element-caption\">Nutzungsverteilung<\/figcaption><\/figure>\n\n\n\n<figure class=\"wp-block-image size-large\"><a href=\"https:\/\/bauko.arch.rwth-aachen.de\/galerie\/wp-content\/uploads\/2023\/01\/M2-BigMix_SS22_Jaeger-Piel_Flaechenmatrix-scaled.jpg\"><img decoding=\"async\" width=\"2560\" height=\"1810\" src=\"https:\/\/bauko.arch.rwth-aachen.de\/galerie\/wp-content\/uploads\/2023\/01\/M2-BigMix_SS22_Jaeger-Piel_Flaechenmatrix-scaled.jpg\" alt=\"\" class=\"wp-image-4712\" srcset=\"https:\/\/bauko.arch.rwth-aachen.de\/galerie\/wp-content\/uploads\/2023\/01\/M2-BigMix_SS22_Jaeger-Piel_Flaechenmatrix-scaled.jpg 2560w, https:\/\/bauko.arch.rwth-aachen.de\/galerie\/wp-content\/uploads\/2023\/01\/M2-BigMix_SS22_Jaeger-Piel_Flaechenmatrix-300x212.jpg 300w, https:\/\/bauko.arch.rwth-aachen.de\/galerie\/wp-content\/uploads\/2023\/01\/M2-BigMix_SS22_Jaeger-Piel_Flaechenmatrix-1024x724.jpg 1024w, https:\/\/bauko.arch.rwth-aachen.de\/galerie\/wp-content\/uploads\/2023\/01\/M2-BigMix_SS22_Jaeger-Piel_Flaechenmatrix-768x543.jpg 768w, https:\/\/bauko.arch.rwth-aachen.de\/galerie\/wp-content\/uploads\/2023\/01\/M2-BigMix_SS22_Jaeger-Piel_Flaechenmatrix-1536x1086.jpg 1536w, https:\/\/bauko.arch.rwth-aachen.de\/galerie\/wp-content\/uploads\/2023\/01\/M2-BigMix_SS22_Jaeger-Piel_Flaechenmatrix-2048x1448.jpg 2048w, https:\/\/bauko.arch.rwth-aachen.de\/galerie\/wp-content\/uploads\/2023\/01\/M2-BigMix_SS22_Jaeger-Piel_Flaechenmatrix-800x566.jpg 800w\" sizes=\"(max-width: 2560px) 100vw, 2560px\" \/><\/a><figcaption class=\"wp-element-caption\">Fl\u00e4chenangebot Gewerbe <\/figcaption><\/figure>\n\n\n\n<figure class=\"wp-block-image size-large\"><a href=\"https:\/\/bauko.arch.rwth-aachen.de\/galerie\/wp-content\/uploads\/2023\/01\/M2-BigMix_SS22_Jaeger-Piel_GR-EG-scaled.jpg\"><img decoding=\"async\" width=\"2560\" height=\"1810\" src=\"https:\/\/bauko.arch.rwth-aachen.de\/galerie\/wp-content\/uploads\/2023\/01\/M2-BigMix_SS22_Jaeger-Piel_GR-EG-scaled.jpg\" alt=\"\" class=\"wp-image-4723\" srcset=\"https:\/\/bauko.arch.rwth-aachen.de\/galerie\/wp-content\/uploads\/2023\/01\/M2-BigMix_SS22_Jaeger-Piel_GR-EG-scaled.jpg 2560w, https:\/\/bauko.arch.rwth-aachen.de\/galerie\/wp-content\/uploads\/2023\/01\/M2-BigMix_SS22_Jaeger-Piel_GR-EG-300x212.jpg 300w, https:\/\/bauko.arch.rwth-aachen.de\/galerie\/wp-content\/uploads\/2023\/01\/M2-BigMix_SS22_Jaeger-Piel_GR-EG-1024x724.jpg 1024w, https:\/\/bauko.arch.rwth-aachen.de\/galerie\/wp-content\/uploads\/2023\/01\/M2-BigMix_SS22_Jaeger-Piel_GR-EG-768x543.jpg 768w, https:\/\/bauko.arch.rwth-aachen.de\/galerie\/wp-content\/uploads\/2023\/01\/M2-BigMix_SS22_Jaeger-Piel_GR-EG-1536x1086.jpg 1536w, https:\/\/bauko.arch.rwth-aachen.de\/galerie\/wp-content\/uploads\/2023\/01\/M2-BigMix_SS22_Jaeger-Piel_GR-EG-2048x1448.jpg 2048w, https:\/\/bauko.arch.rwth-aachen.de\/galerie\/wp-content\/uploads\/2023\/01\/M2-BigMix_SS22_Jaeger-Piel_GR-EG-800x566.jpg 800w\" sizes=\"(max-width: 2560px) 100vw, 2560px\" \/><\/a><figcaption class=\"wp-element-caption\">Grundriss EG<\/figcaption><\/figure>\n\n\n\n<figure class=\"wp-block-image size-large\"><a href=\"https:\/\/bauko.arch.rwth-aachen.de\/galerie\/wp-content\/uploads\/2023\/01\/M2-BigMix_SS22_Jaeger-Piel_GR-2OG-scaled.jpg\"><img decoding=\"async\" width=\"2560\" height=\"1810\" src=\"https:\/\/bauko.arch.rwth-aachen.de\/galerie\/wp-content\/uploads\/2023\/01\/M2-BigMix_SS22_Jaeger-Piel_GR-2OG-scaled.jpg\" alt=\"\" class=\"wp-image-4721\" srcset=\"https:\/\/bauko.arch.rwth-aachen.de\/galerie\/wp-content\/uploads\/2023\/01\/M2-BigMix_SS22_Jaeger-Piel_GR-2OG-scaled.jpg 2560w, https:\/\/bauko.arch.rwth-aachen.de\/galerie\/wp-content\/uploads\/2023\/01\/M2-BigMix_SS22_Jaeger-Piel_GR-2OG-300x212.jpg 300w, https:\/\/bauko.arch.rwth-aachen.de\/galerie\/wp-content\/uploads\/2023\/01\/M2-BigMix_SS22_Jaeger-Piel_GR-2OG-1024x724.jpg 1024w, https:\/\/bauko.arch.rwth-aachen.de\/galerie\/wp-content\/uploads\/2023\/01\/M2-BigMix_SS22_Jaeger-Piel_GR-2OG-768x543.jpg 768w, https:\/\/bauko.arch.rwth-aachen.de\/galerie\/wp-content\/uploads\/2023\/01\/M2-BigMix_SS22_Jaeger-Piel_GR-2OG-1536x1086.jpg 1536w, https:\/\/bauko.arch.rwth-aachen.de\/galerie\/wp-content\/uploads\/2023\/01\/M2-BigMix_SS22_Jaeger-Piel_GR-2OG-2048x1448.jpg 2048w, https:\/\/bauko.arch.rwth-aachen.de\/galerie\/wp-content\/uploads\/2023\/01\/M2-BigMix_SS22_Jaeger-Piel_GR-2OG-800x566.jpg 800w\" sizes=\"(max-width: 2560px) 100vw, 2560px\" \/><\/a><figcaption class=\"wp-element-caption\">Grundriss 2.OG<\/figcaption><\/figure>\n\n\n\n<figure class=\"wp-block-image size-large\"><a href=\"https:\/\/bauko.arch.rwth-aachen.de\/galerie\/wp-content\/uploads\/2023\/01\/M2-BigMix_SS22_Jaeger-Piel_Schnittperspektive-scaled.jpg\"><img decoding=\"async\" width=\"1024\" height=\"724\" src=\"https:\/\/bauko.arch.rwth-aachen.de\/galerie\/wp-content\/uploads\/2023\/01\/M2-BigMix_SS22_Jaeger-Piel_Schnittperspektive-1024x724.jpg\" alt=\"\" class=\"wp-image-4727\" srcset=\"https:\/\/bauko.arch.rwth-aachen.de\/galerie\/wp-content\/uploads\/2023\/01\/M2-BigMix_SS22_Jaeger-Piel_Schnittperspektive-1024x724.jpg 1024w, https:\/\/bauko.arch.rwth-aachen.de\/galerie\/wp-content\/uploads\/2023\/01\/M2-BigMix_SS22_Jaeger-Piel_Schnittperspektive-300x212.jpg 300w, https:\/\/bauko.arch.rwth-aachen.de\/galerie\/wp-content\/uploads\/2023\/01\/M2-BigMix_SS22_Jaeger-Piel_Schnittperspektive-768x543.jpg 768w, https:\/\/bauko.arch.rwth-aachen.de\/galerie\/wp-content\/uploads\/2023\/01\/M2-BigMix_SS22_Jaeger-Piel_Schnittperspektive-1536x1086.jpg 1536w, https:\/\/bauko.arch.rwth-aachen.de\/galerie\/wp-content\/uploads\/2023\/01\/M2-BigMix_SS22_Jaeger-Piel_Schnittperspektive-2048x1448.jpg 2048w, https:\/\/bauko.arch.rwth-aachen.de\/galerie\/wp-content\/uploads\/2023\/01\/M2-BigMix_SS22_Jaeger-Piel_Schnittperspektive-800x566.jpg 800w\" sizes=\"(max-width: 1024px) 100vw, 1024px\" \/><\/a><figcaption class=\"wp-element-caption\">Schnittperspektive <\/figcaption><\/figure>\n\n\n\n<figure class=\"wp-block-image size-large\"><a href=\"https:\/\/bauko.arch.rwth-aachen.de\/galerie\/wp-content\/uploads\/2023\/01\/M2-BigMix_SS22_Jaeger-Piel_GR-3OG-scaled.jpg\"><img decoding=\"async\" width=\"2560\" height=\"1810\" src=\"https:\/\/bauko.arch.rwth-aachen.de\/galerie\/wp-content\/uploads\/2023\/01\/M2-BigMix_SS22_Jaeger-Piel_GR-3OG-scaled.jpg\" alt=\"\" class=\"wp-image-4716\" srcset=\"https:\/\/bauko.arch.rwth-aachen.de\/galerie\/wp-content\/uploads\/2023\/01\/M2-BigMix_SS22_Jaeger-Piel_GR-3OG-scaled.jpg 2560w, https:\/\/bauko.arch.rwth-aachen.de\/galerie\/wp-content\/uploads\/2023\/01\/M2-BigMix_SS22_Jaeger-Piel_GR-3OG-300x212.jpg 300w, https:\/\/bauko.arch.rwth-aachen.de\/galerie\/wp-content\/uploads\/2023\/01\/M2-BigMix_SS22_Jaeger-Piel_GR-3OG-1024x724.jpg 1024w, https:\/\/bauko.arch.rwth-aachen.de\/galerie\/wp-content\/uploads\/2023\/01\/M2-BigMix_SS22_Jaeger-Piel_GR-3OG-768x543.jpg 768w, https:\/\/bauko.arch.rwth-aachen.de\/galerie\/wp-content\/uploads\/2023\/01\/M2-BigMix_SS22_Jaeger-Piel_GR-3OG-1536x1086.jpg 1536w, https:\/\/bauko.arch.rwth-aachen.de\/galerie\/wp-content\/uploads\/2023\/01\/M2-BigMix_SS22_Jaeger-Piel_GR-3OG-2048x1448.jpg 2048w, https:\/\/bauko.arch.rwth-aachen.de\/galerie\/wp-content\/uploads\/2023\/01\/M2-BigMix_SS22_Jaeger-Piel_GR-3OG-800x566.jpg 800w\" sizes=\"(max-width: 2560px) 100vw, 2560px\" \/><\/a><figcaption class=\"wp-element-caption\">Grundriss 3.OG<\/figcaption><\/figure>\n\n\n\n<figure class=\"wp-block-image size-large\"><a href=\"https:\/\/bauko.arch.rwth-aachen.de\/galerie\/wp-content\/uploads\/2023\/01\/M2-BigMix_SS22_Jaeger-Piel_GR-5OG-scaled.jpg\"><img decoding=\"async\" width=\"2560\" height=\"1810\" src=\"https:\/\/bauko.arch.rwth-aachen.de\/galerie\/wp-content\/uploads\/2023\/01\/M2-BigMix_SS22_Jaeger-Piel_GR-5OG-scaled.jpg\" alt=\"\" class=\"wp-image-4714\" srcset=\"https:\/\/bauko.arch.rwth-aachen.de\/galerie\/wp-content\/uploads\/2023\/01\/M2-BigMix_SS22_Jaeger-Piel_GR-5OG-scaled.jpg 2560w, https:\/\/bauko.arch.rwth-aachen.de\/galerie\/wp-content\/uploads\/2023\/01\/M2-BigMix_SS22_Jaeger-Piel_GR-5OG-300x212.jpg 300w, https:\/\/bauko.arch.rwth-aachen.de\/galerie\/wp-content\/uploads\/2023\/01\/M2-BigMix_SS22_Jaeger-Piel_GR-5OG-1024x724.jpg 1024w, https:\/\/bauko.arch.rwth-aachen.de\/galerie\/wp-content\/uploads\/2023\/01\/M2-BigMix_SS22_Jaeger-Piel_GR-5OG-768x543.jpg 768w, https:\/\/bauko.arch.rwth-aachen.de\/galerie\/wp-content\/uploads\/2023\/01\/M2-BigMix_SS22_Jaeger-Piel_GR-5OG-1536x1086.jpg 1536w, https:\/\/bauko.arch.rwth-aachen.de\/galerie\/wp-content\/uploads\/2023\/01\/M2-BigMix_SS22_Jaeger-Piel_GR-5OG-2048x1448.jpg 2048w, https:\/\/bauko.arch.rwth-aachen.de\/galerie\/wp-content\/uploads\/2023\/01\/M2-BigMix_SS22_Jaeger-Piel_GR-5OG-800x566.jpg 800w\" sizes=\"(max-width: 2560px) 100vw, 2560px\" \/><\/a><figcaption class=\"wp-element-caption\">Grundriss 5.OG <\/figcaption><\/figure>\n\n\n\n<figure class=\"wp-block-image size-large\"><a href=\"https:\/\/bauko.arch.rwth-aachen.de\/galerie\/wp-content\/uploads\/2023\/01\/M2-BigMix_SS22_Jaeger-Piel_Perspektive_Hof.jpg\"><img decoding=\"async\" width=\"2500\" height=\"1544\" src=\"https:\/\/bauko.arch.rwth-aachen.de\/galerie\/wp-content\/uploads\/2023\/01\/M2-BigMix_SS22_Jaeger-Piel_Perspektive_Hof.jpg\" alt=\"\" class=\"wp-image-4720\" srcset=\"https:\/\/bauko.arch.rwth-aachen.de\/galerie\/wp-content\/uploads\/2023\/01\/M2-BigMix_SS22_Jaeger-Piel_Perspektive_Hof.jpg 2500w, https:\/\/bauko.arch.rwth-aachen.de\/galerie\/wp-content\/uploads\/2023\/01\/M2-BigMix_SS22_Jaeger-Piel_Perspektive_Hof-300x185.jpg 300w, https:\/\/bauko.arch.rwth-aachen.de\/galerie\/wp-content\/uploads\/2023\/01\/M2-BigMix_SS22_Jaeger-Piel_Perspektive_Hof-1024x632.jpg 1024w, https:\/\/bauko.arch.rwth-aachen.de\/galerie\/wp-content\/uploads\/2023\/01\/M2-BigMix_SS22_Jaeger-Piel_Perspektive_Hof-768x474.jpg 768w, https:\/\/bauko.arch.rwth-aachen.de\/galerie\/wp-content\/uploads\/2023\/01\/M2-BigMix_SS22_Jaeger-Piel_Perspektive_Hof-1536x949.jpg 1536w, https:\/\/bauko.arch.rwth-aachen.de\/galerie\/wp-content\/uploads\/2023\/01\/M2-BigMix_SS22_Jaeger-Piel_Perspektive_Hof-2048x1265.jpg 2048w\" sizes=\"(max-width: 2500px) 100vw, 2500px\" \/><\/a><figcaption class=\"wp-element-caption\">Perspektive<\/figcaption><\/figure>\n\n\n\n<figure class=\"wp-block-image size-large\"><a href=\"https:\/\/bauko.arch.rwth-aachen.de\/galerie\/wp-content\/uploads\/2023\/01\/M2-BigMix_SS22_Jaeger-Piel_GR-Wohneinheiten-scaled.jpg\"><img decoding=\"async\" width=\"2560\" height=\"1810\" src=\"https:\/\/bauko.arch.rwth-aachen.de\/galerie\/wp-content\/uploads\/2023\/01\/M2-BigMix_SS22_Jaeger-Piel_GR-Wohneinheiten-scaled.jpg\" alt=\"\" class=\"wp-image-4718\" srcset=\"https:\/\/bauko.arch.rwth-aachen.de\/galerie\/wp-content\/uploads\/2023\/01\/M2-BigMix_SS22_Jaeger-Piel_GR-Wohneinheiten-scaled.jpg 2560w, https:\/\/bauko.arch.rwth-aachen.de\/galerie\/wp-content\/uploads\/2023\/01\/M2-BigMix_SS22_Jaeger-Piel_GR-Wohneinheiten-300x212.jpg 300w, https:\/\/bauko.arch.rwth-aachen.de\/galerie\/wp-content\/uploads\/2023\/01\/M2-BigMix_SS22_Jaeger-Piel_GR-Wohneinheiten-1024x724.jpg 1024w, https:\/\/bauko.arch.rwth-aachen.de\/galerie\/wp-content\/uploads\/2023\/01\/M2-BigMix_SS22_Jaeger-Piel_GR-Wohneinheiten-768x543.jpg 768w, https:\/\/bauko.arch.rwth-aachen.de\/galerie\/wp-content\/uploads\/2023\/01\/M2-BigMix_SS22_Jaeger-Piel_GR-Wohneinheiten-1536x1086.jpg 1536w, https:\/\/bauko.arch.rwth-aachen.de\/galerie\/wp-content\/uploads\/2023\/01\/M2-BigMix_SS22_Jaeger-Piel_GR-Wohneinheiten-2048x1448.jpg 2048w, https:\/\/bauko.arch.rwth-aachen.de\/galerie\/wp-content\/uploads\/2023\/01\/M2-BigMix_SS22_Jaeger-Piel_GR-Wohneinheiten-800x566.jpg 800w\" sizes=\"(max-width: 2560px) 100vw, 2560px\" \/><\/a><figcaption class=\"wp-element-caption\">Wohnungstypen <\/figcaption><\/figure>\n\n\n\n<figure class=\"wp-block-image size-large\"><a href=\"https:\/\/bauko.arch.rwth-aachen.de\/galerie\/wp-content\/uploads\/2023\/01\/M2-BigMix_SS22_Jaeger-Piel_AN-SC_laengs-scaled.jpg\"><img decoding=\"async\" width=\"2560\" height=\"1810\" src=\"https:\/\/bauko.arch.rwth-aachen.de\/galerie\/wp-content\/uploads\/2023\/01\/M2-BigMix_SS22_Jaeger-Piel_AN-SC_laengs-scaled.jpg\" alt=\"\" class=\"wp-image-4713\" srcset=\"https:\/\/bauko.arch.rwth-aachen.de\/galerie\/wp-content\/uploads\/2023\/01\/M2-BigMix_SS22_Jaeger-Piel_AN-SC_laengs-scaled.jpg 2560w, https:\/\/bauko.arch.rwth-aachen.de\/galerie\/wp-content\/uploads\/2023\/01\/M2-BigMix_SS22_Jaeger-Piel_AN-SC_laengs-300x212.jpg 300w, https:\/\/bauko.arch.rwth-aachen.de\/galerie\/wp-content\/uploads\/2023\/01\/M2-BigMix_SS22_Jaeger-Piel_AN-SC_laengs-1024x724.jpg 1024w, https:\/\/bauko.arch.rwth-aachen.de\/galerie\/wp-content\/uploads\/2023\/01\/M2-BigMix_SS22_Jaeger-Piel_AN-SC_laengs-768x543.jpg 768w, https:\/\/bauko.arch.rwth-aachen.de\/galerie\/wp-content\/uploads\/2023\/01\/M2-BigMix_SS22_Jaeger-Piel_AN-SC_laengs-1536x1086.jpg 1536w, https:\/\/bauko.arch.rwth-aachen.de\/galerie\/wp-content\/uploads\/2023\/01\/M2-BigMix_SS22_Jaeger-Piel_AN-SC_laengs-2048x1448.jpg 2048w, https:\/\/bauko.arch.rwth-aachen.de\/galerie\/wp-content\/uploads\/2023\/01\/M2-BigMix_SS22_Jaeger-Piel_AN-SC_laengs-800x566.jpg 800w\" sizes=\"(max-width: 2560px) 100vw, 2560px\" \/><\/a><figcaption class=\"wp-element-caption\">Ansicht Nordost &amp; L\u00e4ngsschnitt<\/figcaption><\/figure>\n\n\n\n<figure class=\"wp-block-image size-large\"><a href=\"https:\/\/bauko.arch.rwth-aachen.de\/galerie\/wp-content\/uploads\/2023\/01\/M2-BigMix_SS22_Jaeger-Piel_AN-SC_quer-scaled.jpg\"><img decoding=\"async\" width=\"2560\" height=\"1810\" src=\"https:\/\/bauko.arch.rwth-aachen.de\/galerie\/wp-content\/uploads\/2023\/01\/M2-BigMix_SS22_Jaeger-Piel_AN-SC_quer-scaled.jpg\" alt=\"\" class=\"wp-image-4717\" srcset=\"https:\/\/bauko.arch.rwth-aachen.de\/galerie\/wp-content\/uploads\/2023\/01\/M2-BigMix_SS22_Jaeger-Piel_AN-SC_quer-scaled.jpg 2560w, https:\/\/bauko.arch.rwth-aachen.de\/galerie\/wp-content\/uploads\/2023\/01\/M2-BigMix_SS22_Jaeger-Piel_AN-SC_quer-300x212.jpg 300w, https:\/\/bauko.arch.rwth-aachen.de\/galerie\/wp-content\/uploads\/2023\/01\/M2-BigMix_SS22_Jaeger-Piel_AN-SC_quer-1024x724.jpg 1024w, https:\/\/bauko.arch.rwth-aachen.de\/galerie\/wp-content\/uploads\/2023\/01\/M2-BigMix_SS22_Jaeger-Piel_AN-SC_quer-768x543.jpg 768w, https:\/\/bauko.arch.rwth-aachen.de\/galerie\/wp-content\/uploads\/2023\/01\/M2-BigMix_SS22_Jaeger-Piel_AN-SC_quer-1536x1086.jpg 1536w, https:\/\/bauko.arch.rwth-aachen.de\/galerie\/wp-content\/uploads\/2023\/01\/M2-BigMix_SS22_Jaeger-Piel_AN-SC_quer-2048x1448.jpg 2048w, https:\/\/bauko.arch.rwth-aachen.de\/galerie\/wp-content\/uploads\/2023\/01\/M2-BigMix_SS22_Jaeger-Piel_AN-SC_quer-800x566.jpg 800w\" sizes=\"(max-width: 2560px) 100vw, 2560px\" \/><\/a><figcaption class=\"wp-element-caption\">Ansicht Nordwest &amp; Querschnitt<\/figcaption><\/figure>\n\n\n\n<figure class=\"wp-block-image size-large\"><a href=\"https:\/\/bauko.arch.rwth-aachen.de\/galerie\/wp-content\/uploads\/2023\/01\/M2-BigMix_SS22_Jaeger-Piel_Sprengiso-scaled.jpg\"><img decoding=\"async\" width=\"1024\" height=\"724\" src=\"https:\/\/bauko.arch.rwth-aachen.de\/galerie\/wp-content\/uploads\/2023\/01\/M2-BigMix_SS22_Jaeger-Piel_Sprengiso-1024x724.jpg\" alt=\"\" class=\"wp-image-4751\" srcset=\"https:\/\/bauko.arch.rwth-aachen.de\/galerie\/wp-content\/uploads\/2023\/01\/M2-BigMix_SS22_Jaeger-Piel_Sprengiso-1024x724.jpg 1024w, https:\/\/bauko.arch.rwth-aachen.de\/galerie\/wp-content\/uploads\/2023\/01\/M2-BigMix_SS22_Jaeger-Piel_Sprengiso-300x212.jpg 300w, https:\/\/bauko.arch.rwth-aachen.de\/galerie\/wp-content\/uploads\/2023\/01\/M2-BigMix_SS22_Jaeger-Piel_Sprengiso-768x543.jpg 768w, https:\/\/bauko.arch.rwth-aachen.de\/galerie\/wp-content\/uploads\/2023\/01\/M2-BigMix_SS22_Jaeger-Piel_Sprengiso-1536x1086.jpg 1536w, https:\/\/bauko.arch.rwth-aachen.de\/galerie\/wp-content\/uploads\/2023\/01\/M2-BigMix_SS22_Jaeger-Piel_Sprengiso-2048x1448.jpg 2048w, https:\/\/bauko.arch.rwth-aachen.de\/galerie\/wp-content\/uploads\/2023\/01\/M2-BigMix_SS22_Jaeger-Piel_Sprengiso-800x566.jpg 800w\" sizes=\"(max-width: 1024px) 100vw, 1024px\" \/><\/a><figcaption class=\"wp-element-caption\">Sprengisometrie<\/figcaption><\/figure>\n\n\n\n<figure class=\"wp-block-image size-large\"><a href=\"https:\/\/bauko.arch.rwth-aachen.de\/galerie\/wp-content\/uploads\/2023\/01\/M2-BigMix_SS22_Jaeger-Piel_Detailschnitt-scaled.jpg\"><img decoding=\"async\" width=\"2560\" height=\"1810\" src=\"https:\/\/bauko.arch.rwth-aachen.de\/galerie\/wp-content\/uploads\/2023\/01\/M2-BigMix_SS22_Jaeger-Piel_Detailschnitt-scaled.jpg\" alt=\"\" class=\"wp-image-4710\" srcset=\"https:\/\/bauko.arch.rwth-aachen.de\/galerie\/wp-content\/uploads\/2023\/01\/M2-BigMix_SS22_Jaeger-Piel_Detailschnitt-scaled.jpg 2560w, https:\/\/bauko.arch.rwth-aachen.de\/galerie\/wp-content\/uploads\/2023\/01\/M2-BigMix_SS22_Jaeger-Piel_Detailschnitt-300x212.jpg 300w, https:\/\/bauko.arch.rwth-aachen.de\/galerie\/wp-content\/uploads\/2023\/01\/M2-BigMix_SS22_Jaeger-Piel_Detailschnitt-1024x724.jpg 1024w, https:\/\/bauko.arch.rwth-aachen.de\/galerie\/wp-content\/uploads\/2023\/01\/M2-BigMix_SS22_Jaeger-Piel_Detailschnitt-768x543.jpg 768w, https:\/\/bauko.arch.rwth-aachen.de\/galerie\/wp-content\/uploads\/2023\/01\/M2-BigMix_SS22_Jaeger-Piel_Detailschnitt-1536x1086.jpg 1536w, https:\/\/bauko.arch.rwth-aachen.de\/galerie\/wp-content\/uploads\/2023\/01\/M2-BigMix_SS22_Jaeger-Piel_Detailschnitt-2048x1448.jpg 2048w, https:\/\/bauko.arch.rwth-aachen.de\/galerie\/wp-content\/uploads\/2023\/01\/M2-BigMix_SS22_Jaeger-Piel_Detailschnitt-800x566.jpg 800w\" sizes=\"(max-width: 2560px) 100vw, 2560px\" \/><\/a><figcaption class=\"wp-element-caption\">Fassadenschnitt<\/figcaption><\/figure>\n\n\n\n<figure class=\"wp-block-image size-large\"><a href=\"https:\/\/bauko.arch.rwth-aachen.de\/galerie\/wp-content\/uploads\/2023\/01\/M2-BigMix_SS22_Jaeger-Piel_Fassadenmodell.jpg\"><img decoding=\"async\" width=\"724\" height=\"1024\" src=\"https:\/\/bauko.arch.rwth-aachen.de\/galerie\/wp-content\/uploads\/2023\/01\/M2-BigMix_SS22_Jaeger-Piel_Fassadenmodell-724x1024.jpg\" alt=\"\" class=\"wp-image-4915\" srcset=\"https:\/\/bauko.arch.rwth-aachen.de\/galerie\/wp-content\/uploads\/2023\/01\/M2-BigMix_SS22_Jaeger-Piel_Fassadenmodell-724x1024.jpg 724w, https:\/\/bauko.arch.rwth-aachen.de\/galerie\/wp-content\/uploads\/2023\/01\/M2-BigMix_SS22_Jaeger-Piel_Fassadenmodell-212x300.jpg 212w, https:\/\/bauko.arch.rwth-aachen.de\/galerie\/wp-content\/uploads\/2023\/01\/M2-BigMix_SS22_Jaeger-Piel_Fassadenmodell-768x1086.jpg 768w, https:\/\/bauko.arch.rwth-aachen.de\/galerie\/wp-content\/uploads\/2023\/01\/M2-BigMix_SS22_Jaeger-Piel_Fassadenmodell-1086x1536.jpg 1086w, https:\/\/bauko.arch.rwth-aachen.de\/galerie\/wp-content\/uploads\/2023\/01\/M2-BigMix_SS22_Jaeger-Piel_Fassadenmodell-1448x2048.jpg 1448w, https:\/\/bauko.arch.rwth-aachen.de\/galerie\/wp-content\/uploads\/2023\/01\/M2-BigMix_SS22_Jaeger-Piel_Fassadenmodell.jpg 1768w\" sizes=\"(max-width: 724px) 100vw, 724px\" \/><\/a><figcaption class=\"wp-element-caption\">Fassadenmodell<\/figcaption><\/figure>\n\n\n\n<figure class=\"wp-block-image size-large\"><a href=\"https:\/\/bauko.arch.rwth-aachen.de\/galerie\/wp-content\/uploads\/2023\/01\/M2-BigMix_SS22_Jaeger-Piel_Modell.jpg\"><img decoding=\"async\" width=\"1024\" height=\"724\" src=\"https:\/\/bauko.arch.rwth-aachen.de\/galerie\/wp-content\/uploads\/2023\/01\/M2-BigMix_SS22_Jaeger-Piel_Modell-1024x724.jpg\" alt=\"\" class=\"wp-image-4916\" srcset=\"https:\/\/bauko.arch.rwth-aachen.de\/galerie\/wp-content\/uploads\/2023\/01\/M2-BigMix_SS22_Jaeger-Piel_Modell-1024x724.jpg 1024w, https:\/\/bauko.arch.rwth-aachen.de\/galerie\/wp-content\/uploads\/2023\/01\/M2-BigMix_SS22_Jaeger-Piel_Modell-300x212.jpg 300w, https:\/\/bauko.arch.rwth-aachen.de\/galerie\/wp-content\/uploads\/2023\/01\/M2-BigMix_SS22_Jaeger-Piel_Modell-768x543.jpg 768w, https:\/\/bauko.arch.rwth-aachen.de\/galerie\/wp-content\/uploads\/2023\/01\/M2-BigMix_SS22_Jaeger-Piel_Modell-1536x1086.jpg 1536w, https:\/\/bauko.arch.rwth-aachen.de\/galerie\/wp-content\/uploads\/2023\/01\/M2-BigMix_SS22_Jaeger-Piel_Modell-2048x1448.jpg 2048w, https:\/\/bauko.arch.rwth-aachen.de\/galerie\/wp-content\/uploads\/2023\/01\/M2-BigMix_SS22_Jaeger-Piel_Modell-800x566.jpg 800w\" sizes=\"(max-width: 1024px) 100vw, 1024px\" \/><\/a><figcaption class=\"wp-element-caption\">Modell<\/figcaption><\/figure>\n<\/figure>\n<\/div>\n<\/div>\n\n\n\n<div class=\"wp-block-columns is-layout-flex wp-container-16\">\n<div class=\"wp-block-column is-layout-flow\">\n<figure class=\"wp-block-gallery has-nested-images columns-1 is-cropped showfirst wp-block-gallery-10 is-layout-flex\">\n<figure class=\"wp-block-image size-thumbnail\"><a href=\"https:\/\/bauko.arch.rwth-aachen.de\/galerie\/wp-content\/uploads\/2023\/01\/M2-BigMix_SS22_Linne-Osing_Perspektive-1.jpg\"><img decoding=\"async\" width=\"600\" height=\"375\" src=\"https:\/\/bauko.arch.rwth-aachen.de\/galerie\/wp-content\/uploads\/2023\/01\/M2-BigMix_SS22_Linne-Osing_Perspektive-1-600x375.jpg\" alt=\"\" class=\"wp-image-4865\"\/><\/a><figcaption class=\"wp-element-caption\">Ole Linne &amp; Matthias Osing<\/figcaption><\/figure>\n\n\n\n<figure class=\"wp-block-image size-large\"><a href=\"https:\/\/bauko.arch.rwth-aachen.de\/galerie\/wp-content\/uploads\/2023\/01\/M2-BigMix_SS22_Linne-Osing_LP.jpg\"><img decoding=\"async\" width=\"809\" height=\"1024\" src=\"https:\/\/bauko.arch.rwth-aachen.de\/galerie\/wp-content\/uploads\/2023\/01\/M2-BigMix_SS22_Linne-Osing_LP-809x1024.jpg\" alt=\"\" class=\"wp-image-4856\" srcset=\"https:\/\/bauko.arch.rwth-aachen.de\/galerie\/wp-content\/uploads\/2023\/01\/M2-BigMix_SS22_Linne-Osing_LP-809x1024.jpg 809w, https:\/\/bauko.arch.rwth-aachen.de\/galerie\/wp-content\/uploads\/2023\/01\/M2-BigMix_SS22_Linne-Osing_LP-237x300.jpg 237w, https:\/\/bauko.arch.rwth-aachen.de\/galerie\/wp-content\/uploads\/2023\/01\/M2-BigMix_SS22_Linne-Osing_LP-768x972.jpg 768w, https:\/\/bauko.arch.rwth-aachen.de\/galerie\/wp-content\/uploads\/2023\/01\/M2-BigMix_SS22_Linne-Osing_LP-1214x1536.jpg 1214w, https:\/\/bauko.arch.rwth-aachen.de\/galerie\/wp-content\/uploads\/2023\/01\/M2-BigMix_SS22_Linne-Osing_LP.jpg 1397w\" sizes=\"(max-width: 809px) 100vw, 809px\" \/><\/a><figcaption class=\"wp-element-caption\">Lageplan<\/figcaption><\/figure>\n\n\n\n<figure class=\"wp-block-image size-large\"><a href=\"https:\/\/bauko.arch.rwth-aachen.de\/galerie\/wp-content\/uploads\/2023\/01\/M2-BigMix_SS22_Linne-Osing_Isometrie-scaled.jpg\"><img decoding=\"async\" width=\"2560\" height=\"1810\" src=\"https:\/\/bauko.arch.rwth-aachen.de\/galerie\/wp-content\/uploads\/2023\/01\/M2-BigMix_SS22_Linne-Osing_Isometrie-scaled.jpg\" alt=\"\" class=\"wp-image-4814\" srcset=\"https:\/\/bauko.arch.rwth-aachen.de\/galerie\/wp-content\/uploads\/2023\/01\/M2-BigMix_SS22_Linne-Osing_Isometrie-scaled.jpg 2560w, https:\/\/bauko.arch.rwth-aachen.de\/galerie\/wp-content\/uploads\/2023\/01\/M2-BigMix_SS22_Linne-Osing_Isometrie-300x212.jpg 300w, https:\/\/bauko.arch.rwth-aachen.de\/galerie\/wp-content\/uploads\/2023\/01\/M2-BigMix_SS22_Linne-Osing_Isometrie-1024x724.jpg 1024w, https:\/\/bauko.arch.rwth-aachen.de\/galerie\/wp-content\/uploads\/2023\/01\/M2-BigMix_SS22_Linne-Osing_Isometrie-768x543.jpg 768w, https:\/\/bauko.arch.rwth-aachen.de\/galerie\/wp-content\/uploads\/2023\/01\/M2-BigMix_SS22_Linne-Osing_Isometrie-1536x1086.jpg 1536w, https:\/\/bauko.arch.rwth-aachen.de\/galerie\/wp-content\/uploads\/2023\/01\/M2-BigMix_SS22_Linne-Osing_Isometrie-2048x1448.jpg 2048w, https:\/\/bauko.arch.rwth-aachen.de\/galerie\/wp-content\/uploads\/2023\/01\/M2-BigMix_SS22_Linne-Osing_Isometrie-800x566.jpg 800w\" sizes=\"(max-width: 2560px) 100vw, 2560px\" \/><\/a><figcaption class=\"wp-element-caption\">Isometrie<\/figcaption><\/figure>\n\n\n\n<figure class=\"wp-block-image size-large\"><a href=\"https:\/\/bauko.arch.rwth-aachen.de\/galerie\/wp-content\/uploads\/2023\/01\/M2-BigMix_SS22_Linne-Osing_Schnittperspektive-scaled.jpg\"><img decoding=\"async\" width=\"2560\" height=\"1810\" src=\"https:\/\/bauko.arch.rwth-aachen.de\/galerie\/wp-content\/uploads\/2023\/01\/M2-BigMix_SS22_Linne-Osing_Schnittperspektive-scaled.jpg\" alt=\"\" class=\"wp-image-4822\" srcset=\"https:\/\/bauko.arch.rwth-aachen.de\/galerie\/wp-content\/uploads\/2023\/01\/M2-BigMix_SS22_Linne-Osing_Schnittperspektive-scaled.jpg 2560w, https:\/\/bauko.arch.rwth-aachen.de\/galerie\/wp-content\/uploads\/2023\/01\/M2-BigMix_SS22_Linne-Osing_Schnittperspektive-300x212.jpg 300w, https:\/\/bauko.arch.rwth-aachen.de\/galerie\/wp-content\/uploads\/2023\/01\/M2-BigMix_SS22_Linne-Osing_Schnittperspektive-1024x724.jpg 1024w, https:\/\/bauko.arch.rwth-aachen.de\/galerie\/wp-content\/uploads\/2023\/01\/M2-BigMix_SS22_Linne-Osing_Schnittperspektive-768x543.jpg 768w, https:\/\/bauko.arch.rwth-aachen.de\/galerie\/wp-content\/uploads\/2023\/01\/M2-BigMix_SS22_Linne-Osing_Schnittperspektive-1536x1086.jpg 1536w, https:\/\/bauko.arch.rwth-aachen.de\/galerie\/wp-content\/uploads\/2023\/01\/M2-BigMix_SS22_Linne-Osing_Schnittperspektive-2048x1448.jpg 2048w, https:\/\/bauko.arch.rwth-aachen.de\/galerie\/wp-content\/uploads\/2023\/01\/M2-BigMix_SS22_Linne-Osing_Schnittperspektive-800x566.jpg 800w\" sizes=\"(max-width: 2560px) 100vw, 2560px\" \/><\/a><figcaption class=\"wp-element-caption\">Schnittperspektive<\/figcaption><\/figure>\n\n\n\n<figure class=\"wp-block-image size-large\"><a href=\"https:\/\/bauko.arch.rwth-aachen.de\/galerie\/wp-content\/uploads\/2023\/01\/M2-BigMix_SS22_Linne-Osing_GR-EG-scaled.jpg\"><img decoding=\"async\" width=\"2560\" height=\"1810\" src=\"https:\/\/bauko.arch.rwth-aachen.de\/galerie\/wp-content\/uploads\/2023\/01\/M2-BigMix_SS22_Linne-Osing_GR-EG-scaled.jpg\" alt=\"\" class=\"wp-image-4818\" srcset=\"https:\/\/bauko.arch.rwth-aachen.de\/galerie\/wp-content\/uploads\/2023\/01\/M2-BigMix_SS22_Linne-Osing_GR-EG-scaled.jpg 2560w, https:\/\/bauko.arch.rwth-aachen.de\/galerie\/wp-content\/uploads\/2023\/01\/M2-BigMix_SS22_Linne-Osing_GR-EG-300x212.jpg 300w, https:\/\/bauko.arch.rwth-aachen.de\/galerie\/wp-content\/uploads\/2023\/01\/M2-BigMix_SS22_Linne-Osing_GR-EG-1024x724.jpg 1024w, https:\/\/bauko.arch.rwth-aachen.de\/galerie\/wp-content\/uploads\/2023\/01\/M2-BigMix_SS22_Linne-Osing_GR-EG-768x543.jpg 768w, https:\/\/bauko.arch.rwth-aachen.de\/galerie\/wp-content\/uploads\/2023\/01\/M2-BigMix_SS22_Linne-Osing_GR-EG-1536x1086.jpg 1536w, https:\/\/bauko.arch.rwth-aachen.de\/galerie\/wp-content\/uploads\/2023\/01\/M2-BigMix_SS22_Linne-Osing_GR-EG-2048x1448.jpg 2048w, https:\/\/bauko.arch.rwth-aachen.de\/galerie\/wp-content\/uploads\/2023\/01\/M2-BigMix_SS22_Linne-Osing_GR-EG-800x566.jpg 800w\" sizes=\"(max-width: 2560px) 100vw, 2560px\" \/><\/a><figcaption class=\"wp-element-caption\">Grundriss EG<\/figcaption><\/figure>\n\n\n\n<figure class=\"wp-block-image size-large\"><a href=\"https:\/\/bauko.arch.rwth-aachen.de\/galerie\/wp-content\/uploads\/2023\/01\/M2-BigMix_SS22_Linne-Osing_GR-1OG-scaled.jpg\"><img decoding=\"async\" width=\"2560\" height=\"1810\" src=\"https:\/\/bauko.arch.rwth-aachen.de\/galerie\/wp-content\/uploads\/2023\/01\/M2-BigMix_SS22_Linne-Osing_GR-1OG-scaled.jpg\" alt=\"\" class=\"wp-image-4823\" srcset=\"https:\/\/bauko.arch.rwth-aachen.de\/galerie\/wp-content\/uploads\/2023\/01\/M2-BigMix_SS22_Linne-Osing_GR-1OG-scaled.jpg 2560w, https:\/\/bauko.arch.rwth-aachen.de\/galerie\/wp-content\/uploads\/2023\/01\/M2-BigMix_SS22_Linne-Osing_GR-1OG-300x212.jpg 300w, https:\/\/bauko.arch.rwth-aachen.de\/galerie\/wp-content\/uploads\/2023\/01\/M2-BigMix_SS22_Linne-Osing_GR-1OG-1024x724.jpg 1024w, https:\/\/bauko.arch.rwth-aachen.de\/galerie\/wp-content\/uploads\/2023\/01\/M2-BigMix_SS22_Linne-Osing_GR-1OG-768x543.jpg 768w, https:\/\/bauko.arch.rwth-aachen.de\/galerie\/wp-content\/uploads\/2023\/01\/M2-BigMix_SS22_Linne-Osing_GR-1OG-1536x1086.jpg 1536w, https:\/\/bauko.arch.rwth-aachen.de\/galerie\/wp-content\/uploads\/2023\/01\/M2-BigMix_SS22_Linne-Osing_GR-1OG-2048x1448.jpg 2048w, https:\/\/bauko.arch.rwth-aachen.de\/galerie\/wp-content\/uploads\/2023\/01\/M2-BigMix_SS22_Linne-Osing_GR-1OG-800x566.jpg 800w\" sizes=\"(max-width: 2560px) 100vw, 2560px\" \/><\/a><figcaption class=\"wp-element-caption\">Grundriss 1.OG<\/figcaption><\/figure>\n\n\n\n<figure class=\"wp-block-image size-large\"><a href=\"https:\/\/bauko.arch.rwth-aachen.de\/galerie\/wp-content\/uploads\/2023\/01\/M2-BigMix_SS22_Linne-Osing_GR-2OG-scaled.jpg\"><img decoding=\"async\" width=\"2560\" height=\"1810\" src=\"https:\/\/bauko.arch.rwth-aachen.de\/galerie\/wp-content\/uploads\/2023\/01\/M2-BigMix_SS22_Linne-Osing_GR-2OG-scaled.jpg\" alt=\"\" class=\"wp-image-4817\" srcset=\"https:\/\/bauko.arch.rwth-aachen.de\/galerie\/wp-content\/uploads\/2023\/01\/M2-BigMix_SS22_Linne-Osing_GR-2OG-scaled.jpg 2560w, https:\/\/bauko.arch.rwth-aachen.de\/galerie\/wp-content\/uploads\/2023\/01\/M2-BigMix_SS22_Linne-Osing_GR-2OG-300x212.jpg 300w, https:\/\/bauko.arch.rwth-aachen.de\/galerie\/wp-content\/uploads\/2023\/01\/M2-BigMix_SS22_Linne-Osing_GR-2OG-1024x724.jpg 1024w, https:\/\/bauko.arch.rwth-aachen.de\/galerie\/wp-content\/uploads\/2023\/01\/M2-BigMix_SS22_Linne-Osing_GR-2OG-768x543.jpg 768w, https:\/\/bauko.arch.rwth-aachen.de\/galerie\/wp-content\/uploads\/2023\/01\/M2-BigMix_SS22_Linne-Osing_GR-2OG-1536x1086.jpg 1536w, https:\/\/bauko.arch.rwth-aachen.de\/galerie\/wp-content\/uploads\/2023\/01\/M2-BigMix_SS22_Linne-Osing_GR-2OG-2048x1448.jpg 2048w, https:\/\/bauko.arch.rwth-aachen.de\/galerie\/wp-content\/uploads\/2023\/01\/M2-BigMix_SS22_Linne-Osing_GR-2OG-800x566.jpg 800w\" sizes=\"(max-width: 2560px) 100vw, 2560px\" \/><\/a><figcaption class=\"wp-element-caption\">Grundriss 2.OG<\/figcaption><\/figure>\n\n\n\n<figure class=\"wp-block-image size-large\"><a href=\"https:\/\/bauko.arch.rwth-aachen.de\/galerie\/wp-content\/uploads\/2023\/01\/M2-BigMix_SS22_Linne-Osing_Wohungstypen-scaled.jpg\"><img decoding=\"async\" width=\"2560\" height=\"1810\" src=\"https:\/\/bauko.arch.rwth-aachen.de\/galerie\/wp-content\/uploads\/2023\/01\/M2-BigMix_SS22_Linne-Osing_Wohungstypen-scaled.jpg\" alt=\"\" class=\"wp-image-4825\" srcset=\"https:\/\/bauko.arch.rwth-aachen.de\/galerie\/wp-content\/uploads\/2023\/01\/M2-BigMix_SS22_Linne-Osing_Wohungstypen-scaled.jpg 2560w, https:\/\/bauko.arch.rwth-aachen.de\/galerie\/wp-content\/uploads\/2023\/01\/M2-BigMix_SS22_Linne-Osing_Wohungstypen-300x212.jpg 300w, https:\/\/bauko.arch.rwth-aachen.de\/galerie\/wp-content\/uploads\/2023\/01\/M2-BigMix_SS22_Linne-Osing_Wohungstypen-1024x724.jpg 1024w, https:\/\/bauko.arch.rwth-aachen.de\/galerie\/wp-content\/uploads\/2023\/01\/M2-BigMix_SS22_Linne-Osing_Wohungstypen-768x543.jpg 768w, https:\/\/bauko.arch.rwth-aachen.de\/galerie\/wp-content\/uploads\/2023\/01\/M2-BigMix_SS22_Linne-Osing_Wohungstypen-1536x1086.jpg 1536w, https:\/\/bauko.arch.rwth-aachen.de\/galerie\/wp-content\/uploads\/2023\/01\/M2-BigMix_SS22_Linne-Osing_Wohungstypen-2048x1448.jpg 2048w, https:\/\/bauko.arch.rwth-aachen.de\/galerie\/wp-content\/uploads\/2023\/01\/M2-BigMix_SS22_Linne-Osing_Wohungstypen-800x566.jpg 800w\" sizes=\"(max-width: 2560px) 100vw, 2560px\" \/><\/a><figcaption class=\"wp-element-caption\">Wohnungstypologien <\/figcaption><\/figure>\n\n\n\n<figure class=\"wp-block-image size-large\"><a href=\"https:\/\/bauko.arch.rwth-aachen.de\/galerie\/wp-content\/uploads\/2023\/01\/M2-BigMix_SS22_Linne-Osing_Perspektive-Hof-1.jpg\"><img decoding=\"async\" width=\"927\" height=\"1024\" src=\"https:\/\/bauko.arch.rwth-aachen.de\/galerie\/wp-content\/uploads\/2023\/01\/M2-BigMix_SS22_Linne-Osing_Perspektive-Hof-1-927x1024.jpg\" alt=\"\" class=\"wp-image-4864\" srcset=\"https:\/\/bauko.arch.rwth-aachen.de\/galerie\/wp-content\/uploads\/2023\/01\/M2-BigMix_SS22_Linne-Osing_Perspektive-Hof-1-927x1024.jpg 927w, https:\/\/bauko.arch.rwth-aachen.de\/galerie\/wp-content\/uploads\/2023\/01\/M2-BigMix_SS22_Linne-Osing_Perspektive-Hof-1-271x300.jpg 271w, https:\/\/bauko.arch.rwth-aachen.de\/galerie\/wp-content\/uploads\/2023\/01\/M2-BigMix_SS22_Linne-Osing_Perspektive-Hof-1-768x849.jpg 768w, https:\/\/bauko.arch.rwth-aachen.de\/galerie\/wp-content\/uploads\/2023\/01\/M2-BigMix_SS22_Linne-Osing_Perspektive-Hof-1-1390x1536.jpg 1390w, https:\/\/bauko.arch.rwth-aachen.de\/galerie\/wp-content\/uploads\/2023\/01\/M2-BigMix_SS22_Linne-Osing_Perspektive-Hof-1.jpg 1600w\" sizes=\"(max-width: 927px) 100vw, 927px\" \/><\/a><\/figure>\n\n\n\n<figure class=\"wp-block-image size-large\"><a href=\"https:\/\/bauko.arch.rwth-aachen.de\/galerie\/wp-content\/uploads\/2023\/01\/M2-BigMix_SS22_Linne-Osing_AN-SC_2-scaled.jpg\"><img decoding=\"async\" width=\"2560\" height=\"1810\" src=\"https:\/\/bauko.arch.rwth-aachen.de\/galerie\/wp-content\/uploads\/2023\/01\/M2-BigMix_SS22_Linne-Osing_AN-SC_2-scaled.jpg\" alt=\"\" class=\"wp-image-4821\" srcset=\"https:\/\/bauko.arch.rwth-aachen.de\/galerie\/wp-content\/uploads\/2023\/01\/M2-BigMix_SS22_Linne-Osing_AN-SC_2-scaled.jpg 2560w, https:\/\/bauko.arch.rwth-aachen.de\/galerie\/wp-content\/uploads\/2023\/01\/M2-BigMix_SS22_Linne-Osing_AN-SC_2-300x212.jpg 300w, https:\/\/bauko.arch.rwth-aachen.de\/galerie\/wp-content\/uploads\/2023\/01\/M2-BigMix_SS22_Linne-Osing_AN-SC_2-1024x724.jpg 1024w, https:\/\/bauko.arch.rwth-aachen.de\/galerie\/wp-content\/uploads\/2023\/01\/M2-BigMix_SS22_Linne-Osing_AN-SC_2-768x543.jpg 768w, https:\/\/bauko.arch.rwth-aachen.de\/galerie\/wp-content\/uploads\/2023\/01\/M2-BigMix_SS22_Linne-Osing_AN-SC_2-1536x1086.jpg 1536w, https:\/\/bauko.arch.rwth-aachen.de\/galerie\/wp-content\/uploads\/2023\/01\/M2-BigMix_SS22_Linne-Osing_AN-SC_2-2048x1448.jpg 2048w, https:\/\/bauko.arch.rwth-aachen.de\/galerie\/wp-content\/uploads\/2023\/01\/M2-BigMix_SS22_Linne-Osing_AN-SC_2-800x566.jpg 800w\" sizes=\"(max-width: 2560px) 100vw, 2560px\" \/><\/a><figcaption class=\"wp-element-caption\">Ansicht &amp; Schnitt<\/figcaption><\/figure>\n\n\n\n<figure class=\"wp-block-image size-large\"><a href=\"https:\/\/bauko.arch.rwth-aachen.de\/galerie\/wp-content\/uploads\/2023\/01\/M2-BigMix_SS22_Linne-Osing_AN-SC_1-scaled.jpg\"><img decoding=\"async\" width=\"2560\" height=\"1810\" src=\"https:\/\/bauko.arch.rwth-aachen.de\/galerie\/wp-content\/uploads\/2023\/01\/M2-BigMix_SS22_Linne-Osing_AN-SC_1-scaled.jpg\" alt=\"\" class=\"wp-image-4820\" srcset=\"https:\/\/bauko.arch.rwth-aachen.de\/galerie\/wp-content\/uploads\/2023\/01\/M2-BigMix_SS22_Linne-Osing_AN-SC_1-scaled.jpg 2560w, https:\/\/bauko.arch.rwth-aachen.de\/galerie\/wp-content\/uploads\/2023\/01\/M2-BigMix_SS22_Linne-Osing_AN-SC_1-300x212.jpg 300w, https:\/\/bauko.arch.rwth-aachen.de\/galerie\/wp-content\/uploads\/2023\/01\/M2-BigMix_SS22_Linne-Osing_AN-SC_1-1024x724.jpg 1024w, https:\/\/bauko.arch.rwth-aachen.de\/galerie\/wp-content\/uploads\/2023\/01\/M2-BigMix_SS22_Linne-Osing_AN-SC_1-768x543.jpg 768w, https:\/\/bauko.arch.rwth-aachen.de\/galerie\/wp-content\/uploads\/2023\/01\/M2-BigMix_SS22_Linne-Osing_AN-SC_1-1536x1086.jpg 1536w, https:\/\/bauko.arch.rwth-aachen.de\/galerie\/wp-content\/uploads\/2023\/01\/M2-BigMix_SS22_Linne-Osing_AN-SC_1-2048x1448.jpg 2048w, https:\/\/bauko.arch.rwth-aachen.de\/galerie\/wp-content\/uploads\/2023\/01\/M2-BigMix_SS22_Linne-Osing_AN-SC_1-800x566.jpg 800w\" sizes=\"(max-width: 2560px) 100vw, 2560px\" \/><\/a><figcaption class=\"wp-element-caption\">Ansicht &amp; Schnitt<\/figcaption><\/figure>\n\n\n\n<figure class=\"wp-block-image size-large\"><a href=\"https:\/\/bauko.arch.rwth-aachen.de\/galerie\/wp-content\/uploads\/2023\/01\/M2-BigMix_SS22_Linne-Osing_Konstruktion-scaled.jpg\"><img decoding=\"async\" width=\"2560\" height=\"1810\" src=\"https:\/\/bauko.arch.rwth-aachen.de\/galerie\/wp-content\/uploads\/2023\/01\/M2-BigMix_SS22_Linne-Osing_Konstruktion-scaled.jpg\" alt=\"\" class=\"wp-image-4813\" srcset=\"https:\/\/bauko.arch.rwth-aachen.de\/galerie\/wp-content\/uploads\/2023\/01\/M2-BigMix_SS22_Linne-Osing_Konstruktion-scaled.jpg 2560w, https:\/\/bauko.arch.rwth-aachen.de\/galerie\/wp-content\/uploads\/2023\/01\/M2-BigMix_SS22_Linne-Osing_Konstruktion-300x212.jpg 300w, https:\/\/bauko.arch.rwth-aachen.de\/galerie\/wp-content\/uploads\/2023\/01\/M2-BigMix_SS22_Linne-Osing_Konstruktion-1024x724.jpg 1024w, https:\/\/bauko.arch.rwth-aachen.de\/galerie\/wp-content\/uploads\/2023\/01\/M2-BigMix_SS22_Linne-Osing_Konstruktion-768x543.jpg 768w, https:\/\/bauko.arch.rwth-aachen.de\/galerie\/wp-content\/uploads\/2023\/01\/M2-BigMix_SS22_Linne-Osing_Konstruktion-1536x1086.jpg 1536w, https:\/\/bauko.arch.rwth-aachen.de\/galerie\/wp-content\/uploads\/2023\/01\/M2-BigMix_SS22_Linne-Osing_Konstruktion-2048x1448.jpg 2048w, https:\/\/bauko.arch.rwth-aachen.de\/galerie\/wp-content\/uploads\/2023\/01\/M2-BigMix_SS22_Linne-Osing_Konstruktion-800x566.jpg 800w\" sizes=\"(max-width: 2560px) 100vw, 2560px\" \/><\/a><figcaption class=\"wp-element-caption\">Konstruktion<\/figcaption><\/figure>\n\n\n\n<figure class=\"wp-block-image size-large\"><a href=\"https:\/\/bauko.arch.rwth-aachen.de\/galerie\/wp-content\/uploads\/2023\/01\/M2-BigMix_SS22_Linne-Osing_Fassadendetail-scaled.jpg\"><img decoding=\"async\" width=\"2560\" height=\"1810\" src=\"https:\/\/bauko.arch.rwth-aachen.de\/galerie\/wp-content\/uploads\/2023\/01\/M2-BigMix_SS22_Linne-Osing_Fassadendetail-scaled.jpg\" alt=\"\" class=\"wp-image-4824\" srcset=\"https:\/\/bauko.arch.rwth-aachen.de\/galerie\/wp-content\/uploads\/2023\/01\/M2-BigMix_SS22_Linne-Osing_Fassadendetail-scaled.jpg 2560w, https:\/\/bauko.arch.rwth-aachen.de\/galerie\/wp-content\/uploads\/2023\/01\/M2-BigMix_SS22_Linne-Osing_Fassadendetail-300x212.jpg 300w, https:\/\/bauko.arch.rwth-aachen.de\/galerie\/wp-content\/uploads\/2023\/01\/M2-BigMix_SS22_Linne-Osing_Fassadendetail-1024x724.jpg 1024w, https:\/\/bauko.arch.rwth-aachen.de\/galerie\/wp-content\/uploads\/2023\/01\/M2-BigMix_SS22_Linne-Osing_Fassadendetail-768x543.jpg 768w, https:\/\/bauko.arch.rwth-aachen.de\/galerie\/wp-content\/uploads\/2023\/01\/M2-BigMix_SS22_Linne-Osing_Fassadendetail-1536x1086.jpg 1536w, https:\/\/bauko.arch.rwth-aachen.de\/galerie\/wp-content\/uploads\/2023\/01\/M2-BigMix_SS22_Linne-Osing_Fassadendetail-2048x1448.jpg 2048w, https:\/\/bauko.arch.rwth-aachen.de\/galerie\/wp-content\/uploads\/2023\/01\/M2-BigMix_SS22_Linne-Osing_Fassadendetail-800x566.jpg 800w\" sizes=\"(max-width: 2560px) 100vw, 2560px\" \/><\/a><figcaption class=\"wp-element-caption\">Fassadendetail<\/figcaption><\/figure>\n\n\n\n<figure class=\"wp-block-image size-large is-style-default\"><a href=\"https:\/\/bauko.arch.rwth-aachen.de\/galerie\/wp-content\/uploads\/2023\/01\/M2-BigMix_SS22_Linne-Osing_Detail_Wohnstruktur-scaled.jpg\"><img decoding=\"async\" width=\"2560\" height=\"1810\" src=\"https:\/\/bauko.arch.rwth-aachen.de\/galerie\/wp-content\/uploads\/2023\/01\/M2-BigMix_SS22_Linne-Osing_Detail_Wohnstruktur-scaled.jpg\" alt=\"\" class=\"wp-image-4816\" srcset=\"https:\/\/bauko.arch.rwth-aachen.de\/galerie\/wp-content\/uploads\/2023\/01\/M2-BigMix_SS22_Linne-Osing_Detail_Wohnstruktur-scaled.jpg 2560w, https:\/\/bauko.arch.rwth-aachen.de\/galerie\/wp-content\/uploads\/2023\/01\/M2-BigMix_SS22_Linne-Osing_Detail_Wohnstruktur-300x212.jpg 300w, https:\/\/bauko.arch.rwth-aachen.de\/galerie\/wp-content\/uploads\/2023\/01\/M2-BigMix_SS22_Linne-Osing_Detail_Wohnstruktur-1024x724.jpg 1024w, https:\/\/bauko.arch.rwth-aachen.de\/galerie\/wp-content\/uploads\/2023\/01\/M2-BigMix_SS22_Linne-Osing_Detail_Wohnstruktur-768x543.jpg 768w, https:\/\/bauko.arch.rwth-aachen.de\/galerie\/wp-content\/uploads\/2023\/01\/M2-BigMix_SS22_Linne-Osing_Detail_Wohnstruktur-1536x1086.jpg 1536w, https:\/\/bauko.arch.rwth-aachen.de\/galerie\/wp-content\/uploads\/2023\/01\/M2-BigMix_SS22_Linne-Osing_Detail_Wohnstruktur-2048x1448.jpg 2048w, https:\/\/bauko.arch.rwth-aachen.de\/galerie\/wp-content\/uploads\/2023\/01\/M2-BigMix_SS22_Linne-Osing_Detail_Wohnstruktur-800x566.jpg 800w\" sizes=\"(max-width: 2560px) 100vw, 2560px\" \/><\/a><figcaption class=\"wp-element-caption\">Konstruktion Wohngeschosse<\/figcaption><\/figure>\n\n\n\n<figure class=\"wp-block-image size-large is-style-default\"><a href=\"https:\/\/bauko.arch.rwth-aachen.de\/galerie\/wp-content\/uploads\/2023\/01\/M2-BigMix_SS22_Linne-Osing_Fassadenmodell2.jpg\"><img decoding=\"async\" width=\"724\" height=\"1024\" src=\"https:\/\/bauko.arch.rwth-aachen.de\/galerie\/wp-content\/uploads\/2023\/01\/M2-BigMix_SS22_Linne-Osing_Fassadenmodell2-724x1024.jpg\" alt=\"\" class=\"wp-image-4924\" srcset=\"https:\/\/bauko.arch.rwth-aachen.de\/galerie\/wp-content\/uploads\/2023\/01\/M2-BigMix_SS22_Linne-Osing_Fassadenmodell2-724x1024.jpg 724w, https:\/\/bauko.arch.rwth-aachen.de\/galerie\/wp-content\/uploads\/2023\/01\/M2-BigMix_SS22_Linne-Osing_Fassadenmodell2-212x300.jpg 212w, https:\/\/bauko.arch.rwth-aachen.de\/galerie\/wp-content\/uploads\/2023\/01\/M2-BigMix_SS22_Linne-Osing_Fassadenmodell2-768x1086.jpg 768w, https:\/\/bauko.arch.rwth-aachen.de\/galerie\/wp-content\/uploads\/2023\/01\/M2-BigMix_SS22_Linne-Osing_Fassadenmodell2-1086x1536.jpg 1086w, https:\/\/bauko.arch.rwth-aachen.de\/galerie\/wp-content\/uploads\/2023\/01\/M2-BigMix_SS22_Linne-Osing_Fassadenmodell2-1448x2048.jpg 1448w, https:\/\/bauko.arch.rwth-aachen.de\/galerie\/wp-content\/uploads\/2023\/01\/M2-BigMix_SS22_Linne-Osing_Fassadenmodell2.jpg 1768w\" sizes=\"(max-width: 724px) 100vw, 724px\" \/><\/a><figcaption class=\"wp-element-caption\">Fassadenmodell<\/figcaption><\/figure>\n\n\n\n<figure class=\"wp-block-image size-large is-style-default\"><a href=\"https:\/\/bauko.arch.rwth-aachen.de\/galerie\/wp-content\/uploads\/2023\/01\/M2-BigMix_SS22_Linne-Osing_Modell.jpg\"><img decoding=\"async\" width=\"1024\" height=\"724\" src=\"https:\/\/bauko.arch.rwth-aachen.de\/galerie\/wp-content\/uploads\/2023\/01\/M2-BigMix_SS22_Linne-Osing_Modell-1024x724.jpg\" alt=\"\" class=\"wp-image-4923\" srcset=\"https:\/\/bauko.arch.rwth-aachen.de\/galerie\/wp-content\/uploads\/2023\/01\/M2-BigMix_SS22_Linne-Osing_Modell-1024x724.jpg 1024w, https:\/\/bauko.arch.rwth-aachen.de\/galerie\/wp-content\/uploads\/2023\/01\/M2-BigMix_SS22_Linne-Osing_Modell-300x212.jpg 300w, https:\/\/bauko.arch.rwth-aachen.de\/galerie\/wp-content\/uploads\/2023\/01\/M2-BigMix_SS22_Linne-Osing_Modell-768x543.jpg 768w, https:\/\/bauko.arch.rwth-aachen.de\/galerie\/wp-content\/uploads\/2023\/01\/M2-BigMix_SS22_Linne-Osing_Modell-1536x1086.jpg 1536w, https:\/\/bauko.arch.rwth-aachen.de\/galerie\/wp-content\/uploads\/2023\/01\/M2-BigMix_SS22_Linne-Osing_Modell-2048x1448.jpg 2048w, https:\/\/bauko.arch.rwth-aachen.de\/galerie\/wp-content\/uploads\/2023\/01\/M2-BigMix_SS22_Linne-Osing_Modell-800x566.jpg 800w\" sizes=\"(max-width: 1024px) 100vw, 1024px\" \/><\/a><figcaption class=\"wp-element-caption\">Modell<\/figcaption><\/figure>\n<\/figure>\n<\/div>\n\n\n\n<div class=\"wp-block-column is-layout-flow\">\n<figure class=\"wp-block-gallery has-nested-images columns-1 is-cropped showfirst wp-block-gallery-13 is-layout-flex\">\n<figure class=\"wp-block-image size-thumbnail\"><a href=\"https:\/\/bauko.arch.rwth-aachen.de\/galerie\/wp-content\/uploads\/2023\/01\/M2-BigMix_SS22_Mennenoeh-Wittfeld_Perspektive.jpg\"><img decoding=\"async\" width=\"600\" height=\"375\" src=\"https:\/\/bauko.arch.rwth-aachen.de\/galerie\/wp-content\/uploads\/2023\/01\/M2-BigMix_SS22_Mennenoeh-Wittfeld_Perspektive-600x375.jpg\" alt=\"\" class=\"wp-image-4778\"\/><\/a><figcaption class=\"wp-element-caption\">Moritz Mennen\u00f6h &amp; Lara Wittfeld<\/figcaption><\/figure>\n\n\n\n<figure class=\"wp-block-image size-large\"><a href=\"https:\/\/bauko.arch.rwth-aachen.de\/galerie\/wp-content\/uploads\/2023\/01\/M2-BigMix_SS22_Mennenoeh-Wittfeld_Isometrie.jpg\"><img decoding=\"async\" width=\"2500\" height=\"1768\" src=\"https:\/\/bauko.arch.rwth-aachen.de\/galerie\/wp-content\/uploads\/2023\/01\/M2-BigMix_SS22_Mennenoeh-Wittfeld_Isometrie.jpg\" alt=\"\" class=\"wp-image-4775\" srcset=\"https:\/\/bauko.arch.rwth-aachen.de\/galerie\/wp-content\/uploads\/2023\/01\/M2-BigMix_SS22_Mennenoeh-Wittfeld_Isometrie.jpg 2500w, https:\/\/bauko.arch.rwth-aachen.de\/galerie\/wp-content\/uploads\/2023\/01\/M2-BigMix_SS22_Mennenoeh-Wittfeld_Isometrie-300x212.jpg 300w, https:\/\/bauko.arch.rwth-aachen.de\/galerie\/wp-content\/uploads\/2023\/01\/M2-BigMix_SS22_Mennenoeh-Wittfeld_Isometrie-1024x724.jpg 1024w, https:\/\/bauko.arch.rwth-aachen.de\/galerie\/wp-content\/uploads\/2023\/01\/M2-BigMix_SS22_Mennenoeh-Wittfeld_Isometrie-768x543.jpg 768w, https:\/\/bauko.arch.rwth-aachen.de\/galerie\/wp-content\/uploads\/2023\/01\/M2-BigMix_SS22_Mennenoeh-Wittfeld_Isometrie-1536x1086.jpg 1536w, https:\/\/bauko.arch.rwth-aachen.de\/galerie\/wp-content\/uploads\/2023\/01\/M2-BigMix_SS22_Mennenoeh-Wittfeld_Isometrie-2048x1448.jpg 2048w, https:\/\/bauko.arch.rwth-aachen.de\/galerie\/wp-content\/uploads\/2023\/01\/M2-BigMix_SS22_Mennenoeh-Wittfeld_Isometrie-800x566.jpg 800w\" sizes=\"(max-width: 2500px) 100vw, 2500px\" \/><\/a><figcaption class=\"wp-element-caption\">Isometrie <\/figcaption><\/figure>\n\n\n\n<figure class=\"wp-block-image size-large\"><a href=\"https:\/\/bauko.arch.rwth-aachen.de\/galerie\/wp-content\/uploads\/2023\/01\/M2-BigMix_SS22_Mennenoeh-Wittfeld_Nutzungsiso-scaled.jpg\"><img decoding=\"async\" width=\"2560\" height=\"1810\" src=\"https:\/\/bauko.arch.rwth-aachen.de\/galerie\/wp-content\/uploads\/2023\/01\/M2-BigMix_SS22_Mennenoeh-Wittfeld_Nutzungsiso-scaled.jpg\" alt=\"\" class=\"wp-image-4774\" srcset=\"https:\/\/bauko.arch.rwth-aachen.de\/galerie\/wp-content\/uploads\/2023\/01\/M2-BigMix_SS22_Mennenoeh-Wittfeld_Nutzungsiso-scaled.jpg 2560w, https:\/\/bauko.arch.rwth-aachen.de\/galerie\/wp-content\/uploads\/2023\/01\/M2-BigMix_SS22_Mennenoeh-Wittfeld_Nutzungsiso-300x212.jpg 300w, https:\/\/bauko.arch.rwth-aachen.de\/galerie\/wp-content\/uploads\/2023\/01\/M2-BigMix_SS22_Mennenoeh-Wittfeld_Nutzungsiso-1024x724.jpg 1024w, https:\/\/bauko.arch.rwth-aachen.de\/galerie\/wp-content\/uploads\/2023\/01\/M2-BigMix_SS22_Mennenoeh-Wittfeld_Nutzungsiso-768x543.jpg 768w, https:\/\/bauko.arch.rwth-aachen.de\/galerie\/wp-content\/uploads\/2023\/01\/M2-BigMix_SS22_Mennenoeh-Wittfeld_Nutzungsiso-1536x1086.jpg 1536w, https:\/\/bauko.arch.rwth-aachen.de\/galerie\/wp-content\/uploads\/2023\/01\/M2-BigMix_SS22_Mennenoeh-Wittfeld_Nutzungsiso-2048x1448.jpg 2048w, https:\/\/bauko.arch.rwth-aachen.de\/galerie\/wp-content\/uploads\/2023\/01\/M2-BigMix_SS22_Mennenoeh-Wittfeld_Nutzungsiso-800x566.jpg 800w\" sizes=\"(max-width: 2560px) 100vw, 2560px\" \/><\/a><figcaption class=\"wp-element-caption\">Nutzungsverteilung<\/figcaption><\/figure>\n\n\n\n<figure class=\"wp-block-image size-large\"><a href=\"https:\/\/bauko.arch.rwth-aachen.de\/galerie\/wp-content\/uploads\/2023\/01\/M2-BigMix_SS22_Mennenoeh-Wittfeld_GR-EG-scaled.jpg\"><img decoding=\"async\" width=\"2560\" height=\"1810\" src=\"https:\/\/bauko.arch.rwth-aachen.de\/galerie\/wp-content\/uploads\/2023\/01\/M2-BigMix_SS22_Mennenoeh-Wittfeld_GR-EG-scaled.jpg\" alt=\"\" class=\"wp-image-4772\" srcset=\"https:\/\/bauko.arch.rwth-aachen.de\/galerie\/wp-content\/uploads\/2023\/01\/M2-BigMix_SS22_Mennenoeh-Wittfeld_GR-EG-scaled.jpg 2560w, https:\/\/bauko.arch.rwth-aachen.de\/galerie\/wp-content\/uploads\/2023\/01\/M2-BigMix_SS22_Mennenoeh-Wittfeld_GR-EG-300x212.jpg 300w, https:\/\/bauko.arch.rwth-aachen.de\/galerie\/wp-content\/uploads\/2023\/01\/M2-BigMix_SS22_Mennenoeh-Wittfeld_GR-EG-1024x724.jpg 1024w, https:\/\/bauko.arch.rwth-aachen.de\/galerie\/wp-content\/uploads\/2023\/01\/M2-BigMix_SS22_Mennenoeh-Wittfeld_GR-EG-768x543.jpg 768w, https:\/\/bauko.arch.rwth-aachen.de\/galerie\/wp-content\/uploads\/2023\/01\/M2-BigMix_SS22_Mennenoeh-Wittfeld_GR-EG-1536x1086.jpg 1536w, https:\/\/bauko.arch.rwth-aachen.de\/galerie\/wp-content\/uploads\/2023\/01\/M2-BigMix_SS22_Mennenoeh-Wittfeld_GR-EG-2048x1448.jpg 2048w, https:\/\/bauko.arch.rwth-aachen.de\/galerie\/wp-content\/uploads\/2023\/01\/M2-BigMix_SS22_Mennenoeh-Wittfeld_GR-EG-800x566.jpg 800w\" sizes=\"(max-width: 2560px) 100vw, 2560px\" \/><\/a><figcaption class=\"wp-element-caption\">Grundriss EG<\/figcaption><\/figure>\n\n\n\n<figure class=\"wp-block-image size-large\"><a href=\"https:\/\/bauko.arch.rwth-aachen.de\/galerie\/wp-content\/uploads\/2023\/01\/M2-BigMix_SS22_Mennenoeh-Wittfeld_GR-1OG-scaled.jpg\"><img decoding=\"async\" width=\"2560\" height=\"1810\" src=\"https:\/\/bauko.arch.rwth-aachen.de\/galerie\/wp-content\/uploads\/2023\/01\/M2-BigMix_SS22_Mennenoeh-Wittfeld_GR-1OG-scaled.jpg\" alt=\"\" class=\"wp-image-4783\" srcset=\"https:\/\/bauko.arch.rwth-aachen.de\/galerie\/wp-content\/uploads\/2023\/01\/M2-BigMix_SS22_Mennenoeh-Wittfeld_GR-1OG-scaled.jpg 2560w, https:\/\/bauko.arch.rwth-aachen.de\/galerie\/wp-content\/uploads\/2023\/01\/M2-BigMix_SS22_Mennenoeh-Wittfeld_GR-1OG-300x212.jpg 300w, https:\/\/bauko.arch.rwth-aachen.de\/galerie\/wp-content\/uploads\/2023\/01\/M2-BigMix_SS22_Mennenoeh-Wittfeld_GR-1OG-1024x724.jpg 1024w, https:\/\/bauko.arch.rwth-aachen.de\/galerie\/wp-content\/uploads\/2023\/01\/M2-BigMix_SS22_Mennenoeh-Wittfeld_GR-1OG-768x543.jpg 768w, https:\/\/bauko.arch.rwth-aachen.de\/galerie\/wp-content\/uploads\/2023\/01\/M2-BigMix_SS22_Mennenoeh-Wittfeld_GR-1OG-1536x1086.jpg 1536w, https:\/\/bauko.arch.rwth-aachen.de\/galerie\/wp-content\/uploads\/2023\/01\/M2-BigMix_SS22_Mennenoeh-Wittfeld_GR-1OG-2048x1448.jpg 2048w, https:\/\/bauko.arch.rwth-aachen.de\/galerie\/wp-content\/uploads\/2023\/01\/M2-BigMix_SS22_Mennenoeh-Wittfeld_GR-1OG-800x566.jpg 800w\" sizes=\"(max-width: 2560px) 100vw, 2560px\" \/><\/a><figcaption class=\"wp-element-caption\">Grundriss 1.OG<\/figcaption><\/figure>\n\n\n\n<figure class=\"wp-block-image size-large\"><a href=\"https:\/\/bauko.arch.rwth-aachen.de\/galerie\/wp-content\/uploads\/2023\/01\/M2-BigMix_SS22_Mennenoeh-Wittfeld_Innenperspektive.jpg\"><img decoding=\"async\" width=\"2500\" height=\"1416\" src=\"https:\/\/bauko.arch.rwth-aachen.de\/galerie\/wp-content\/uploads\/2023\/01\/M2-BigMix_SS22_Mennenoeh-Wittfeld_Innenperspektive.jpg\" alt=\"\" class=\"wp-image-4777\" srcset=\"https:\/\/bauko.arch.rwth-aachen.de\/galerie\/wp-content\/uploads\/2023\/01\/M2-BigMix_SS22_Mennenoeh-Wittfeld_Innenperspektive.jpg 2500w, https:\/\/bauko.arch.rwth-aachen.de\/galerie\/wp-content\/uploads\/2023\/01\/M2-BigMix_SS22_Mennenoeh-Wittfeld_Innenperspektive-300x170.jpg 300w, https:\/\/bauko.arch.rwth-aachen.de\/galerie\/wp-content\/uploads\/2023\/01\/M2-BigMix_SS22_Mennenoeh-Wittfeld_Innenperspektive-1024x580.jpg 1024w, https:\/\/bauko.arch.rwth-aachen.de\/galerie\/wp-content\/uploads\/2023\/01\/M2-BigMix_SS22_Mennenoeh-Wittfeld_Innenperspektive-768x435.jpg 768w, https:\/\/bauko.arch.rwth-aachen.de\/galerie\/wp-content\/uploads\/2023\/01\/M2-BigMix_SS22_Mennenoeh-Wittfeld_Innenperspektive-1536x870.jpg 1536w, https:\/\/bauko.arch.rwth-aachen.de\/galerie\/wp-content\/uploads\/2023\/01\/M2-BigMix_SS22_Mennenoeh-Wittfeld_Innenperspektive-2048x1160.jpg 2048w\" sizes=\"(max-width: 2500px) 100vw, 2500px\" \/><\/a><figcaption class=\"wp-element-caption\">Perspektive<\/figcaption><\/figure>\n\n\n\n<figure class=\"wp-block-image size-large\"><a href=\"https:\/\/bauko.arch.rwth-aachen.de\/galerie\/wp-content\/uploads\/2023\/01\/M2-BigMix_SS22_Mennenoeh-Wittfeld_Gewerbeeinheiten-scaled.jpg\"><img decoding=\"async\" width=\"2560\" height=\"1810\" src=\"https:\/\/bauko.arch.rwth-aachen.de\/galerie\/wp-content\/uploads\/2023\/01\/M2-BigMix_SS22_Mennenoeh-Wittfeld_Gewerbeeinheiten-scaled.jpg\" alt=\"\" class=\"wp-image-4784\" srcset=\"https:\/\/bauko.arch.rwth-aachen.de\/galerie\/wp-content\/uploads\/2023\/01\/M2-BigMix_SS22_Mennenoeh-Wittfeld_Gewerbeeinheiten-scaled.jpg 2560w, https:\/\/bauko.arch.rwth-aachen.de\/galerie\/wp-content\/uploads\/2023\/01\/M2-BigMix_SS22_Mennenoeh-Wittfeld_Gewerbeeinheiten-300x212.jpg 300w, https:\/\/bauko.arch.rwth-aachen.de\/galerie\/wp-content\/uploads\/2023\/01\/M2-BigMix_SS22_Mennenoeh-Wittfeld_Gewerbeeinheiten-1024x724.jpg 1024w, https:\/\/bauko.arch.rwth-aachen.de\/galerie\/wp-content\/uploads\/2023\/01\/M2-BigMix_SS22_Mennenoeh-Wittfeld_Gewerbeeinheiten-768x543.jpg 768w, https:\/\/bauko.arch.rwth-aachen.de\/galerie\/wp-content\/uploads\/2023\/01\/M2-BigMix_SS22_Mennenoeh-Wittfeld_Gewerbeeinheiten-1536x1086.jpg 1536w, https:\/\/bauko.arch.rwth-aachen.de\/galerie\/wp-content\/uploads\/2023\/01\/M2-BigMix_SS22_Mennenoeh-Wittfeld_Gewerbeeinheiten-2048x1448.jpg 2048w, https:\/\/bauko.arch.rwth-aachen.de\/galerie\/wp-content\/uploads\/2023\/01\/M2-BigMix_SS22_Mennenoeh-Wittfeld_Gewerbeeinheiten-800x566.jpg 800w\" sizes=\"(max-width: 2560px) 100vw, 2560px\" \/><\/a><figcaption class=\"wp-element-caption\">Gewerbeteilung<\/figcaption><\/figure>\n\n\n\n<figure class=\"wp-block-image size-large\"><a href=\"https:\/\/bauko.arch.rwth-aachen.de\/galerie\/wp-content\/uploads\/2023\/01\/M2-BigMix_SS22_Mennenoeh-Wittfeld_GR-3OG-scaled.jpg\"><img decoding=\"async\" width=\"2560\" height=\"1810\" src=\"https:\/\/bauko.arch.rwth-aachen.de\/galerie\/wp-content\/uploads\/2023\/01\/M2-BigMix_SS22_Mennenoeh-Wittfeld_GR-3OG-scaled.jpg\" alt=\"\" class=\"wp-image-4773\" srcset=\"https:\/\/bauko.arch.rwth-aachen.de\/galerie\/wp-content\/uploads\/2023\/01\/M2-BigMix_SS22_Mennenoeh-Wittfeld_GR-3OG-scaled.jpg 2560w, https:\/\/bauko.arch.rwth-aachen.de\/galerie\/wp-content\/uploads\/2023\/01\/M2-BigMix_SS22_Mennenoeh-Wittfeld_GR-3OG-300x212.jpg 300w, https:\/\/bauko.arch.rwth-aachen.de\/galerie\/wp-content\/uploads\/2023\/01\/M2-BigMix_SS22_Mennenoeh-Wittfeld_GR-3OG-1024x724.jpg 1024w, https:\/\/bauko.arch.rwth-aachen.de\/galerie\/wp-content\/uploads\/2023\/01\/M2-BigMix_SS22_Mennenoeh-Wittfeld_GR-3OG-768x543.jpg 768w, https:\/\/bauko.arch.rwth-aachen.de\/galerie\/wp-content\/uploads\/2023\/01\/M2-BigMix_SS22_Mennenoeh-Wittfeld_GR-3OG-1536x1086.jpg 1536w, https:\/\/bauko.arch.rwth-aachen.de\/galerie\/wp-content\/uploads\/2023\/01\/M2-BigMix_SS22_Mennenoeh-Wittfeld_GR-3OG-2048x1448.jpg 2048w, https:\/\/bauko.arch.rwth-aachen.de\/galerie\/wp-content\/uploads\/2023\/01\/M2-BigMix_SS22_Mennenoeh-Wittfeld_GR-3OG-800x566.jpg 800w\" sizes=\"(max-width: 2560px) 100vw, 2560px\" \/><\/a><figcaption class=\"wp-element-caption\">Grundriss 3.OG<\/figcaption><\/figure>\n\n\n\n<figure class=\"wp-block-image size-large\"><a href=\"https:\/\/bauko.arch.rwth-aachen.de\/galerie\/wp-content\/uploads\/2023\/01\/M2-BigMix_SS22_Mennenoeh-Wittfeld_GR-4OG-scaled.jpg\"><img decoding=\"async\" width=\"2560\" height=\"1810\" src=\"https:\/\/bauko.arch.rwth-aachen.de\/galerie\/wp-content\/uploads\/2023\/01\/M2-BigMix_SS22_Mennenoeh-Wittfeld_GR-4OG-scaled.jpg\" alt=\"\" class=\"wp-image-4780\" srcset=\"https:\/\/bauko.arch.rwth-aachen.de\/galerie\/wp-content\/uploads\/2023\/01\/M2-BigMix_SS22_Mennenoeh-Wittfeld_GR-4OG-scaled.jpg 2560w, https:\/\/bauko.arch.rwth-aachen.de\/galerie\/wp-content\/uploads\/2023\/01\/M2-BigMix_SS22_Mennenoeh-Wittfeld_GR-4OG-300x212.jpg 300w, https:\/\/bauko.arch.rwth-aachen.de\/galerie\/wp-content\/uploads\/2023\/01\/M2-BigMix_SS22_Mennenoeh-Wittfeld_GR-4OG-1024x724.jpg 1024w, https:\/\/bauko.arch.rwth-aachen.de\/galerie\/wp-content\/uploads\/2023\/01\/M2-BigMix_SS22_Mennenoeh-Wittfeld_GR-4OG-768x543.jpg 768w, https:\/\/bauko.arch.rwth-aachen.de\/galerie\/wp-content\/uploads\/2023\/01\/M2-BigMix_SS22_Mennenoeh-Wittfeld_GR-4OG-1536x1086.jpg 1536w, https:\/\/bauko.arch.rwth-aachen.de\/galerie\/wp-content\/uploads\/2023\/01\/M2-BigMix_SS22_Mennenoeh-Wittfeld_GR-4OG-2048x1448.jpg 2048w, https:\/\/bauko.arch.rwth-aachen.de\/galerie\/wp-content\/uploads\/2023\/01\/M2-BigMix_SS22_Mennenoeh-Wittfeld_GR-4OG-800x566.jpg 800w\" sizes=\"(max-width: 2560px) 100vw, 2560px\" \/><\/a><figcaption class=\"wp-element-caption\">Grundriss 4.OG<\/figcaption><\/figure>\n\n\n\n<figure class=\"wp-block-image size-large\"><a href=\"https:\/\/bauko.arch.rwth-aachen.de\/galerie\/wp-content\/uploads\/2023\/01\/M2-BigMix_SS22_Mennenoeh-Wittfeld_GR_Wohneinheiten-scaled.jpg\"><img decoding=\"async\" width=\"2560\" height=\"1810\" src=\"https:\/\/bauko.arch.rwth-aachen.de\/galerie\/wp-content\/uploads\/2023\/01\/M2-BigMix_SS22_Mennenoeh-Wittfeld_GR_Wohneinheiten-scaled.jpg\" alt=\"\" class=\"wp-image-4781\" srcset=\"https:\/\/bauko.arch.rwth-aachen.de\/galerie\/wp-content\/uploads\/2023\/01\/M2-BigMix_SS22_Mennenoeh-Wittfeld_GR_Wohneinheiten-scaled.jpg 2560w, https:\/\/bauko.arch.rwth-aachen.de\/galerie\/wp-content\/uploads\/2023\/01\/M2-BigMix_SS22_Mennenoeh-Wittfeld_GR_Wohneinheiten-300x212.jpg 300w, https:\/\/bauko.arch.rwth-aachen.de\/galerie\/wp-content\/uploads\/2023\/01\/M2-BigMix_SS22_Mennenoeh-Wittfeld_GR_Wohneinheiten-1024x724.jpg 1024w, https:\/\/bauko.arch.rwth-aachen.de\/galerie\/wp-content\/uploads\/2023\/01\/M2-BigMix_SS22_Mennenoeh-Wittfeld_GR_Wohneinheiten-768x543.jpg 768w, https:\/\/bauko.arch.rwth-aachen.de\/galerie\/wp-content\/uploads\/2023\/01\/M2-BigMix_SS22_Mennenoeh-Wittfeld_GR_Wohneinheiten-1536x1086.jpg 1536w, https:\/\/bauko.arch.rwth-aachen.de\/galerie\/wp-content\/uploads\/2023\/01\/M2-BigMix_SS22_Mennenoeh-Wittfeld_GR_Wohneinheiten-2048x1448.jpg 2048w, https:\/\/bauko.arch.rwth-aachen.de\/galerie\/wp-content\/uploads\/2023\/01\/M2-BigMix_SS22_Mennenoeh-Wittfeld_GR_Wohneinheiten-800x566.jpg 800w\" sizes=\"(max-width: 2560px) 100vw, 2560px\" \/><\/a><figcaption class=\"wp-element-caption\">Wohungstypen<\/figcaption><\/figure>\n\n\n\n<figure class=\"wp-block-image size-large\"><a href=\"https:\/\/bauko.arch.rwth-aachen.de\/galerie\/wp-content\/uploads\/2023\/01\/M2-BigMix_SS22_Mennenoeh-Wittfeld_AN-SC_laengs-scaled.jpg\"><img decoding=\"async\" width=\"2560\" height=\"1810\" src=\"https:\/\/bauko.arch.rwth-aachen.de\/galerie\/wp-content\/uploads\/2023\/01\/M2-BigMix_SS22_Mennenoeh-Wittfeld_AN-SC_laengs-scaled.jpg\" alt=\"\" class=\"wp-image-4779\" srcset=\"https:\/\/bauko.arch.rwth-aachen.de\/galerie\/wp-content\/uploads\/2023\/01\/M2-BigMix_SS22_Mennenoeh-Wittfeld_AN-SC_laengs-scaled.jpg 2560w, https:\/\/bauko.arch.rwth-aachen.de\/galerie\/wp-content\/uploads\/2023\/01\/M2-BigMix_SS22_Mennenoeh-Wittfeld_AN-SC_laengs-300x212.jpg 300w, https:\/\/bauko.arch.rwth-aachen.de\/galerie\/wp-content\/uploads\/2023\/01\/M2-BigMix_SS22_Mennenoeh-Wittfeld_AN-SC_laengs-1024x724.jpg 1024w, https:\/\/bauko.arch.rwth-aachen.de\/galerie\/wp-content\/uploads\/2023\/01\/M2-BigMix_SS22_Mennenoeh-Wittfeld_AN-SC_laengs-768x543.jpg 768w, https:\/\/bauko.arch.rwth-aachen.de\/galerie\/wp-content\/uploads\/2023\/01\/M2-BigMix_SS22_Mennenoeh-Wittfeld_AN-SC_laengs-1536x1086.jpg 1536w, https:\/\/bauko.arch.rwth-aachen.de\/galerie\/wp-content\/uploads\/2023\/01\/M2-BigMix_SS22_Mennenoeh-Wittfeld_AN-SC_laengs-2048x1448.jpg 2048w, https:\/\/bauko.arch.rwth-aachen.de\/galerie\/wp-content\/uploads\/2023\/01\/M2-BigMix_SS22_Mennenoeh-Wittfeld_AN-SC_laengs-800x566.jpg 800w\" sizes=\"(max-width: 2560px) 100vw, 2560px\" \/><\/a><figcaption class=\"wp-element-caption\">Ansicht West &amp; L\u00e4ngsschnitt<\/figcaption><\/figure>\n\n\n\n<figure class=\"wp-block-image size-large\"><a href=\"https:\/\/bauko.arch.rwth-aachen.de\/galerie\/wp-content\/uploads\/2023\/01\/M2-BigMix_SS22_Mennenoeh-Wittfeld_AN-SC_quer-scaled.jpg\"><img decoding=\"async\" width=\"2560\" height=\"1810\" src=\"https:\/\/bauko.arch.rwth-aachen.de\/galerie\/wp-content\/uploads\/2023\/01\/M2-BigMix_SS22_Mennenoeh-Wittfeld_AN-SC_quer-scaled.jpg\" alt=\"\" class=\"wp-image-4782\" srcset=\"https:\/\/bauko.arch.rwth-aachen.de\/galerie\/wp-content\/uploads\/2023\/01\/M2-BigMix_SS22_Mennenoeh-Wittfeld_AN-SC_quer-scaled.jpg 2560w, https:\/\/bauko.arch.rwth-aachen.de\/galerie\/wp-content\/uploads\/2023\/01\/M2-BigMix_SS22_Mennenoeh-Wittfeld_AN-SC_quer-300x212.jpg 300w, https:\/\/bauko.arch.rwth-aachen.de\/galerie\/wp-content\/uploads\/2023\/01\/M2-BigMix_SS22_Mennenoeh-Wittfeld_AN-SC_quer-1024x724.jpg 1024w, https:\/\/bauko.arch.rwth-aachen.de\/galerie\/wp-content\/uploads\/2023\/01\/M2-BigMix_SS22_Mennenoeh-Wittfeld_AN-SC_quer-768x543.jpg 768w, https:\/\/bauko.arch.rwth-aachen.de\/galerie\/wp-content\/uploads\/2023\/01\/M2-BigMix_SS22_Mennenoeh-Wittfeld_AN-SC_quer-1536x1086.jpg 1536w, https:\/\/bauko.arch.rwth-aachen.de\/galerie\/wp-content\/uploads\/2023\/01\/M2-BigMix_SS22_Mennenoeh-Wittfeld_AN-SC_quer-2048x1448.jpg 2048w, https:\/\/bauko.arch.rwth-aachen.de\/galerie\/wp-content\/uploads\/2023\/01\/M2-BigMix_SS22_Mennenoeh-Wittfeld_AN-SC_quer-800x566.jpg 800w\" sizes=\"(max-width: 2560px) 100vw, 2560px\" \/><\/a><figcaption class=\"wp-element-caption\">Ansicht Nord &amp; Querschnitt<\/figcaption><\/figure>\n\n\n\n<figure class=\"wp-block-image size-large\"><a href=\"https:\/\/bauko.arch.rwth-aachen.de\/galerie\/wp-content\/uploads\/2023\/01\/M2-BigMix_SS22_Mennenoeh-Wittfeld_Schnittperspektive-scaled.jpg\"><img decoding=\"async\" width=\"2560\" height=\"1810\" src=\"https:\/\/bauko.arch.rwth-aachen.de\/galerie\/wp-content\/uploads\/2023\/01\/M2-BigMix_SS22_Mennenoeh-Wittfeld_Schnittperspektive-scaled.jpg\" alt=\"\" class=\"wp-image-4776\" srcset=\"https:\/\/bauko.arch.rwth-aachen.de\/galerie\/wp-content\/uploads\/2023\/01\/M2-BigMix_SS22_Mennenoeh-Wittfeld_Schnittperspektive-scaled.jpg 2560w, https:\/\/bauko.arch.rwth-aachen.de\/galerie\/wp-content\/uploads\/2023\/01\/M2-BigMix_SS22_Mennenoeh-Wittfeld_Schnittperspektive-300x212.jpg 300w, https:\/\/bauko.arch.rwth-aachen.de\/galerie\/wp-content\/uploads\/2023\/01\/M2-BigMix_SS22_Mennenoeh-Wittfeld_Schnittperspektive-1024x724.jpg 1024w, https:\/\/bauko.arch.rwth-aachen.de\/galerie\/wp-content\/uploads\/2023\/01\/M2-BigMix_SS22_Mennenoeh-Wittfeld_Schnittperspektive-768x543.jpg 768w, https:\/\/bauko.arch.rwth-aachen.de\/galerie\/wp-content\/uploads\/2023\/01\/M2-BigMix_SS22_Mennenoeh-Wittfeld_Schnittperspektive-1536x1086.jpg 1536w, https:\/\/bauko.arch.rwth-aachen.de\/galerie\/wp-content\/uploads\/2023\/01\/M2-BigMix_SS22_Mennenoeh-Wittfeld_Schnittperspektive-2048x1448.jpg 2048w, https:\/\/bauko.arch.rwth-aachen.de\/galerie\/wp-content\/uploads\/2023\/01\/M2-BigMix_SS22_Mennenoeh-Wittfeld_Schnittperspektive-800x566.jpg 800w\" sizes=\"(max-width: 2560px) 100vw, 2560px\" \/><\/a><figcaption class=\"wp-element-caption\">Schnittperspektive <\/figcaption><\/figure>\n\n\n\n<figure class=\"wp-block-image size-large\"><a href=\"https:\/\/bauko.arch.rwth-aachen.de\/galerie\/wp-content\/uploads\/2023\/01\/M2-BigMix_SS22_Mennenoeh-Wittfeld_Konstruktionsisos.jpg\"><img decoding=\"async\" width=\"2500\" height=\"1768\" src=\"https:\/\/bauko.arch.rwth-aachen.de\/galerie\/wp-content\/uploads\/2023\/01\/M2-BigMix_SS22_Mennenoeh-Wittfeld_Konstruktionsisos.jpg\" alt=\"\" class=\"wp-image-4786\" srcset=\"https:\/\/bauko.arch.rwth-aachen.de\/galerie\/wp-content\/uploads\/2023\/01\/M2-BigMix_SS22_Mennenoeh-Wittfeld_Konstruktionsisos.jpg 2500w, https:\/\/bauko.arch.rwth-aachen.de\/galerie\/wp-content\/uploads\/2023\/01\/M2-BigMix_SS22_Mennenoeh-Wittfeld_Konstruktionsisos-300x212.jpg 300w, https:\/\/bauko.arch.rwth-aachen.de\/galerie\/wp-content\/uploads\/2023\/01\/M2-BigMix_SS22_Mennenoeh-Wittfeld_Konstruktionsisos-1024x724.jpg 1024w, https:\/\/bauko.arch.rwth-aachen.de\/galerie\/wp-content\/uploads\/2023\/01\/M2-BigMix_SS22_Mennenoeh-Wittfeld_Konstruktionsisos-768x543.jpg 768w, https:\/\/bauko.arch.rwth-aachen.de\/galerie\/wp-content\/uploads\/2023\/01\/M2-BigMix_SS22_Mennenoeh-Wittfeld_Konstruktionsisos-1536x1086.jpg 1536w, https:\/\/bauko.arch.rwth-aachen.de\/galerie\/wp-content\/uploads\/2023\/01\/M2-BigMix_SS22_Mennenoeh-Wittfeld_Konstruktionsisos-2048x1448.jpg 2048w, https:\/\/bauko.arch.rwth-aachen.de\/galerie\/wp-content\/uploads\/2023\/01\/M2-BigMix_SS22_Mennenoeh-Wittfeld_Konstruktionsisos-800x566.jpg 800w\" sizes=\"(max-width: 2500px) 100vw, 2500px\" \/><\/a><figcaption class=\"wp-element-caption\">Detail<\/figcaption><\/figure>\n\n\n\n<figure class=\"wp-block-image size-large\"><a href=\"https:\/\/bauko.arch.rwth-aachen.de\/galerie\/wp-content\/uploads\/2023\/01\/M2-BigMix_SS22_Mennenoeh-Wittfeld_Fassadenschnitt-scaled.jpg\"><img decoding=\"async\" width=\"2560\" height=\"1810\" src=\"https:\/\/bauko.arch.rwth-aachen.de\/galerie\/wp-content\/uploads\/2023\/01\/M2-BigMix_SS22_Mennenoeh-Wittfeld_Fassadenschnitt-scaled.jpg\" alt=\"\" class=\"wp-image-4785\" srcset=\"https:\/\/bauko.arch.rwth-aachen.de\/galerie\/wp-content\/uploads\/2023\/01\/M2-BigMix_SS22_Mennenoeh-Wittfeld_Fassadenschnitt-scaled.jpg 2560w, https:\/\/bauko.arch.rwth-aachen.de\/galerie\/wp-content\/uploads\/2023\/01\/M2-BigMix_SS22_Mennenoeh-Wittfeld_Fassadenschnitt-300x212.jpg 300w, https:\/\/bauko.arch.rwth-aachen.de\/galerie\/wp-content\/uploads\/2023\/01\/M2-BigMix_SS22_Mennenoeh-Wittfeld_Fassadenschnitt-1024x724.jpg 1024w, https:\/\/bauko.arch.rwth-aachen.de\/galerie\/wp-content\/uploads\/2023\/01\/M2-BigMix_SS22_Mennenoeh-Wittfeld_Fassadenschnitt-768x543.jpg 768w, https:\/\/bauko.arch.rwth-aachen.de\/galerie\/wp-content\/uploads\/2023\/01\/M2-BigMix_SS22_Mennenoeh-Wittfeld_Fassadenschnitt-1536x1086.jpg 1536w, https:\/\/bauko.arch.rwth-aachen.de\/galerie\/wp-content\/uploads\/2023\/01\/M2-BigMix_SS22_Mennenoeh-Wittfeld_Fassadenschnitt-2048x1448.jpg 2048w, https:\/\/bauko.arch.rwth-aachen.de\/galerie\/wp-content\/uploads\/2023\/01\/M2-BigMix_SS22_Mennenoeh-Wittfeld_Fassadenschnitt-800x566.jpg 800w\" sizes=\"(max-width: 2560px) 100vw, 2560px\" \/><\/a><figcaption class=\"wp-element-caption\">Fassadenschnitt<\/figcaption><\/figure>\n\n\n\n<figure class=\"wp-block-image size-large\"><a href=\"https:\/\/bauko.arch.rwth-aachen.de\/galerie\/wp-content\/uploads\/2023\/01\/M2-BigMix_SS22_Mennenoeh-Wittfeld_Fassadenmodell.jpg\"><img decoding=\"async\" width=\"724\" height=\"1024\" src=\"https:\/\/bauko.arch.rwth-aachen.de\/galerie\/wp-content\/uploads\/2023\/01\/M2-BigMix_SS22_Mennenoeh-Wittfeld_Fassadenmodell-724x1024.jpg\" alt=\"\" class=\"wp-image-4919\" srcset=\"https:\/\/bauko.arch.rwth-aachen.de\/galerie\/wp-content\/uploads\/2023\/01\/M2-BigMix_SS22_Mennenoeh-Wittfeld_Fassadenmodell-724x1024.jpg 724w, https:\/\/bauko.arch.rwth-aachen.de\/galerie\/wp-content\/uploads\/2023\/01\/M2-BigMix_SS22_Mennenoeh-Wittfeld_Fassadenmodell-212x300.jpg 212w, https:\/\/bauko.arch.rwth-aachen.de\/galerie\/wp-content\/uploads\/2023\/01\/M2-BigMix_SS22_Mennenoeh-Wittfeld_Fassadenmodell-768x1086.jpg 768w, https:\/\/bauko.arch.rwth-aachen.de\/galerie\/wp-content\/uploads\/2023\/01\/M2-BigMix_SS22_Mennenoeh-Wittfeld_Fassadenmodell-1086x1536.jpg 1086w, https:\/\/bauko.arch.rwth-aachen.de\/galerie\/wp-content\/uploads\/2023\/01\/M2-BigMix_SS22_Mennenoeh-Wittfeld_Fassadenmodell-1448x2048.jpg 1448w, https:\/\/bauko.arch.rwth-aachen.de\/galerie\/wp-content\/uploads\/2023\/01\/M2-BigMix_SS22_Mennenoeh-Wittfeld_Fassadenmodell.jpg 1768w\" sizes=\"(max-width: 724px) 100vw, 724px\" \/><\/a><figcaption class=\"wp-element-caption\">Fassadenmodell<\/figcaption><\/figure>\n\n\n\n<figure class=\"wp-block-image size-large\"><a href=\"https:\/\/bauko.arch.rwth-aachen.de\/galerie\/wp-content\/uploads\/2023\/01\/M2-BigMix_SS22_Mennenoeh-Wittfeld_Modell.jpg\"><img decoding=\"async\" width=\"1024\" height=\"724\" src=\"https:\/\/bauko.arch.rwth-aachen.de\/galerie\/wp-content\/uploads\/2023\/01\/M2-BigMix_SS22_Mennenoeh-Wittfeld_Modell-1024x724.jpg\" alt=\"\" class=\"wp-image-4920\" srcset=\"https:\/\/bauko.arch.rwth-aachen.de\/galerie\/wp-content\/uploads\/2023\/01\/M2-BigMix_SS22_Mennenoeh-Wittfeld_Modell-1024x724.jpg 1024w, https:\/\/bauko.arch.rwth-aachen.de\/galerie\/wp-content\/uploads\/2023\/01\/M2-BigMix_SS22_Mennenoeh-Wittfeld_Modell-300x212.jpg 300w, https:\/\/bauko.arch.rwth-aachen.de\/galerie\/wp-content\/uploads\/2023\/01\/M2-BigMix_SS22_Mennenoeh-Wittfeld_Modell-768x543.jpg 768w, https:\/\/bauko.arch.rwth-aachen.de\/galerie\/wp-content\/uploads\/2023\/01\/M2-BigMix_SS22_Mennenoeh-Wittfeld_Modell-1536x1086.jpg 1536w, https:\/\/bauko.arch.rwth-aachen.de\/galerie\/wp-content\/uploads\/2023\/01\/M2-BigMix_SS22_Mennenoeh-Wittfeld_Modell-2048x1448.jpg 2048w, https:\/\/bauko.arch.rwth-aachen.de\/galerie\/wp-content\/uploads\/2023\/01\/M2-BigMix_SS22_Mennenoeh-Wittfeld_Modell-800x566.jpg 800w\" sizes=\"(max-width: 1024px) 100vw, 1024px\" \/><\/a><figcaption class=\"wp-element-caption\">Modell<\/figcaption><\/figure>\n<\/figure>\n<\/div>\n<\/div>\n\n\n\n<div class=\"wp-block-columns is-layout-flex wp-container-23\">\n<div class=\"wp-block-column is-layout-flow\">\n<figure class=\"wp-block-gallery has-nested-images columns-1 is-cropped showfirst wp-block-gallery-17 is-layout-flex\">\n<figure class=\"wp-block-image size-thumbnail\"><a href=\"https:\/\/bauko.arch.rwth-aachen.de\/galerie\/wp-content\/uploads\/2023\/01\/M2-BigMix_SS22_Burkard-Kohnen_Perspektive.jpg\"><img decoding=\"async\" width=\"600\" height=\"375\" src=\"https:\/\/bauko.arch.rwth-aachen.de\/galerie\/wp-content\/uploads\/2023\/01\/M2-BigMix_SS22_Burkard-Kohnen_Perspektive-600x375.jpg\" alt=\"\" class=\"wp-image-4743\"\/><\/a><figcaption class=\"wp-element-caption\">Jonathan Burkard &amp; Yannic Kohnen <\/figcaption><\/figure>\n\n\n\n<figure class=\"wp-block-image size-large\"><a href=\"https:\/\/bauko.arch.rwth-aachen.de\/galerie\/wp-content\/uploads\/2023\/01\/M2-BigMix_SS22_Burkard-Kohnen_Lageplan-1-scaled.jpg\"><img decoding=\"async\" width=\"1024\" height=\"724\" src=\"https:\/\/bauko.arch.rwth-aachen.de\/galerie\/wp-content\/uploads\/2023\/01\/M2-BigMix_SS22_Burkard-Kohnen_Lageplan-1-1024x724.jpg\" alt=\"\" class=\"wp-image-4858\" srcset=\"https:\/\/bauko.arch.rwth-aachen.de\/galerie\/wp-content\/uploads\/2023\/01\/M2-BigMix_SS22_Burkard-Kohnen_Lageplan-1-1024x724.jpg 1024w, https:\/\/bauko.arch.rwth-aachen.de\/galerie\/wp-content\/uploads\/2023\/01\/M2-BigMix_SS22_Burkard-Kohnen_Lageplan-1-300x212.jpg 300w, https:\/\/bauko.arch.rwth-aachen.de\/galerie\/wp-content\/uploads\/2023\/01\/M2-BigMix_SS22_Burkard-Kohnen_Lageplan-1-768x543.jpg 768w, https:\/\/bauko.arch.rwth-aachen.de\/galerie\/wp-content\/uploads\/2023\/01\/M2-BigMix_SS22_Burkard-Kohnen_Lageplan-1-1536x1086.jpg 1536w, https:\/\/bauko.arch.rwth-aachen.de\/galerie\/wp-content\/uploads\/2023\/01\/M2-BigMix_SS22_Burkard-Kohnen_Lageplan-1-2048x1448.jpg 2048w, https:\/\/bauko.arch.rwth-aachen.de\/galerie\/wp-content\/uploads\/2023\/01\/M2-BigMix_SS22_Burkard-Kohnen_Lageplan-1-800x566.jpg 800w\" sizes=\"(max-width: 1024px) 100vw, 1024px\" \/><\/a><figcaption class=\"wp-element-caption\">Lageplan<\/figcaption><\/figure>\n\n\n\n<figure class=\"wp-block-image size-large\"><a href=\"https:\/\/bauko.arch.rwth-aachen.de\/galerie\/wp-content\/uploads\/2023\/01\/M2-BigMix_SS22_Burkard-Kohnen_Isometrie-scaled.jpg\"><img decoding=\"async\" width=\"2560\" height=\"1810\" src=\"https:\/\/bauko.arch.rwth-aachen.de\/galerie\/wp-content\/uploads\/2023\/01\/M2-BigMix_SS22_Burkard-Kohnen_Isometrie-scaled.jpg\" alt=\"\" class=\"wp-image-4745\" srcset=\"https:\/\/bauko.arch.rwth-aachen.de\/galerie\/wp-content\/uploads\/2023\/01\/M2-BigMix_SS22_Burkard-Kohnen_Isometrie-scaled.jpg 2560w, https:\/\/bauko.arch.rwth-aachen.de\/galerie\/wp-content\/uploads\/2023\/01\/M2-BigMix_SS22_Burkard-Kohnen_Isometrie-300x212.jpg 300w, https:\/\/bauko.arch.rwth-aachen.de\/galerie\/wp-content\/uploads\/2023\/01\/M2-BigMix_SS22_Burkard-Kohnen_Isometrie-1024x724.jpg 1024w, https:\/\/bauko.arch.rwth-aachen.de\/galerie\/wp-content\/uploads\/2023\/01\/M2-BigMix_SS22_Burkard-Kohnen_Isometrie-768x543.jpg 768w, https:\/\/bauko.arch.rwth-aachen.de\/galerie\/wp-content\/uploads\/2023\/01\/M2-BigMix_SS22_Burkard-Kohnen_Isometrie-1536x1086.jpg 1536w, https:\/\/bauko.arch.rwth-aachen.de\/galerie\/wp-content\/uploads\/2023\/01\/M2-BigMix_SS22_Burkard-Kohnen_Isometrie-2048x1448.jpg 2048w, https:\/\/bauko.arch.rwth-aachen.de\/galerie\/wp-content\/uploads\/2023\/01\/M2-BigMix_SS22_Burkard-Kohnen_Isometrie-800x566.jpg 800w\" sizes=\"(max-width: 2560px) 100vw, 2560px\" \/><\/a><figcaption class=\"wp-element-caption\">Isometrie<\/figcaption><\/figure>\n\n\n\n<figure class=\"wp-block-image size-large\"><a href=\"https:\/\/bauko.arch.rwth-aachen.de\/galerie\/wp-content\/uploads\/2023\/01\/M2-BigMix_SS22_Burkard-Kohnen_Nutzungsiso-scaled.jpg\"><img decoding=\"async\" width=\"2560\" height=\"1810\" src=\"https:\/\/bauko.arch.rwth-aachen.de\/galerie\/wp-content\/uploads\/2023\/01\/M2-BigMix_SS22_Burkard-Kohnen_Nutzungsiso-scaled.jpg\" alt=\"\" class=\"wp-image-4738\" srcset=\"https:\/\/bauko.arch.rwth-aachen.de\/galerie\/wp-content\/uploads\/2023\/01\/M2-BigMix_SS22_Burkard-Kohnen_Nutzungsiso-scaled.jpg 2560w, https:\/\/bauko.arch.rwth-aachen.de\/galerie\/wp-content\/uploads\/2023\/01\/M2-BigMix_SS22_Burkard-Kohnen_Nutzungsiso-300x212.jpg 300w, https:\/\/bauko.arch.rwth-aachen.de\/galerie\/wp-content\/uploads\/2023\/01\/M2-BigMix_SS22_Burkard-Kohnen_Nutzungsiso-1024x724.jpg 1024w, https:\/\/bauko.arch.rwth-aachen.de\/galerie\/wp-content\/uploads\/2023\/01\/M2-BigMix_SS22_Burkard-Kohnen_Nutzungsiso-768x543.jpg 768w, https:\/\/bauko.arch.rwth-aachen.de\/galerie\/wp-content\/uploads\/2023\/01\/M2-BigMix_SS22_Burkard-Kohnen_Nutzungsiso-1536x1086.jpg 1536w, https:\/\/bauko.arch.rwth-aachen.de\/galerie\/wp-content\/uploads\/2023\/01\/M2-BigMix_SS22_Burkard-Kohnen_Nutzungsiso-2048x1448.jpg 2048w, https:\/\/bauko.arch.rwth-aachen.de\/galerie\/wp-content\/uploads\/2023\/01\/M2-BigMix_SS22_Burkard-Kohnen_Nutzungsiso-800x566.jpg 800w\" sizes=\"(max-width: 2560px) 100vw, 2560px\" \/><\/a><figcaption class=\"wp-element-caption\">Nutzungsverteilung <\/figcaption><\/figure>\n\n\n\n<figure class=\"wp-block-image size-large\"><a href=\"https:\/\/bauko.arch.rwth-aachen.de\/galerie\/wp-content\/uploads\/2023\/01\/M2-BigMix_SS22_Burkard-Kohnen_GR-EG-scaled.jpg\"><img decoding=\"async\" width=\"2560\" height=\"1810\" src=\"https:\/\/bauko.arch.rwth-aachen.de\/galerie\/wp-content\/uploads\/2023\/01\/M2-BigMix_SS22_Burkard-Kohnen_GR-EG-scaled.jpg\" alt=\"\" class=\"wp-image-4744\" srcset=\"https:\/\/bauko.arch.rwth-aachen.de\/galerie\/wp-content\/uploads\/2023\/01\/M2-BigMix_SS22_Burkard-Kohnen_GR-EG-scaled.jpg 2560w, https:\/\/bauko.arch.rwth-aachen.de\/galerie\/wp-content\/uploads\/2023\/01\/M2-BigMix_SS22_Burkard-Kohnen_GR-EG-300x212.jpg 300w, https:\/\/bauko.arch.rwth-aachen.de\/galerie\/wp-content\/uploads\/2023\/01\/M2-BigMix_SS22_Burkard-Kohnen_GR-EG-1024x724.jpg 1024w, https:\/\/bauko.arch.rwth-aachen.de\/galerie\/wp-content\/uploads\/2023\/01\/M2-BigMix_SS22_Burkard-Kohnen_GR-EG-768x543.jpg 768w, https:\/\/bauko.arch.rwth-aachen.de\/galerie\/wp-content\/uploads\/2023\/01\/M2-BigMix_SS22_Burkard-Kohnen_GR-EG-1536x1086.jpg 1536w, https:\/\/bauko.arch.rwth-aachen.de\/galerie\/wp-content\/uploads\/2023\/01\/M2-BigMix_SS22_Burkard-Kohnen_GR-EG-2048x1448.jpg 2048w, https:\/\/bauko.arch.rwth-aachen.de\/galerie\/wp-content\/uploads\/2023\/01\/M2-BigMix_SS22_Burkard-Kohnen_GR-EG-800x566.jpg 800w\" sizes=\"(max-width: 2560px) 100vw, 2560px\" \/><\/a><figcaption class=\"wp-element-caption\">Grundriss EG<\/figcaption><\/figure>\n\n\n\n<figure class=\"wp-block-image size-large\"><a href=\"https:\/\/bauko.arch.rwth-aachen.de\/galerie\/wp-content\/uploads\/2023\/01\/M2-BigMix_SS22_Burkard-Kohnen_GR-1OG-scaled.jpg\"><img decoding=\"async\" width=\"2560\" height=\"1810\" src=\"https:\/\/bauko.arch.rwth-aachen.de\/galerie\/wp-content\/uploads\/2023\/01\/M2-BigMix_SS22_Burkard-Kohnen_GR-1OG-scaled.jpg\" alt=\"\" class=\"wp-image-4737\" srcset=\"https:\/\/bauko.arch.rwth-aachen.de\/galerie\/wp-content\/uploads\/2023\/01\/M2-BigMix_SS22_Burkard-Kohnen_GR-1OG-scaled.jpg 2560w, https:\/\/bauko.arch.rwth-aachen.de\/galerie\/wp-content\/uploads\/2023\/01\/M2-BigMix_SS22_Burkard-Kohnen_GR-1OG-300x212.jpg 300w, https:\/\/bauko.arch.rwth-aachen.de\/galerie\/wp-content\/uploads\/2023\/01\/M2-BigMix_SS22_Burkard-Kohnen_GR-1OG-1024x724.jpg 1024w, https:\/\/bauko.arch.rwth-aachen.de\/galerie\/wp-content\/uploads\/2023\/01\/M2-BigMix_SS22_Burkard-Kohnen_GR-1OG-768x543.jpg 768w, https:\/\/bauko.arch.rwth-aachen.de\/galerie\/wp-content\/uploads\/2023\/01\/M2-BigMix_SS22_Burkard-Kohnen_GR-1OG-1536x1086.jpg 1536w, https:\/\/bauko.arch.rwth-aachen.de\/galerie\/wp-content\/uploads\/2023\/01\/M2-BigMix_SS22_Burkard-Kohnen_GR-1OG-2048x1448.jpg 2048w, https:\/\/bauko.arch.rwth-aachen.de\/galerie\/wp-content\/uploads\/2023\/01\/M2-BigMix_SS22_Burkard-Kohnen_GR-1OG-800x566.jpg 800w\" sizes=\"(max-width: 2560px) 100vw, 2560px\" \/><\/a><figcaption class=\"wp-element-caption\">Grundriss 1.OG<\/figcaption><\/figure>\n\n\n\n<figure class=\"wp-block-image size-large\"><a href=\"https:\/\/bauko.arch.rwth-aachen.de\/galerie\/wp-content\/uploads\/2023\/01\/M2-BigMix_SS22_Burkard-Kohnen_GR-2OG-scaled.jpg\"><img decoding=\"async\" width=\"2560\" height=\"1810\" src=\"https:\/\/bauko.arch.rwth-aachen.de\/galerie\/wp-content\/uploads\/2023\/01\/M2-BigMix_SS22_Burkard-Kohnen_GR-2OG-scaled.jpg\" alt=\"\" class=\"wp-image-4736\" srcset=\"https:\/\/bauko.arch.rwth-aachen.de\/galerie\/wp-content\/uploads\/2023\/01\/M2-BigMix_SS22_Burkard-Kohnen_GR-2OG-scaled.jpg 2560w, https:\/\/bauko.arch.rwth-aachen.de\/galerie\/wp-content\/uploads\/2023\/01\/M2-BigMix_SS22_Burkard-Kohnen_GR-2OG-300x212.jpg 300w, https:\/\/bauko.arch.rwth-aachen.de\/galerie\/wp-content\/uploads\/2023\/01\/M2-BigMix_SS22_Burkard-Kohnen_GR-2OG-1024x724.jpg 1024w, https:\/\/bauko.arch.rwth-aachen.de\/galerie\/wp-content\/uploads\/2023\/01\/M2-BigMix_SS22_Burkard-Kohnen_GR-2OG-768x543.jpg 768w, https:\/\/bauko.arch.rwth-aachen.de\/galerie\/wp-content\/uploads\/2023\/01\/M2-BigMix_SS22_Burkard-Kohnen_GR-2OG-1536x1086.jpg 1536w, https:\/\/bauko.arch.rwth-aachen.de\/galerie\/wp-content\/uploads\/2023\/01\/M2-BigMix_SS22_Burkard-Kohnen_GR-2OG-2048x1448.jpg 2048w, https:\/\/bauko.arch.rwth-aachen.de\/galerie\/wp-content\/uploads\/2023\/01\/M2-BigMix_SS22_Burkard-Kohnen_GR-2OG-800x566.jpg 800w\" sizes=\"(max-width: 2560px) 100vw, 2560px\" \/><\/a><figcaption class=\"wp-element-caption\">Grundriss 2.OG<\/figcaption><\/figure>\n\n\n\n<figure class=\"wp-block-image size-large\"><a href=\"https:\/\/bauko.arch.rwth-aachen.de\/galerie\/wp-content\/uploads\/2023\/01\/M2-BigMix_SS22_Burkard-Kohnen_GR-3OG-scaled.jpg\"><img decoding=\"async\" width=\"2560\" height=\"1810\" src=\"https:\/\/bauko.arch.rwth-aachen.de\/galerie\/wp-content\/uploads\/2023\/01\/M2-BigMix_SS22_Burkard-Kohnen_GR-3OG-scaled.jpg\" alt=\"\" class=\"wp-image-4739\" srcset=\"https:\/\/bauko.arch.rwth-aachen.de\/galerie\/wp-content\/uploads\/2023\/01\/M2-BigMix_SS22_Burkard-Kohnen_GR-3OG-scaled.jpg 2560w, https:\/\/bauko.arch.rwth-aachen.de\/galerie\/wp-content\/uploads\/2023\/01\/M2-BigMix_SS22_Burkard-Kohnen_GR-3OG-300x212.jpg 300w, https:\/\/bauko.arch.rwth-aachen.de\/galerie\/wp-content\/uploads\/2023\/01\/M2-BigMix_SS22_Burkard-Kohnen_GR-3OG-1024x724.jpg 1024w, https:\/\/bauko.arch.rwth-aachen.de\/galerie\/wp-content\/uploads\/2023\/01\/M2-BigMix_SS22_Burkard-Kohnen_GR-3OG-768x543.jpg 768w, https:\/\/bauko.arch.rwth-aachen.de\/galerie\/wp-content\/uploads\/2023\/01\/M2-BigMix_SS22_Burkard-Kohnen_GR-3OG-1536x1086.jpg 1536w, https:\/\/bauko.arch.rwth-aachen.de\/galerie\/wp-content\/uploads\/2023\/01\/M2-BigMix_SS22_Burkard-Kohnen_GR-3OG-2048x1448.jpg 2048w, https:\/\/bauko.arch.rwth-aachen.de\/galerie\/wp-content\/uploads\/2023\/01\/M2-BigMix_SS22_Burkard-Kohnen_GR-3OG-800x566.jpg 800w\" sizes=\"(max-width: 2560px) 100vw, 2560px\" \/><\/a><figcaption class=\"wp-element-caption\">Grundriss 3.OG <\/figcaption><\/figure>\n\n\n\n<figure class=\"wp-block-image size-large\"><a href=\"https:\/\/bauko.arch.rwth-aachen.de\/galerie\/wp-content\/uploads\/2023\/01\/M2-BigMix_SS22_Burkard-Kohnen_Schnittperspektive-scaled.jpg\"><img decoding=\"async\" width=\"2560\" height=\"1810\" src=\"https:\/\/bauko.arch.rwth-aachen.de\/galerie\/wp-content\/uploads\/2023\/01\/M2-BigMix_SS22_Burkard-Kohnen_Schnittperspektive-scaled.jpg\" alt=\"\" class=\"wp-image-4734\" srcset=\"https:\/\/bauko.arch.rwth-aachen.de\/galerie\/wp-content\/uploads\/2023\/01\/M2-BigMix_SS22_Burkard-Kohnen_Schnittperspektive-scaled.jpg 2560w, https:\/\/bauko.arch.rwth-aachen.de\/galerie\/wp-content\/uploads\/2023\/01\/M2-BigMix_SS22_Burkard-Kohnen_Schnittperspektive-300x212.jpg 300w, https:\/\/bauko.arch.rwth-aachen.de\/galerie\/wp-content\/uploads\/2023\/01\/M2-BigMix_SS22_Burkard-Kohnen_Schnittperspektive-1024x724.jpg 1024w, https:\/\/bauko.arch.rwth-aachen.de\/galerie\/wp-content\/uploads\/2023\/01\/M2-BigMix_SS22_Burkard-Kohnen_Schnittperspektive-768x543.jpg 768w, https:\/\/bauko.arch.rwth-aachen.de\/galerie\/wp-content\/uploads\/2023\/01\/M2-BigMix_SS22_Burkard-Kohnen_Schnittperspektive-1536x1086.jpg 1536w, https:\/\/bauko.arch.rwth-aachen.de\/galerie\/wp-content\/uploads\/2023\/01\/M2-BigMix_SS22_Burkard-Kohnen_Schnittperspektive-2048x1448.jpg 2048w, https:\/\/bauko.arch.rwth-aachen.de\/galerie\/wp-content\/uploads\/2023\/01\/M2-BigMix_SS22_Burkard-Kohnen_Schnittperspektive-800x566.jpg 800w\" sizes=\"(max-width: 2560px) 100vw, 2560px\" \/><\/a><figcaption class=\"wp-element-caption\">Schnittperspektive <\/figcaption><\/figure>\n\n\n\n<figure class=\"wp-block-image size-large\"><a href=\"https:\/\/bauko.arch.rwth-aachen.de\/galerie\/wp-content\/uploads\/2023\/01\/M2-BigMix_SS22_Burkard-Kohnen_GR_Wohnen-scaled.jpg\"><img decoding=\"async\" width=\"2560\" height=\"1810\" src=\"https:\/\/bauko.arch.rwth-aachen.de\/galerie\/wp-content\/uploads\/2023\/01\/M2-BigMix_SS22_Burkard-Kohnen_GR_Wohnen-scaled.jpg\" alt=\"\" class=\"wp-image-4731\" srcset=\"https:\/\/bauko.arch.rwth-aachen.de\/galerie\/wp-content\/uploads\/2023\/01\/M2-BigMix_SS22_Burkard-Kohnen_GR_Wohnen-scaled.jpg 2560w, https:\/\/bauko.arch.rwth-aachen.de\/galerie\/wp-content\/uploads\/2023\/01\/M2-BigMix_SS22_Burkard-Kohnen_GR_Wohnen-300x212.jpg 300w, https:\/\/bauko.arch.rwth-aachen.de\/galerie\/wp-content\/uploads\/2023\/01\/M2-BigMix_SS22_Burkard-Kohnen_GR_Wohnen-1024x724.jpg 1024w, https:\/\/bauko.arch.rwth-aachen.de\/galerie\/wp-content\/uploads\/2023\/01\/M2-BigMix_SS22_Burkard-Kohnen_GR_Wohnen-768x543.jpg 768w, https:\/\/bauko.arch.rwth-aachen.de\/galerie\/wp-content\/uploads\/2023\/01\/M2-BigMix_SS22_Burkard-Kohnen_GR_Wohnen-1536x1086.jpg 1536w, https:\/\/bauko.arch.rwth-aachen.de\/galerie\/wp-content\/uploads\/2023\/01\/M2-BigMix_SS22_Burkard-Kohnen_GR_Wohnen-2048x1448.jpg 2048w, https:\/\/bauko.arch.rwth-aachen.de\/galerie\/wp-content\/uploads\/2023\/01\/M2-BigMix_SS22_Burkard-Kohnen_GR_Wohnen-800x566.jpg 800w\" sizes=\"(max-width: 2560px) 100vw, 2560px\" \/><\/a><figcaption class=\"wp-element-caption\">Grundriss Wohnungstypen <\/figcaption><\/figure>\n\n\n\n<figure class=\"wp-block-image size-large\"><a href=\"https:\/\/bauko.arch.rwth-aachen.de\/galerie\/wp-content\/uploads\/2023\/01\/M2-BigMix_SS22_Burkard-Kohnen_Perspektive-Wohnstrasse.jpg\"><img decoding=\"async\" width=\"1357\" height=\"1768\" src=\"https:\/\/bauko.arch.rwth-aachen.de\/galerie\/wp-content\/uploads\/2023\/01\/M2-BigMix_SS22_Burkard-Kohnen_Perspektive-Wohnstrasse.jpg\" alt=\"\" class=\"wp-image-4742\" srcset=\"https:\/\/bauko.arch.rwth-aachen.de\/galerie\/wp-content\/uploads\/2023\/01\/M2-BigMix_SS22_Burkard-Kohnen_Perspektive-Wohnstrasse.jpg 1357w, https:\/\/bauko.arch.rwth-aachen.de\/galerie\/wp-content\/uploads\/2023\/01\/M2-BigMix_SS22_Burkard-Kohnen_Perspektive-Wohnstrasse-230x300.jpg 230w, https:\/\/bauko.arch.rwth-aachen.de\/galerie\/wp-content\/uploads\/2023\/01\/M2-BigMix_SS22_Burkard-Kohnen_Perspektive-Wohnstrasse-786x1024.jpg 786w, https:\/\/bauko.arch.rwth-aachen.de\/galerie\/wp-content\/uploads\/2023\/01\/M2-BigMix_SS22_Burkard-Kohnen_Perspektive-Wohnstrasse-768x1001.jpg 768w, https:\/\/bauko.arch.rwth-aachen.de\/galerie\/wp-content\/uploads\/2023\/01\/M2-BigMix_SS22_Burkard-Kohnen_Perspektive-Wohnstrasse-1179x1536.jpg 1179w\" sizes=\"(max-width: 1357px) 100vw, 1357px\" \/><\/a><figcaption class=\"wp-element-caption\">Perspektive Wohnstra\u00dfe<\/figcaption><\/figure>\n\n\n\n<figure class=\"wp-block-image size-large\"><a href=\"https:\/\/bauko.arch.rwth-aachen.de\/galerie\/wp-content\/uploads\/2023\/01\/M2-BigMix_SS22_Burkard-Kohnen_Inneperspektive.jpg\"><img decoding=\"async\" width=\"1319\" height=\"1768\" src=\"https:\/\/bauko.arch.rwth-aachen.de\/galerie\/wp-content\/uploads\/2023\/01\/M2-BigMix_SS22_Burkard-Kohnen_Inneperspektive.jpg\" alt=\"\" class=\"wp-image-4741\" srcset=\"https:\/\/bauko.arch.rwth-aachen.de\/galerie\/wp-content\/uploads\/2023\/01\/M2-BigMix_SS22_Burkard-Kohnen_Inneperspektive.jpg 1319w, https:\/\/bauko.arch.rwth-aachen.de\/galerie\/wp-content\/uploads\/2023\/01\/M2-BigMix_SS22_Burkard-Kohnen_Inneperspektive-224x300.jpg 224w, https:\/\/bauko.arch.rwth-aachen.de\/galerie\/wp-content\/uploads\/2023\/01\/M2-BigMix_SS22_Burkard-Kohnen_Inneperspektive-764x1024.jpg 764w, https:\/\/bauko.arch.rwth-aachen.de\/galerie\/wp-content\/uploads\/2023\/01\/M2-BigMix_SS22_Burkard-Kohnen_Inneperspektive-768x1029.jpg 768w, https:\/\/bauko.arch.rwth-aachen.de\/galerie\/wp-content\/uploads\/2023\/01\/M2-BigMix_SS22_Burkard-Kohnen_Inneperspektive-1146x1536.jpg 1146w\" sizes=\"(max-width: 1319px) 100vw, 1319px\" \/><\/a><figcaption class=\"wp-element-caption\">Perspektive <\/figcaption><\/figure>\n\n\n\n<figure class=\"wp-block-image size-large\"><a href=\"https:\/\/bauko.arch.rwth-aachen.de\/galerie\/wp-content\/uploads\/2023\/01\/M2-BigMix_SS22_Burkard-Kohnen_AN-SC_quer-scaled.jpg\"><img decoding=\"async\" width=\"2560\" height=\"1810\" src=\"https:\/\/bauko.arch.rwth-aachen.de\/galerie\/wp-content\/uploads\/2023\/01\/M2-BigMix_SS22_Burkard-Kohnen_AN-SC_quer-scaled.jpg\" alt=\"\" class=\"wp-image-4730\" srcset=\"https:\/\/bauko.arch.rwth-aachen.de\/galerie\/wp-content\/uploads\/2023\/01\/M2-BigMix_SS22_Burkard-Kohnen_AN-SC_quer-scaled.jpg 2560w, https:\/\/bauko.arch.rwth-aachen.de\/galerie\/wp-content\/uploads\/2023\/01\/M2-BigMix_SS22_Burkard-Kohnen_AN-SC_quer-300x212.jpg 300w, https:\/\/bauko.arch.rwth-aachen.de\/galerie\/wp-content\/uploads\/2023\/01\/M2-BigMix_SS22_Burkard-Kohnen_AN-SC_quer-1024x724.jpg 1024w, https:\/\/bauko.arch.rwth-aachen.de\/galerie\/wp-content\/uploads\/2023\/01\/M2-BigMix_SS22_Burkard-Kohnen_AN-SC_quer-768x543.jpg 768w, https:\/\/bauko.arch.rwth-aachen.de\/galerie\/wp-content\/uploads\/2023\/01\/M2-BigMix_SS22_Burkard-Kohnen_AN-SC_quer-1536x1086.jpg 1536w, https:\/\/bauko.arch.rwth-aachen.de\/galerie\/wp-content\/uploads\/2023\/01\/M2-BigMix_SS22_Burkard-Kohnen_AN-SC_quer-2048x1448.jpg 2048w, https:\/\/bauko.arch.rwth-aachen.de\/galerie\/wp-content\/uploads\/2023\/01\/M2-BigMix_SS22_Burkard-Kohnen_AN-SC_quer-800x566.jpg 800w\" sizes=\"(max-width: 2560px) 100vw, 2560px\" \/><\/a><figcaption class=\"wp-element-caption\">Ansicht Nord &amp; Querschnitt<\/figcaption><\/figure>\n\n\n\n<figure class=\"wp-block-image size-large\"><a href=\"https:\/\/bauko.arch.rwth-aachen.de\/galerie\/wp-content\/uploads\/2023\/01\/M2-BigMix_SS22_Burkard-Kohnen_AN-SC_laengs2-scaled.jpg\"><img decoding=\"async\" width=\"2560\" height=\"1810\" src=\"https:\/\/bauko.arch.rwth-aachen.de\/galerie\/wp-content\/uploads\/2023\/01\/M2-BigMix_SS22_Burkard-Kohnen_AN-SC_laengs2-scaled.jpg\" alt=\"\" class=\"wp-image-4732\" srcset=\"https:\/\/bauko.arch.rwth-aachen.de\/galerie\/wp-content\/uploads\/2023\/01\/M2-BigMix_SS22_Burkard-Kohnen_AN-SC_laengs2-scaled.jpg 2560w, https:\/\/bauko.arch.rwth-aachen.de\/galerie\/wp-content\/uploads\/2023\/01\/M2-BigMix_SS22_Burkard-Kohnen_AN-SC_laengs2-300x212.jpg 300w, https:\/\/bauko.arch.rwth-aachen.de\/galerie\/wp-content\/uploads\/2023\/01\/M2-BigMix_SS22_Burkard-Kohnen_AN-SC_laengs2-1024x724.jpg 1024w, https:\/\/bauko.arch.rwth-aachen.de\/galerie\/wp-content\/uploads\/2023\/01\/M2-BigMix_SS22_Burkard-Kohnen_AN-SC_laengs2-768x543.jpg 768w, https:\/\/bauko.arch.rwth-aachen.de\/galerie\/wp-content\/uploads\/2023\/01\/M2-BigMix_SS22_Burkard-Kohnen_AN-SC_laengs2-1536x1086.jpg 1536w, https:\/\/bauko.arch.rwth-aachen.de\/galerie\/wp-content\/uploads\/2023\/01\/M2-BigMix_SS22_Burkard-Kohnen_AN-SC_laengs2-2048x1448.jpg 2048w, https:\/\/bauko.arch.rwth-aachen.de\/galerie\/wp-content\/uploads\/2023\/01\/M2-BigMix_SS22_Burkard-Kohnen_AN-SC_laengs2-800x566.jpg 800w\" sizes=\"(max-width: 2560px) 100vw, 2560px\" \/><\/a><figcaption class=\"wp-element-caption\">Ansicht West &amp; L\u00e4ngsschnitt<\/figcaption><\/figure>\n\n\n\n<figure class=\"wp-block-image size-large\"><a href=\"https:\/\/bauko.arch.rwth-aachen.de\/galerie\/wp-content\/uploads\/2023\/01\/M2-BigMix_SS22_Burkard-Kohnen_Fassadenschnitt-scaled.jpg\"><img decoding=\"async\" width=\"2560\" height=\"1810\" src=\"https:\/\/bauko.arch.rwth-aachen.de\/galerie\/wp-content\/uploads\/2023\/01\/M2-BigMix_SS22_Burkard-Kohnen_Fassadenschnitt-scaled.jpg\" alt=\"\" class=\"wp-image-4735\" srcset=\"https:\/\/bauko.arch.rwth-aachen.de\/galerie\/wp-content\/uploads\/2023\/01\/M2-BigMix_SS22_Burkard-Kohnen_Fassadenschnitt-scaled.jpg 2560w, https:\/\/bauko.arch.rwth-aachen.de\/galerie\/wp-content\/uploads\/2023\/01\/M2-BigMix_SS22_Burkard-Kohnen_Fassadenschnitt-300x212.jpg 300w, https:\/\/bauko.arch.rwth-aachen.de\/galerie\/wp-content\/uploads\/2023\/01\/M2-BigMix_SS22_Burkard-Kohnen_Fassadenschnitt-1024x724.jpg 1024w, https:\/\/bauko.arch.rwth-aachen.de\/galerie\/wp-content\/uploads\/2023\/01\/M2-BigMix_SS22_Burkard-Kohnen_Fassadenschnitt-768x543.jpg 768w, https:\/\/bauko.arch.rwth-aachen.de\/galerie\/wp-content\/uploads\/2023\/01\/M2-BigMix_SS22_Burkard-Kohnen_Fassadenschnitt-1536x1086.jpg 1536w, https:\/\/bauko.arch.rwth-aachen.de\/galerie\/wp-content\/uploads\/2023\/01\/M2-BigMix_SS22_Burkard-Kohnen_Fassadenschnitt-2048x1448.jpg 2048w, https:\/\/bauko.arch.rwth-aachen.de\/galerie\/wp-content\/uploads\/2023\/01\/M2-BigMix_SS22_Burkard-Kohnen_Fassadenschnitt-800x566.jpg 800w\" sizes=\"(max-width: 2560px) 100vw, 2560px\" \/><\/a><figcaption class=\"wp-element-caption\">Fassadenschnitt<\/figcaption><\/figure>\n\n\n\n<figure class=\"wp-block-image size-large\"><a href=\"https:\/\/bauko.arch.rwth-aachen.de\/galerie\/wp-content\/uploads\/2023\/01\/M2-BigMix_SS22_Burkard-Kohnen_Fassadenmodel.jpg\"><img decoding=\"async\" width=\"724\" height=\"1024\" src=\"https:\/\/bauko.arch.rwth-aachen.de\/galerie\/wp-content\/uploads\/2023\/01\/M2-BigMix_SS22_Burkard-Kohnen_Fassadenmodel-724x1024.jpg\" alt=\"\" class=\"wp-image-4917\" srcset=\"https:\/\/bauko.arch.rwth-aachen.de\/galerie\/wp-content\/uploads\/2023\/01\/M2-BigMix_SS22_Burkard-Kohnen_Fassadenmodel-724x1024.jpg 724w, https:\/\/bauko.arch.rwth-aachen.de\/galerie\/wp-content\/uploads\/2023\/01\/M2-BigMix_SS22_Burkard-Kohnen_Fassadenmodel-212x300.jpg 212w, https:\/\/bauko.arch.rwth-aachen.de\/galerie\/wp-content\/uploads\/2023\/01\/M2-BigMix_SS22_Burkard-Kohnen_Fassadenmodel-768x1086.jpg 768w, https:\/\/bauko.arch.rwth-aachen.de\/galerie\/wp-content\/uploads\/2023\/01\/M2-BigMix_SS22_Burkard-Kohnen_Fassadenmodel-1086x1536.jpg 1086w, https:\/\/bauko.arch.rwth-aachen.de\/galerie\/wp-content\/uploads\/2023\/01\/M2-BigMix_SS22_Burkard-Kohnen_Fassadenmodel-1448x2048.jpg 1448w, https:\/\/bauko.arch.rwth-aachen.de\/galerie\/wp-content\/uploads\/2023\/01\/M2-BigMix_SS22_Burkard-Kohnen_Fassadenmodel.jpg 1768w\" sizes=\"(max-width: 724px) 100vw, 724px\" \/><\/a><figcaption class=\"wp-element-caption\">Fassadenmodell<\/figcaption><\/figure>\n\n\n\n<figure class=\"wp-block-image size-large\"><a href=\"https:\/\/bauko.arch.rwth-aachen.de\/galerie\/wp-content\/uploads\/2023\/01\/M2-BigMix_SS22_Burkard-Kohnen_Model.jpg\"><img decoding=\"async\" width=\"1024\" height=\"724\" src=\"https:\/\/bauko.arch.rwth-aachen.de\/galerie\/wp-content\/uploads\/2023\/01\/M2-BigMix_SS22_Burkard-Kohnen_Model-1024x724.jpg\" alt=\"\" class=\"wp-image-4918\" srcset=\"https:\/\/bauko.arch.rwth-aachen.de\/galerie\/wp-content\/uploads\/2023\/01\/M2-BigMix_SS22_Burkard-Kohnen_Model-1024x724.jpg 1024w, https:\/\/bauko.arch.rwth-aachen.de\/galerie\/wp-content\/uploads\/2023\/01\/M2-BigMix_SS22_Burkard-Kohnen_Model-300x212.jpg 300w, https:\/\/bauko.arch.rwth-aachen.de\/galerie\/wp-content\/uploads\/2023\/01\/M2-BigMix_SS22_Burkard-Kohnen_Model-768x543.jpg 768w, https:\/\/bauko.arch.rwth-aachen.de\/galerie\/wp-content\/uploads\/2023\/01\/M2-BigMix_SS22_Burkard-Kohnen_Model-1536x1086.jpg 1536w, https:\/\/bauko.arch.rwth-aachen.de\/galerie\/wp-content\/uploads\/2023\/01\/M2-BigMix_SS22_Burkard-Kohnen_Model-2048x1448.jpg 2048w, https:\/\/bauko.arch.rwth-aachen.de\/galerie\/wp-content\/uploads\/2023\/01\/M2-BigMix_SS22_Burkard-Kohnen_Model-800x566.jpg 800w\" sizes=\"(max-width: 1024px) 100vw, 1024px\" \/><\/a><figcaption class=\"wp-element-caption\">Modell<\/figcaption><\/figure>\n<\/figure>\n<\/div>\n\n\n\n<div class=\"wp-block-column is-layout-flow\">\n<figure class=\"wp-block-gallery has-nested-images columns-1 is-cropped showfirst wp-block-gallery-20 is-layout-flex\">\n<figure class=\"wp-block-image size-thumbnail\"><a href=\"https:\/\/bauko.arch.rwth-aachen.de\/galerie\/wp-content\/uploads\/2023\/01\/M2-BigMix_SS22_Nunnemann-Wuellenweber_Perspektive.jpg\"><img decoding=\"async\" width=\"600\" height=\"375\" src=\"https:\/\/bauko.arch.rwth-aachen.de\/galerie\/wp-content\/uploads\/2023\/01\/M2-BigMix_SS22_Nunnemann-Wuellenweber_Perspektive-600x375.jpg\" alt=\"\" class=\"wp-image-4808\"\/><\/a><figcaption class=\"wp-element-caption\">Lukas Nunnemann &amp; Michael W\u00fcllenweber <\/figcaption><\/figure>\n\n\n\n<figure class=\"wp-block-image size-large\"><a href=\"https:\/\/bauko.arch.rwth-aachen.de\/galerie\/wp-content\/uploads\/2023\/01\/M2-BigMix_SS22_Nunnemann-Wuellenweber_Lageplan.jpg\"><img decoding=\"async\" width=\"1024\" height=\"724\" src=\"https:\/\/bauko.arch.rwth-aachen.de\/galerie\/wp-content\/uploads\/2023\/01\/M2-BigMix_SS22_Nunnemann-Wuellenweber_Lageplan-1024x724.jpg\" alt=\"\" class=\"wp-image-4857\" srcset=\"https:\/\/bauko.arch.rwth-aachen.de\/galerie\/wp-content\/uploads\/2023\/01\/M2-BigMix_SS22_Nunnemann-Wuellenweber_Lageplan-1024x724.jpg 1024w, https:\/\/bauko.arch.rwth-aachen.de\/galerie\/wp-content\/uploads\/2023\/01\/M2-BigMix_SS22_Nunnemann-Wuellenweber_Lageplan-300x212.jpg 300w, https:\/\/bauko.arch.rwth-aachen.de\/galerie\/wp-content\/uploads\/2023\/01\/M2-BigMix_SS22_Nunnemann-Wuellenweber_Lageplan-768x543.jpg 768w, https:\/\/bauko.arch.rwth-aachen.de\/galerie\/wp-content\/uploads\/2023\/01\/M2-BigMix_SS22_Nunnemann-Wuellenweber_Lageplan-1536x1086.jpg 1536w, https:\/\/bauko.arch.rwth-aachen.de\/galerie\/wp-content\/uploads\/2023\/01\/M2-BigMix_SS22_Nunnemann-Wuellenweber_Lageplan-2048x1448.jpg 2048w, https:\/\/bauko.arch.rwth-aachen.de\/galerie\/wp-content\/uploads\/2023\/01\/M2-BigMix_SS22_Nunnemann-Wuellenweber_Lageplan-800x566.jpg 800w\" sizes=\"(max-width: 1024px) 100vw, 1024px\" \/><\/a><figcaption class=\"wp-element-caption\">Lageplan<\/figcaption><\/figure>\n\n\n\n<figure class=\"wp-block-image size-large\"><a href=\"https:\/\/bauko.arch.rwth-aachen.de\/galerie\/wp-content\/uploads\/2023\/01\/M2-BigMix_SS22_Nunnemann-Wuellenweber_Isometrie-scaled.jpg\"><img decoding=\"async\" width=\"2560\" height=\"1810\" src=\"https:\/\/bauko.arch.rwth-aachen.de\/galerie\/wp-content\/uploads\/2023\/01\/M2-BigMix_SS22_Nunnemann-Wuellenweber_Isometrie-scaled.jpg\" alt=\"\" class=\"wp-image-4805\" srcset=\"https:\/\/bauko.arch.rwth-aachen.de\/galerie\/wp-content\/uploads\/2023\/01\/M2-BigMix_SS22_Nunnemann-Wuellenweber_Isometrie-scaled.jpg 2560w, https:\/\/bauko.arch.rwth-aachen.de\/galerie\/wp-content\/uploads\/2023\/01\/M2-BigMix_SS22_Nunnemann-Wuellenweber_Isometrie-300x212.jpg 300w, https:\/\/bauko.arch.rwth-aachen.de\/galerie\/wp-content\/uploads\/2023\/01\/M2-BigMix_SS22_Nunnemann-Wuellenweber_Isometrie-1024x724.jpg 1024w, https:\/\/bauko.arch.rwth-aachen.de\/galerie\/wp-content\/uploads\/2023\/01\/M2-BigMix_SS22_Nunnemann-Wuellenweber_Isometrie-768x543.jpg 768w, https:\/\/bauko.arch.rwth-aachen.de\/galerie\/wp-content\/uploads\/2023\/01\/M2-BigMix_SS22_Nunnemann-Wuellenweber_Isometrie-1536x1086.jpg 1536w, https:\/\/bauko.arch.rwth-aachen.de\/galerie\/wp-content\/uploads\/2023\/01\/M2-BigMix_SS22_Nunnemann-Wuellenweber_Isometrie-2048x1448.jpg 2048w, https:\/\/bauko.arch.rwth-aachen.de\/galerie\/wp-content\/uploads\/2023\/01\/M2-BigMix_SS22_Nunnemann-Wuellenweber_Isometrie-800x566.jpg 800w\" sizes=\"(max-width: 2560px) 100vw, 2560px\" \/><\/a><figcaption class=\"wp-element-caption\">Isometrie <\/figcaption><\/figure>\n\n\n\n<figure class=\"wp-block-image size-large\"><a href=\"https:\/\/bauko.arch.rwth-aachen.de\/galerie\/wp-content\/uploads\/2023\/01\/M2-BigMix_SS22_Nunnemann-Wuellenweber_Nutzungsiso-scaled.jpg\"><img decoding=\"async\" width=\"2560\" height=\"1810\" src=\"https:\/\/bauko.arch.rwth-aachen.de\/galerie\/wp-content\/uploads\/2023\/01\/M2-BigMix_SS22_Nunnemann-Wuellenweber_Nutzungsiso-scaled.jpg\" alt=\"\" class=\"wp-image-4806\" srcset=\"https:\/\/bauko.arch.rwth-aachen.de\/galerie\/wp-content\/uploads\/2023\/01\/M2-BigMix_SS22_Nunnemann-Wuellenweber_Nutzungsiso-scaled.jpg 2560w, https:\/\/bauko.arch.rwth-aachen.de\/galerie\/wp-content\/uploads\/2023\/01\/M2-BigMix_SS22_Nunnemann-Wuellenweber_Nutzungsiso-300x212.jpg 300w, https:\/\/bauko.arch.rwth-aachen.de\/galerie\/wp-content\/uploads\/2023\/01\/M2-BigMix_SS22_Nunnemann-Wuellenweber_Nutzungsiso-1024x724.jpg 1024w, https:\/\/bauko.arch.rwth-aachen.de\/galerie\/wp-content\/uploads\/2023\/01\/M2-BigMix_SS22_Nunnemann-Wuellenweber_Nutzungsiso-768x543.jpg 768w, https:\/\/bauko.arch.rwth-aachen.de\/galerie\/wp-content\/uploads\/2023\/01\/M2-BigMix_SS22_Nunnemann-Wuellenweber_Nutzungsiso-1536x1086.jpg 1536w, https:\/\/bauko.arch.rwth-aachen.de\/galerie\/wp-content\/uploads\/2023\/01\/M2-BigMix_SS22_Nunnemann-Wuellenweber_Nutzungsiso-2048x1448.jpg 2048w, https:\/\/bauko.arch.rwth-aachen.de\/galerie\/wp-content\/uploads\/2023\/01\/M2-BigMix_SS22_Nunnemann-Wuellenweber_Nutzungsiso-800x566.jpg 800w\" sizes=\"(max-width: 2560px) 100vw, 2560px\" \/><\/a><figcaption class=\"wp-element-caption\">Nutzungsverteilung<\/figcaption><\/figure>\n\n\n\n<figure class=\"wp-block-image size-large\"><a href=\"https:\/\/bauko.arch.rwth-aachen.de\/galerie\/wp-content\/uploads\/2023\/01\/M2-BigMix_SS22_Nunnemann-Wuellenweber_GR-EG-scaled.jpg\"><img decoding=\"async\" width=\"2560\" height=\"1810\" src=\"https:\/\/bauko.arch.rwth-aachen.de\/galerie\/wp-content\/uploads\/2023\/01\/M2-BigMix_SS22_Nunnemann-Wuellenweber_GR-EG-scaled.jpg\" alt=\"\" class=\"wp-image-4804\" srcset=\"https:\/\/bauko.arch.rwth-aachen.de\/galerie\/wp-content\/uploads\/2023\/01\/M2-BigMix_SS22_Nunnemann-Wuellenweber_GR-EG-scaled.jpg 2560w, https:\/\/bauko.arch.rwth-aachen.de\/galerie\/wp-content\/uploads\/2023\/01\/M2-BigMix_SS22_Nunnemann-Wuellenweber_GR-EG-300x212.jpg 300w, https:\/\/bauko.arch.rwth-aachen.de\/galerie\/wp-content\/uploads\/2023\/01\/M2-BigMix_SS22_Nunnemann-Wuellenweber_GR-EG-1024x724.jpg 1024w, https:\/\/bauko.arch.rwth-aachen.de\/galerie\/wp-content\/uploads\/2023\/01\/M2-BigMix_SS22_Nunnemann-Wuellenweber_GR-EG-768x543.jpg 768w, https:\/\/bauko.arch.rwth-aachen.de\/galerie\/wp-content\/uploads\/2023\/01\/M2-BigMix_SS22_Nunnemann-Wuellenweber_GR-EG-1536x1086.jpg 1536w, https:\/\/bauko.arch.rwth-aachen.de\/galerie\/wp-content\/uploads\/2023\/01\/M2-BigMix_SS22_Nunnemann-Wuellenweber_GR-EG-2048x1448.jpg 2048w, https:\/\/bauko.arch.rwth-aachen.de\/galerie\/wp-content\/uploads\/2023\/01\/M2-BigMix_SS22_Nunnemann-Wuellenweber_GR-EG-800x566.jpg 800w\" sizes=\"(max-width: 2560px) 100vw, 2560px\" \/><\/a><figcaption class=\"wp-element-caption\">Grundriss EG<\/figcaption><\/figure>\n\n\n\n<figure class=\"wp-block-image size-large\"><a href=\"https:\/\/bauko.arch.rwth-aachen.de\/galerie\/wp-content\/uploads\/2023\/01\/M2-BigMix_SS22_Nunnemann-Wuellenweber_GR-1OG-scaled.jpg\"><img decoding=\"async\" width=\"2560\" height=\"1810\" src=\"https:\/\/bauko.arch.rwth-aachen.de\/galerie\/wp-content\/uploads\/2023\/01\/M2-BigMix_SS22_Nunnemann-Wuellenweber_GR-1OG-scaled.jpg\" alt=\"\" class=\"wp-image-4802\" srcset=\"https:\/\/bauko.arch.rwth-aachen.de\/galerie\/wp-content\/uploads\/2023\/01\/M2-BigMix_SS22_Nunnemann-Wuellenweber_GR-1OG-scaled.jpg 2560w, https:\/\/bauko.arch.rwth-aachen.de\/galerie\/wp-content\/uploads\/2023\/01\/M2-BigMix_SS22_Nunnemann-Wuellenweber_GR-1OG-300x212.jpg 300w, https:\/\/bauko.arch.rwth-aachen.de\/galerie\/wp-content\/uploads\/2023\/01\/M2-BigMix_SS22_Nunnemann-Wuellenweber_GR-1OG-1024x724.jpg 1024w, https:\/\/bauko.arch.rwth-aachen.de\/galerie\/wp-content\/uploads\/2023\/01\/M2-BigMix_SS22_Nunnemann-Wuellenweber_GR-1OG-768x543.jpg 768w, https:\/\/bauko.arch.rwth-aachen.de\/galerie\/wp-content\/uploads\/2023\/01\/M2-BigMix_SS22_Nunnemann-Wuellenweber_GR-1OG-1536x1086.jpg 1536w, https:\/\/bauko.arch.rwth-aachen.de\/galerie\/wp-content\/uploads\/2023\/01\/M2-BigMix_SS22_Nunnemann-Wuellenweber_GR-1OG-2048x1448.jpg 2048w, https:\/\/bauko.arch.rwth-aachen.de\/galerie\/wp-content\/uploads\/2023\/01\/M2-BigMix_SS22_Nunnemann-Wuellenweber_GR-1OG-800x566.jpg 800w\" sizes=\"(max-width: 2560px) 100vw, 2560px\" \/><\/a><figcaption class=\"wp-element-caption\">Grundriss 1.OG <\/figcaption><\/figure>\n\n\n\n<figure class=\"wp-block-image size-large\"><a href=\"https:\/\/bauko.arch.rwth-aachen.de\/galerie\/wp-content\/uploads\/2023\/01\/M2-BigMix_SS22_Nunnemann-Wuellenweber_Perspektive-Baumarkt.jpg\"><img decoding=\"async\" width=\"1829\" height=\"1768\" src=\"https:\/\/bauko.arch.rwth-aachen.de\/galerie\/wp-content\/uploads\/2023\/01\/M2-BigMix_SS22_Nunnemann-Wuellenweber_Perspektive-Baumarkt.jpg\" alt=\"\" class=\"wp-image-4807\" srcset=\"https:\/\/bauko.arch.rwth-aachen.de\/galerie\/wp-content\/uploads\/2023\/01\/M2-BigMix_SS22_Nunnemann-Wuellenweber_Perspektive-Baumarkt.jpg 1829w, https:\/\/bauko.arch.rwth-aachen.de\/galerie\/wp-content\/uploads\/2023\/01\/M2-BigMix_SS22_Nunnemann-Wuellenweber_Perspektive-Baumarkt-300x290.jpg 300w, https:\/\/bauko.arch.rwth-aachen.de\/galerie\/wp-content\/uploads\/2023\/01\/M2-BigMix_SS22_Nunnemann-Wuellenweber_Perspektive-Baumarkt-1024x990.jpg 1024w, https:\/\/bauko.arch.rwth-aachen.de\/galerie\/wp-content\/uploads\/2023\/01\/M2-BigMix_SS22_Nunnemann-Wuellenweber_Perspektive-Baumarkt-768x742.jpg 768w, https:\/\/bauko.arch.rwth-aachen.de\/galerie\/wp-content\/uploads\/2023\/01\/M2-BigMix_SS22_Nunnemann-Wuellenweber_Perspektive-Baumarkt-1536x1485.jpg 1536w\" sizes=\"(max-width: 1829px) 100vw, 1829px\" \/><\/a><figcaption class=\"wp-element-caption\">Perspektive <\/figcaption><\/figure>\n\n\n\n<figure class=\"wp-block-image size-large\"><a href=\"https:\/\/bauko.arch.rwth-aachen.de\/galerie\/wp-content\/uploads\/2023\/01\/M2-BigMix_SS22_Nunnemann-Wuellenweber_GR-5OG-scaled.jpg\"><img decoding=\"async\" width=\"2560\" height=\"1810\" src=\"https:\/\/bauko.arch.rwth-aachen.de\/galerie\/wp-content\/uploads\/2023\/01\/M2-BigMix_SS22_Nunnemann-Wuellenweber_GR-5OG-scaled.jpg\" alt=\"\" class=\"wp-image-4803\" srcset=\"https:\/\/bauko.arch.rwth-aachen.de\/galerie\/wp-content\/uploads\/2023\/01\/M2-BigMix_SS22_Nunnemann-Wuellenweber_GR-5OG-scaled.jpg 2560w, https:\/\/bauko.arch.rwth-aachen.de\/galerie\/wp-content\/uploads\/2023\/01\/M2-BigMix_SS22_Nunnemann-Wuellenweber_GR-5OG-300x212.jpg 300w, https:\/\/bauko.arch.rwth-aachen.de\/galerie\/wp-content\/uploads\/2023\/01\/M2-BigMix_SS22_Nunnemann-Wuellenweber_GR-5OG-1024x724.jpg 1024w, https:\/\/bauko.arch.rwth-aachen.de\/galerie\/wp-content\/uploads\/2023\/01\/M2-BigMix_SS22_Nunnemann-Wuellenweber_GR-5OG-768x543.jpg 768w, https:\/\/bauko.arch.rwth-aachen.de\/galerie\/wp-content\/uploads\/2023\/01\/M2-BigMix_SS22_Nunnemann-Wuellenweber_GR-5OG-1536x1086.jpg 1536w, https:\/\/bauko.arch.rwth-aachen.de\/galerie\/wp-content\/uploads\/2023\/01\/M2-BigMix_SS22_Nunnemann-Wuellenweber_GR-5OG-2048x1448.jpg 2048w, https:\/\/bauko.arch.rwth-aachen.de\/galerie\/wp-content\/uploads\/2023\/01\/M2-BigMix_SS22_Nunnemann-Wuellenweber_GR-5OG-800x566.jpg 800w\" sizes=\"(max-width: 2560px) 100vw, 2560px\" \/><\/a><figcaption class=\"wp-element-caption\">Grundriss 5.OG <\/figcaption><\/figure>\n\n\n\n<figure class=\"wp-block-image size-large\"><a href=\"https:\/\/bauko.arch.rwth-aachen.de\/galerie\/wp-content\/uploads\/2023\/01\/M2-BigMix_SS22_Nunnemann-Wuellenweber_AN-SC_Baumarkt-scaled.jpg\"><img decoding=\"async\" width=\"2560\" height=\"1810\" src=\"https:\/\/bauko.arch.rwth-aachen.de\/galerie\/wp-content\/uploads\/2023\/01\/M2-BigMix_SS22_Nunnemann-Wuellenweber_AN-SC_Baumarkt-scaled.jpg\" alt=\"\" class=\"wp-image-4795\" srcset=\"https:\/\/bauko.arch.rwth-aachen.de\/galerie\/wp-content\/uploads\/2023\/01\/M2-BigMix_SS22_Nunnemann-Wuellenweber_AN-SC_Baumarkt-scaled.jpg 2560w, https:\/\/bauko.arch.rwth-aachen.de\/galerie\/wp-content\/uploads\/2023\/01\/M2-BigMix_SS22_Nunnemann-Wuellenweber_AN-SC_Baumarkt-300x212.jpg 300w, https:\/\/bauko.arch.rwth-aachen.de\/galerie\/wp-content\/uploads\/2023\/01\/M2-BigMix_SS22_Nunnemann-Wuellenweber_AN-SC_Baumarkt-1024x724.jpg 1024w, https:\/\/bauko.arch.rwth-aachen.de\/galerie\/wp-content\/uploads\/2023\/01\/M2-BigMix_SS22_Nunnemann-Wuellenweber_AN-SC_Baumarkt-768x543.jpg 768w, https:\/\/bauko.arch.rwth-aachen.de\/galerie\/wp-content\/uploads\/2023\/01\/M2-BigMix_SS22_Nunnemann-Wuellenweber_AN-SC_Baumarkt-1536x1086.jpg 1536w, https:\/\/bauko.arch.rwth-aachen.de\/galerie\/wp-content\/uploads\/2023\/01\/M2-BigMix_SS22_Nunnemann-Wuellenweber_AN-SC_Baumarkt-2048x1448.jpg 2048w, https:\/\/bauko.arch.rwth-aachen.de\/galerie\/wp-content\/uploads\/2023\/01\/M2-BigMix_SS22_Nunnemann-Wuellenweber_AN-SC_Baumarkt-800x566.jpg 800w\" sizes=\"(max-width: 2560px) 100vw, 2560px\" \/><\/a><figcaption class=\"wp-element-caption\">Ansicht und L\u00e4ngsschnitt Baumarkt <\/figcaption><\/figure>\n\n\n\n<figure class=\"wp-block-image size-large\"><a href=\"https:\/\/bauko.arch.rwth-aachen.de\/galerie\/wp-content\/uploads\/2023\/01\/M2-BigMix_SS22_Nunnemann-Wuellenweber_Fassade-Baumarkt-scaled.jpg\"><img decoding=\"async\" width=\"2560\" height=\"1810\" src=\"https:\/\/bauko.arch.rwth-aachen.de\/galerie\/wp-content\/uploads\/2023\/01\/M2-BigMix_SS22_Nunnemann-Wuellenweber_Fassade-Baumarkt-scaled.jpg\" alt=\"\" class=\"wp-image-4798\" srcset=\"https:\/\/bauko.arch.rwth-aachen.de\/galerie\/wp-content\/uploads\/2023\/01\/M2-BigMix_SS22_Nunnemann-Wuellenweber_Fassade-Baumarkt-scaled.jpg 2560w, https:\/\/bauko.arch.rwth-aachen.de\/galerie\/wp-content\/uploads\/2023\/01\/M2-BigMix_SS22_Nunnemann-Wuellenweber_Fassade-Baumarkt-300x212.jpg 300w, https:\/\/bauko.arch.rwth-aachen.de\/galerie\/wp-content\/uploads\/2023\/01\/M2-BigMix_SS22_Nunnemann-Wuellenweber_Fassade-Baumarkt-1024x724.jpg 1024w, https:\/\/bauko.arch.rwth-aachen.de\/galerie\/wp-content\/uploads\/2023\/01\/M2-BigMix_SS22_Nunnemann-Wuellenweber_Fassade-Baumarkt-768x543.jpg 768w, https:\/\/bauko.arch.rwth-aachen.de\/galerie\/wp-content\/uploads\/2023\/01\/M2-BigMix_SS22_Nunnemann-Wuellenweber_Fassade-Baumarkt-1536x1086.jpg 1536w, https:\/\/bauko.arch.rwth-aachen.de\/galerie\/wp-content\/uploads\/2023\/01\/M2-BigMix_SS22_Nunnemann-Wuellenweber_Fassade-Baumarkt-2048x1448.jpg 2048w, https:\/\/bauko.arch.rwth-aachen.de\/galerie\/wp-content\/uploads\/2023\/01\/M2-BigMix_SS22_Nunnemann-Wuellenweber_Fassade-Baumarkt-800x566.jpg 800w\" sizes=\"(max-width: 2560px) 100vw, 2560px\" \/><\/a><figcaption class=\"wp-element-caption\">Fassadendetail Baumarkt <\/figcaption><\/figure>\n\n\n\n<figure class=\"wp-block-image size-large\"><a href=\"https:\/\/bauko.arch.rwth-aachen.de\/galerie\/wp-content\/uploads\/2023\/01\/M2-BigMix_SS22_Nunnemann-Wuellenweber_AN-SC_quer-scaled.jpg\"><img decoding=\"async\" width=\"2560\" height=\"1810\" src=\"https:\/\/bauko.arch.rwth-aachen.de\/galerie\/wp-content\/uploads\/2023\/01\/M2-BigMix_SS22_Nunnemann-Wuellenweber_AN-SC_quer-scaled.jpg\" alt=\"\" class=\"wp-image-4796\" srcset=\"https:\/\/bauko.arch.rwth-aachen.de\/galerie\/wp-content\/uploads\/2023\/01\/M2-BigMix_SS22_Nunnemann-Wuellenweber_AN-SC_quer-scaled.jpg 2560w, https:\/\/bauko.arch.rwth-aachen.de\/galerie\/wp-content\/uploads\/2023\/01\/M2-BigMix_SS22_Nunnemann-Wuellenweber_AN-SC_quer-300x212.jpg 300w, https:\/\/bauko.arch.rwth-aachen.de\/galerie\/wp-content\/uploads\/2023\/01\/M2-BigMix_SS22_Nunnemann-Wuellenweber_AN-SC_quer-1024x724.jpg 1024w, https:\/\/bauko.arch.rwth-aachen.de\/galerie\/wp-content\/uploads\/2023\/01\/M2-BigMix_SS22_Nunnemann-Wuellenweber_AN-SC_quer-768x543.jpg 768w, https:\/\/bauko.arch.rwth-aachen.de\/galerie\/wp-content\/uploads\/2023\/01\/M2-BigMix_SS22_Nunnemann-Wuellenweber_AN-SC_quer-1536x1086.jpg 1536w, https:\/\/bauko.arch.rwth-aachen.de\/galerie\/wp-content\/uploads\/2023\/01\/M2-BigMix_SS22_Nunnemann-Wuellenweber_AN-SC_quer-2048x1448.jpg 2048w, https:\/\/bauko.arch.rwth-aachen.de\/galerie\/wp-content\/uploads\/2023\/01\/M2-BigMix_SS22_Nunnemann-Wuellenweber_AN-SC_quer-800x566.jpg 800w\" sizes=\"(max-width: 2560px) 100vw, 2560px\" \/><\/a><figcaption class=\"wp-element-caption\">Ansicht Nord &amp; Querschnitt<\/figcaption><\/figure>\n\n\n\n<figure class=\"wp-block-image size-large\"><a href=\"https:\/\/bauko.arch.rwth-aachen.de\/galerie\/wp-content\/uploads\/2023\/01\/M2-BigMix_SS22_Nunnemann-Wuellenweber_AN-SC_Wohnen-scaled.jpg\"><img decoding=\"async\" width=\"2560\" height=\"1810\" src=\"https:\/\/bauko.arch.rwth-aachen.de\/galerie\/wp-content\/uploads\/2023\/01\/M2-BigMix_SS22_Nunnemann-Wuellenweber_AN-SC_Wohnen-scaled.jpg\" alt=\"\" class=\"wp-image-4797\" srcset=\"https:\/\/bauko.arch.rwth-aachen.de\/galerie\/wp-content\/uploads\/2023\/01\/M2-BigMix_SS22_Nunnemann-Wuellenweber_AN-SC_Wohnen-scaled.jpg 2560w, https:\/\/bauko.arch.rwth-aachen.de\/galerie\/wp-content\/uploads\/2023\/01\/M2-BigMix_SS22_Nunnemann-Wuellenweber_AN-SC_Wohnen-300x212.jpg 300w, https:\/\/bauko.arch.rwth-aachen.de\/galerie\/wp-content\/uploads\/2023\/01\/M2-BigMix_SS22_Nunnemann-Wuellenweber_AN-SC_Wohnen-1024x724.jpg 1024w, https:\/\/bauko.arch.rwth-aachen.de\/galerie\/wp-content\/uploads\/2023\/01\/M2-BigMix_SS22_Nunnemann-Wuellenweber_AN-SC_Wohnen-768x543.jpg 768w, https:\/\/bauko.arch.rwth-aachen.de\/galerie\/wp-content\/uploads\/2023\/01\/M2-BigMix_SS22_Nunnemann-Wuellenweber_AN-SC_Wohnen-1536x1086.jpg 1536w, https:\/\/bauko.arch.rwth-aachen.de\/galerie\/wp-content\/uploads\/2023\/01\/M2-BigMix_SS22_Nunnemann-Wuellenweber_AN-SC_Wohnen-2048x1448.jpg 2048w, https:\/\/bauko.arch.rwth-aachen.de\/galerie\/wp-content\/uploads\/2023\/01\/M2-BigMix_SS22_Nunnemann-Wuellenweber_AN-SC_Wohnen-800x566.jpg 800w\" sizes=\"(max-width: 2560px) 100vw, 2560px\" \/><\/a><figcaption class=\"wp-element-caption\">Ansicht &amp; L\u00e4ngsschnitt Wohnen <\/figcaption><\/figure>\n\n\n\n<figure class=\"wp-block-image size-large\"><a href=\"https:\/\/bauko.arch.rwth-aachen.de\/galerie\/wp-content\/uploads\/2023\/01\/M2-BigMix_SS22_Nunnemann-Wuellenweber_Schnittperspektive-scaled.jpg\"><img decoding=\"async\" width=\"2560\" height=\"1810\" src=\"https:\/\/bauko.arch.rwth-aachen.de\/galerie\/wp-content\/uploads\/2023\/01\/M2-BigMix_SS22_Nunnemann-Wuellenweber_Schnittperspektive-scaled.jpg\" alt=\"\" class=\"wp-image-4809\" srcset=\"https:\/\/bauko.arch.rwth-aachen.de\/galerie\/wp-content\/uploads\/2023\/01\/M2-BigMix_SS22_Nunnemann-Wuellenweber_Schnittperspektive-scaled.jpg 2560w, https:\/\/bauko.arch.rwth-aachen.de\/galerie\/wp-content\/uploads\/2023\/01\/M2-BigMix_SS22_Nunnemann-Wuellenweber_Schnittperspektive-300x212.jpg 300w, https:\/\/bauko.arch.rwth-aachen.de\/galerie\/wp-content\/uploads\/2023\/01\/M2-BigMix_SS22_Nunnemann-Wuellenweber_Schnittperspektive-1024x724.jpg 1024w, https:\/\/bauko.arch.rwth-aachen.de\/galerie\/wp-content\/uploads\/2023\/01\/M2-BigMix_SS22_Nunnemann-Wuellenweber_Schnittperspektive-768x543.jpg 768w, https:\/\/bauko.arch.rwth-aachen.de\/galerie\/wp-content\/uploads\/2023\/01\/M2-BigMix_SS22_Nunnemann-Wuellenweber_Schnittperspektive-1536x1086.jpg 1536w, https:\/\/bauko.arch.rwth-aachen.de\/galerie\/wp-content\/uploads\/2023\/01\/M2-BigMix_SS22_Nunnemann-Wuellenweber_Schnittperspektive-2048x1448.jpg 2048w, https:\/\/bauko.arch.rwth-aachen.de\/galerie\/wp-content\/uploads\/2023\/01\/M2-BigMix_SS22_Nunnemann-Wuellenweber_Schnittperspektive-800x566.jpg 800w\" sizes=\"(max-width: 2560px) 100vw, 2560px\" \/><\/a><figcaption class=\"wp-element-caption\">Schnittperspektive <\/figcaption><\/figure>\n\n\n\n<figure class=\"wp-block-image size-large\"><a href=\"https:\/\/bauko.arch.rwth-aachen.de\/galerie\/wp-content\/uploads\/2023\/01\/M2-BigMix_SS22_Nunnemann-Wuellenweber_Fassade-Wohnen-scaled.jpeg\"><img decoding=\"async\" width=\"2560\" height=\"1810\" src=\"https:\/\/bauko.arch.rwth-aachen.de\/galerie\/wp-content\/uploads\/2023\/01\/M2-BigMix_SS22_Nunnemann-Wuellenweber_Fassade-Wohnen-scaled.jpeg\" alt=\"\" class=\"wp-image-4799\" srcset=\"https:\/\/bauko.arch.rwth-aachen.de\/galerie\/wp-content\/uploads\/2023\/01\/M2-BigMix_SS22_Nunnemann-Wuellenweber_Fassade-Wohnen-scaled.jpeg 2560w, https:\/\/bauko.arch.rwth-aachen.de\/galerie\/wp-content\/uploads\/2023\/01\/M2-BigMix_SS22_Nunnemann-Wuellenweber_Fassade-Wohnen-300x212.jpeg 300w, https:\/\/bauko.arch.rwth-aachen.de\/galerie\/wp-content\/uploads\/2023\/01\/M2-BigMix_SS22_Nunnemann-Wuellenweber_Fassade-Wohnen-1024x724.jpeg 1024w, https:\/\/bauko.arch.rwth-aachen.de\/galerie\/wp-content\/uploads\/2023\/01\/M2-BigMix_SS22_Nunnemann-Wuellenweber_Fassade-Wohnen-768x543.jpeg 768w, https:\/\/bauko.arch.rwth-aachen.de\/galerie\/wp-content\/uploads\/2023\/01\/M2-BigMix_SS22_Nunnemann-Wuellenweber_Fassade-Wohnen-1536x1086.jpeg 1536w, https:\/\/bauko.arch.rwth-aachen.de\/galerie\/wp-content\/uploads\/2023\/01\/M2-BigMix_SS22_Nunnemann-Wuellenweber_Fassade-Wohnen-2048x1448.jpeg 2048w, https:\/\/bauko.arch.rwth-aachen.de\/galerie\/wp-content\/uploads\/2023\/01\/M2-BigMix_SS22_Nunnemann-Wuellenweber_Fassade-Wohnen-800x566.jpeg 800w\" sizes=\"(max-width: 2560px) 100vw, 2560px\" \/><\/a><figcaption class=\"wp-element-caption\">Fassadendetail Wohnen<\/figcaption><\/figure>\n\n\n\n<figure class=\"wp-block-image size-large\"><a href=\"https:\/\/bauko.arch.rwth-aachen.de\/galerie\/wp-content\/uploads\/2023\/01\/M2-BigMix_SS22_Nunnemann-Wuellenweber_Fassadenmodell.jpg\"><img decoding=\"async\" width=\"724\" height=\"1024\" src=\"https:\/\/bauko.arch.rwth-aachen.de\/galerie\/wp-content\/uploads\/2023\/01\/M2-BigMix_SS22_Nunnemann-Wuellenweber_Fassadenmodell-724x1024.jpg\" alt=\"\" class=\"wp-image-4922\" srcset=\"https:\/\/bauko.arch.rwth-aachen.de\/galerie\/wp-content\/uploads\/2023\/01\/M2-BigMix_SS22_Nunnemann-Wuellenweber_Fassadenmodell-724x1024.jpg 724w, https:\/\/bauko.arch.rwth-aachen.de\/galerie\/wp-content\/uploads\/2023\/01\/M2-BigMix_SS22_Nunnemann-Wuellenweber_Fassadenmodell-212x300.jpg 212w, https:\/\/bauko.arch.rwth-aachen.de\/galerie\/wp-content\/uploads\/2023\/01\/M2-BigMix_SS22_Nunnemann-Wuellenweber_Fassadenmodell-768x1086.jpg 768w, https:\/\/bauko.arch.rwth-aachen.de\/galerie\/wp-content\/uploads\/2023\/01\/M2-BigMix_SS22_Nunnemann-Wuellenweber_Fassadenmodell-1086x1536.jpg 1086w, https:\/\/bauko.arch.rwth-aachen.de\/galerie\/wp-content\/uploads\/2023\/01\/M2-BigMix_SS22_Nunnemann-Wuellenweber_Fassadenmodell-1448x2048.jpg 1448w, https:\/\/bauko.arch.rwth-aachen.de\/galerie\/wp-content\/uploads\/2023\/01\/M2-BigMix_SS22_Nunnemann-Wuellenweber_Fassadenmodell.jpg 1768w\" sizes=\"(max-width: 724px) 100vw, 724px\" \/><\/a><figcaption class=\"wp-element-caption\">Fassadenmodell<\/figcaption><\/figure>\n\n\n\n<figure class=\"wp-block-image size-large\"><a href=\"https:\/\/bauko.arch.rwth-aachen.de\/galerie\/wp-content\/uploads\/2023\/01\/M2-BigMix_SS22_Nunnemann-Wuellenweber_Modell.jpg\"><img decoding=\"async\" width=\"1024\" height=\"724\" src=\"https:\/\/bauko.arch.rwth-aachen.de\/galerie\/wp-content\/uploads\/2023\/01\/M2-BigMix_SS22_Nunnemann-Wuellenweber_Modell-1024x724.jpg\" alt=\"\" class=\"wp-image-4921\" srcset=\"https:\/\/bauko.arch.rwth-aachen.de\/galerie\/wp-content\/uploads\/2023\/01\/M2-BigMix_SS22_Nunnemann-Wuellenweber_Modell-1024x724.jpg 1024w, https:\/\/bauko.arch.rwth-aachen.de\/galerie\/wp-content\/uploads\/2023\/01\/M2-BigMix_SS22_Nunnemann-Wuellenweber_Modell-300x212.jpg 300w, https:\/\/bauko.arch.rwth-aachen.de\/galerie\/wp-content\/uploads\/2023\/01\/M2-BigMix_SS22_Nunnemann-Wuellenweber_Modell-768x543.jpg 768w, https:\/\/bauko.arch.rwth-aachen.de\/galerie\/wp-content\/uploads\/2023\/01\/M2-BigMix_SS22_Nunnemann-Wuellenweber_Modell-1536x1086.jpg 1536w, https:\/\/bauko.arch.rwth-aachen.de\/galerie\/wp-content\/uploads\/2023\/01\/M2-BigMix_SS22_Nunnemann-Wuellenweber_Modell-2048x1448.jpg 2048w, https:\/\/bauko.arch.rwth-aachen.de\/galerie\/wp-content\/uploads\/2023\/01\/M2-BigMix_SS22_Nunnemann-Wuellenweber_Modell-800x566.jpg 800w\" sizes=\"(max-width: 1024px) 100vw, 1024px\" \/><\/a><figcaption class=\"wp-element-caption\">Modell<\/figcaption><\/figure>\n<\/figure>\n<\/div>\n<\/div>\n\n\n\n<div class=\"wp-block-columns is-layout-flex wp-container-28\">\n<div class=\"wp-block-column is-layout-flow\">\n<figure class=\"wp-block-gallery has-nested-images columns-1 is-cropped showfirst wp-block-gallery-24 is-layout-flex\">\n<figure class=\"wp-block-image size-thumbnail\"><a href=\"https:\/\/bauko.arch.rwth-aachen.de\/galerie\/wp-content\/uploads\/2023\/01\/M2-BigMix_SS22_Morina_CaballeroSansano_Perspektive-1.jpg\"><img decoding=\"async\" width=\"600\" height=\"375\" src=\"https:\/\/bauko.arch.rwth-aachen.de\/galerie\/wp-content\/uploads\/2023\/01\/M2-BigMix_SS22_Morina_CaballeroSansano_Perspektive-1-600x375.jpg\" alt=\"\" class=\"wp-image-4860\"\/><\/a><figcaption class=\"wp-element-caption\">Arber Morina &amp; Fernando Caballero Sansano<\/figcaption><\/figure>\n\n\n\n<figure class=\"wp-block-image size-large\"><a href=\"https:\/\/bauko.arch.rwth-aachen.de\/galerie\/wp-content\/uploads\/2023\/01\/M2-BigMix_SS22_Morina_CaballeroSansano_Lageplan.jpg\"><img decoding=\"async\" width=\"1453\" height=\"1768\" src=\"https:\/\/bauko.arch.rwth-aachen.de\/galerie\/wp-content\/uploads\/2023\/01\/M2-BigMix_SS22_Morina_CaballeroSansano_Lageplan.jpg\" alt=\"\" class=\"wp-image-4768\" srcset=\"https:\/\/bauko.arch.rwth-aachen.de\/galerie\/wp-content\/uploads\/2023\/01\/M2-BigMix_SS22_Morina_CaballeroSansano_Lageplan.jpg 1453w, https:\/\/bauko.arch.rwth-aachen.de\/galerie\/wp-content\/uploads\/2023\/01\/M2-BigMix_SS22_Morina_CaballeroSansano_Lageplan-247x300.jpg 247w, https:\/\/bauko.arch.rwth-aachen.de\/galerie\/wp-content\/uploads\/2023\/01\/M2-BigMix_SS22_Morina_CaballeroSansano_Lageplan-842x1024.jpg 842w, https:\/\/bauko.arch.rwth-aachen.de\/galerie\/wp-content\/uploads\/2023\/01\/M2-BigMix_SS22_Morina_CaballeroSansano_Lageplan-768x934.jpg 768w, https:\/\/bauko.arch.rwth-aachen.de\/galerie\/wp-content\/uploads\/2023\/01\/M2-BigMix_SS22_Morina_CaballeroSansano_Lageplan-1262x1536.jpg 1262w\" sizes=\"(max-width: 1453px) 100vw, 1453px\" \/><\/a><figcaption class=\"wp-element-caption\">Lageplan<\/figcaption><\/figure>\n\n\n\n<figure class=\"wp-block-image size-large\"><a href=\"https:\/\/bauko.arch.rwth-aachen.de\/galerie\/wp-content\/uploads\/2023\/01\/M2-BigMix_SS22_Morina_CaballeroSansano_Isometrie-scaled.jpg\"><img decoding=\"async\" width=\"2560\" height=\"1810\" src=\"https:\/\/bauko.arch.rwth-aachen.de\/galerie\/wp-content\/uploads\/2023\/01\/M2-BigMix_SS22_Morina_CaballeroSansano_Isometrie-scaled.jpg\" alt=\"\" class=\"wp-image-4762\" srcset=\"https:\/\/bauko.arch.rwth-aachen.de\/galerie\/wp-content\/uploads\/2023\/01\/M2-BigMix_SS22_Morina_CaballeroSansano_Isometrie-scaled.jpg 2560w, https:\/\/bauko.arch.rwth-aachen.de\/galerie\/wp-content\/uploads\/2023\/01\/M2-BigMix_SS22_Morina_CaballeroSansano_Isometrie-300x212.jpg 300w, https:\/\/bauko.arch.rwth-aachen.de\/galerie\/wp-content\/uploads\/2023\/01\/M2-BigMix_SS22_Morina_CaballeroSansano_Isometrie-1024x724.jpg 1024w, https:\/\/bauko.arch.rwth-aachen.de\/galerie\/wp-content\/uploads\/2023\/01\/M2-BigMix_SS22_Morina_CaballeroSansano_Isometrie-768x543.jpg 768w, https:\/\/bauko.arch.rwth-aachen.de\/galerie\/wp-content\/uploads\/2023\/01\/M2-BigMix_SS22_Morina_CaballeroSansano_Isometrie-1536x1086.jpg 1536w, https:\/\/bauko.arch.rwth-aachen.de\/galerie\/wp-content\/uploads\/2023\/01\/M2-BigMix_SS22_Morina_CaballeroSansano_Isometrie-2048x1448.jpg 2048w, https:\/\/bauko.arch.rwth-aachen.de\/galerie\/wp-content\/uploads\/2023\/01\/M2-BigMix_SS22_Morina_CaballeroSansano_Isometrie-800x566.jpg 800w\" sizes=\"(max-width: 2560px) 100vw, 2560px\" \/><\/a><figcaption class=\"wp-element-caption\">Isometrie <\/figcaption><\/figure>\n\n\n\n<figure class=\"wp-block-image size-large\"><a href=\"https:\/\/bauko.arch.rwth-aachen.de\/galerie\/wp-content\/uploads\/2023\/01\/M2-BigMix_SS22_Morina_CaballeroSansano_GR_EG-scaled.jpg\"><img decoding=\"async\" width=\"2560\" height=\"1810\" src=\"https:\/\/bauko.arch.rwth-aachen.de\/galerie\/wp-content\/uploads\/2023\/01\/M2-BigMix_SS22_Morina_CaballeroSansano_GR_EG-scaled.jpg\" alt=\"\" class=\"wp-image-4759\" srcset=\"https:\/\/bauko.arch.rwth-aachen.de\/galerie\/wp-content\/uploads\/2023\/01\/M2-BigMix_SS22_Morina_CaballeroSansano_GR_EG-scaled.jpg 2560w, https:\/\/bauko.arch.rwth-aachen.de\/galerie\/wp-content\/uploads\/2023\/01\/M2-BigMix_SS22_Morina_CaballeroSansano_GR_EG-300x212.jpg 300w, https:\/\/bauko.arch.rwth-aachen.de\/galerie\/wp-content\/uploads\/2023\/01\/M2-BigMix_SS22_Morina_CaballeroSansano_GR_EG-1024x724.jpg 1024w, https:\/\/bauko.arch.rwth-aachen.de\/galerie\/wp-content\/uploads\/2023\/01\/M2-BigMix_SS22_Morina_CaballeroSansano_GR_EG-768x543.jpg 768w, https:\/\/bauko.arch.rwth-aachen.de\/galerie\/wp-content\/uploads\/2023\/01\/M2-BigMix_SS22_Morina_CaballeroSansano_GR_EG-1536x1086.jpg 1536w, https:\/\/bauko.arch.rwth-aachen.de\/galerie\/wp-content\/uploads\/2023\/01\/M2-BigMix_SS22_Morina_CaballeroSansano_GR_EG-2048x1448.jpg 2048w, https:\/\/bauko.arch.rwth-aachen.de\/galerie\/wp-content\/uploads\/2023\/01\/M2-BigMix_SS22_Morina_CaballeroSansano_GR_EG-800x566.jpg 800w\" sizes=\"(max-width: 2560px) 100vw, 2560px\" \/><\/a><figcaption class=\"wp-element-caption\">Grundriss EG<\/figcaption><\/figure>\n\n\n\n<figure class=\"wp-block-image size-large\"><a href=\"https:\/\/bauko.arch.rwth-aachen.de\/galerie\/wp-content\/uploads\/2023\/01\/M2-BigMix_SS22_Morina_CaballeroSansano_GR_2OG-scaled.jpg\"><img decoding=\"async\" width=\"2560\" height=\"1810\" src=\"https:\/\/bauko.arch.rwth-aachen.de\/galerie\/wp-content\/uploads\/2023\/01\/M2-BigMix_SS22_Morina_CaballeroSansano_GR_2OG-scaled.jpg\" alt=\"\" class=\"wp-image-4758\" srcset=\"https:\/\/bauko.arch.rwth-aachen.de\/galerie\/wp-content\/uploads\/2023\/01\/M2-BigMix_SS22_Morina_CaballeroSansano_GR_2OG-scaled.jpg 2560w, https:\/\/bauko.arch.rwth-aachen.de\/galerie\/wp-content\/uploads\/2023\/01\/M2-BigMix_SS22_Morina_CaballeroSansano_GR_2OG-300x212.jpg 300w, https:\/\/bauko.arch.rwth-aachen.de\/galerie\/wp-content\/uploads\/2023\/01\/M2-BigMix_SS22_Morina_CaballeroSansano_GR_2OG-1024x724.jpg 1024w, https:\/\/bauko.arch.rwth-aachen.de\/galerie\/wp-content\/uploads\/2023\/01\/M2-BigMix_SS22_Morina_CaballeroSansano_GR_2OG-768x543.jpg 768w, https:\/\/bauko.arch.rwth-aachen.de\/galerie\/wp-content\/uploads\/2023\/01\/M2-BigMix_SS22_Morina_CaballeroSansano_GR_2OG-1536x1086.jpg 1536w, https:\/\/bauko.arch.rwth-aachen.de\/galerie\/wp-content\/uploads\/2023\/01\/M2-BigMix_SS22_Morina_CaballeroSansano_GR_2OG-2048x1448.jpg 2048w, https:\/\/bauko.arch.rwth-aachen.de\/galerie\/wp-content\/uploads\/2023\/01\/M2-BigMix_SS22_Morina_CaballeroSansano_GR_2OG-800x566.jpg 800w\" sizes=\"(max-width: 2560px) 100vw, 2560px\" \/><\/a><figcaption class=\"wp-element-caption\">Grundriss 2.OG<\/figcaption><\/figure>\n\n\n\n<figure class=\"wp-block-image size-large\"><a href=\"https:\/\/bauko.arch.rwth-aachen.de\/galerie\/wp-content\/uploads\/2023\/01\/M2-BigMix_SS22_Morina_CaballeroSansano_Fassadenmodell.jpg\"><img decoding=\"async\" width=\"724\" height=\"1024\" src=\"https:\/\/bauko.arch.rwth-aachen.de\/galerie\/wp-content\/uploads\/2023\/01\/M2-BigMix_SS22_Morina_CaballeroSansano_Fassadenmodell-724x1024.jpg\" alt=\"\" class=\"wp-image-4913\" srcset=\"https:\/\/bauko.arch.rwth-aachen.de\/galerie\/wp-content\/uploads\/2023\/01\/M2-BigMix_SS22_Morina_CaballeroSansano_Fassadenmodell-724x1024.jpg 724w, https:\/\/bauko.arch.rwth-aachen.de\/galerie\/wp-content\/uploads\/2023\/01\/M2-BigMix_SS22_Morina_CaballeroSansano_Fassadenmodell-212x300.jpg 212w, https:\/\/bauko.arch.rwth-aachen.de\/galerie\/wp-content\/uploads\/2023\/01\/M2-BigMix_SS22_Morina_CaballeroSansano_Fassadenmodell-768x1086.jpg 768w, https:\/\/bauko.arch.rwth-aachen.de\/galerie\/wp-content\/uploads\/2023\/01\/M2-BigMix_SS22_Morina_CaballeroSansano_Fassadenmodell-1086x1536.jpg 1086w, https:\/\/bauko.arch.rwth-aachen.de\/galerie\/wp-content\/uploads\/2023\/01\/M2-BigMix_SS22_Morina_CaballeroSansano_Fassadenmodell-1448x2048.jpg 1448w, https:\/\/bauko.arch.rwth-aachen.de\/galerie\/wp-content\/uploads\/2023\/01\/M2-BigMix_SS22_Morina_CaballeroSansano_Fassadenmodell.jpg 1768w\" sizes=\"(max-width: 724px) 100vw, 724px\" \/><\/a><figcaption class=\"wp-element-caption\">Fassadenmodell<\/figcaption><\/figure>\n\n\n\n<figure class=\"wp-block-image size-large\"><a href=\"https:\/\/bauko.arch.rwth-aachen.de\/galerie\/wp-content\/uploads\/2023\/01\/M2-BigMix_SS22_Morina_CaballeroSansano_SC-scaled.jpg\"><img decoding=\"async\" width=\"2560\" height=\"1810\" src=\"https:\/\/bauko.arch.rwth-aachen.de\/galerie\/wp-content\/uploads\/2023\/01\/M2-BigMix_SS22_Morina_CaballeroSansano_SC-scaled.jpg\" alt=\"\" class=\"wp-image-4767\" srcset=\"https:\/\/bauko.arch.rwth-aachen.de\/galerie\/wp-content\/uploads\/2023\/01\/M2-BigMix_SS22_Morina_CaballeroSansano_SC-scaled.jpg 2560w, https:\/\/bauko.arch.rwth-aachen.de\/galerie\/wp-content\/uploads\/2023\/01\/M2-BigMix_SS22_Morina_CaballeroSansano_SC-300x212.jpg 300w, https:\/\/bauko.arch.rwth-aachen.de\/galerie\/wp-content\/uploads\/2023\/01\/M2-BigMix_SS22_Morina_CaballeroSansano_SC-1024x724.jpg 1024w, https:\/\/bauko.arch.rwth-aachen.de\/galerie\/wp-content\/uploads\/2023\/01\/M2-BigMix_SS22_Morina_CaballeroSansano_SC-768x543.jpg 768w, https:\/\/bauko.arch.rwth-aachen.de\/galerie\/wp-content\/uploads\/2023\/01\/M2-BigMix_SS22_Morina_CaballeroSansano_SC-1536x1086.jpg 1536w, https:\/\/bauko.arch.rwth-aachen.de\/galerie\/wp-content\/uploads\/2023\/01\/M2-BigMix_SS22_Morina_CaballeroSansano_SC-2048x1448.jpg 2048w, https:\/\/bauko.arch.rwth-aachen.de\/galerie\/wp-content\/uploads\/2023\/01\/M2-BigMix_SS22_Morina_CaballeroSansano_SC-800x566.jpg 800w\" sizes=\"(max-width: 2560px) 100vw, 2560px\" \/><\/a><figcaption class=\"wp-element-caption\">Schnitte<\/figcaption><\/figure>\n\n\n\n<figure class=\"wp-block-image size-large\"><a href=\"https:\/\/bauko.arch.rwth-aachen.de\/galerie\/wp-content\/uploads\/2023\/01\/M2-BigMix_SS22_Morina_CaballeroSansano_Schnittperspektive2.jpg\"><img decoding=\"async\" width=\"1024\" height=\"724\" src=\"https:\/\/bauko.arch.rwth-aachen.de\/galerie\/wp-content\/uploads\/2023\/01\/M2-BigMix_SS22_Morina_CaballeroSansano_Schnittperspektive2-1024x724.jpg\" alt=\"\" class=\"wp-image-4861\" srcset=\"https:\/\/bauko.arch.rwth-aachen.de\/galerie\/wp-content\/uploads\/2023\/01\/M2-BigMix_SS22_Morina_CaballeroSansano_Schnittperspektive2-1024x724.jpg 1024w, https:\/\/bauko.arch.rwth-aachen.de\/galerie\/wp-content\/uploads\/2023\/01\/M2-BigMix_SS22_Morina_CaballeroSansano_Schnittperspektive2-300x212.jpg 300w, https:\/\/bauko.arch.rwth-aachen.de\/galerie\/wp-content\/uploads\/2023\/01\/M2-BigMix_SS22_Morina_CaballeroSansano_Schnittperspektive2-768x543.jpg 768w, https:\/\/bauko.arch.rwth-aachen.de\/galerie\/wp-content\/uploads\/2023\/01\/M2-BigMix_SS22_Morina_CaballeroSansano_Schnittperspektive2-1536x1086.jpg 1536w, https:\/\/bauko.arch.rwth-aachen.de\/galerie\/wp-content\/uploads\/2023\/01\/M2-BigMix_SS22_Morina_CaballeroSansano_Schnittperspektive2-2048x1448.jpg 2048w, https:\/\/bauko.arch.rwth-aachen.de\/galerie\/wp-content\/uploads\/2023\/01\/M2-BigMix_SS22_Morina_CaballeroSansano_Schnittperspektive2-800x566.jpg 800w\" sizes=\"(max-width: 1024px) 100vw, 1024px\" \/><\/a><figcaption class=\"wp-element-caption\">Schnittperspektive\n<\/figcaption><\/figure>\n\n\n\n<figure class=\"wp-block-image size-large\"><a href=\"https:\/\/bauko.arch.rwth-aachen.de\/galerie\/wp-content\/uploads\/2023\/01\/M2-BigMix_SS22_Morina_CaballeroSansano_AN-scaled.jpg\"><img decoding=\"async\" width=\"2560\" height=\"1810\" src=\"https:\/\/bauko.arch.rwth-aachen.de\/galerie\/wp-content\/uploads\/2023\/01\/M2-BigMix_SS22_Morina_CaballeroSansano_AN-scaled.jpg\" alt=\"\" class=\"wp-image-4766\" srcset=\"https:\/\/bauko.arch.rwth-aachen.de\/galerie\/wp-content\/uploads\/2023\/01\/M2-BigMix_SS22_Morina_CaballeroSansano_AN-scaled.jpg 2560w, https:\/\/bauko.arch.rwth-aachen.de\/galerie\/wp-content\/uploads\/2023\/01\/M2-BigMix_SS22_Morina_CaballeroSansano_AN-300x212.jpg 300w, https:\/\/bauko.arch.rwth-aachen.de\/galerie\/wp-content\/uploads\/2023\/01\/M2-BigMix_SS22_Morina_CaballeroSansano_AN-1024x724.jpg 1024w, https:\/\/bauko.arch.rwth-aachen.de\/galerie\/wp-content\/uploads\/2023\/01\/M2-BigMix_SS22_Morina_CaballeroSansano_AN-768x543.jpg 768w, https:\/\/bauko.arch.rwth-aachen.de\/galerie\/wp-content\/uploads\/2023\/01\/M2-BigMix_SS22_Morina_CaballeroSansano_AN-1536x1086.jpg 1536w, https:\/\/bauko.arch.rwth-aachen.de\/galerie\/wp-content\/uploads\/2023\/01\/M2-BigMix_SS22_Morina_CaballeroSansano_AN-2048x1448.jpg 2048w, https:\/\/bauko.arch.rwth-aachen.de\/galerie\/wp-content\/uploads\/2023\/01\/M2-BigMix_SS22_Morina_CaballeroSansano_AN-800x566.jpg 800w\" sizes=\"(max-width: 2560px) 100vw, 2560px\" \/><\/a><figcaption class=\"wp-element-caption\">Ansichten <\/figcaption><\/figure>\n\n\n\n<figure class=\"wp-block-image size-large\"><a href=\"https:\/\/bauko.arch.rwth-aachen.de\/galerie\/wp-content\/uploads\/2023\/01\/M2-BigMix_SS22_Morina_CaballeroSansano_Sprengisometrie-scaled.jpg\"><img decoding=\"async\" width=\"2560\" height=\"1810\" src=\"https:\/\/bauko.arch.rwth-aachen.de\/galerie\/wp-content\/uploads\/2023\/01\/M2-BigMix_SS22_Morina_CaballeroSansano_Sprengisometrie-scaled.jpg\" alt=\"\" class=\"wp-image-4765\" srcset=\"https:\/\/bauko.arch.rwth-aachen.de\/galerie\/wp-content\/uploads\/2023\/01\/M2-BigMix_SS22_Morina_CaballeroSansano_Sprengisometrie-scaled.jpg 2560w, https:\/\/bauko.arch.rwth-aachen.de\/galerie\/wp-content\/uploads\/2023\/01\/M2-BigMix_SS22_Morina_CaballeroSansano_Sprengisometrie-300x212.jpg 300w, https:\/\/bauko.arch.rwth-aachen.de\/galerie\/wp-content\/uploads\/2023\/01\/M2-BigMix_SS22_Morina_CaballeroSansano_Sprengisometrie-1024x724.jpg 1024w, https:\/\/bauko.arch.rwth-aachen.de\/galerie\/wp-content\/uploads\/2023\/01\/M2-BigMix_SS22_Morina_CaballeroSansano_Sprengisometrie-768x543.jpg 768w, https:\/\/bauko.arch.rwth-aachen.de\/galerie\/wp-content\/uploads\/2023\/01\/M2-BigMix_SS22_Morina_CaballeroSansano_Sprengisometrie-1536x1086.jpg 1536w, https:\/\/bauko.arch.rwth-aachen.de\/galerie\/wp-content\/uploads\/2023\/01\/M2-BigMix_SS22_Morina_CaballeroSansano_Sprengisometrie-2048x1448.jpg 2048w, https:\/\/bauko.arch.rwth-aachen.de\/galerie\/wp-content\/uploads\/2023\/01\/M2-BigMix_SS22_Morina_CaballeroSansano_Sprengisometrie-800x566.jpg 800w\" sizes=\"(max-width: 2560px) 100vw, 2560px\" \/><\/a><figcaption class=\"wp-element-caption\">Sprengisometrie <\/figcaption><\/figure>\n\n\n\n<figure class=\"wp-block-image size-large\"><a href=\"https:\/\/bauko.arch.rwth-aachen.de\/galerie\/wp-content\/uploads\/2023\/01\/M2-BigMix_SS22_Morina_CaballeroSansano_Fassadenschnitt-1.jpg\"><img decoding=\"async\" width=\"1024\" height=\"724\" src=\"https:\/\/bauko.arch.rwth-aachen.de\/galerie\/wp-content\/uploads\/2023\/01\/M2-BigMix_SS22_Morina_CaballeroSansano_Fassadenschnitt-1-1024x724.jpg\" alt=\"\" class=\"wp-image-4867\" srcset=\"https:\/\/bauko.arch.rwth-aachen.de\/galerie\/wp-content\/uploads\/2023\/01\/M2-BigMix_SS22_Morina_CaballeroSansano_Fassadenschnitt-1-1024x724.jpg 1024w, https:\/\/bauko.arch.rwth-aachen.de\/galerie\/wp-content\/uploads\/2023\/01\/M2-BigMix_SS22_Morina_CaballeroSansano_Fassadenschnitt-1-300x212.jpg 300w, https:\/\/bauko.arch.rwth-aachen.de\/galerie\/wp-content\/uploads\/2023\/01\/M2-BigMix_SS22_Morina_CaballeroSansano_Fassadenschnitt-1-768x543.jpg 768w, https:\/\/bauko.arch.rwth-aachen.de\/galerie\/wp-content\/uploads\/2023\/01\/M2-BigMix_SS22_Morina_CaballeroSansano_Fassadenschnitt-1-1536x1086.jpg 1536w, https:\/\/bauko.arch.rwth-aachen.de\/galerie\/wp-content\/uploads\/2023\/01\/M2-BigMix_SS22_Morina_CaballeroSansano_Fassadenschnitt-1-2048x1448.jpg 2048w, https:\/\/bauko.arch.rwth-aachen.de\/galerie\/wp-content\/uploads\/2023\/01\/M2-BigMix_SS22_Morina_CaballeroSansano_Fassadenschnitt-1-800x566.jpg 800w\" sizes=\"(max-width: 1024px) 100vw, 1024px\" \/><\/a><figcaption class=\"wp-element-caption\">Fassadenschnitt<\/figcaption><\/figure>\n\n\n\n<figure class=\"wp-block-image size-large\"><a href=\"https:\/\/bauko.arch.rwth-aachen.de\/galerie\/wp-content\/uploads\/2023\/01\/M2-BigMix_SS22_Morina_CaballeroSansano_Modell.jpg\"><img decoding=\"async\" width=\"1024\" height=\"724\" src=\"https:\/\/bauko.arch.rwth-aachen.de\/galerie\/wp-content\/uploads\/2023\/01\/M2-BigMix_SS22_Morina_CaballeroSansano_Modell-1024x724.jpg\" alt=\"\" class=\"wp-image-4914\" srcset=\"https:\/\/bauko.arch.rwth-aachen.de\/galerie\/wp-content\/uploads\/2023\/01\/M2-BigMix_SS22_Morina_CaballeroSansano_Modell-1024x724.jpg 1024w, https:\/\/bauko.arch.rwth-aachen.de\/galerie\/wp-content\/uploads\/2023\/01\/M2-BigMix_SS22_Morina_CaballeroSansano_Modell-300x212.jpg 300w, https:\/\/bauko.arch.rwth-aachen.de\/galerie\/wp-content\/uploads\/2023\/01\/M2-BigMix_SS22_Morina_CaballeroSansano_Modell-768x543.jpg 768w, https:\/\/bauko.arch.rwth-aachen.de\/galerie\/wp-content\/uploads\/2023\/01\/M2-BigMix_SS22_Morina_CaballeroSansano_Modell-1536x1086.jpg 1536w, https:\/\/bauko.arch.rwth-aachen.de\/galerie\/wp-content\/uploads\/2023\/01\/M2-BigMix_SS22_Morina_CaballeroSansano_Modell-2048x1448.jpg 2048w, https:\/\/bauko.arch.rwth-aachen.de\/galerie\/wp-content\/uploads\/2023\/01\/M2-BigMix_SS22_Morina_CaballeroSansano_Modell-800x566.jpg 800w\" sizes=\"(max-width: 1024px) 100vw, 1024px\" \/><\/a><figcaption class=\"wp-element-caption\">Modell<\/figcaption><\/figure>\n<\/figure>\n<\/div>\n\n\n\n<div class=\"wp-block-column is-layout-flow\"><\/div>\n<\/div>\n\n\n\n<h2 class=\"wp-block-heading\">Mitwirkende<\/h2>\n\n\n\n<p>Studierende:<br>Valerie Boeckel, Jonathan Burkard, Fernando Caballero Sansano, Ole Linne, Moritz Mennen\u00f6h, Arber Morina, Lukas Nunnemann,  Fabian J\u00e4ger, Yannic Kohnen, Mathis Osing, Felix Piel, Anna Schmidt, Lara Wittfeld, Michael W\u00fcllenweber<\/p>\n\n\n\n<p>Lehrpersonen:<br>Prof. Hartwig Schneider<br>Carolin Harland <br>Christian Sch\u00e4tzke <br><\/p>\n\n\n\n<p>Ausstellungskonzept: <br>Prof. Hartwig Schneider, Carolin Harland, Felix Piel<\/p>\n","protected":false},"excerpt":{"rendered":"","protected":false},"author":3,"featured_media":0,"parent":0,"menu_order":0,"comment_status":"closed","ping_status":"closed","template":"template-fullwidth.php","meta":[],"_links":{"self":[{"href":"https:\/\/bauko.arch.rwth-aachen.de\/galerie\/wp-json\/wp\/v2\/pages\/4640"}],"collection":[{"href":"https:\/\/bauko.arch.rwth-aachen.de\/galerie\/wp-json\/wp\/v2\/pages"}],"about":[{"href":"https:\/\/bauko.arch.rwth-aachen.de\/galerie\/wp-json\/wp\/v2\/types\/page"}],"author":[{"embeddable":true,"href":"https:\/\/bauko.arch.rwth-aachen.de\/galerie\/wp-json\/wp\/v2\/users\/3"}],"replies":[{"embeddable":true,"href":"https:\/\/bauko.arch.rwth-aachen.de\/galerie\/wp-json\/wp\/v2\/comments?post=4640"}],"version-history":[{"count":106,"href":"https:\/\/bauko.arch.rwth-aachen.de\/galerie\/wp-json\/wp\/v2\/pages\/4640\/revisions"}],"predecessor-version":[{"id":5824,"href":"https:\/\/bauko.arch.rwth-aachen.de\/galerie\/wp-json\/wp\/v2\/pages\/4640\/revisions\/5824"}],"wp:attachment":[{"href":"https:\/\/bauko.arch.rwth-aachen.de\/galerie\/wp-json\/wp\/v2\/media?parent=4640"}],"curies":[{"name":"wp","href":"https:\/\/api.w.org\/{rel}","templated":true}]}}